{"id":33325,"date":"2026-07-01T00:50:00","date_gmt":"2026-07-01T00:50:00","guid":{"rendered":"https:\/\/kingwaycarrental.com\/rent-mercedes-g63-in-dubai\/"},"modified":"2026-07-01T23:07:12","modified_gmt":"2026-07-01T23:07:12","slug":"rent-mercedes-g63-in-dubai","status":"publish","type":"page","link":"https:\/\/kingwaycarrental.com\/es\/rent-mercedes-g63-in-dubai\/","title":{"rendered":"Alquiler de Mercedes G63 en Dub\u00e1i"},"content":{"rendered":"\t\t<div data-elementor-type=\"wp-page\" data-elementor-id=\"33325\" class=\"elementor elementor-33325 elementor-17533\" data-elementor-post-type=\"page\">\n\t\t\t\t<div class=\"elementor-element elementor-element-ead44ae e-flex e-con-boxed e-con e-parent\" data-id=\"ead44ae\" data-element_type=\"container\" data-e-type=\"container\">\n\t\t\t\t\t<div class=\"e-con-inner\">\n\t\t\t\t<div class=\"elementor-element elementor-element-df378a2 elementor-widget elementor-widget-remons_elementor_ova_search\" data-id=\"df378a2\" data-element_type=\"widget\" data-e-type=\"widget\" data-widget_type=\"remons_elementor_ova_search.default\">\n\t\t\t\t<div class=\"elementor-widget-container\">\n\t\t\t\t\t\n\t\t<div class=\"ova_wrap_search\">\n\t\t\t<form role=\"search\" method=\"get\" class=\"search-form\" action=\"https:\/\/kingwaycarrental.com\/es\/\">\n\t\t\t\t<div class=\"search-input-wrap \">\n\t\t\t\t\t\n\t\t\t\t\t<input\n\t\t\t\t\t\ttype=\"search\"\n\t\t\t\t\t\tclass=\"search-field\"\n\t\t\t\t\t\tname=\"s\"\n\t\t\t\t\t\tvalue=\"\"\n\t\t\t\t\t\tplaceholder=\"Busca el coche de tus Sue\u00f1os\"\n\t\t\t\t\t\ttitle=\"Search for:\"\n\t\t\t\t\t\/>\n\t\t\t\t<\/div>\n\n\t\t\t\t\t\t\t\t\t<button type=\"submit\" class=\"search-submit\" aria-label=\"Search\">\n\t\t\t\t\t\t\n\t\t\t\t\t\t\n\t\t\t\t\t\t\t\t\t\t\t\t\t<i class=\"flaticon flaticon-magnifying-glass\"><\/i>\n\t\t\t\t\t\t\t\t\t\t\t\t\n\t\t\t\t\t<\/button>\n\t\t\t\t\t\t\t<\/form>\t\t\t\t\t\t\t\t\t\n\t\t<\/div>\n\t\t\t\t\t\t<\/div>\n\t\t\t\t<\/div>\n\t\t\t\t<div class=\"elementor-element elementor-element-94467f4 elementor-widget elementor-widget-ovabrw_product_ajax_filter\" data-id=\"94467f4\" data-element_type=\"widget\" data-e-type=\"widget\" data-widget_type=\"ovabrw_product_ajax_filter.default\">\n\t\t\t\t<div class=\"elementor-widget-container\">\n\t\t\t\t\t\n<div class=\"ovabrw-product-ajax-filter\">\n\t\t<div class=\"ovabrw-result\">\n\t\t<ul class=\"products ovabrw-product-list\">\n\t\t\t\t\t\t\t\t\t<li class=\"item\">\n\t\t\t\t\t\t\t\n<div class=\"ovabrw-card-template ovabrw-card1\">\n\t<div class=\"ovabrw-card-header\">\n\t\t    <div class=\"ovabrw-gallery-popup\">\n    \t\t    \t<div class=\"ovabrw-product-img-feature\">\n\t    \t\t<a href=\"https:\/\/kingwaycarrental.com\/es\/car\/mercedes-g-brabus\/\" class=\"ovabrw-product-link\">\n\t\t    \t\t\t            \t\t<img decoding=\"async\" src=\"https:\/\/kingwaycarrental.com\/wp-content\/uploads\/2025\/03\/Rent-Mercedes-G63-Brabus.jpg\" alt=\"Alquiler de Mercedes G63 Brabus en Dub\u00e1i\" title=\"\">\n\t            \t            \t<\/a>\n\t    \t<\/div>\n\t        <\/div>\n<div style=\"display: none !important;\">\n\t<div class=\"woocommerce-product-gallery woocommerce-product-gallery--with-images woocommerce-product-gallery--columns-4 images\" data-columns=\"4\" style=\"opacity: 0; transition: opacity .25s ease-in-out;\">\n\t<div class=\"woocommerce-product-gallery__wrapper\">\n\t\t<div data-thumb=\"https:\/\/kingwaycarrental.com\/wp-content\/uploads\/2025\/03\/Rent-Mercedes-G63-Brabus.jpg\" data-thumb-alt=\"Alquiler de Mercedes G63 Brabus en Dub\u00e1i\" data-thumb-srcset=\"https:\/\/kingwaycarrental.com\/wp-content\/uploads\/2025\/03\/Rent-Mercedes-G63-Brabus.jpg 700w, https:\/\/kingwaycarrental.com\/wp-content\/uploads\/2025\/03\/Rent-Mercedes-G63-Brabus-300x200.jpg 300w\"  data-thumb-sizes=\"(max-width: 300px) 100vw, 300px\" class=\"woocommerce-product-gallery__image\"><a href=\"https:\/\/kingwaycarrental.com\/wp-content\/uploads\/2025\/03\/Rent-Mercedes-G63-Brabus.jpg\"><img decoding=\"async\" width=\"700\" height=\"467\" src=\"https:\/\/kingwaycarrental.com\/wp-content\/uploads\/2025\/03\/Rent-Mercedes-G63-Brabus.jpg\" class=\"wp-post-image\" alt=\"Alquiler de Mercedes G63 Brabus en Dub\u00e1i\" data-caption=\"\" data-src=\"https:\/\/kingwaycarrental.com\/wp-content\/uploads\/2025\/03\/Rent-Mercedes-G63-Brabus.jpg\" data-large_image=\"https:\/\/kingwaycarrental.com\/wp-content\/uploads\/2025\/03\/Rent-Mercedes-G63-Brabus.jpg\" data-large_image_width=\"700\" data-large_image_height=\"467\" srcset=\"https:\/\/kingwaycarrental.com\/wp-content\/uploads\/2025\/03\/Rent-Mercedes-G63-Brabus.jpg 700w, https:\/\/kingwaycarrental.com\/wp-content\/uploads\/2025\/03\/Rent-Mercedes-G63-Brabus-300x200.jpg 300w\" sizes=\"(max-width: 700px) 100vw, 700px\" title=\"\" data- data-large_image_><\/a><\/div><div data-thumb=\"https:\/\/kingwaycarrental.com\/wp-content\/uploads\/2024\/11\/Mercedes-G-Brabus-2024-e.jpg\" data-thumb-alt=\"Alquiler de Mercedes G63 Brabus\" data-thumb-srcset=\"https:\/\/kingwaycarrental.com\/wp-content\/uploads\/2024\/11\/Mercedes-G-Brabus-2024-e.jpg 700w, https:\/\/kingwaycarrental.com\/wp-content\/uploads\/2024\/11\/Mercedes-G-Brabus-2024-e-300x200.jpg 300w\"  data-thumb-sizes=\"(max-width: 300px) 100vw, 300px\" class=\"woocommerce-product-gallery__image\"><a href=\"https:\/\/kingwaycarrental.com\/wp-content\/uploads\/2024\/11\/Mercedes-G-Brabus-2024-e.jpg\"><img decoding=\"async\" width=\"700\" height=\"467\" src=\"https:\/\/kingwaycarrental.com\/wp-content\/uploads\/2024\/11\/Mercedes-G-Brabus-2024-e.jpg\" class=\"\" alt=\"Alquiler de Mercedes G63 Brabus\" data-caption=\"\" data-src=\"https:\/\/kingwaycarrental.com\/wp-content\/uploads\/2024\/11\/Mercedes-G-Brabus-2024-e.jpg\" data-large_image=\"https:\/\/kingwaycarrental.com\/wp-content\/uploads\/2024\/11\/Mercedes-G-Brabus-2024-e.jpg\" data-large_image_width=\"700\" data-large_image_height=\"467\" srcset=\"https:\/\/kingwaycarrental.com\/wp-content\/uploads\/2024\/11\/Mercedes-G-Brabus-2024-e.jpg 700w, https:\/\/kingwaycarrental.com\/wp-content\/uploads\/2024\/11\/Mercedes-G-Brabus-2024-e-300x200.jpg 300w\" sizes=\"(max-width: 700px) 100vw, 700px\" title=\"\" data- data-large_image_><\/a><\/div><div data-thumb=\"https:\/\/kingwaycarrental.com\/wp-content\/uploads\/2024\/11\/Mercedes-G-Brabus-2024-d.jpg\" data-thumb-alt=\"Alquiler de Mercedes G63 Brabus\" data-thumb-srcset=\"https:\/\/kingwaycarrental.com\/wp-content\/uploads\/2024\/11\/Mercedes-G-Brabus-2024-d.jpg 700w, https:\/\/kingwaycarrental.com\/wp-content\/uploads\/2024\/11\/Mercedes-G-Brabus-2024-d-300x200.jpg 300w\"  data-thumb-sizes=\"(max-width: 300px) 100vw, 300px\" class=\"woocommerce-product-gallery__image\"><a href=\"https:\/\/kingwaycarrental.com\/wp-content\/uploads\/2024\/11\/Mercedes-G-Brabus-2024-d.jpg\"><img decoding=\"async\" width=\"700\" height=\"467\" src=\"https:\/\/kingwaycarrental.com\/wp-content\/uploads\/2024\/11\/Mercedes-G-Brabus-2024-d.jpg\" class=\"\" alt=\"Alquiler de Mercedes G63 Brabus\" data-caption=\"\" data-src=\"https:\/\/kingwaycarrental.com\/wp-content\/uploads\/2024\/11\/Mercedes-G-Brabus-2024-d.jpg\" data-large_image=\"https:\/\/kingwaycarrental.com\/wp-content\/uploads\/2024\/11\/Mercedes-G-Brabus-2024-d.jpg\" data-large_image_width=\"700\" data-large_image_height=\"467\" srcset=\"https:\/\/kingwaycarrental.com\/wp-content\/uploads\/2024\/11\/Mercedes-G-Brabus-2024-d.jpg 700w, https:\/\/kingwaycarrental.com\/wp-content\/uploads\/2024\/11\/Mercedes-G-Brabus-2024-d-300x200.jpg 300w\" sizes=\"(max-width: 700px) 100vw, 700px\" title=\"\" data- data-large_image_><\/a><\/div><div data-thumb=\"https:\/\/kingwaycarrental.com\/wp-content\/uploads\/2024\/11\/Mercedes-G-Brabus-2024-c.jpg\" data-thumb-alt=\"Alquiler de Mercedes G63 Brabus\" data-thumb-srcset=\"https:\/\/kingwaycarrental.com\/wp-content\/uploads\/2024\/11\/Mercedes-G-Brabus-2024-c.jpg 700w, https:\/\/kingwaycarrental.com\/wp-content\/uploads\/2024\/11\/Mercedes-G-Brabus-2024-c-300x200.jpg 300w\"  data-thumb-sizes=\"(max-width: 300px) 100vw, 300px\" class=\"woocommerce-product-gallery__image\"><a href=\"https:\/\/kingwaycarrental.com\/wp-content\/uploads\/2024\/11\/Mercedes-G-Brabus-2024-c.jpg\"><img decoding=\"async\" width=\"700\" height=\"467\" src=\"https:\/\/kingwaycarrental.com\/wp-content\/uploads\/2024\/11\/Mercedes-G-Brabus-2024-c.jpg\" class=\"\" alt=\"Alquiler de Mercedes G63 Brabus\" data-caption=\"\" data-src=\"https:\/\/kingwaycarrental.com\/wp-content\/uploads\/2024\/11\/Mercedes-G-Brabus-2024-c.jpg\" data-large_image=\"https:\/\/kingwaycarrental.com\/wp-content\/uploads\/2024\/11\/Mercedes-G-Brabus-2024-c.jpg\" data-large_image_width=\"700\" data-large_image_height=\"467\" srcset=\"https:\/\/kingwaycarrental.com\/wp-content\/uploads\/2024\/11\/Mercedes-G-Brabus-2024-c.jpg 700w, https:\/\/kingwaycarrental.com\/wp-content\/uploads\/2024\/11\/Mercedes-G-Brabus-2024-c-300x200.jpg 300w\" sizes=\"(max-width: 700px) 100vw, 700px\" title=\"\" data- data-large_image_><\/a><\/div><div data-thumb=\"https:\/\/kingwaycarrental.com\/wp-content\/uploads\/2024\/11\/Mercedes-G-Brabus-2024-a.jpg\" data-thumb-alt=\"Alquiler de Mercedes G63 Brabus\" data-thumb-srcset=\"https:\/\/kingwaycarrental.com\/wp-content\/uploads\/2024\/11\/Mercedes-G-Brabus-2024-a.jpg 700w, https:\/\/kingwaycarrental.com\/wp-content\/uploads\/2024\/11\/Mercedes-G-Brabus-2024-a-300x200.jpg 300w\"  data-thumb-sizes=\"(max-width: 300px) 100vw, 300px\" class=\"woocommerce-product-gallery__image\"><a href=\"https:\/\/kingwaycarrental.com\/wp-content\/uploads\/2024\/11\/Mercedes-G-Brabus-2024-a.jpg\"><img decoding=\"async\" width=\"700\" height=\"467\" src=\"https:\/\/kingwaycarrental.com\/wp-content\/uploads\/2024\/11\/Mercedes-G-Brabus-2024-a.jpg\" class=\"\" alt=\"Alquiler de Mercedes G63 Brabus\" data-caption=\"\" data-src=\"https:\/\/kingwaycarrental.com\/wp-content\/uploads\/2024\/11\/Mercedes-G-Brabus-2024-a.jpg\" data-large_image=\"https:\/\/kingwaycarrental.com\/wp-content\/uploads\/2024\/11\/Mercedes-G-Brabus-2024-a.jpg\" data-large_image_width=\"700\" data-large_image_height=\"467\" srcset=\"https:\/\/kingwaycarrental.com\/wp-content\/uploads\/2024\/11\/Mercedes-G-Brabus-2024-a.jpg 700w, https:\/\/kingwaycarrental.com\/wp-content\/uploads\/2024\/11\/Mercedes-G-Brabus-2024-a-300x200.jpg 300w\" sizes=\"(max-width: 700px) 100vw, 700px\" title=\"\" data- data-large_image_><\/a><\/div><div data-thumb=\"https:\/\/kingwaycarrental.com\/wp-content\/uploads\/2024\/11\/Mercedes-G-Brabus-2024-b.jpg\" data-thumb-alt=\"Alquiler de Mercedes G63 Brabus\" data-thumb-srcset=\"https:\/\/kingwaycarrental.com\/wp-content\/uploads\/2024\/11\/Mercedes-G-Brabus-2024-b.jpg 700w, https:\/\/kingwaycarrental.com\/wp-content\/uploads\/2024\/11\/Mercedes-G-Brabus-2024-b-300x200.jpg 300w\"  data-thumb-sizes=\"(max-width: 300px) 100vw, 300px\" class=\"woocommerce-product-gallery__image\"><a href=\"https:\/\/kingwaycarrental.com\/wp-content\/uploads\/2024\/11\/Mercedes-G-Brabus-2024-b.jpg\"><img decoding=\"async\" width=\"700\" height=\"467\" src=\"https:\/\/kingwaycarrental.com\/wp-content\/uploads\/2024\/11\/Mercedes-G-Brabus-2024-b.jpg\" class=\"\" alt=\"Alquiler de Mercedes G63 Brabus\" data-caption=\"\" data-src=\"https:\/\/kingwaycarrental.com\/wp-content\/uploads\/2024\/11\/Mercedes-G-Brabus-2024-b.jpg\" data-large_image=\"https:\/\/kingwaycarrental.com\/wp-content\/uploads\/2024\/11\/Mercedes-G-Brabus-2024-b.jpg\" data-large_image_width=\"700\" data-large_image_height=\"467\" srcset=\"https:\/\/kingwaycarrental.com\/wp-content\/uploads\/2024\/11\/Mercedes-G-Brabus-2024-b.jpg 700w, https:\/\/kingwaycarrental.com\/wp-content\/uploads\/2024\/11\/Mercedes-G-Brabus-2024-b-300x200.jpg 300w\" sizes=\"(max-width: 700px) 100vw, 700px\" title=\"\" data- data-large_image_><\/a><\/div>\t<\/div>\n<\/div>\n<\/div>\t\t\t<span class=\"ovabrw-featured-product\">\n\t\tDestacado\t<\/span>\n\t\t\t<span class=\"ovabrw-features-featured\">\n\t\t\t\tModelo 2024\t\t\t<\/span>\n\t\t\t<\/div>\n\t<div class=\"ovabrw-card-content\">\n\t\t    <div class=\"ovabrw-review\">\n        <div class=\"ovabrw-star-rating\" role=\"img\" aria-label=\"Rated 5.00 out of 5\">\n        \t<i aria-hidden=\"true\" class=\"brwicon-star-3\"><\/i>\n        \t<i aria-hidden=\"true\" class=\"brwicon-star-3\"><\/i>\n        \t<i aria-hidden=\"true\" class=\"brwicon-star-3\"><\/i>\n        \t<i aria-hidden=\"true\" class=\"brwicon-star-3\"><\/i>\n        \t<i aria-hidden=\"true\" class=\"brwicon-star-3\"><\/i>\n            <span class=\"ovabrw-rating-percent\" style=\"width: 100%;\">\n            \t<i aria-hidden=\"true\" class=\"brwicon-star-3\"><\/i>\n            \t<i aria-hidden=\"true\" class=\"brwicon-star-3\"><\/i>\n            \t<i aria-hidden=\"true\" class=\"brwicon-star-3\"><\/i>\n            \t<i aria-hidden=\"true\" class=\"brwicon-star-3\"><\/i>\n            \t<i aria-hidden=\"true\" class=\"brwicon-star-3\"><\/i>\n            <\/span>\n        <\/div>\n        <a href=\"https:\/\/kingwaycarrental.com\/es\/car\/mercedes-g-brabus\/#reviews\" class=\"ovabrw-review-link\" rel=\"nofollow\">\n            1 valoraci\u00f3n        <\/a>\n    <\/div>\n\t\t\t<h3 class=\"ovabrw-title\">\n\t\t<a href=\"https:\/\/kingwaycarrental.com\/es\/car\/mercedes-g-brabus\/\">\n\t\t\tMercedes G63 Brabus\t\t<\/a>\n\t<\/h3>\n\t\t<div class=\"ovabrw-price\">\n\t\t\t\t<span class=\"amount\">\n\t\t\t\t<span class=\"woocommerce-Price-amount amount\"><bdi><span class=\"woocommerce-Price-currencySymbol\" translate=\"no\">AED<\/span>&nbsp;2,100<\/bdi><\/span>\t\t\t<\/span>\n\t\t\t<span class=\"unit\">\n\t\t\t\t\/ D\u00eda\t\t\t<\/span>\n\t\t<\/div>\t\t\t\t\t<ul class=\"ovabrw-features\">\n\t\t\t\t\t<li class=\"item-feature\">\n\t\t\t\t\t\t\t\t\t<i aria-hidden=\"true\" class=\"flaticon2 flaticon2-sedan\"><\/i>\n\t\t\t\t\t\t\t\t<span>SUV<\/span>\n\t\t\t<\/li>\n\t\t\t\t\t<li class=\"item-feature\">\n\t\t\t\t\t\t\t\t\t<i aria-hidden=\"true\" class=\"flaticon-seat\"><\/i>\n\t\t\t\t\t\t\t\t<span>5 Plazas<\/span>\n\t\t\t<\/li>\n\t\t\t\t\t<li class=\"item-feature\">\n\t\t\t\t\t\t\t\t\t<i aria-hidden=\"true\" class=\"flaticon-car-door\"><\/i>\n\t\t\t\t\t\t\t\t<span>4 Puertas<\/span>\n\t\t\t<\/li>\n\t\t\t\t\t<li class=\"item-feature\">\n\t\t\t\t\t\t\t\t\t<i aria-hidden=\"true\" class=\"flaticon-gas-station\"><\/i>\n\t\t\t\t\t\t\t\t<span>Gasolina<\/span>\n\t\t\t<\/li>\n\t\t\t<\/ul>\n\t\t\t\t\t\t\t<p class=\"ovabrw-short-description\">\n\t\tAlquiler de Mercedes G63 Brabus en Dub\u00e1i \u00bfEst\u00e1 buscando alquilar un Mercedes Clase G en Dub\u00e1i? King Way Car Rental le permite...\t<\/p>\n\n\t\t<div class=\"ovabrw-card-btn\">\n\t\t\t    <a href=\"https:\/\/kingwaycarrental.com\/es\/car\/mercedes-g-brabus\/\" class=\"ovabrw-button\">\n        Reservar Ahora        <i class=\"brwicon-right\" aria-hidden=\"true\"><\/i>\n    <\/a>\n\t\t<\/div>\n\t<\/div>\n<\/div>\t\t\t\t\t\t<\/li>\n\t\t\t\t\t\t\t\t\t\t\t\t<li class=\"item\">\n\t\t\t\t\t\t\t\n<div class=\"ovabrw-card-template ovabrw-card1\">\n\t<div class=\"ovabrw-card-header\">\n\t\t    <div class=\"ovabrw-gallery-popup\">\n    \t\t    \t<div class=\"ovabrw-product-img-feature\">\n\t    \t\t<a href=\"https:\/\/kingwaycarrental.com\/es\/car\/mercedes-g63-keyvany-black\/\" class=\"ovabrw-product-link\">\n\t\t    \t\t\t            \t\t<img decoding=\"async\" src=\"https:\/\/kingwaycarrental.com\/wp-content\/uploads\/2025\/06\/Mercedes-G63-Keyvany-Black.jpg\" alt=\"Alquiler de Mercedes G63 Keyvany AMG\" title=\"\">\n\t            \t            \t<\/a>\n\t    \t<\/div>\n\t        <\/div>\n<div style=\"display: none !important;\">\n\t<div class=\"woocommerce-product-gallery woocommerce-product-gallery--with-images woocommerce-product-gallery--columns-4 images\" data-columns=\"4\" style=\"opacity: 0; transition: opacity .25s ease-in-out;\">\n\t<div class=\"woocommerce-product-gallery__wrapper\">\n\t\t<div data-thumb=\"https:\/\/kingwaycarrental.com\/wp-content\/uploads\/2025\/06\/Mercedes-G63-Keyvany-Black.jpg\" data-thumb-alt=\"Alquiler de Mercedes G63 Keyvany AMG\" data-thumb-srcset=\"https:\/\/kingwaycarrental.com\/wp-content\/uploads\/2025\/06\/Mercedes-G63-Keyvany-Black.jpg 700w, https:\/\/kingwaycarrental.com\/wp-content\/uploads\/2025\/06\/Mercedes-G63-Keyvany-Black-300x200.jpg 300w\"  data-thumb-sizes=\"(max-width: 300px) 100vw, 300px\" class=\"woocommerce-product-gallery__image\"><a href=\"https:\/\/kingwaycarrental.com\/wp-content\/uploads\/2025\/06\/Mercedes-G63-Keyvany-Black.jpg\"><img decoding=\"async\" width=\"700\" height=\"467\" src=\"https:\/\/kingwaycarrental.com\/wp-content\/uploads\/2025\/06\/Mercedes-G63-Keyvany-Black.jpg\" class=\"wp-post-image\" alt=\"Alquiler de Mercedes G63 Keyvany AMG\" data-caption=\"\" data-src=\"https:\/\/kingwaycarrental.com\/wp-content\/uploads\/2025\/06\/Mercedes-G63-Keyvany-Black.jpg\" data-large_image=\"https:\/\/kingwaycarrental.com\/wp-content\/uploads\/2025\/06\/Mercedes-G63-Keyvany-Black.jpg\" data-large_image_width=\"700\" data-large_image_height=\"467\" srcset=\"https:\/\/kingwaycarrental.com\/wp-content\/uploads\/2025\/06\/Mercedes-G63-Keyvany-Black.jpg 700w, https:\/\/kingwaycarrental.com\/wp-content\/uploads\/2025\/06\/Mercedes-G63-Keyvany-Black-300x200.jpg 300w\" sizes=\"(max-width: 700px) 100vw, 700px\" title=\"\" data- data-large_image_><\/a><\/div><div data-thumb=\"https:\/\/kingwaycarrental.com\/wp-content\/uploads\/2025\/06\/Mercedes-G63-Keyvany-Black-2.jpg\" data-thumb-alt=\"Parte delantera del Mercedes G63 Keyvany\" data-thumb-srcset=\"https:\/\/kingwaycarrental.com\/wp-content\/uploads\/2025\/06\/Mercedes-G63-Keyvany-Black-2.jpg 700w, https:\/\/kingwaycarrental.com\/wp-content\/uploads\/2025\/06\/Mercedes-G63-Keyvany-Black-2-300x200.jpg 300w\"  data-thumb-sizes=\"(max-width: 300px) 100vw, 300px\" class=\"woocommerce-product-gallery__image\"><a href=\"https:\/\/kingwaycarrental.com\/wp-content\/uploads\/2025\/06\/Mercedes-G63-Keyvany-Black-2.jpg\"><img decoding=\"async\" width=\"700\" height=\"467\" src=\"https:\/\/kingwaycarrental.com\/wp-content\/uploads\/2025\/06\/Mercedes-G63-Keyvany-Black-2.jpg\" class=\"\" alt=\"Parte delantera del Mercedes G63 Keyvany\" data-caption=\"\" data-src=\"https:\/\/kingwaycarrental.com\/wp-content\/uploads\/2025\/06\/Mercedes-G63-Keyvany-Black-2.jpg\" data-large_image=\"https:\/\/kingwaycarrental.com\/wp-content\/uploads\/2025\/06\/Mercedes-G63-Keyvany-Black-2.jpg\" data-large_image_width=\"700\" data-large_image_height=\"467\" srcset=\"https:\/\/kingwaycarrental.com\/wp-content\/uploads\/2025\/06\/Mercedes-G63-Keyvany-Black-2.jpg 700w, https:\/\/kingwaycarrental.com\/wp-content\/uploads\/2025\/06\/Mercedes-G63-Keyvany-Black-2-300x200.jpg 300w\" sizes=\"(max-width: 700px) 100vw, 700px\" title=\"\" data- data-large_image_><\/a><\/div><div data-thumb=\"https:\/\/kingwaycarrental.com\/wp-content\/uploads\/2025\/06\/Mercedes-G63-Keyvany-Black-5.jpg\" data-thumb-alt=\"Interior del Mercedes G63 Keyvany\" data-thumb-srcset=\"https:\/\/kingwaycarrental.com\/wp-content\/uploads\/2025\/06\/Mercedes-G63-Keyvany-Black-5.jpg 700w, https:\/\/kingwaycarrental.com\/wp-content\/uploads\/2025\/06\/Mercedes-G63-Keyvany-Black-5-300x200.jpg 300w\"  data-thumb-sizes=\"(max-width: 300px) 100vw, 300px\" class=\"woocommerce-product-gallery__image\"><a href=\"https:\/\/kingwaycarrental.com\/wp-content\/uploads\/2025\/06\/Mercedes-G63-Keyvany-Black-5.jpg\"><img decoding=\"async\" width=\"700\" height=\"467\" src=\"https:\/\/kingwaycarrental.com\/wp-content\/uploads\/2025\/06\/Mercedes-G63-Keyvany-Black-5.jpg\" class=\"\" alt=\"Interior del Mercedes G63 Keyvany\" data-caption=\"\" data-src=\"https:\/\/kingwaycarrental.com\/wp-content\/uploads\/2025\/06\/Mercedes-G63-Keyvany-Black-5.jpg\" data-large_image=\"https:\/\/kingwaycarrental.com\/wp-content\/uploads\/2025\/06\/Mercedes-G63-Keyvany-Black-5.jpg\" data-large_image_width=\"700\" data-large_image_height=\"467\" srcset=\"https:\/\/kingwaycarrental.com\/wp-content\/uploads\/2025\/06\/Mercedes-G63-Keyvany-Black-5.jpg 700w, https:\/\/kingwaycarrental.com\/wp-content\/uploads\/2025\/06\/Mercedes-G63-Keyvany-Black-5-300x200.jpg 300w\" sizes=\"(max-width: 700px) 100vw, 700px\" title=\"\" data- data-large_image_><\/a><\/div><div data-thumb=\"https:\/\/kingwaycarrental.com\/wp-content\/uploads\/2025\/06\/Mercedes-G63-Keyvany-Black-3.jpg\" data-thumb-alt=\"Lateral del Mercedes G63 Keyvany\" data-thumb-srcset=\"https:\/\/kingwaycarrental.com\/wp-content\/uploads\/2025\/06\/Mercedes-G63-Keyvany-Black-3.jpg 700w, https:\/\/kingwaycarrental.com\/wp-content\/uploads\/2025\/06\/Mercedes-G63-Keyvany-Black-3-300x200.jpg 300w\"  data-thumb-sizes=\"(max-width: 300px) 100vw, 300px\" class=\"woocommerce-product-gallery__image\"><a href=\"https:\/\/kingwaycarrental.com\/wp-content\/uploads\/2025\/06\/Mercedes-G63-Keyvany-Black-3.jpg\"><img decoding=\"async\" width=\"700\" height=\"467\" src=\"https:\/\/kingwaycarrental.com\/wp-content\/uploads\/2025\/06\/Mercedes-G63-Keyvany-Black-3.jpg\" class=\"\" alt=\"Lateral del Mercedes G63 Keyvany\" data-caption=\"\" data-src=\"https:\/\/kingwaycarrental.com\/wp-content\/uploads\/2025\/06\/Mercedes-G63-Keyvany-Black-3.jpg\" data-large_image=\"https:\/\/kingwaycarrental.com\/wp-content\/uploads\/2025\/06\/Mercedes-G63-Keyvany-Black-3.jpg\" data-large_image_width=\"700\" data-large_image_height=\"467\" srcset=\"https:\/\/kingwaycarrental.com\/wp-content\/uploads\/2025\/06\/Mercedes-G63-Keyvany-Black-3.jpg 700w, https:\/\/kingwaycarrental.com\/wp-content\/uploads\/2025\/06\/Mercedes-G63-Keyvany-Black-3-300x200.jpg 300w\" sizes=\"(max-width: 700px) 100vw, 700px\" title=\"\" data- data-large_image_><\/a><\/div><div data-thumb=\"https:\/\/kingwaycarrental.com\/wp-content\/uploads\/2025\/06\/Mercedes-G63-Keyvany-Black-6.jpg\" data-thumb-alt=\"Interior naranja del Mercedes G63 Keyvany\" data-thumb-srcset=\"https:\/\/kingwaycarrental.com\/wp-content\/uploads\/2025\/06\/Mercedes-G63-Keyvany-Black-6.jpg 700w, https:\/\/kingwaycarrental.com\/wp-content\/uploads\/2025\/06\/Mercedes-G63-Keyvany-Black-6-300x200.jpg 300w\"  data-thumb-sizes=\"(max-width: 300px) 100vw, 300px\" class=\"woocommerce-product-gallery__image\"><a href=\"https:\/\/kingwaycarrental.com\/wp-content\/uploads\/2025\/06\/Mercedes-G63-Keyvany-Black-6.jpg\"><img decoding=\"async\" width=\"700\" height=\"467\" src=\"https:\/\/kingwaycarrental.com\/wp-content\/uploads\/2025\/06\/Mercedes-G63-Keyvany-Black-6.jpg\" class=\"\" alt=\"Interior naranja del Mercedes G63 Keyvany\" data-caption=\"\" data-src=\"https:\/\/kingwaycarrental.com\/wp-content\/uploads\/2025\/06\/Mercedes-G63-Keyvany-Black-6.jpg\" data-large_image=\"https:\/\/kingwaycarrental.com\/wp-content\/uploads\/2025\/06\/Mercedes-G63-Keyvany-Black-6.jpg\" data-large_image_width=\"700\" data-large_image_height=\"467\" srcset=\"https:\/\/kingwaycarrental.com\/wp-content\/uploads\/2025\/06\/Mercedes-G63-Keyvany-Black-6.jpg 700w, https:\/\/kingwaycarrental.com\/wp-content\/uploads\/2025\/06\/Mercedes-G63-Keyvany-Black-6-300x200.jpg 300w\" sizes=\"(max-width: 700px) 100vw, 700px\" title=\"\" data- data-large_image_><\/a><\/div><div data-thumb=\"https:\/\/kingwaycarrental.com\/wp-content\/uploads\/2025\/06\/Mercedes-G63-Keyvany-Black-4.jpg\" data-thumb-alt=\"Detr\u00e1s del Mercedes G63 Keyvany\" data-thumb-srcset=\"https:\/\/kingwaycarrental.com\/wp-content\/uploads\/2025\/06\/Mercedes-G63-Keyvany-Black-4.jpg 700w, https:\/\/kingwaycarrental.com\/wp-content\/uploads\/2025\/06\/Mercedes-G63-Keyvany-Black-4-300x200.jpg 300w\"  data-thumb-sizes=\"(max-width: 300px) 100vw, 300px\" class=\"woocommerce-product-gallery__image\"><a href=\"https:\/\/kingwaycarrental.com\/wp-content\/uploads\/2025\/06\/Mercedes-G63-Keyvany-Black-4.jpg\"><img decoding=\"async\" width=\"700\" height=\"467\" src=\"https:\/\/kingwaycarrental.com\/wp-content\/uploads\/2025\/06\/Mercedes-G63-Keyvany-Black-4.jpg\" class=\"\" alt=\"Detr\u00e1s del Mercedes G63 Keyvany\" data-caption=\"\" data-src=\"https:\/\/kingwaycarrental.com\/wp-content\/uploads\/2025\/06\/Mercedes-G63-Keyvany-Black-4.jpg\" data-large_image=\"https:\/\/kingwaycarrental.com\/wp-content\/uploads\/2025\/06\/Mercedes-G63-Keyvany-Black-4.jpg\" data-large_image_width=\"700\" data-large_image_height=\"467\" srcset=\"https:\/\/kingwaycarrental.com\/wp-content\/uploads\/2025\/06\/Mercedes-G63-Keyvany-Black-4.jpg 700w, https:\/\/kingwaycarrental.com\/wp-content\/uploads\/2025\/06\/Mercedes-G63-Keyvany-Black-4-300x200.jpg 300w\" sizes=\"(max-width: 700px) 100vw, 700px\" title=\"\" data- data-large_image_><\/a><\/div>\t<\/div>\n<\/div>\n<\/div>\t\t\t<span class=\"ovabrw-featured-product\">\n\t\tDestacado\t<\/span>\n\t\t\t<span class=\"ovabrw-features-featured\">\n\t\t\t\tModelo 2023\t\t\t<\/span>\n\t\t\t<\/div>\n\t<div class=\"ovabrw-card-content\">\n\t\t    <div class=\"ovabrw-review\">\n        <div class=\"ovabrw-star-rating\" role=\"img\" aria-label=\"Rated 5.00 out of 5\">\n        \t<i aria-hidden=\"true\" class=\"brwicon-star-3\"><\/i>\n        \t<i aria-hidden=\"true\" class=\"brwicon-star-3\"><\/i>\n        \t<i aria-hidden=\"true\" class=\"brwicon-star-3\"><\/i>\n        \t<i aria-hidden=\"true\" class=\"brwicon-star-3\"><\/i>\n        \t<i aria-hidden=\"true\" class=\"brwicon-star-3\"><\/i>\n            <span class=\"ovabrw-rating-percent\" style=\"width: 100%;\">\n            \t<i aria-hidden=\"true\" class=\"brwicon-star-3\"><\/i>\n            \t<i aria-hidden=\"true\" class=\"brwicon-star-3\"><\/i>\n            \t<i aria-hidden=\"true\" class=\"brwicon-star-3\"><\/i>\n            \t<i aria-hidden=\"true\" class=\"brwicon-star-3\"><\/i>\n            \t<i aria-hidden=\"true\" class=\"brwicon-star-3\"><\/i>\n            <\/span>\n        <\/div>\n        <a href=\"https:\/\/kingwaycarrental.com\/es\/car\/mercedes-g63-keyvany-black\/#reviews\" class=\"ovabrw-review-link\" rel=\"nofollow\">\n            1 valoraci\u00f3n        <\/a>\n    <\/div>\n\t\t\t<h3 class=\"ovabrw-title\">\n\t\t<a href=\"https:\/\/kingwaycarrental.com\/es\/car\/mercedes-g63-keyvany-black\/\">\n\t\t\tMercedes G63 Keyvany AMG\t\t<\/a>\n\t<\/h3>\n\t\t<div class=\"ovabrw-price\">\n\t\t\t\t<span class=\"amount\">\n\t\t\t\t<span class=\"woocommerce-Price-amount amount\"><bdi><span class=\"woocommerce-Price-currencySymbol\" translate=\"no\">AED<\/span>&nbsp;1,750<\/bdi><\/span>\t\t\t<\/span>\n\t\t\t<span class=\"unit\">\n\t\t\t\t\/ D\u00eda\t\t\t<\/span>\n\t\t<\/div>\t\t\t\t\t<ul class=\"ovabrw-features\">\n\t\t\t\t\t<li class=\"item-feature\">\n\t\t\t\t\t\t\t\t\t<i aria-hidden=\"true\" class=\"flaticon2 flaticon2-sedan\"><\/i>\n\t\t\t\t\t\t\t\t<span>SUV<\/span>\n\t\t\t<\/li>\n\t\t\t\t\t<li class=\"item-feature\">\n\t\t\t\t\t\t\t\t\t<i aria-hidden=\"true\" class=\"flaticon-seat\"><\/i>\n\t\t\t\t\t\t\t\t<span>5 Plazas<\/span>\n\t\t\t<\/li>\n\t\t\t\t\t<li class=\"item-feature\">\n\t\t\t\t\t\t\t\t\t<i aria-hidden=\"true\" class=\"flaticon-car-door\"><\/i>\n\t\t\t\t\t\t\t\t<span>4 Puertas<\/span>\n\t\t\t<\/li>\n\t\t\t\t\t<li class=\"item-feature\">\n\t\t\t\t\t\t\t\t\t<i aria-hidden=\"true\" class=\"flaticon-gas-station\"><\/i>\n\t\t\t\t\t\t\t\t<span>Gasolina<\/span>\n\t\t\t<\/li>\n\t\t\t<\/ul>\n\t\t\t\t\t\t\t<p class=\"ovabrw-short-description\">\n\t\tAlquiler de Mercedes G63 Keyvany AMG en Dub\u00e1i Ofrecemos a nuestros clientes el Alquiler del Mercedes G63 Keyvany AMG en Dub\u00e1i a...\t<\/p>\n\n\t\t<div class=\"ovabrw-card-btn\">\n\t\t\t    <a href=\"https:\/\/kingwaycarrental.com\/es\/car\/mercedes-g63-keyvany-black\/\" class=\"ovabrw-button\">\n        Reservar Ahora        <i class=\"brwicon-right\" aria-hidden=\"true\"><\/i>\n    <\/a>\n\t\t<\/div>\n\t<\/div>\n<\/div>\t\t\t\t\t\t<\/li>\n\t\t\t\t\t\t\t\t<\/ul>\n\t\t<span class=\"ovabrw-loader\"><\/span>\n\t\t<input\n\t\t\ttype=\"hidden\"\n\t\t\tname=\"ovabrw-data-ajax-filter\"\n\t\t\tdata-template=\"card1\"\n\t\t\tdata-posts-per-page=\"18\"\n\t\t\tdata-orderby=\"date\"\n\t\t\tdata-order=\"DESC\"\n\t\t\tdata-pagination=\"yes\"\n\t\t\/>\n\t<\/div>\n\t<\/div>\t\t\t\t<\/div>\n\t\t\t\t<\/div>\n\t\t\t\t\t<\/div>\n\t\t\t\t<\/div>\n\t\t<div class=\"elementor-element elementor-element-e843c9f e-flex e-con-boxed e-con e-parent\" data-id=\"e843c9f\" data-element_type=\"container\" data-e-type=\"container\">\n\t\t\t\t\t<div class=\"e-con-inner\">\n\t\t\t\t<div class=\"elementor-element elementor-element-776bc01 elementor-widget elementor-widget-text-editor\" data-id=\"776bc01\" data-element_type=\"widget\" data-e-type=\"widget\" data-widget_type=\"text-editor.default\">\n\t\t\t\t<div class=\"elementor-widget-container\">\n\t\t\t\t\t\t\t\t\t<p>Conducir un Mercedes G63 por las calles de Dub\u00e1i es una experiencia que refleja el equilibrio perfecto entre la potencia absoluta y el lujo digno del prestigio de la ciudad dorada. Si busca distinci\u00f3n en sus desplazamientos, alquilar un Mercedes G63 en Dub\u00e1i le brinda una presencia llamativa, ya sea en barrios exclusivos, autopistas o lugares concurridos.<\/p><p>En <a href=\"https:\/\/kingwaycarrental.com\/es\/\">King Way Luxury Car Rental<\/a>, le ofrecemos el icono alem\u00e1n G-Class en excelente estado y modelos modernos que le garantizan un rendimiento formidable y un habit\u00e1culo interior rico en lujo y desarrollo tecnol\u00f3gico. Cuidamos los m\u00e1s m\u00ednimos detalles para simplificar su viaje, centr\u00e1ndonos en ofrecer un servicio profesional que le permite disfrutar de cada momento al volante sin complicaciones, convirti\u00e9ndonos en su primera opci\u00f3n para un viaje inolvidable.<\/p><h2>Ventajas de alquilar un Mercedes G63 en Dub\u00e1i para turistas y hombres de negocios<\/h2><p>El alquiler de un Mercedes G63 en Dub\u00e1i es la opci\u00f3n preferida para quienes buscan una presencia prestigiosa y un rendimiento eficiente a la vez. Este coche ofrece a los turistas una oportunidad de oro para explorar los lugares tur\u00edsticos de la ciudad con una vista despejada gracias a su altura y su famoso dise\u00f1o cuadrado, mientras que los hombres de negocios encuentran en \u00e9l un medio de transporte que refleja \u00e9xito y poder en sus reuniones oficiales.<\/p><p>El Mercedes Clase G G63 est\u00e1 equipado con un motor V8 biturbo que ofrece una aceleraci\u00f3n impresionante, pasando de 0 a 100 km\/h en solo 3,8 segundos, lo que hace que los desplazamientos por las zonas concurridas de Dub\u00e1i sean f\u00e1ciles y agradables, adem\u00e1s del famoso sonido del escape. El habit\u00e1culo del Mercedes G-Wagon tambi\u00e9n ofrece un aislamiento ac\u00fastico superior y tecnolog\u00edas avanzadas que garantizan su total comodidad durante largos periodos de conducci\u00f3n en el calor veraniego, convirti\u00e9ndolo en el compa\u00f1ero ideal para viajes de negocios, ocio y lujo.<\/p><h2>Alquiler de coches de lujo en Dub\u00e1i: \u00bfPor qu\u00e9 el G63 es la primera opci\u00f3n?<\/h2><p>El Mercedes G63 AMG encabeza la lista de demanda cuando se desea un coche que combine lujo, deportividad y la capacidad de afrontar el todoterreno con alta eficiencia. Esto se debe a varias razones t\u00e9cnicas y est\u00e9ticas que le permiten superar a sus competidores en la categor\u00eda de los SUV de lujo 4&#215;4:<\/p><ol><li><strong>Dise\u00f1o ic\u00f3nico:<\/strong> Su silueta exterior cl\u00e1sica mezclada con toques modernos lo hace llamativo dondequiera que se encuentre este veh\u00edculo.<\/li><li><strong>Interior lujoso:<\/strong> Asientos de cuero natural hechos a mano por AMG para la versi\u00f3n deportiva de lujo G63 y Night Package, y para la versi\u00f3n de lujo G-Wagon G500, adem\u00e1s de otros modelos famosos como G700\/800 y G900 Rocket Brabus o Keyvany y Mansory, sistema de infoentretenimiento avanzado, espacio amplio y toques notables de fibra de carbono y cromo.<\/li><li><strong>Rendimiento deportivo:<\/strong> El coche ofrece una potencia enorme de 577 caballos, haciendo de la conducci\u00f3n una experiencia emocionante y apasionante en autopistas.<\/li><li><strong>Tecnolog\u00eda avanzada:<\/strong> Contiene amplias pantallas t\u00e1ctiles y un sistema de navegaci\u00f3n preciso que le ayuda a alcanzar f\u00e1cilmente sus destinos en Dub\u00e1i.<\/li><li><strong>Factores de seguridad:<\/strong> Equipado con sistemas de protecci\u00f3n avanzados, airbags en varios lugares y alerta al conductor, ofreciendo la m\u00e1xima tranquilidad para pasajeros y familias.<\/li><li><strong>Estatus social:<\/strong> Da una impresi\u00f3n de lujo, distinci\u00f3n y prestigio, que armoniza perfectamente con la naturaleza de la vida de alto nivel en el Emirato de Dub\u00e1i.<\/li><li><strong>Seguridad avanzada:<\/strong> Funciones como el control de crucero adaptativo, la monitorizaci\u00f3n de puntos ciegos y la ayuda de mantenimiento de carril.<\/li><\/ol><h2>\u00bfPor qu\u00e9 alquilar un Mercedes Clase G en Dub\u00e1i a trav\u00e9s de King Way?<\/h2><p>King Way Luxury Car Rental ofrece el Mercedes G63 AMG en alquiler en Dub\u00e1i con los \u00faltimos modelos a los mejores precios insuperables. Con King Way, le ofrecemos muchas ventajas. Podr\u00e1 alquilar un coche sin pagar un dep\u00f3sito de seguro y no necesitar\u00e1 seguro. Conducir\u00e1 su coche sin restricciones de kilometraje y recibir\u00e1 la entrega gratuita del veh\u00edculo en su ubicaci\u00f3n, ya sea un hotel, aeropuerto o incluso su casa. Con nosotros, usted es el \u00abrey de la carretera\u00bb. Saldr\u00e1 a la carretera y se concentrar\u00e1 en su trabajo o destino tur\u00edstico con total tranquilidad.<\/p><p>Le ofrecemos las mejores ofertas en la flota <a href=\"https:\/\/kingwaycarrental.com\/es\/mercedes-benz-g-class-rental-dubai\/\">Mercedes Clase G en alquiler en Dub\u00e1i<\/a> a un precio econ\u00f3mico a partir de 1050 d\u00edrhams de los Emiratos por d\u00eda para los \u00faltimos modelos, adem\u00e1s de un descuento del 30 % en el alquiler a largo plazo (semanal\/mensual o m\u00e1s). Con nosotros, puede alquilar un coche en Dub\u00e1i sin dep\u00f3sito, sin tener que pagar gastos de seguro, sin impuestos o comisiones ocultas. Lo que ve es lo que paga. Disfrute de nuestros servicios de alquiler de coches premium en los Emiratos \u00c1rabes Unidos y obtenga la entrega gratuita del coche al aeropuerto, al hotel o incluso a su domicilio.<\/p><h3>Procedimientos de reserva del Mercedes-Benz G63 a trav\u00e9s del sitio web de King Way<\/h3><p>Siempre nos esforzamos por facilitar el acceso a su coche de ensue\u00f1o a trav\u00e9s de una interfaz de usuario inteligente y r\u00e1pida en Internet. El proceso comienza visitando nuestro sitio web oficial y seleccionando la secci\u00f3n de <a href=\"https:\/\/kingwaycarrental.com\/es\/luxury-car-rental-dubai\/\">coches de lujo<\/a>, luego eligiendo la flota <a href=\"https:\/\/kingwaycarrental.com\/es\/rent-mercedes-in-dubai\/\">Mercedes en alquiler<\/a>, donde el Mercedes-Benz G63 aparece con todas sus especificaciones y fotos reales de nuestra flota.<\/p><p>Puede establecer la fecha y hora adecuadas para la recogida del coche, con la posibilidad de a\u00f1adir solicitudes especiales como el servicio de conductor, el asiento infantil o la entrega en una ubicaci\u00f3n espec\u00edfica en los Emiratos \u00c1rabes Unidos. Una vez introducidos los datos requeridos, la reserva se confirma en pocos minutos, y el equipo de soporte se pone en contacto con usted para organizar los \u00faltimos detalles, ahorr\u00e1ndole la molestia de esperar o de enfrentarse a complicados procedimientos de papeleo y bancarios que podr\u00eda encontrar en otros lugares, permiti\u00e9ndole disfrutar de una experiencia de alquiler de Mercedes G63 en Dub\u00e1i con la m\u00e1xima facilidad.<\/p><h2>Alquiler de un Mercedes G-Class G63 en las zonas de Al Barsha y Dubai Marina<\/h2><p>Zonas como Al Barsha y Dubai Marina son centros vibrantes que requieren un coche potente y flexible. Aqu\u00ed es donde se manifiesta el valor de tener un motor potente a su disposici\u00f3n. Cuando elige un SUV de lujo como el Mercedes G-Class en estas zonas, asegura una f\u00e1cil maniobrabilidad en los aparcamientos estrechos y comodidad en la congesti\u00f3n del tr\u00e1fico gracias a los avanzados sistemas de suspensi\u00f3n neum\u00e1tica 4WD:<\/p><ul><li><strong>Potente motor V8:<\/strong> Respuesta inmediata cuando necesita aumentar la velocidad en carriles r\u00e1pidos.<\/li><li><strong>Tracci\u00f3n integral 4MATIC:<\/strong> Estabilidad total del coche en diversas condiciones clim\u00e1ticas y en todo tipo de carreteras.<\/li><li><strong>Espacio de almacenamiento:<\/strong> Gran capacidad para bolsas y compras, lo que lo hace adecuado para viajes de compras en el \u00abMall of the Emirates\u00bb.<\/li><li><strong>Iluminaci\u00f3n ambiental:<\/strong> Ofrece un ambiente interior tranquilo y lujoso que realza el placer de conducir de noche en la Marina, adem\u00e1s de los faros LED exteriores delanteros y traseros.<\/li><\/ul><h2>C\u00f3mo obtener descuentos al alquilar un G63 por largos per\u00edodos<\/h2><p>Si planea permanecer en la ciudad m\u00e1s de una semana o m\u00e1s de un mes, optar por contratos a medio o largo plazo le ofrece un valor financiero significativo. En nuestra pol\u00edtica de precios, nos basamos en ofrecer incentivos atractivos para clientes habituales y aquellos con reservas prolongadas, ya que el costo diario disminuye considerablemente cuanto mayor es la duraci\u00f3n del alquiler del coche. Aqu\u00ed tiene algunos consejos para obtener el mejor precio:<\/p><ul><li><strong>Reserva anticipada:<\/strong> Le garantiza precios competitivos y disponibilidad del coche en las fechas deseadas.<\/li><li><strong>Contratos mensuales:<\/strong> Ofrecen ahorros de hasta porcentajes elevados, 30 %, en comparaci\u00f3n con el alquiler diario individual.<\/li><li><strong>Ofertas estacionales:<\/strong> Siga las actualizaciones peri\u00f3dicas en nuestra plataforma para beneficiarse de descuentos exclusivos durante las festividades oficiales.<\/li><li><strong>Lealtad a la marca:<\/strong> Los clientes habituales reciben actualizaciones y servicios adicionales gratuitos en agradecimiento por su confianza en nuestra empresa.<\/li><\/ul><h2>Alquiler de un Mercedes G63 en Dub\u00e1i<\/h2><p>Alquilar un Mercedes G63 en Dub\u00e1i es una puerta de entrada a un mundo de lujo y poder sin igual. Ya sea que est\u00e9 aqu\u00ed para un corto viaje de negocios o unas largas vacaciones familiares, el Mercedes-Benz G63 ser\u00e1 su socio ideal que le brinda confianza y seguridad en la carretera. Nuestra empresa se compromete a ofrecer el mejor nivel de servicio para garantizar su total satisfacci\u00f3n.<\/p><p>No dude en vivir esta experiencia excepcional ahora y disfrutar de conducir uno de los mejores coches del mundo a precios estudiados y con servicio profesional. Visite nuestro sitio web o cont\u00e1ctenos directamente para reservar su pr\u00f3ximo coche y comenzar su propia aventura en el coraz\u00f3n de Dub\u00e1i.<\/p>\t\t\t\t\t\t\t\t<\/div>\n\t\t\t\t<\/div>\n\t\t\t\t<div class=\"elementor-element elementor-element-0ab8942 elementor-widget elementor-widget-html\" data-id=\"0ab8942\" data-element_type=\"widget\" data-e-type=\"widget\" data-widget_type=\"html.default\">\n\t\t\t\t<div class=\"elementor-widget-container\">\n\t\t\t\t\t<div style=\"width: 100%; direction: ltr !important; text-align: left !important;\">\r\n    <h3 style=\"margin-bottom: 10px;\">Precios de alquiler del Mercedes G63 en Dub\u00e1i<\/h3>\r\n\r\n    <div style=\"overflow-x: auto; width: 100%; -webkit-overflow-scrolling: touch;\">\r\n        <figure class=\"wp-block-table\">\r\n            <table summary=\"Precios de alquiler para Mercedes G63 en Dub\u00e1i, incluyendo tarifas diarias, semanales y mensuales\" style=\"width: 100%; border-collapse: collapse; min-width: 600px; table-layout: auto; background-color: transparent;\">\r\n                <thead>\r\n                    <tr style=\"background-color: #ecf0f4;\">\r\n                        <th style=\"text-align: left !important; padding: 15px; border: 1px solid #eee; font-weight: bold;\">Veh\u00edculo<\/th>\r\n                        <th style=\"text-align: left !important; padding: 15px; border: 1px solid #eee; font-weight: bold;\">Por d\u00eda<\/th>\r\n                        <th style=\"text-align: left !important; padding: 15px; border: 1px solid #eee; font-weight: bold;\">Por semana<\/th>\r\n                        <th style=\"text-align: left !important; padding: 15px; border: 1px solid #eee; font-weight: bold;\">Por mes<\/th>\r\n                    <\/tr>\r\n                <\/thead>\r\n                <tbody>\r\n                    <tr style=\"background-color: transparent;\">\r\n                        <td style=\"text-align: left !important; padding: 12px; border: 1px solid #eee;\">Mercedes-Benz G63 AMG Blanco<\/td>\r\n                        <td style=\"text-align: left !important; padding: 12px; border: 1px solid #eee;\">AED 1,050<\/td>\r\n                        <td style=\"text-align: left !important; padding: 12px; border: 1px solid #eee;\">AED 6,700<\/td>\r\n                        <td style=\"text-align: left !important; padding: 12px; border: 1px solid #eee;\">AED 23,300<\/td>\r\n                    <\/tr>\r\n                    <tr style=\"background-color: transparent;\">\r\n                        <td style=\"text-align: left !important; padding: 12px; border: 1px solid #eee;\">Mercedes Clase G G63 AMG Azul<\/td>\r\n                        <td style=\"text-align: left !important; padding: 12px; border: 1px solid #eee;\">AED 1,199<\/td>\r\n                        <td style=\"text-align: left !important; padding: 12px; border: 1px solid #eee;\">AED 7,145<\/td>\r\n                        <td style=\"text-align: left !important; padding: 12px; border: 1px solid #eee;\">AED 25,300<\/td>\r\n                    <\/tr>\r\n                    <tr style=\"background-color: transparent;\">\r\n                        <td style=\"text-align: left !important; padding: 12px; border: 1px solid #eee;\">Mercedes G63 Double Night Package Negro<\/td>\r\n                        <td style=\"text-align: left !important; padding: 12px; border: 1px solid #eee;\">AED 1,299<\/td>\r\n                        <td style=\"text-align: left !important; padding: 12px; border: 1px solid #eee;\">AED 7,745<\/td>\r\n                        <td style=\"text-align: left !important; padding: 12px; border: 1px solid #eee;\">AED 27,300<\/td>\r\n                    <\/tr>\r\n                    <tr style=\"background-color: transparent;\">\r\n                        <td style=\"text-align: left !important; padding: 12px; border: 1px solid #eee;\">Mercedes G-Wagon G63 AMG Negro Mate<\/td>\r\n                        <td style=\"text-align: left !important; padding: 12px; border: 1px solid #eee;\">AED 1,350<\/td>\r\n                        <td style=\"text-align: left !important; padding: 12px; border: 1px solid #eee;\">AED 8,100<\/td>\r\n                        <td style=\"text-align: left !important; padding: 12px; border: 1px solid #eee;\">AED 28,350<\/td>\r\n                    <\/tr>\r\n                    <tr style=\"background-color: transparent;\">\r\n                        <td style=\"text-align: left !important; padding: 12px; border: 1px solid #eee;\">Mercedes-Benz G63 Brabus Gris<\/td>\r\n                        <td style=\"text-align: left !important; padding: 12px; border: 1px solid #eee;\">AED 2,099<\/td>\r\n                        <td style=\"text-align: left !important; padding: 12px; border: 1px solid #eee;\">AED 12,495<\/td>\r\n                        <td style=\"text-align: left !important; padding: 12px; border: 1px solid #eee;\">AED 43,995<\/td>\r\n                    <\/tr>\r\n                <\/tbody>\r\n            <\/table>\r\n        <\/figure>\r\n    <\/div>\r\n<\/div>\t\t\t\t<\/div>\n\t\t\t\t<\/div>\n\t\t\t\t\t<\/div>\n\t\t\t\t<\/div>\n\t\t<div class=\"elementor-element elementor-element-b78e9f4 e-flex e-con-boxed e-con e-parent\" data-id=\"b78e9f4\" data-element_type=\"container\" data-e-type=\"container\" data-settings=\"{&quot;background_background&quot;:&quot;classic&quot;}\">\n\t\t\t\t\t<div class=\"e-con-inner\">\n\t\t\t\t<div class=\"elementor-element elementor-element-2421c05 elementor-widget elementor-widget-remons_elementor_heading\" data-id=\"2421c05\" data-element_type=\"widget\" data-e-type=\"widget\" data-widget_type=\"remons_elementor_heading.default\">\n\t\t\t\t<div class=\"elementor-widget-container\">\n\t\t\t\t\t\n\t\t<div class=\"ova-heading\">\n            <div class=\"top-heading\">\n            \t\t\t\t\t\t<div class=\"sub-title-wrapper top\">\n\t\t\t\t\t\t\t\t\t\t\t\t\t<img decoding=\"async\" class=\"sub_pre\" src=\"https:\/\/kingwaycarrental.com\/wp-content\/uploads\/2025\/06\/icon-heading.png\" alt=\"icon heading\" title=\"\">\n\t\t\t\t\t\t\t\t\t\t\t\t\t<p class=\"sub-title\">FAQs<\/p>\n\t\t\t\t\t\t\t\t\t\t\t<\/div>\n\t\t\t\t\t\t\t\t\t<div class=\"title-wrapper\" style=\"position: relative;\">\n\t\t\t\t\t\t\t\t\t\t\t\t\t<h2 class=\"title\">Preguntas frecuentes<\/h2>\n\t\t\t\t\t\t\t\t\t\t\t<\/div>\n\t\t\t\t            <\/div>\n\n\t\t\t\t\t<\/div>\n\t\t\t\t\t\t<\/div>\n\t\t\t\t<\/div>\n\t\t\t\t<div class=\"elementor-element elementor-element-afc2ba7 elementor-widget elementor-widget-accordion\" data-id=\"afc2ba7\" data-element_type=\"widget\" data-e-type=\"widget\" data-widget_type=\"accordion.default\">\n\t\t\t\t<div class=\"elementor-widget-container\">\n\t\t\t\t\t\t\t<div class=\"elementor-accordion\">\n\t\t\t\t\t\t\t<div class=\"elementor-accordion-item\">\n\t\t\t\t\t<h3 id=\"elementor-tab-title-1841\" class=\"elementor-tab-title\" data-tab=\"1\" role=\"button\" aria-controls=\"elementor-tab-content-1841\" aria-expanded=\"false\">\n\t\t\t\t\t\t\t\t\t\t\t\t\t<span class=\"elementor-accordion-icon elementor-accordion-icon-right\" aria-hidden=\"true\">\n\t\t\t\t\t\t\t\t\t\t\t\t\t\t\t<span class=\"elementor-accordion-icon-closed\"><svg class=\"e-font-icon-svg e-fas-plus\" viewBox=\"0 0 448 512\" xmlns=\"http:\/\/www.w3.org\/2000\/svg\"><path d=\"M416 208H272V64c0-17.67-14.33-32-32-32h-32c-17.67 0-32 14.33-32 32v144H32c-17.67 0-32 14.33-32 32v32c0 17.67 14.33 32 32 32h144v144c0 17.67 14.33 32 32 32h32c17.67 0 32-14.33 32-32V304h144c17.67 0 32-14.33 32-32v-32c0-17.67-14.33-32-32-32z\"><\/path><\/svg><\/span>\n\t\t\t\t\t\t\t\t<span class=\"elementor-accordion-icon-opened\"><svg class=\"e-font-icon-svg e-fas-minus\" viewBox=\"0 0 448 512\" xmlns=\"http:\/\/www.w3.org\/2000\/svg\"><path d=\"M416 208H32c-17.67 0-32 14.33-32 32v32c0 17.67 14.33 32 32 32h384c17.67 0 32-14.33 32-32v-32c0-17.67-14.33-32-32-32z\"><\/path><\/svg><\/span>\n\t\t\t\t\t\t\t\t\t\t\t\t\t\t<\/span>\n\t\t\t\t\t\t\t\t\t\t\t\t<a class=\"elementor-accordion-title\" tabindex=\"0\">\u00bfEst\u00e1 disponible la asistencia en carretera 24 horas al d\u00eda, 7 d\u00edas a la semana?<\/a>\n\t\t\t\t\t<\/h3>\n\t\t\t\t\t<div id=\"elementor-tab-content-1841\" class=\"elementor-tab-content elementor-clearfix\" data-tab=\"1\" role=\"region\" aria-labelledby=\"elementor-tab-title-1841\"><p>S\u00ed, proporcionamos asistencia t\u00e9cnica completa y ayuda inmediata en carretera en todo Dub\u00e1i y los EAU, 24 horas al d\u00eda, 7 d\u00edas a la semana, para garantizar su seguridad y comodidad.<\/p><\/div>\n\t\t\t\t<\/div>\n\t\t\t\t\t\t\t<div class=\"elementor-accordion-item\">\n\t\t\t\t\t<h3 id=\"elementor-tab-title-1842\" class=\"elementor-tab-title\" data-tab=\"2\" role=\"button\" aria-controls=\"elementor-tab-content-1842\" aria-expanded=\"false\">\n\t\t\t\t\t\t\t\t\t\t\t\t\t<span class=\"elementor-accordion-icon elementor-accordion-icon-right\" aria-hidden=\"true\">\n\t\t\t\t\t\t\t\t\t\t\t\t\t\t\t<span class=\"elementor-accordion-icon-closed\"><svg class=\"e-font-icon-svg e-fas-plus\" viewBox=\"0 0 448 512\" xmlns=\"http:\/\/www.w3.org\/2000\/svg\"><path d=\"M416 208H272V64c0-17.67-14.33-32-32-32h-32c-17.67 0-32 14.33-32 32v144H32c-17.67 0-32 14.33-32 32v32c0 17.67 14.33 32 32 32h144v144c0 17.67 14.33 32 32 32h32c17.67 0 32-14.33 32-32V304h144c17.67 0 32-14.33 32-32v-32c0-17.67-14.33-32-32-32z\"><\/path><\/svg><\/span>\n\t\t\t\t\t\t\t\t<span class=\"elementor-accordion-icon-opened\"><svg class=\"e-font-icon-svg e-fas-minus\" viewBox=\"0 0 448 512\" xmlns=\"http:\/\/www.w3.org\/2000\/svg\"><path d=\"M416 208H32c-17.67 0-32 14.33-32 32v32c0 17.67 14.33 32 32 32h384c17.67 0 32-14.33 32-32v-32c0-17.67-14.33-32-32-32z\"><\/path><\/svg><\/span>\n\t\t\t\t\t\t\t\t\t\t\t\t\t\t<\/span>\n\t\t\t\t\t\t\t\t\t\t\t\t<a class=\"elementor-accordion-title\" tabindex=\"0\">\u00bfPuedo alquilar un Mercedes Clase G en Dub\u00e1i sin dep\u00f3sito?<\/a>\n\t\t\t\t\t<\/h3>\n\t\t\t\t\t<div id=\"elementor-tab-content-1842\" class=\"elementor-tab-content elementor-clearfix\" data-tab=\"2\" role=\"region\" aria-labelledby=\"elementor-tab-title-1842\"><p>S\u00ed, puede. Nuestra agencia ofrece servicios de <a href=\"https:\/\/kingwaycarrental.com\/es\/rent-a-car-dubai\/\">alquiler de coches en Dub\u00e1i sin dep\u00f3sito<\/a> (pago inicial). Podr\u00e1 reservar directamente sin complicaciones bancarias o financieras, o incluso sin visa.<\/p><\/div>\n\t\t\t\t<\/div>\n\t\t\t\t\t\t\t<div class=\"elementor-accordion-item\">\n\t\t\t\t\t<h3 id=\"elementor-tab-title-1843\" class=\"elementor-tab-title\" data-tab=\"3\" role=\"button\" aria-controls=\"elementor-tab-content-1843\" aria-expanded=\"false\">\n\t\t\t\t\t\t\t\t\t\t\t\t\t<span class=\"elementor-accordion-icon elementor-accordion-icon-right\" aria-hidden=\"true\">\n\t\t\t\t\t\t\t\t\t\t\t\t\t\t\t<span class=\"elementor-accordion-icon-closed\"><svg class=\"e-font-icon-svg e-fas-plus\" viewBox=\"0 0 448 512\" xmlns=\"http:\/\/www.w3.org\/2000\/svg\"><path d=\"M416 208H272V64c0-17.67-14.33-32-32-32h-32c-17.67 0-32 14.33-32 32v144H32c-17.67 0-32 14.33-32 32v32c0 17.67 14.33 32 32 32h144v144c0 17.67 14.33 32 32 32h32c17.67 0 32-14.33 32-32V304h144c17.67 0 32-14.33 32-32v-32c0-17.67-14.33-32-32-32z\"><\/path><\/svg><\/span>\n\t\t\t\t\t\t\t\t<span class=\"elementor-accordion-icon-opened\"><svg class=\"e-font-icon-svg e-fas-minus\" viewBox=\"0 0 448 512\" xmlns=\"http:\/\/www.w3.org\/2000\/svg\"><path d=\"M416 208H32c-17.67 0-32 14.33-32 32v32c0 17.67 14.33 32 32 32h384c17.67 0 32-14.33 32-32v-32c0-17.67-14.33-32-32-32z\"><\/path><\/svg><\/span>\n\t\t\t\t\t\t\t\t\t\t\t\t\t\t<\/span>\n\t\t\t\t\t\t\t\t\t\t\t\t<a class=\"elementor-accordion-title\" tabindex=\"0\">\u00bfCu\u00e1nto cuesta alquilar un Mercedes G63 AMG en Dub\u00e1i?<\/a>\n\t\t\t\t\t<\/h3>\n\t\t\t\t\t<div id=\"elementor-tab-content-1843\" class=\"elementor-tab-content elementor-clearfix\" data-tab=\"3\" role=\"region\" aria-labelledby=\"elementor-tab-title-1843\"><p>Los precios de alquiler var\u00edan seg\u00fan el per\u00edodo de alquiler, como la tarifa diaria, semanal o mensual. Sin embargo, King Way Car Rental ofrece el Mercedes-Benz G-Class en alquiler en Dub\u00e1i al precio m\u00e1s bajo de todos, a partir de 1050 d\u00edrhams de los Emiratos por d\u00eda.<\/p><\/div>\n\t\t\t\t<\/div>\n\t\t\t\t\t\t\t<div class=\"elementor-accordion-item\">\n\t\t\t\t\t<h3 id=\"elementor-tab-title-1844\" class=\"elementor-tab-title\" data-tab=\"4\" role=\"button\" aria-controls=\"elementor-tab-content-1844\" aria-expanded=\"false\">\n\t\t\t\t\t\t\t\t\t\t\t\t\t<span class=\"elementor-accordion-icon elementor-accordion-icon-right\" aria-hidden=\"true\">\n\t\t\t\t\t\t\t\t\t\t\t\t\t\t\t<span class=\"elementor-accordion-icon-closed\"><svg class=\"e-font-icon-svg e-fas-plus\" viewBox=\"0 0 448 512\" xmlns=\"http:\/\/www.w3.org\/2000\/svg\"><path d=\"M416 208H272V64c0-17.67-14.33-32-32-32h-32c-17.67 0-32 14.33-32 32v144H32c-17.67 0-32 14.33-32 32v32c0 17.67 14.33 32 32 32h144v144c0 17.67 14.33 32 32 32h32c17.67 0 32-14.33 32-32V304h144c17.67 0 32-14.33 32-32v-32c0-17.67-14.33-32-32-32z\"><\/path><\/svg><\/span>\n\t\t\t\t\t\t\t\t<span class=\"elementor-accordion-icon-opened\"><svg class=\"e-font-icon-svg e-fas-minus\" viewBox=\"0 0 448 512\" xmlns=\"http:\/\/www.w3.org\/2000\/svg\"><path d=\"M416 208H32c-17.67 0-32 14.33-32 32v32c0 17.67 14.33 32 32 32h384c17.67 0 32-14.33 32-32v-32c0-17.67-14.33-32-32-32z\"><\/path><\/svg><\/span>\n\t\t\t\t\t\t\t\t\t\t\t\t\t\t<\/span>\n\t\t\t\t\t\t\t\t\t\t\t\t<a class=\"elementor-accordion-title\" tabindex=\"0\">\u00bfHay un l\u00edmite m\u00e1ximo de kilometraje al alquilar un Mercedes G-Class G63 en Dub\u00e1i?<\/a>\n\t\t\t\t\t<\/h3>\n\t\t\t\t\t<div id=\"elementor-tab-content-1844\" class=\"elementor-tab-content elementor-clearfix\" data-tab=\"4\" role=\"region\" aria-labelledby=\"elementor-tab-title-1844\"><p>No, permitimos a nuestros clientes alquilar un lujoso G63 y desplazarse libremente entre ciudades con kilometraje ilimitado y sin restricciones de distancia.<\/p><\/div>\n\t\t\t\t<\/div>\n\t\t\t\t\t\t\t<div class=\"elementor-accordion-item\">\n\t\t\t\t\t<h3 id=\"elementor-tab-title-1845\" class=\"elementor-tab-title\" data-tab=\"5\" role=\"button\" aria-controls=\"elementor-tab-content-1845\" aria-expanded=\"false\">\n\t\t\t\t\t\t\t\t\t\t\t\t\t<span class=\"elementor-accordion-icon elementor-accordion-icon-right\" aria-hidden=\"true\">\n\t\t\t\t\t\t\t\t\t\t\t\t\t\t\t<span class=\"elementor-accordion-icon-closed\"><svg class=\"e-font-icon-svg e-fas-plus\" viewBox=\"0 0 448 512\" xmlns=\"http:\/\/www.w3.org\/2000\/svg\"><path d=\"M416 208H272V64c0-17.67-14.33-32-32-32h-32c-17.67 0-32 14.33-32 32v144H32c-17.67 0-32 14.33-32 32v32c0 17.67 14.33 32 32 32h144v144c0 17.67 14.33 32 32 32h32c17.67 0 32-14.33 32-32V304h144c17.67 0 32-14.33 32-32v-32c0-17.67-14.33-32-32-32z\"><\/path><\/svg><\/span>\n\t\t\t\t\t\t\t\t<span class=\"elementor-accordion-icon-opened\"><svg class=\"e-font-icon-svg e-fas-minus\" viewBox=\"0 0 448 512\" xmlns=\"http:\/\/www.w3.org\/2000\/svg\"><path d=\"M416 208H32c-17.67 0-32 14.33-32 32v32c0 17.67 14.33 32 32 32h384c17.67 0 32-14.33 32-32v-32c0-17.67-14.33-32-32-32z\"><\/path><\/svg><\/span>\n\t\t\t\t\t\t\t\t\t\t\t\t\t\t<\/span>\n\t\t\t\t\t\t\t\t\t\t\t\t<a class=\"elementor-accordion-title\" tabindex=\"0\">\u00bfPuedo a\u00f1adir un conductor adicional al contrato de alquiler?<\/a>\n\t\t\t\t\t<\/h3>\n\t\t\t\t\t<div id=\"elementor-tab-content-1845\" class=\"elementor-tab-content elementor-clearfix\" data-tab=\"5\" role=\"region\" aria-labelledby=\"elementor-tab-title-1845\"><p>Por supuesto, puede a\u00f1adir un segundo conductor siempre que se presenten sus documentos de identidad y un permiso de conducir v\u00e1lido, para compartir el placer de conducir con usted durante su viaje.<\/p><\/div>\n\t\t\t\t<\/div>\n\t\t\t\t\t\t\t<div class=\"elementor-accordion-item\">\n\t\t\t\t\t<h3 id=\"elementor-tab-title-1846\" class=\"elementor-tab-title\" data-tab=\"6\" role=\"button\" aria-controls=\"elementor-tab-content-1846\" aria-expanded=\"false\">\n\t\t\t\t\t\t\t\t\t\t\t\t\t<span class=\"elementor-accordion-icon elementor-accordion-icon-right\" aria-hidden=\"true\">\n\t\t\t\t\t\t\t\t\t\t\t\t\t\t\t<span class=\"elementor-accordion-icon-closed\"><svg class=\"e-font-icon-svg e-fas-plus\" viewBox=\"0 0 448 512\" xmlns=\"http:\/\/www.w3.org\/2000\/svg\"><path d=\"M416 208H272V64c0-17.67-14.33-32-32-32h-32c-17.67 0-32 14.33-32 32v144H32c-17.67 0-32 14.33-32 32v32c0 17.67 14.33 32 32 32h144v144c0 17.67 14.33 32 32 32h32c17.67 0 32-14.33 32-32V304h144c17.67 0 32-14.33 32-32v-32c0-17.67-14.33-32-32-32z\"><\/path><\/svg><\/span>\n\t\t\t\t\t\t\t\t<span class=\"elementor-accordion-icon-opened\"><svg class=\"e-font-icon-svg e-fas-minus\" viewBox=\"0 0 448 512\" xmlns=\"http:\/\/www.w3.org\/2000\/svg\"><path d=\"M416 208H32c-17.67 0-32 14.33-32 32v32c0 17.67 14.33 32 32 32h384c17.67 0 32-14.33 32-32v-32c0-17.67-14.33-32-32-32z\"><\/path><\/svg><\/span>\n\t\t\t\t\t\t\t\t\t\t\t\t\t\t<\/span>\n\t\t\t\t\t\t\t\t\t\t\t\t<a class=\"elementor-accordion-title\" tabindex=\"0\">\u00bfSe puede entregar el coche en el aeropuerto o en mi ubicaci\u00f3n?<\/a>\n\t\t\t\t\t<\/h3>\n\t\t\t\t\t<div id=\"elementor-tab-content-1846\" class=\"elementor-tab-content elementor-clearfix\" data-tab=\"6\" role=\"region\" aria-labelledby=\"elementor-tab-title-1846\"><p>S\u00ed, absolutamente. Una vez que haya reservado su coche de alquiler, se lo entregaremos gratuitamente, ya sea en el aeropuerto, en el hotel o incluso en su domicilio.<\/p><\/div>\n\t\t\t\t<\/div>\n\t\t\t\t\t\t\t<div class=\"elementor-accordion-item\">\n\t\t\t\t\t<h3 id=\"elementor-tab-title-1847\" class=\"elementor-tab-title\" data-tab=\"7\" role=\"button\" aria-controls=\"elementor-tab-content-1847\" aria-expanded=\"false\">\n\t\t\t\t\t\t\t\t\t\t\t\t\t<span class=\"elementor-accordion-icon elementor-accordion-icon-right\" aria-hidden=\"true\">\n\t\t\t\t\t\t\t\t\t\t\t\t\t\t\t<span class=\"elementor-accordion-icon-closed\"><svg class=\"e-font-icon-svg e-fas-plus\" viewBox=\"0 0 448 512\" xmlns=\"http:\/\/www.w3.org\/2000\/svg\"><path d=\"M416 208H272V64c0-17.67-14.33-32-32-32h-32c-17.67 0-32 14.33-32 32v144H32c-17.67 0-32 14.33-32 32v32c0 17.67 14.33 32 32 32h144v144c0 17.67 14.33 32 32 32h32c17.67 0 32-14.33 32-32V304h144c17.67 0 32-14.33 32-32v-32c0-17.67-14.33-32-32-32z\"><\/path><\/svg><\/span>\n\t\t\t\t\t\t\t\t<span class=\"elementor-accordion-icon-opened\"><svg class=\"e-font-icon-svg e-fas-minus\" viewBox=\"0 0 448 512\" xmlns=\"http:\/\/www.w3.org\/2000\/svg\"><path d=\"M416 208H32c-17.67 0-32 14.33-32 32v32c0 17.67 14.33 32 32 32h384c17.67 0 32-14.33 32-32v-32c0-17.67-14.33-32-32-32z\"><\/path><\/svg><\/span>\n\t\t\t\t\t\t\t\t\t\t\t\t\t\t<\/span>\n\t\t\t\t\t\t\t\t\t\t\t\t<a class=\"elementor-accordion-title\" tabindex=\"0\">\u00bfCu\u00e1l es la pol\u00edtica en caso de accidente menor?<\/a>\n\t\t\t\t\t<\/h3>\n\t\t\t\t\t<div id=\"elementor-tab-content-1847\" class=\"elementor-tab-content elementor-clearfix\" data-tab=\"7\" role=\"region\" aria-labelledby=\"elementor-tab-title-1847\"><p>Debe llamar inmediatamente a la polic\u00eda para obtener un informe oficial, luego informar a nuestro equipo para que pueda seguir los procedimientos necesarios y asegurarse de que su agenda no se vea afectada.<\/p><\/div>\n\t\t\t\t<\/div>\n\t\t\t\t\t\t\t<div class=\"elementor-accordion-item\">\n\t\t\t\t\t<h3 id=\"elementor-tab-title-1848\" class=\"elementor-tab-title\" data-tab=\"8\" role=\"button\" aria-controls=\"elementor-tab-content-1848\" aria-expanded=\"false\">\n\t\t\t\t\t\t\t\t\t\t\t\t\t<span class=\"elementor-accordion-icon elementor-accordion-icon-right\" aria-hidden=\"true\">\n\t\t\t\t\t\t\t\t\t\t\t\t\t\t\t<span class=\"elementor-accordion-icon-closed\"><svg class=\"e-font-icon-svg e-fas-plus\" viewBox=\"0 0 448 512\" xmlns=\"http:\/\/www.w3.org\/2000\/svg\"><path d=\"M416 208H272V64c0-17.67-14.33-32-32-32h-32c-17.67 0-32 14.33-32 32v144H32c-17.67 0-32 14.33-32 32v32c0 17.67 14.33 32 32 32h144v144c0 17.67 14.33 32 32 32h32c17.67 0 32-14.33 32-32V304h144c17.67 0 32-14.33 32-32v-32c0-17.67-14.33-32-32-32z\"><\/path><\/svg><\/span>\n\t\t\t\t\t\t\t\t<span class=\"elementor-accordion-icon-opened\"><svg class=\"e-font-icon-svg e-fas-minus\" viewBox=\"0 0 448 512\" xmlns=\"http:\/\/www.w3.org\/2000\/svg\"><path d=\"M416 208H32c-17.67 0-32 14.33-32 32v32c0 17.67 14.33 32 32 32h384c17.67 0 32-14.33 32-32v-32c0-17.67-14.33-32-32-32z\"><\/path><\/svg><\/span>\n\t\t\t\t\t\t\t\t\t\t\t\t\t\t<\/span>\n\t\t\t\t\t\t\t\t\t\t\t\t<a class=\"elementor-accordion-title\" tabindex=\"0\">\u00bfQu\u00e9 documentos se necesitan para alquilar un coche de lujo Mercedes en Dub\u00e1i?<\/a>\n\t\t\t\t\t<\/h3>\n\t\t\t\t\t<div id=\"elementor-tab-content-1848\" class=\"elementor-tab-content elementor-clearfix\" data-tab=\"8\" role=\"region\" aria-labelledby=\"elementor-tab-title-1848\"><p><strong>Para residentes de los Emiratos \u00c1rabes Unidos:<\/strong><\/p><ul><li>Permiso de conducir de los Emiratos v\u00e1lido.<\/li><li>Tarjeta de identificaci\u00f3n de los Emiratos (Emirates ID).<\/li><li>Visa de residencia.<\/li><li>Edad del arrendatario: 19 a\u00f1os.<\/li><\/ul><p><strong>Para turistas:<\/strong><\/p><ul><li>Permiso de conducir internacional (IDP) v\u00e1lido.<\/li><li>Permiso de conducir del pa\u00eds de origen.<\/li><li>Pasaporte.<\/li><li>Visa de entrada.<\/li><li>Edad del arrendatario: 21 a\u00f1os.<\/li><\/ul><\/div>\n\t\t\t\t<\/div>\n\t\t\t\t\t\t\t<div class=\"elementor-accordion-item\">\n\t\t\t\t\t<h3 id=\"elementor-tab-title-1849\" class=\"elementor-tab-title\" data-tab=\"9\" role=\"button\" aria-controls=\"elementor-tab-content-1849\" aria-expanded=\"false\">\n\t\t\t\t\t\t\t\t\t\t\t\t\t<span class=\"elementor-accordion-icon elementor-accordion-icon-right\" aria-hidden=\"true\">\n\t\t\t\t\t\t\t\t\t\t\t\t\t\t\t<span class=\"elementor-accordion-icon-closed\"><svg class=\"e-font-icon-svg e-fas-plus\" viewBox=\"0 0 448 512\" xmlns=\"http:\/\/www.w3.org\/2000\/svg\"><path d=\"M416 208H272V64c0-17.67-14.33-32-32-32h-32c-17.67 0-32 14.33-32 32v144H32c-17.67 0-32 14.33-32 32v32c0 17.67 14.33 32 32 32h144v144c0 17.67 14.33 32 32 32h32c17.67 0 32-14.33 32-32V304h144c17.67 0 32-14.33 32-32v-32c0-17.67-14.33-32-32-32z\"><\/path><\/svg><\/span>\n\t\t\t\t\t\t\t\t<span class=\"elementor-accordion-icon-opened\"><svg class=\"e-font-icon-svg e-fas-minus\" viewBox=\"0 0 448 512\" xmlns=\"http:\/\/www.w3.org\/2000\/svg\"><path d=\"M416 208H32c-17.67 0-32 14.33-32 32v32c0 17.67 14.33 32 32 32h384c17.67 0 32-14.33 32-32v-32c0-17.67-14.33-32-32-32z\"><\/path><\/svg><\/span>\n\t\t\t\t\t\t\t\t\t\t\t\t\t\t<\/span>\n\t\t\t\t\t\t\t\t\t\t\t\t<a class=\"elementor-accordion-title\" tabindex=\"0\">\u00bfHay asientos infantiles disponibles al alquilar un G63?<\/a>\n\t\t\t\t\t<\/h3>\n\t\t\t\t\t<div id=\"elementor-tab-content-1849\" class=\"elementor-tab-content elementor-clearfix\" data-tab=\"9\" role=\"region\" aria-labelledby=\"elementor-tab-title-1849\"><p>S\u00ed, nos preocupamos por la seguridad de su familia y proporcionamos asientos infantiles de diferentes tama\u00f1os adecuados para todas las edades. Por favor, solic\u00edtelos con antelaci\u00f3n durante el proceso de reserva<\/p><\/div>\n\t\t\t\t<\/div>\n\t\t\t\t\t\t\t<div class=\"elementor-accordion-item\">\n\t\t\t\t\t<h3 id=\"elementor-tab-title-18410\" class=\"elementor-tab-title\" data-tab=\"10\" role=\"button\" aria-controls=\"elementor-tab-content-18410\" aria-expanded=\"false\">\n\t\t\t\t\t\t\t\t\t\t\t\t\t<span class=\"elementor-accordion-icon elementor-accordion-icon-right\" aria-hidden=\"true\">\n\t\t\t\t\t\t\t\t\t\t\t\t\t\t\t<span class=\"elementor-accordion-icon-closed\"><svg class=\"e-font-icon-svg e-fas-plus\" viewBox=\"0 0 448 512\" xmlns=\"http:\/\/www.w3.org\/2000\/svg\"><path d=\"M416 208H272V64c0-17.67-14.33-32-32-32h-32c-17.67 0-32 14.33-32 32v144H32c-17.67 0-32 14.33-32 32v32c0 17.67 14.33 32 32 32h144v144c0 17.67 14.33 32 32 32h32c17.67 0 32-14.33 32-32V304h144c17.67 0 32-14.33 32-32v-32c0-17.67-14.33-32-32-32z\"><\/path><\/svg><\/span>\n\t\t\t\t\t\t\t\t<span class=\"elementor-accordion-icon-opened\"><svg class=\"e-font-icon-svg e-fas-minus\" viewBox=\"0 0 448 512\" xmlns=\"http:\/\/www.w3.org\/2000\/svg\"><path d=\"M416 208H32c-17.67 0-32 14.33-32 32v32c0 17.67 14.33 32 32 32h384c17.67 0 32-14.33 32-32v-32c0-17.67-14.33-32-32-32z\"><\/path><\/svg><\/span>\n\t\t\t\t\t\t\t\t\t\t\t\t\t\t<\/span>\n\t\t\t\t\t\t\t\t\t\t\t\t<a class=\"elementor-accordion-title\" tabindex=\"0\">\u00bfPuedo conducir el coche en otras ciudades como Abu Dabi?<\/a>\n\t\t\t\t\t<\/h3>\n\t\t\t\t\t<div id=\"elementor-tab-content-18410\" class=\"elementor-tab-content elementor-clearfix\" data-tab=\"10\" role=\"region\" aria-labelledby=\"elementor-tab-title-18410\"><p>S\u00ed, puede viajar con el coche en todos los emiratos del pa\u00eds, lo que le da total libertad para planificar sus viajes y visitar diversos lugares tur\u00edsticos con total privacidad.<\/p><\/div>\n\t\t\t\t<\/div>\n\t\t\t\t\t\t\t<div class=\"elementor-accordion-item\">\n\t\t\t\t\t<h3 id=\"elementor-tab-title-18411\" class=\"elementor-tab-title\" data-tab=\"11\" role=\"button\" aria-controls=\"elementor-tab-content-18411\" aria-expanded=\"false\">\n\t\t\t\t\t\t\t\t\t\t\t\t\t<span class=\"elementor-accordion-icon elementor-accordion-icon-right\" aria-hidden=\"true\">\n\t\t\t\t\t\t\t\t\t\t\t\t\t\t\t<span class=\"elementor-accordion-icon-closed\"><svg class=\"e-font-icon-svg e-fas-plus\" viewBox=\"0 0 448 512\" xmlns=\"http:\/\/www.w3.org\/2000\/svg\"><path d=\"M416 208H272V64c0-17.67-14.33-32-32-32h-32c-17.67 0-32 14.33-32 32v144H32c-17.67 0-32 14.33-32 32v32c0 17.67 14.33 32 32 32h144v144c0 17.67 14.33 32 32 32h32c17.67 0 32-14.33 32-32V304h144c17.67 0 32-14.33 32-32v-32c0-17.67-14.33-32-32-32z\"><\/path><\/svg><\/span>\n\t\t\t\t\t\t\t\t<span class=\"elementor-accordion-icon-opened\"><svg class=\"e-font-icon-svg e-fas-minus\" viewBox=\"0 0 448 512\" xmlns=\"http:\/\/www.w3.org\/2000\/svg\"><path d=\"M416 208H32c-17.67 0-32 14.33-32 32v32c0 17.67 14.33 32 32 32h384c17.67 0 32-14.33 32-32v-32c0-17.67-14.33-32-32-32z\"><\/path><\/svg><\/span>\n\t\t\t\t\t\t\t\t\t\t\t\t\t\t<\/span>\n\t\t\t\t\t\t\t\t\t\t\t\t<a class=\"elementor-accordion-title\" tabindex=\"0\">\u00bfEl seguro est\u00e1 incluido en el precio de alquiler del Mercedes G63?<\/a>\n\t\t\t\t\t<\/h3>\n\t\t\t\t\t<div id=\"elementor-tab-content-18411\" class=\"elementor-tab-content elementor-clearfix\" data-tab=\"11\" role=\"region\" aria-labelledby=\"elementor-tab-title-18411\"><p>S\u00ed, como nuestros precios son transparentes y claros, todos nuestros coches se ofrecen en alquiler con un seguro a todo riesgo incluido en el precio sin gastos adicionales.<\/p><\/div>\n\t\t\t\t<\/div>\n\t\t\t\t\t\t\t<div class=\"elementor-accordion-item\">\n\t\t\t\t\t<h3 id=\"elementor-tab-title-18412\" class=\"elementor-tab-title\" data-tab=\"12\" role=\"button\" aria-controls=\"elementor-tab-content-18412\" aria-expanded=\"false\">\n\t\t\t\t\t\t\t\t\t\t\t\t\t<span class=\"elementor-accordion-icon elementor-accordion-icon-right\" aria-hidden=\"true\">\n\t\t\t\t\t\t\t\t\t\t\t\t\t\t\t<span class=\"elementor-accordion-icon-closed\"><svg class=\"e-font-icon-svg e-fas-plus\" viewBox=\"0 0 448 512\" xmlns=\"http:\/\/www.w3.org\/2000\/svg\"><path d=\"M416 208H272V64c0-17.67-14.33-32-32-32h-32c-17.67 0-32 14.33-32 32v144H32c-17.67 0-32 14.33-32 32v32c0 17.67 14.33 32 32 32h144v144c0 17.67 14.33 32 32 32h32c17.67 0 32-14.33 32-32V304h144c17.67 0 32-14.33 32-32v-32c0-17.67-14.33-32-32-32z\"><\/path><\/svg><\/span>\n\t\t\t\t\t\t\t\t<span class=\"elementor-accordion-icon-opened\"><svg class=\"e-font-icon-svg e-fas-minus\" viewBox=\"0 0 448 512\" xmlns=\"http:\/\/www.w3.org\/2000\/svg\"><path d=\"M416 208H32c-17.67 0-32 14.33-32 32v32c0 17.67 14.33 32 32 32h384c17.67 0 32-14.33 32-32v-32c0-17.67-14.33-32-32-32z\"><\/path><\/svg><\/span>\n\t\t\t\t\t\t\t\t\t\t\t\t\t\t<\/span>\n\t\t\t\t\t\t\t\t\t\t\t\t<a class=\"elementor-accordion-title\" tabindex=\"0\">\u00bfEst\u00e1 disponible el servicio de alquiler de Mercedes G63 en Dub\u00e1i con conductor?<\/a>\n\t\t\t\t\t<\/h3>\n\t\t\t\t\t<div id=\"elementor-tab-content-18412\" class=\"elementor-tab-content elementor-clearfix\" data-tab=\"12\" role=\"region\" aria-labelledby=\"elementor-tab-title-18412\"><p>S\u00ed, absolutamente. Nuestra empresa ofrece servicios de alquiler flexibles que incluyen conductores profesionales altamente capacitados y que hablan varios idiomas. Podr\u00e1 alquilar un Mercedes-Benz G63 en Dub\u00e1i con un conductor distinguido a un precio muy ventajoso.<\/p><\/div>\n\t\t\t\t<\/div>\n\t\t\t\t\t\t\t\t\t\t<script type=\"application\/ld+json\">{\"@context\":\"https:\\\/\\\/schema.org\",\"@type\":\"FAQPage\",\"mainEntity\":[{\"@type\":\"Question\",\"name\":\"\\u00bfEst\\u00e1 disponible la asistencia en carretera 24 horas al d\\u00eda, 7 d\\u00edas a la semana?\",\"acceptedAnswer\":{\"@type\":\"Answer\",\"text\":\"<p>S\\u00ed, proporcionamos asistencia t\\u00e9cnica completa y ayuda inmediata en carretera en todo Dub\\u00e1i y los EAU, 24 horas al d\\u00eda, 7 d\\u00edas a la semana, para garantizar su seguridad y comodidad.<\\\/p>\"}},{\"@type\":\"Question\",\"name\":\"\\u00bfPuedo alquilar un Mercedes Clase G en Dub\\u00e1i sin dep\\u00f3sito?\",\"acceptedAnswer\":{\"@type\":\"Answer\",\"text\":\"<p>S\\u00ed, puede. Nuestra agencia ofrece servicios de <a href=\\\"https:\\\/\\\/kingwaycarrental.com\\\/es\\\/rent-a-car-dubai\\\/\\\">alquiler de coches en Dub\\u00e1i sin dep\\u00f3sito<\\\/a> (pago inicial). Podr\\u00e1 reservar directamente sin complicaciones bancarias o financieras, o incluso sin visa.<\\\/p>\"}},{\"@type\":\"Question\",\"name\":\"\\u00bfCu\\u00e1nto cuesta alquilar un Mercedes G63 AMG en Dub\\u00e1i?\",\"acceptedAnswer\":{\"@type\":\"Answer\",\"text\":\"<p>Los precios de alquiler var\\u00edan seg\\u00fan el per\\u00edodo de alquiler, como la tarifa diaria, semanal o mensual. Sin embargo, King Way Car Rental ofrece el Mercedes-Benz G-Class en alquiler en Dub\\u00e1i al precio m\\u00e1s bajo de todos, a partir de 1050 d\\u00edrhams de los Emiratos por d\\u00eda.<\\\/p>\"}},{\"@type\":\"Question\",\"name\":\"\\u00bfHay un l\\u00edmite m\\u00e1ximo de kilometraje al alquilar un Mercedes G-Class G63 en Dub\\u00e1i?\",\"acceptedAnswer\":{\"@type\":\"Answer\",\"text\":\"<p>No, permitimos a nuestros clientes alquilar un lujoso G63 y desplazarse libremente entre ciudades con kilometraje ilimitado y sin restricciones de distancia.<\\\/p>\"}},{\"@type\":\"Question\",\"name\":\"\\u00bfPuedo a\\u00f1adir un conductor adicional al contrato de alquiler?\",\"acceptedAnswer\":{\"@type\":\"Answer\",\"text\":\"<p>Por supuesto, puede a\\u00f1adir un segundo conductor siempre que se presenten sus documentos de identidad y un permiso de conducir v\\u00e1lido, para compartir el placer de conducir con usted durante su viaje.<\\\/p>\"}},{\"@type\":\"Question\",\"name\":\"\\u00bfSe puede entregar el coche en el aeropuerto o en mi ubicaci\\u00f3n?\",\"acceptedAnswer\":{\"@type\":\"Answer\",\"text\":\"<p>S\\u00ed, absolutamente. Una vez que haya reservado su coche de alquiler, se lo entregaremos gratuitamente, ya sea en el aeropuerto, en el hotel o incluso en su domicilio.<\\\/p>\"}},{\"@type\":\"Question\",\"name\":\"\\u00bfCu\\u00e1l es la pol\\u00edtica en caso de accidente menor?\",\"acceptedAnswer\":{\"@type\":\"Answer\",\"text\":\"<p>Debe llamar inmediatamente a la polic\\u00eda para obtener un informe oficial, luego informar a nuestro equipo para que pueda seguir los procedimientos necesarios y asegurarse de que su agenda no se vea afectada.<\\\/p>\"}},{\"@type\":\"Question\",\"name\":\"\\u00bfQu\\u00e9 documentos se necesitan para alquilar un coche de lujo Mercedes en Dub\\u00e1i?\",\"acceptedAnswer\":{\"@type\":\"Answer\",\"text\":\"<p><strong>Para residentes de los Emiratos \\u00c1rabes Unidos:<\\\/strong><\\\/p><ul><li>Permiso de conducir de los Emiratos v\\u00e1lido.<\\\/li><li>Tarjeta de identificaci\\u00f3n de los Emiratos (Emirates ID).<\\\/li><li>Visa de residencia.<\\\/li><li>Edad del arrendatario: 19 a\\u00f1os.<\\\/li><\\\/ul><p><strong>Para turistas:<\\\/strong><\\\/p><ul><li>Permiso de conducir internacional (IDP) v\\u00e1lido.<\\\/li><li>Permiso de conducir del pa\\u00eds de origen.<\\\/li><li>Pasaporte.<\\\/li><li>Visa de entrada.<\\\/li><li>Edad del arrendatario: 21 a\\u00f1os.<\\\/li><\\\/ul>\"}},{\"@type\":\"Question\",\"name\":\"\\u00bfHay asientos infantiles disponibles al alquilar un G63?\",\"acceptedAnswer\":{\"@type\":\"Answer\",\"text\":\"<p>S\\u00ed, nos preocupamos por la seguridad de su familia y proporcionamos asientos infantiles de diferentes tama\\u00f1os adecuados para todas las edades. Por favor, solic\\u00edtelos con antelaci\\u00f3n durante el proceso de reserva<\\\/p>\"}},{\"@type\":\"Question\",\"name\":\"\\u00bfPuedo conducir el coche en otras ciudades como Abu Dabi?\",\"acceptedAnswer\":{\"@type\":\"Answer\",\"text\":\"<p>S\\u00ed, puede viajar con el coche en todos los emiratos del pa\\u00eds, lo que le da total libertad para planificar sus viajes y visitar diversos lugares tur\\u00edsticos con total privacidad.<\\\/p>\"}},{\"@type\":\"Question\",\"name\":\"\\u00bfEl seguro est\\u00e1 incluido en el precio de alquiler del Mercedes G63?\",\"acceptedAnswer\":{\"@type\":\"Answer\",\"text\":\"<p>S\\u00ed, como nuestros precios son transparentes y claros, todos nuestros coches se ofrecen en alquiler con un seguro a todo riesgo incluido en el precio sin gastos adicionales.<\\\/p>\"}},{\"@type\":\"Question\",\"name\":\"\\u00bfEst\\u00e1 disponible el servicio de alquiler de Mercedes G63 en Dub\\u00e1i con conductor?\",\"acceptedAnswer\":{\"@type\":\"Answer\",\"text\":\"<p>S\\u00ed, absolutamente. Nuestra empresa ofrece servicios de alquiler flexibles que incluyen conductores profesionales altamente capacitados y que hablan varios idiomas. Podr\\u00e1 alquilar un Mercedes-Benz G63 en Dub\\u00e1i con un conductor distinguido a un precio muy ventajoso.<\\\/p>\"}}]}<\/script>\n\t\t\t\t\t<\/div>\n\t\t\t\t\t\t<\/div>\n\t\t\t\t<\/div>\n\t\t\t\t\t<\/div>\n\t\t\t\t<\/div>\n\t\t<div class=\"elementor-element elementor-element-16e1251 e-flex e-con-boxed e-con e-parent\" data-id=\"16e1251\" data-element_type=\"container\" data-e-type=\"container\" data-settings=\"{&quot;background_background&quot;:&quot;classic&quot;}\">\n\t\t\t\t\t<div class=\"e-con-inner\">\n\t\t<div class=\"elementor-element elementor-element-51bb58a e-flex e-con-boxed e-con e-child\" data-id=\"51bb58a\" data-element_type=\"container\" data-e-type=\"container\">\n\t\t\t\t\t<div class=\"e-con-inner\">\n\t\t\t\t<div class=\"elementor-element elementor-element-68e0fa5 elementor-widget__width-inherit elementor-widget elementor-widget-remons_elementor_heading\" data-id=\"68e0fa5\" data-element_type=\"widget\" data-e-type=\"widget\" data-widget_type=\"remons_elementor_heading.default\">\n\t\t\t\t<div class=\"elementor-widget-container\">\n\t\t\t\t\t\n\t\t<div class=\"ova-heading\">\n            <div class=\"top-heading\">\n            \t\t\t\t\t\t<div class=\"sub-title-wrapper top\">\n\t\t\t\t\t\t\t\t\t\t\t\t\t<img decoding=\"async\" class=\"sub_pre\" src=\"https:\/\/kingwaycarrental.com\/wp-content\/uploads\/2025\/06\/icon-heading.png\" alt=\"icon heading\" title=\"\">\n\t\t\t\t\t\t\t\t\t\t\t\t\t<p class=\"sub-title\">Nuestros testimonios<\/p>\n\t\t\t\t\t\t\t\t\t\t\t<\/div>\n\t\t\t\t\t\t\t\t\t<div class=\"title-wrapper\" style=\"position: relative;\">\n\t\t\t\t\t\t\t\t\t\t\t\t\t<h4 class=\"title\">Opiniones de nuestros clientes<\/h4>\n\t\t\t\t\t\t\t\t\t\t\t<\/div>\n\t\t\t\t            <\/div>\n\n\t\t\t\t\t<\/div>\n\t\t\t\t\t\t<\/div>\n\t\t\t\t<\/div>\n\t\t\t\t\t<\/div>\n\t\t\t\t<\/div>\n\t\t<div class=\"elementor-element elementor-element-862aef7 e-flex e-con-boxed e-con e-child\" data-id=\"862aef7\" data-element_type=\"container\" data-e-type=\"container\">\n\t\t\t\t\t<div class=\"e-con-inner\">\n\t\t<div class=\"elementor-element elementor-element-3a9953a e-con-full e-flex e-con e-child\" data-id=\"3a9953a\" data-element_type=\"container\" data-e-type=\"container\">\n\t\t\t\t<div class=\"elementor-element elementor-element-99b7884 elementor-widget__width-initial elementor-widget-tablet__width-initial elementor-widget-mobile__width-initial elementor-widget elementor-widget-image\" data-id=\"99b7884\" data-element_type=\"widget\" data-e-type=\"widget\" data-widget_type=\"image.default\">\n\t\t\t\t<div class=\"elementor-widget-container\">\n\t\t\t\t\t\t\t\t\t\t\t\t<figure class=\"wp-caption\">\n\t\t\t\t\t\t\t\t\t\t\t<a href=\"https:\/\/maps.app.goo.gl\/V3hZDTK72M8LWisN8\" target=\"_blank\" rel=\"nofollow noopener\">\n\t\t\t\t\t\t\t<img decoding=\"async\" width=\"300\" height=\"156\" src=\"https:\/\/kingwaycarrental.com\/wp-content\/uploads\/2025\/03\/King-Way-Car-Rental-Google-Reviews-1-300x156.png\" class=\"attachment-medium size-medium wp-image-20679\" alt=\"Rese\u00f1as de Google sobre alquiler de coches en King Way\" srcset=\"https:\/\/kingwaycarrental.com\/wp-content\/uploads\/2025\/03\/King-Way-Car-Rental-Google-Reviews-1-300x156.png 300w, https:\/\/kingwaycarrental.com\/wp-content\/uploads\/2025\/03\/King-Way-Car-Rental-Google-Reviews-1.png 460w\" sizes=\"(max-width: 300px) 100vw, 300px\" title=\"\">\t\t\t\t\t\t\t\t<\/a>\n\t\t\t\t\t\t\t\t\t\t\t<figcaption class=\"widget-image-caption wp-caption-text\">Calificaci\u00f3n promedio de 5 estrellas basada en m\u00e1s de 120 rese\u00f1as<\/figcaption>\n\t\t\t\t\t\t\t\t\t\t<\/figure>\n\t\t\t\t\t\t\t\t\t<\/div>\n\t\t\t\t<\/div>\n\t\t\t\t<div class=\"elementor-element elementor-element-fdca34b elementor-widget__width-initial elementor-widget-tablet__width-initial elementor-widget-mobile__width-initial elementor-widget elementor-widget-image\" data-id=\"fdca34b\" data-element_type=\"widget\" data-e-type=\"widget\" data-widget_type=\"image.default\">\n\t\t\t\t<div class=\"elementor-widget-container\">\n\t\t\t\t\t\t\t\t\t\t\t\t<figure class=\"wp-caption\">\n\t\t\t\t\t\t\t\t\t\t\t<a href=\"https:\/\/www.tripadvisor.com\/Attraction_Review-g295424-d33006291-Reviews-King_Way_Car_Rental-Dubai_Emirate_of_Dubai.html\" target=\"_blank\" rel=\"nofollow noopener\">\n\t\t\t\t\t\t\t<img decoding=\"async\" width=\"300\" height=\"156\" src=\"https:\/\/kingwaycarrental.com\/wp-content\/uploads\/2025\/03\/King-Way-Car-Rental-Tripadvisor-Reviews-300x156.png\" class=\"attachment-medium size-medium wp-image-20678\" alt=\"Opiniones de Tripadvisor sobre alquiler de coches en King Way\" srcset=\"https:\/\/kingwaycarrental.com\/wp-content\/uploads\/2025\/03\/King-Way-Car-Rental-Tripadvisor-Reviews-300x156.png 300w, https:\/\/kingwaycarrental.com\/wp-content\/uploads\/2025\/03\/King-Way-Car-Rental-Tripadvisor-Reviews.png 460w\" sizes=\"(max-width: 300px) 100vw, 300px\" title=\"\">\t\t\t\t\t\t\t\t<\/a>\n\t\t\t\t\t\t\t\t\t\t\t<figcaption class=\"widget-image-caption wp-caption-text\">Calificaci\u00f3n promedio de 5 estrellas basada en m\u00e1s de 19 rese\u00f1as<\/figcaption>\n\t\t\t\t\t\t\t\t\t\t<\/figure>\n\t\t\t\t\t\t\t\t\t<\/div>\n\t\t\t\t<\/div>\n\t\t\t\t<\/div>\n\t\t\t\t\t<\/div>\n\t\t\t\t<\/div>\n\t\t\t\t\t<\/div>\n\t\t\t\t<\/div>\n\t\t\t\t<\/div>\n\t\t","protected":false},"excerpt":{"rendered":"<p>Disfrute del lujo absoluto alquilando un Mercedes G63 en Dub\u00e1i con King Way. Mejores precios, servicio profesional y coches Mercedes-Benz G63 modernos para una experiencia de conducci\u00f3n agradable en los EAU.<\/p>\n","protected":false},"author":2,"featured_media":24941,"parent":0,"menu_order":0,"comment_status":"closed","ping_status":"closed","template":"elementor_header_footer","meta":{"footnotes":""},"class_list":["post-33325","page","type-page","status-publish","has-post-thumbnail","hentry"],"_links":{"self":[{"href":"https:\/\/kingwaycarrental.com\/es\/wp-json\/wp\/v2\/pages\/33325","targetHints":{"allow":["GET"]}}],"collection":[{"href":"https:\/\/kingwaycarrental.com\/es\/wp-json\/wp\/v2\/pages"}],"about":[{"href":"https:\/\/kingwaycarrental.com\/es\/wp-json\/wp\/v2\/types\/page"}],"author":[{"embeddable":true,"href":"https:\/\/kingwaycarrental.com\/es\/wp-json\/wp\/v2\/users\/2"}],"replies":[{"embeddable":true,"href":"https:\/\/kingwaycarrental.com\/es\/wp-json\/wp\/v2\/comments?post=33325"}],"version-history":[{"count":0,"href":"https:\/\/kingwaycarrental.com\/es\/wp-json\/wp\/v2\/pages\/33325\/revisions"}],"wp:featuredmedia":[{"embeddable":true,"href":"https:\/\/kingwaycarrental.com\/es\/wp-json\/wp\/v2\/media\/24941"}],"wp:attachment":[{"href":"https:\/\/kingwaycarrental.com\/es\/wp-json\/wp\/v2\/media?parent=33325"}],"curies":[{"name":"wp","href":"https:\/\/api.w.org\/{rel}","templated":true}]}}