{"id":27257,"date":"2026-01-20T16:33:37","date_gmt":"2026-01-20T16:33:37","guid":{"rendered":"https:\/\/kingwaycarrental.com\/chauffeur-service-abu-dhabi\/"},"modified":"2026-01-21T03:55:53","modified_gmt":"2026-01-21T03:55:53","slug":"chauffeur-service-abu-dhabi","status":"publish","type":"page","link":"https:\/\/kingwaycarrental.com\/es\/chauffeur-service-abu-dhabi\/","title":{"rendered":"Servicio de ch\u00f3fer en Abu Dhabi"},"content":{"rendered":"\t\t<div data-elementor-type=\"wp-page\" data-elementor-id=\"27257\" class=\"elementor elementor-27257 elementor-27208\" data-elementor-post-type=\"page\">\n\t\t\t\t<div class=\"elementor-element elementor-element-41d1736 e-flex e-con-boxed e-con e-parent\" data-id=\"41d1736\" data-element_type=\"container\" data-e-type=\"container\">\n\t\t\t\t\t<div class=\"e-con-inner\">\n\t\t\t\t<div class=\"elementor-element elementor-element-04cc9d3 elementor-widget elementor-widget-remons_elementor_ova_search\" data-id=\"04cc9d3\" data-element_type=\"widget\" data-e-type=\"widget\" data-widget_type=\"remons_elementor_ova_search.default\">\n\t\t\t\t<div class=\"elementor-widget-container\">\n\t\t\t\t\t\n\t\t<div class=\"ova_wrap_search\">\n\t\t\t<form role=\"search\" method=\"get\" class=\"search-form\" action=\"https:\/\/kingwaycarrental.com\/es\/\">\n\t\t\t\t<div class=\"search-input-wrap \">\n\t\t\t\t\t\n\t\t\t\t\t<input\n\t\t\t\t\t\ttype=\"search\"\n\t\t\t\t\t\tclass=\"search-field\"\n\t\t\t\t\t\tname=\"s\"\n\t\t\t\t\t\tvalue=\"\"\n\t\t\t\t\t\tplaceholder=\"Busca el coche de tus Sue\u00f1os\"\n\t\t\t\t\t\ttitle=\"Search for:\"\n\t\t\t\t\t\/>\n\t\t\t\t<\/div>\n\n\t\t\t\t\t\t\t\t\t<button type=\"submit\" class=\"search-submit\" aria-label=\"Search\">\n\t\t\t\t\t\t\n\t\t\t\t\t\t\n\t\t\t\t\t\t\t\t\t\t\t\t\t<i class=\"flaticon flaticon-magnifying-glass\"><\/i>\n\t\t\t\t\t\t\t\t\t\t\t\t\n\t\t\t\t\t<\/button>\n\t\t\t\t\t\t\t<\/form>\t\t\t\t\t\t\t\t\t\n\t\t<\/div>\n\t\t\t\t\t\t<\/div>\n\t\t\t\t<\/div>\n\t\t\t\t<div class=\"elementor-element elementor-element-2a75624 elementor-widget elementor-widget-ovabrw_product_ajax_filter\" data-id=\"2a75624\" data-element_type=\"widget\" data-e-type=\"widget\" data-widget_type=\"ovabrw_product_ajax_filter.default\">\n\t\t\t\t<div class=\"elementor-widget-container\">\n\t\t\t\t\t\n<div class=\"ovabrw-product-ajax-filter\">\n\t\t<div class=\"ovabrw-result\">\n\t\t<ul class=\"products ovabrw-product-list\">\n\t\t\t\t\t\t\t\t\t<li class=\"item\">\n\t\t\t\t\t\t\t\n<div class=\"ovabrw-card-template ovabrw-card1\">\n\t<div class=\"ovabrw-card-header\">\n\t\t    <div class=\"ovabrw-gallery-popup\">\n    \t\t    \t<div class=\"ovabrw-product-img-feature\">\n\t    \t\t<a href=\"https:\/\/kingwaycarrental.com\/es\/car\/mercedes-benz-e200\/\" class=\"ovabrw-product-link\">\n\t\t    \t\t\t            \t\t<img decoding=\"async\" src=\"https:\/\/kingwaycarrental.com\/wp-content\/uploads\/2026\/08\/Mercedes-Benz-E200-Black-700x464.jpg\" alt=\"Alquiler Mercedes Benz E200 (Negro) 2027 en Dub\u00e1i - Sed\u00e1n\" title=\"\">\n\t            \t            \t<\/a>\n\t    \t<\/div>\n\t        <\/div>\n<div style=\"display: none !important;\">\n\t<div class=\"woocommerce-product-gallery woocommerce-product-gallery--with-images woocommerce-product-gallery--columns-4 images\" data-columns=\"4\" style=\"opacity: 0; transition: opacity .25s ease-in-out;\">\n\t<div class=\"woocommerce-product-gallery__wrapper\">\n\t\t<div data-thumb=\"https:\/\/kingwaycarrental.com\/wp-content\/uploads\/2026\/08\/Mercedes-Benz-E200-Black.jpg\" data-thumb-alt=\"Alquiler Mercedes Benz E200 (Negro) 2027 en Dub\u00e1i - Sed\u00e1n\" data-thumb-srcset=\"https:\/\/kingwaycarrental.com\/wp-content\/uploads\/2026\/08\/Mercedes-Benz-E200-Black.jpg 800w, https:\/\/kingwaycarrental.com\/wp-content\/uploads\/2026\/08\/Mercedes-Benz-E200-Black-300x199.jpg 300w, https:\/\/kingwaycarrental.com\/wp-content\/uploads\/2026\/08\/Mercedes-Benz-E200-Black-768x509.jpg 768w, https:\/\/kingwaycarrental.com\/wp-content\/uploads\/2026\/08\/Mercedes-Benz-E200-Black-700x464.jpg 700w\"  data-thumb-sizes=\"(max-width: 300px) 100vw, 300px\" class=\"woocommerce-product-gallery__image\"><a href=\"https:\/\/kingwaycarrental.com\/wp-content\/uploads\/2026\/08\/Mercedes-Benz-E200-Black.jpg\"><img decoding=\"async\" width=\"700\" height=\"464\" src=\"https:\/\/kingwaycarrental.com\/wp-content\/uploads\/2026\/08\/Mercedes-Benz-E200-Black-700x464.jpg\" class=\"wp-post-image\" alt=\"Alquiler Mercedes Benz E200 (Negro) 2027 en Dub\u00e1i - Sed\u00e1n\" data-caption=\"\" data-src=\"https:\/\/kingwaycarrental.com\/wp-content\/uploads\/2026\/08\/Mercedes-Benz-E200-Black.jpg\" data-large_image=\"https:\/\/kingwaycarrental.com\/wp-content\/uploads\/2026\/08\/Mercedes-Benz-E200-Black.jpg\" data-large_image_width=\"800\" data-large_image_height=\"530\" srcset=\"https:\/\/kingwaycarrental.com\/wp-content\/uploads\/2026\/08\/Mercedes-Benz-E200-Black-700x464.jpg 700w, https:\/\/kingwaycarrental.com\/wp-content\/uploads\/2026\/08\/Mercedes-Benz-E200-Black-300x199.jpg 300w, https:\/\/kingwaycarrental.com\/wp-content\/uploads\/2026\/08\/Mercedes-Benz-E200-Black-768x509.jpg 768w, https:\/\/kingwaycarrental.com\/wp-content\/uploads\/2026\/08\/Mercedes-Benz-E200-Black.jpg 800w\" sizes=\"(max-width: 700px) 100vw, 700px\" title=\"\"><\/a><\/div><div data-thumb=\"https:\/\/kingwaycarrental.com\/wp-content\/uploads\/2026\/08\/Mercedes-Benz-E200-Black-2.jpg\" data-thumb-alt=\"Mercedes-Benz E200 negro de alquiler \u2013 Vista frontal de lujo con faros LED\" data-thumb-srcset=\"https:\/\/kingwaycarrental.com\/wp-content\/uploads\/2026\/08\/Mercedes-Benz-E200-Black-2.jpg 700w, https:\/\/kingwaycarrental.com\/wp-content\/uploads\/2026\/08\/Mercedes-Benz-E200-Black-2-300x200.jpg 300w\"  data-thumb-sizes=\"(max-width: 300px) 100vw, 300px\" class=\"woocommerce-product-gallery__image\"><a href=\"https:\/\/kingwaycarrental.com\/wp-content\/uploads\/2026\/08\/Mercedes-Benz-E200-Black-2.jpg\"><img decoding=\"async\" width=\"700\" height=\"467\" src=\"https:\/\/kingwaycarrental.com\/wp-content\/uploads\/2026\/08\/Mercedes-Benz-E200-Black-2.jpg\" class=\"\" alt=\"Mercedes-Benz E200 negro de alquiler \u2013 Vista frontal de lujo con faros LED\" data-caption=\"\" data-src=\"https:\/\/kingwaycarrental.com\/wp-content\/uploads\/2026\/08\/Mercedes-Benz-E200-Black-2.jpg\" data-large_image=\"https:\/\/kingwaycarrental.com\/wp-content\/uploads\/2026\/08\/Mercedes-Benz-E200-Black-2.jpg\" data-large_image_width=\"700\" data-large_image_height=\"467\" srcset=\"https:\/\/kingwaycarrental.com\/wp-content\/uploads\/2026\/08\/Mercedes-Benz-E200-Black-2.jpg 700w, https:\/\/kingwaycarrental.com\/wp-content\/uploads\/2026\/08\/Mercedes-Benz-E200-Black-2-300x200.jpg 300w\" sizes=\"(max-width: 700px) 100vw, 700px\" title=\"\" data- data-large_image_><\/a><\/div><div data-thumb=\"https:\/\/kingwaycarrental.com\/wp-content\/uploads\/2026\/08\/Mercedes-Benz-E200-Black-5.jpg\" data-thumb-alt=\"Mercedes-Benz E200 de alquiler \u2013 Volante y salpicadero de lujo\" data-thumb-srcset=\"https:\/\/kingwaycarrental.com\/wp-content\/uploads\/2026\/08\/Mercedes-Benz-E200-Black-5.jpg 700w, https:\/\/kingwaycarrental.com\/wp-content\/uploads\/2026\/08\/Mercedes-Benz-E200-Black-5-300x200.jpg 300w\"  data-thumb-sizes=\"(max-width: 300px) 100vw, 300px\" class=\"woocommerce-product-gallery__image\"><a href=\"https:\/\/kingwaycarrental.com\/wp-content\/uploads\/2026\/08\/Mercedes-Benz-E200-Black-5.jpg\"><img decoding=\"async\" width=\"700\" height=\"467\" src=\"https:\/\/kingwaycarrental.com\/wp-content\/uploads\/2026\/08\/Mercedes-Benz-E200-Black-5.jpg\" class=\"\" alt=\"Mercedes-Benz E200 de alquiler \u2013 Volante y salpicadero de lujo\" data-caption=\"\" data-src=\"https:\/\/kingwaycarrental.com\/wp-content\/uploads\/2026\/08\/Mercedes-Benz-E200-Black-5.jpg\" data-large_image=\"https:\/\/kingwaycarrental.com\/wp-content\/uploads\/2026\/08\/Mercedes-Benz-E200-Black-5.jpg\" data-large_image_width=\"700\" data-large_image_height=\"467\" srcset=\"https:\/\/kingwaycarrental.com\/wp-content\/uploads\/2026\/08\/Mercedes-Benz-E200-Black-5.jpg 700w, https:\/\/kingwaycarrental.com\/wp-content\/uploads\/2026\/08\/Mercedes-Benz-E200-Black-5-300x200.jpg 300w\" sizes=\"(max-width: 700px) 100vw, 700px\" title=\"\" data- data-large_image_><\/a><\/div><div data-thumb=\"https:\/\/kingwaycarrental.com\/wp-content\/uploads\/2026\/08\/Mercedes-Benz-E200-Black-6.jpg\" data-thumb-alt=\"Mercedes-Benz E200 negro de alquiler en Dub\u00e1i con lujosos asientos traseros de color beige\" data-thumb-srcset=\"https:\/\/kingwaycarrental.com\/wp-content\/uploads\/2026\/08\/Mercedes-Benz-E200-Black-6.jpg 700w, https:\/\/kingwaycarrental.com\/wp-content\/uploads\/2026\/08\/Mercedes-Benz-E200-Black-6-300x200.jpg 300w\"  data-thumb-sizes=\"(max-width: 300px) 100vw, 300px\" class=\"woocommerce-product-gallery__image\"><a href=\"https:\/\/kingwaycarrental.com\/wp-content\/uploads\/2026\/08\/Mercedes-Benz-E200-Black-6.jpg\"><img decoding=\"async\" width=\"700\" height=\"467\" src=\"https:\/\/kingwaycarrental.com\/wp-content\/uploads\/2026\/08\/Mercedes-Benz-E200-Black-6.jpg\" class=\"\" alt=\"Mercedes-Benz E200 negro de alquiler en Dub\u00e1i con lujosos asientos traseros de color beige\" data-caption=\"\" data-src=\"https:\/\/kingwaycarrental.com\/wp-content\/uploads\/2026\/08\/Mercedes-Benz-E200-Black-6.jpg\" data-large_image=\"https:\/\/kingwaycarrental.com\/wp-content\/uploads\/2026\/08\/Mercedes-Benz-E200-Black-6.jpg\" data-large_image_width=\"700\" data-large_image_height=\"467\" srcset=\"https:\/\/kingwaycarrental.com\/wp-content\/uploads\/2026\/08\/Mercedes-Benz-E200-Black-6.jpg 700w, https:\/\/kingwaycarrental.com\/wp-content\/uploads\/2026\/08\/Mercedes-Benz-E200-Black-6-300x200.jpg 300w\" sizes=\"(max-width: 700px) 100vw, 700px\" title=\"\" data- data-large_image_><\/a><\/div><div data-thumb=\"https:\/\/kingwaycarrental.com\/wp-content\/uploads\/2026\/08\/Mercedes-Benz-E200-Black-8.jpg\" data-thumb-alt=\"Mercedes-Benz E200 Clase E \u2013 Puerta interior de lujo\" data-thumb-srcset=\"https:\/\/kingwaycarrental.com\/wp-content\/uploads\/2026\/08\/Mercedes-Benz-E200-Black-8.jpg 700w, https:\/\/kingwaycarrental.com\/wp-content\/uploads\/2026\/08\/Mercedes-Benz-E200-Black-8-300x200.jpg 300w\"  data-thumb-sizes=\"(max-width: 300px) 100vw, 300px\" class=\"woocommerce-product-gallery__image\"><a href=\"https:\/\/kingwaycarrental.com\/wp-content\/uploads\/2026\/08\/Mercedes-Benz-E200-Black-8.jpg\"><img decoding=\"async\" width=\"700\" height=\"467\" src=\"https:\/\/kingwaycarrental.com\/wp-content\/uploads\/2026\/08\/Mercedes-Benz-E200-Black-8.jpg\" class=\"\" alt=\"Mercedes-Benz E200 Clase E \u2013 Puerta interior de lujo\" data-caption=\"\" data-src=\"https:\/\/kingwaycarrental.com\/wp-content\/uploads\/2026\/08\/Mercedes-Benz-E200-Black-8.jpg\" data-large_image=\"https:\/\/kingwaycarrental.com\/wp-content\/uploads\/2026\/08\/Mercedes-Benz-E200-Black-8.jpg\" data-large_image_width=\"700\" data-large_image_height=\"467\" srcset=\"https:\/\/kingwaycarrental.com\/wp-content\/uploads\/2026\/08\/Mercedes-Benz-E200-Black-8.jpg 700w, https:\/\/kingwaycarrental.com\/wp-content\/uploads\/2026\/08\/Mercedes-Benz-E200-Black-8-300x200.jpg 300w\" sizes=\"(max-width: 700px) 100vw, 700px\" title=\"\" data- data-large_image_><\/a><\/div><div data-thumb=\"https:\/\/kingwaycarrental.com\/wp-content\/uploads\/2026\/08\/Mercedes-Benz-E200-Black-7.jpg\" data-thumb-alt=\"Mercedes-Benz E200 de alquiler \u2013 Asientos delanteros y puesto de conducci\u00f3n\" data-thumb-srcset=\"https:\/\/kingwaycarrental.com\/wp-content\/uploads\/2026\/08\/Mercedes-Benz-E200-Black-7.jpg 700w, https:\/\/kingwaycarrental.com\/wp-content\/uploads\/2026\/08\/Mercedes-Benz-E200-Black-7-300x200.jpg 300w\"  data-thumb-sizes=\"(max-width: 300px) 100vw, 300px\" class=\"woocommerce-product-gallery__image\"><a href=\"https:\/\/kingwaycarrental.com\/wp-content\/uploads\/2026\/08\/Mercedes-Benz-E200-Black-7.jpg\"><img decoding=\"async\" width=\"700\" height=\"467\" src=\"https:\/\/kingwaycarrental.com\/wp-content\/uploads\/2026\/08\/Mercedes-Benz-E200-Black-7.jpg\" class=\"\" alt=\"Mercedes-Benz E200 de alquiler \u2013 Asientos delanteros y puesto de conducci\u00f3n\" data-caption=\"\" data-src=\"https:\/\/kingwaycarrental.com\/wp-content\/uploads\/2026\/08\/Mercedes-Benz-E200-Black-7.jpg\" data-large_image=\"https:\/\/kingwaycarrental.com\/wp-content\/uploads\/2026\/08\/Mercedes-Benz-E200-Black-7.jpg\" data-large_image_width=\"700\" data-large_image_height=\"467\" srcset=\"https:\/\/kingwaycarrental.com\/wp-content\/uploads\/2026\/08\/Mercedes-Benz-E200-Black-7.jpg 700w, https:\/\/kingwaycarrental.com\/wp-content\/uploads\/2026\/08\/Mercedes-Benz-E200-Black-7-300x200.jpg 300w\" sizes=\"(max-width: 700px) 100vw, 700px\" title=\"\" data- data-large_image_><\/a><\/div><div data-thumb=\"https:\/\/kingwaycarrental.com\/wp-content\/uploads\/2026\/08\/Mercedes-Benz-E200-Black-4.jpg\" data-thumb-alt=\"Mercedes-Benz E200 \u2013 Vista trasera de la berlina de lujo\" data-thumb-srcset=\"https:\/\/kingwaycarrental.com\/wp-content\/uploads\/2026\/08\/Mercedes-Benz-E200-Black-4.jpg 700w, https:\/\/kingwaycarrental.com\/wp-content\/uploads\/2026\/08\/Mercedes-Benz-E200-Black-4-300x200.jpg 300w\"  data-thumb-sizes=\"(max-width: 300px) 100vw, 300px\" class=\"woocommerce-product-gallery__image\"><a href=\"https:\/\/kingwaycarrental.com\/wp-content\/uploads\/2026\/08\/Mercedes-Benz-E200-Black-4.jpg\"><img decoding=\"async\" width=\"700\" height=\"467\" src=\"https:\/\/kingwaycarrental.com\/wp-content\/uploads\/2026\/08\/Mercedes-Benz-E200-Black-4.jpg\" class=\"\" alt=\"Mercedes-Benz E200 \u2013 Vista trasera de la berlina de lujo\" data-caption=\"\" data-src=\"https:\/\/kingwaycarrental.com\/wp-content\/uploads\/2026\/08\/Mercedes-Benz-E200-Black-4.jpg\" data-large_image=\"https:\/\/kingwaycarrental.com\/wp-content\/uploads\/2026\/08\/Mercedes-Benz-E200-Black-4.jpg\" data-large_image_width=\"700\" data-large_image_height=\"467\" srcset=\"https:\/\/kingwaycarrental.com\/wp-content\/uploads\/2026\/08\/Mercedes-Benz-E200-Black-4.jpg 700w, https:\/\/kingwaycarrental.com\/wp-content\/uploads\/2026\/08\/Mercedes-Benz-E200-Black-4-300x200.jpg 300w\" sizes=\"(max-width: 700px) 100vw, 700px\" title=\"\" data- data-large_image_><\/a><\/div><div data-thumb=\"https:\/\/kingwaycarrental.com\/wp-content\/uploads\/2026\/08\/Mercedes-Benz-E200-Black-3.jpg\" data-thumb-alt=\"Mercedes-Benz E200 \u2013 Vista frontal de la berlina de lujo\" data-thumb-srcset=\"https:\/\/kingwaycarrental.com\/wp-content\/uploads\/2026\/08\/Mercedes-Benz-E200-Black-3.jpg 700w, https:\/\/kingwaycarrental.com\/wp-content\/uploads\/2026\/08\/Mercedes-Benz-E200-Black-3-300x200.jpg 300w\"  data-thumb-sizes=\"(max-width: 300px) 100vw, 300px\" class=\"woocommerce-product-gallery__image\"><a href=\"https:\/\/kingwaycarrental.com\/wp-content\/uploads\/2026\/08\/Mercedes-Benz-E200-Black-3.jpg\"><img decoding=\"async\" width=\"700\" height=\"467\" src=\"https:\/\/kingwaycarrental.com\/wp-content\/uploads\/2026\/08\/Mercedes-Benz-E200-Black-3.jpg\" class=\"\" alt=\"Mercedes-Benz E200 \u2013 Vista frontal de la berlina de lujo\" data-caption=\"\" data-src=\"https:\/\/kingwaycarrental.com\/wp-content\/uploads\/2026\/08\/Mercedes-Benz-E200-Black-3.jpg\" data-large_image=\"https:\/\/kingwaycarrental.com\/wp-content\/uploads\/2026\/08\/Mercedes-Benz-E200-Black-3.jpg\" data-large_image_width=\"700\" data-large_image_height=\"467\" srcset=\"https:\/\/kingwaycarrental.com\/wp-content\/uploads\/2026\/08\/Mercedes-Benz-E200-Black-3.jpg 700w, https:\/\/kingwaycarrental.com\/wp-content\/uploads\/2026\/08\/Mercedes-Benz-E200-Black-3-300x200.jpg 300w\" sizes=\"(max-width: 700px) 100vw, 700px\" title=\"\" data- data-large_image_><\/a><\/div>\t<\/div>\n<\/div>\n<\/div>\t\t\t<span class=\"ovabrw-featured-product\">\n\t\tDestacado\t<\/span>\n\t\t\t<span class=\"ovabrw-features-featured\">\n\t\t\t\t2027\t\t\t<\/span>\n\t\t\t<\/div>\n\t<div class=\"ovabrw-card-content\">\n\t\t\t\t\t<h3 class=\"ovabrw-title\">\n\t\t<a href=\"https:\/\/kingwaycarrental.com\/es\/car\/mercedes-benz-e200\/\">\n\t\t\tMercedes Benz E200\t\t<\/a>\n\t<\/h3>\n\t\t<div class=\"ovabrw-price\">\n\t\t\t\t<span class=\"amount\">\n\t\t\t\t<span class=\"woocommerce-Price-amount amount\"><bdi><span class=\"woocommerce-Price-currencySymbol\" translate=\"no\">AED<\/span>&nbsp;499<\/bdi><\/span>\t\t\t<\/span>\n\t\t\t<span class=\"unit\">\n\t\t\t\t\/ D\u00eda\t\t\t<\/span>\n\t\t<\/div>\t\t\t\t\t<ul class=\"ovabrw-features\">\n\t\t\t\t\t<li class=\"item-feature\">\n\t\t\t\t\t\t\t\t\t<i aria-hidden=\"true\" class=\"flaticon2 flaticon2-sedan\"><\/i>\n\t\t\t\t\t\t\t\t<span>Lujo<\/span>\n\t\t\t<\/li>\n\t\t\t\t\t<li class=\"item-feature\">\n\t\t\t\t\t\t\t\t\t<i aria-hidden=\"true\" class=\"flaticon-seat\"><\/i>\n\t\t\t\t\t\t\t\t<span>5 Plazas<\/span>\n\t\t\t<\/li>\n\t\t\t\t\t<li class=\"item-feature\">\n\t\t\t\t\t\t\t\t\t<i aria-hidden=\"true\" class=\"flaticon-car-door\"><\/i>\n\t\t\t\t\t\t\t\t<span>4 Puertas<\/span>\n\t\t\t<\/li>\n\t\t\t\t\t<li class=\"item-feature\">\n\t\t\t\t\t\t\t\t\t<i aria-hidden=\"true\" class=\"flaticon-gas-station\"><\/i>\n\t\t\t\t\t\t\t\t<span>Gasolina<\/span>\n\t\t\t<\/li>\n\t\t\t<\/ul>\n\t\t\t\t\t\t\t<p class=\"ovabrw-short-description\">\n\t\tAlquila un Mercedes E200 modelo 2027 de color negro, clase Exclusive totalmente lujosa, en Dub\u00e1i a trav\u00e9s de King Way y emprende...\t<\/p>\n\n\t\t<div class=\"ovabrw-card-btn\">\n\t\t\t    <a href=\"https:\/\/kingwaycarrental.com\/es\/car\/mercedes-benz-e200\/\" class=\"ovabrw-button\">\n        Reservar Ahora        <i class=\"brwicon-right\" aria-hidden=\"true\"><\/i>\n    <\/a>\n\t\t<\/div>\n\t<\/div>\n<\/div>\t\t\t\t\t\t<\/li>\n\t\t\t\t\t\t\t\t\t\t\t\t<li class=\"item\">\n\t\t\t\t\t\t\t\n<div class=\"ovabrw-card-template ovabrw-card1\">\n\t<div class=\"ovabrw-card-header\">\n\t\t    <div class=\"ovabrw-gallery-popup\">\n    \t\t    \t<div class=\"ovabrw-product-img-feature\">\n\t    \t\t<a href=\"https:\/\/kingwaycarrental.com\/es\/car\/jetour-t2-for-rent-in-dubai\/\" class=\"ovabrw-product-link\">\n\t\t    \t\t\t            \t\t<img decoding=\"async\" src=\"https:\/\/kingwaycarrental.com\/wp-content\/uploads\/2025\/02\/Jetour-T2-For-Rent-in-Dubai.jpg\" alt=\"Alquiler de Jetour T2 Nieve Plateada en Dub\u00e1i - Alquiler de SUV\" title=\"\">\n\t            \t            \t<\/a>\n\t    \t<\/div>\n\t        <\/div>\n<div style=\"display: none !important;\">\n\t<div class=\"woocommerce-product-gallery woocommerce-product-gallery--with-images woocommerce-product-gallery--columns-4 images\" data-columns=\"4\" style=\"opacity: 0; transition: opacity .25s ease-in-out;\">\n\t<div class=\"woocommerce-product-gallery__wrapper\">\n\t\t<div data-thumb=\"https:\/\/kingwaycarrental.com\/wp-content\/uploads\/2025\/02\/Jetour-T2-For-Rent-in-Dubai.jpg\" data-thumb-alt=\"Alquiler de Jetour T2 Nieve Plateada en Dub\u00e1i - Alquiler de SUV\" data-thumb-srcset=\"https:\/\/kingwaycarrental.com\/wp-content\/uploads\/2025\/02\/Jetour-T2-For-Rent-in-Dubai.jpg 700w, https:\/\/kingwaycarrental.com\/wp-content\/uploads\/2025\/02\/Jetour-T2-For-Rent-in-Dubai-300x200.jpg 300w\"  data-thumb-sizes=\"(max-width: 300px) 100vw, 300px\" class=\"woocommerce-product-gallery__image\"><a href=\"https:\/\/kingwaycarrental.com\/wp-content\/uploads\/2025\/02\/Jetour-T2-For-Rent-in-Dubai.jpg\"><img decoding=\"async\" width=\"700\" height=\"467\" src=\"https:\/\/kingwaycarrental.com\/wp-content\/uploads\/2025\/02\/Jetour-T2-For-Rent-in-Dubai.jpg\" class=\"wp-post-image\" alt=\"Alquiler de Jetour T2 Nieve Plateada en Dub\u00e1i - Alquiler de SUV\" data-caption=\"\" data-src=\"https:\/\/kingwaycarrental.com\/wp-content\/uploads\/2025\/02\/Jetour-T2-For-Rent-in-Dubai.jpg\" data-large_image=\"https:\/\/kingwaycarrental.com\/wp-content\/uploads\/2025\/02\/Jetour-T2-For-Rent-in-Dubai.jpg\" data-large_image_width=\"700\" data-large_image_height=\"467\" srcset=\"https:\/\/kingwaycarrental.com\/wp-content\/uploads\/2025\/02\/Jetour-T2-For-Rent-in-Dubai.jpg 700w, https:\/\/kingwaycarrental.com\/wp-content\/uploads\/2025\/02\/Jetour-T2-For-Rent-in-Dubai-300x200.jpg 300w\" sizes=\"(max-width: 700px) 100vw, 700px\" title=\"\" data- data-large_image_><\/a><\/div><div data-thumb=\"https:\/\/kingwaycarrental.com\/wp-content\/uploads\/2025\/02\/Jetour-T2-For-Rent-in-Dubai-3.jpg\" data-thumb-alt=\"Alquila un Jetour T2 Nieve Plateada en Dub\u00e1i: cabina deportiva de lujo\" data-thumb-srcset=\"https:\/\/kingwaycarrental.com\/wp-content\/uploads\/2025\/02\/Jetour-T2-For-Rent-in-Dubai-3.jpg 700w, https:\/\/kingwaycarrental.com\/wp-content\/uploads\/2025\/02\/Jetour-T2-For-Rent-in-Dubai-3-300x200.jpg 300w\"  data-thumb-sizes=\"(max-width: 300px) 100vw, 300px\" class=\"woocommerce-product-gallery__image\"><a href=\"https:\/\/kingwaycarrental.com\/wp-content\/uploads\/2025\/02\/Jetour-T2-For-Rent-in-Dubai-3.jpg\"><img decoding=\"async\" width=\"700\" height=\"467\" src=\"https:\/\/kingwaycarrental.com\/wp-content\/uploads\/2025\/02\/Jetour-T2-For-Rent-in-Dubai-3.jpg\" class=\"\" alt=\"Alquila un Jetour T2 Nieve Plateada en Dub\u00e1i: cabina deportiva de lujo\" data-caption=\"\" data-src=\"https:\/\/kingwaycarrental.com\/wp-content\/uploads\/2025\/02\/Jetour-T2-For-Rent-in-Dubai-3.jpg\" data-large_image=\"https:\/\/kingwaycarrental.com\/wp-content\/uploads\/2025\/02\/Jetour-T2-For-Rent-in-Dubai-3.jpg\" data-large_image_width=\"700\" data-large_image_height=\"467\" srcset=\"https:\/\/kingwaycarrental.com\/wp-content\/uploads\/2025\/02\/Jetour-T2-For-Rent-in-Dubai-3.jpg 700w, https:\/\/kingwaycarrental.com\/wp-content\/uploads\/2025\/02\/Jetour-T2-For-Rent-in-Dubai-3-300x200.jpg 300w\" sizes=\"(max-width: 700px) 100vw, 700px\" title=\"\" data- data-large_image_><\/a><\/div><div data-thumb=\"https:\/\/kingwaycarrental.com\/wp-content\/uploads\/2025\/02\/Jetour-T2-For-Rent-in-Dubai-4.jpg\" data-thumb-alt=\"Jetour T2 en alquiler en Dub\u00e1i, color Silver Snow: vista trasera lateral\" data-thumb-srcset=\"https:\/\/kingwaycarrental.com\/wp-content\/uploads\/2025\/02\/Jetour-T2-For-Rent-in-Dubai-4.jpg 700w, https:\/\/kingwaycarrental.com\/wp-content\/uploads\/2025\/02\/Jetour-T2-For-Rent-in-Dubai-4-300x200.jpg 300w\"  data-thumb-sizes=\"(max-width: 300px) 100vw, 300px\" class=\"woocommerce-product-gallery__image\"><a href=\"https:\/\/kingwaycarrental.com\/wp-content\/uploads\/2025\/02\/Jetour-T2-For-Rent-in-Dubai-4.jpg\"><img decoding=\"async\" width=\"700\" height=\"467\" src=\"https:\/\/kingwaycarrental.com\/wp-content\/uploads\/2025\/02\/Jetour-T2-For-Rent-in-Dubai-4.jpg\" class=\"\" alt=\"Jetour T2 en alquiler en Dub\u00e1i, color Silver Snow: vista trasera lateral\" data-caption=\"\" data-src=\"https:\/\/kingwaycarrental.com\/wp-content\/uploads\/2025\/02\/Jetour-T2-For-Rent-in-Dubai-4.jpg\" data-large_image=\"https:\/\/kingwaycarrental.com\/wp-content\/uploads\/2025\/02\/Jetour-T2-For-Rent-in-Dubai-4.jpg\" data-large_image_width=\"700\" data-large_image_height=\"467\" srcset=\"https:\/\/kingwaycarrental.com\/wp-content\/uploads\/2025\/02\/Jetour-T2-For-Rent-in-Dubai-4.jpg 700w, https:\/\/kingwaycarrental.com\/wp-content\/uploads\/2025\/02\/Jetour-T2-For-Rent-in-Dubai-4-300x200.jpg 300w\" sizes=\"(max-width: 700px) 100vw, 700px\" title=\"\" data- data-large_image_><\/a><\/div><div data-thumb=\"https:\/\/kingwaycarrental.com\/wp-content\/uploads\/2025\/02\/Jetour-T2-For-Rent-in-Dubai-2.jpg\" data-thumb-alt=\"Alquila un Jetour T2 Silver Snow con asientos verde oliva\" data-thumb-srcset=\"https:\/\/kingwaycarrental.com\/wp-content\/uploads\/2025\/02\/Jetour-T2-For-Rent-in-Dubai-2.jpg 700w, https:\/\/kingwaycarrental.com\/wp-content\/uploads\/2025\/02\/Jetour-T2-For-Rent-in-Dubai-2-300x200.jpg 300w\"  data-thumb-sizes=\"(max-width: 300px) 100vw, 300px\" class=\"woocommerce-product-gallery__image\"><a href=\"https:\/\/kingwaycarrental.com\/wp-content\/uploads\/2025\/02\/Jetour-T2-For-Rent-in-Dubai-2.jpg\"><img decoding=\"async\" width=\"700\" height=\"467\" src=\"https:\/\/kingwaycarrental.com\/wp-content\/uploads\/2025\/02\/Jetour-T2-For-Rent-in-Dubai-2.jpg\" class=\"\" alt=\"Alquila un Jetour T2 Silver Snow con asientos verde oliva\" data-caption=\"\" data-src=\"https:\/\/kingwaycarrental.com\/wp-content\/uploads\/2025\/02\/Jetour-T2-For-Rent-in-Dubai-2.jpg\" data-large_image=\"https:\/\/kingwaycarrental.com\/wp-content\/uploads\/2025\/02\/Jetour-T2-For-Rent-in-Dubai-2.jpg\" data-large_image_width=\"700\" data-large_image_height=\"467\" srcset=\"https:\/\/kingwaycarrental.com\/wp-content\/uploads\/2025\/02\/Jetour-T2-For-Rent-in-Dubai-2.jpg 700w, https:\/\/kingwaycarrental.com\/wp-content\/uploads\/2025\/02\/Jetour-T2-For-Rent-in-Dubai-2-300x200.jpg 300w\" sizes=\"(max-width: 700px) 100vw, 700px\" title=\"\" data- data-large_image_><\/a><\/div>\t<\/div>\n<\/div>\n<\/div>\t\t\t<span class=\"ovabrw-featured-product\">\n\t\tDestacado\t<\/span>\n\t\t\t<span class=\"ovabrw-features-featured\">\n\t\t\t\t2025\t\t\t<\/span>\n\t\t\t<\/div>\n\t<div class=\"ovabrw-card-content\">\n\t\t    <div class=\"ovabrw-review\">\n        <div class=\"ovabrw-star-rating\" role=\"img\" aria-label=\"Rated 3.00 out of 5\">\n        \t<i aria-hidden=\"true\" class=\"brwicon-star-3\"><\/i>\n        \t<i aria-hidden=\"true\" class=\"brwicon-star-3\"><\/i>\n        \t<i aria-hidden=\"true\" class=\"brwicon-star-3\"><\/i>\n        \t<i aria-hidden=\"true\" class=\"brwicon-star-3\"><\/i>\n        \t<i aria-hidden=\"true\" class=\"brwicon-star-3\"><\/i>\n            <span class=\"ovabrw-rating-percent\" style=\"width: 60%;\">\n            \t<i aria-hidden=\"true\" class=\"brwicon-star-3\"><\/i>\n            \t<i aria-hidden=\"true\" class=\"brwicon-star-3\"><\/i>\n            \t<i aria-hidden=\"true\" class=\"brwicon-star-3\"><\/i>\n            \t<i aria-hidden=\"true\" class=\"brwicon-star-3\"><\/i>\n            \t<i aria-hidden=\"true\" class=\"brwicon-star-3\"><\/i>\n            <\/span>\n        <\/div>\n        <a href=\"https:\/\/kingwaycarrental.com\/es\/car\/jetour-t2-for-rent-in-dubai\/#reviews\" class=\"ovabrw-review-link\" rel=\"nofollow\">\n            1 valoraci\u00f3n        <\/a>\n    <\/div>\n\t\t\t<h3 class=\"ovabrw-title\">\n\t\t<a href=\"https:\/\/kingwaycarrental.com\/es\/car\/jetour-t2-for-rent-in-dubai\/\">\n\t\t\tJetour T2\t\t<\/a>\n\t<\/h3>\n\t\t<div class=\"ovabrw-price\">\n\t\t\t\t<span class=\"amount\">\n\t\t\t\t<span class=\"woocommerce-Price-amount amount\"><bdi><span class=\"woocommerce-Price-currencySymbol\" translate=\"no\">AED<\/span>&nbsp;399<\/bdi><\/span>\t\t\t<\/span>\n\t\t\t<span class=\"unit\">\n\t\t\t\t\/ D\u00eda\t\t\t<\/span>\n\t\t<\/div>\t\t\t\t\t<ul class=\"ovabrw-features\">\n\t\t\t\t\t<li class=\"item-feature\">\n\t\t\t\t\t\t\t\t\t<i aria-hidden=\"true\" class=\"flaticon2 flaticon2-sedan\"><\/i>\n\t\t\t\t\t\t\t\t<span>SUV<\/span>\n\t\t\t<\/li>\n\t\t\t\t\t<li class=\"item-feature\">\n\t\t\t\t\t\t\t\t\t<i aria-hidden=\"true\" class=\"flaticon-seat\"><\/i>\n\t\t\t\t\t\t\t\t<span>5 Plazas<\/span>\n\t\t\t<\/li>\n\t\t\t\t\t<li class=\"item-feature\">\n\t\t\t\t\t\t\t\t\t<i aria-hidden=\"true\" class=\"flaticon-car-door\"><\/i>\n\t\t\t\t\t\t\t\t<span>4 Puertas<\/span>\n\t\t\t<\/li>\n\t\t\t\t\t<li class=\"item-feature\">\n\t\t\t\t\t\t\t\t\t<i aria-hidden=\"true\" class=\"flaticon-gas-station\"><\/i>\n\t\t\t\t\t\t\t\t<span>Gasolina<\/span>\n\t\t\t<\/li>\n\t\t\t<\/ul>\n\t\t\t\t\t\t\t<p class=\"ovabrw-short-description\">\n\t\t\u00bfBuscas un SUV de lujo para alquilar en Dub\u00e1i a un precio razonable? Est\u00e1s en el lugar adecuado. Con King Way, puedes...\t<\/p>\n\n\t\t<div class=\"ovabrw-card-btn\">\n\t\t\t    <a href=\"https:\/\/kingwaycarrental.com\/es\/car\/jetour-t2-for-rent-in-dubai\/\" class=\"ovabrw-button\">\n        Reservar Ahora        <i class=\"brwicon-right\" aria-hidden=\"true\"><\/i>\n    <\/a>\n\t\t<\/div>\n\t<\/div>\n<\/div>\t\t\t\t\t\t<\/li>\n\t\t\t\t\t\t\t\t\t\t\t\t<li class=\"item\">\n\t\t\t\t\t\t\t\n<div class=\"ovabrw-card-template ovabrw-card1\">\n\t<div class=\"ovabrw-card-header\">\n\t\t    <div class=\"ovabrw-gallery-popup\">\n    \t\t    \t<div class=\"ovabrw-product-img-feature\">\n\t    \t\t<a href=\"https:\/\/kingwaycarrental.com\/es\/car\/lamborghini-urus-yellow\/\" class=\"ovabrw-product-link\">\n\t\t    \t\t\t            \t\t<img decoding=\"async\" src=\"https:\/\/kingwaycarrental.com\/wp-content\/uploads\/2026\/07\/lamborghini-urus-yellow-700x455.jpg\" alt=\"Alquiler de Lamborghini Urus Amarillo en Dub\u00e1i - Supercoches\" title=\"\">\n\t            \t            \t<\/a>\n\t    \t<\/div>\n\t        <\/div>\n<div style=\"display: none !important;\">\n\t<div class=\"woocommerce-product-gallery woocommerce-product-gallery--with-images woocommerce-product-gallery--columns-4 images\" data-columns=\"4\" style=\"opacity: 0; transition: opacity .25s ease-in-out;\">\n\t<div class=\"woocommerce-product-gallery__wrapper\">\n\t\t<div data-thumb=\"https:\/\/kingwaycarrental.com\/wp-content\/uploads\/2026\/07\/lamborghini-urus-yellow.jpg\" data-thumb-alt=\"Alquiler de Lamborghini Urus Amarillo en Dub\u00e1i - Supercoches\" data-thumb-srcset=\"https:\/\/kingwaycarrental.com\/wp-content\/uploads\/2026\/07\/lamborghini-urus-yellow.jpg 800w, https:\/\/kingwaycarrental.com\/wp-content\/uploads\/2026\/07\/lamborghini-urus-yellow-300x195.jpg 300w, https:\/\/kingwaycarrental.com\/wp-content\/uploads\/2026\/07\/lamborghini-urus-yellow-768x499.jpg 768w, https:\/\/kingwaycarrental.com\/wp-content\/uploads\/2026\/07\/lamborghini-urus-yellow-700x455.jpg 700w\"  data-thumb-sizes=\"(max-width: 300px) 100vw, 300px\" class=\"woocommerce-product-gallery__image\"><a href=\"https:\/\/kingwaycarrental.com\/wp-content\/uploads\/2026\/07\/lamborghini-urus-yellow.jpg\"><img decoding=\"async\" width=\"700\" height=\"455\" src=\"https:\/\/kingwaycarrental.com\/wp-content\/uploads\/2026\/07\/lamborghini-urus-yellow-700x455.jpg\" class=\"wp-post-image\" alt=\"Alquiler de Lamborghini Urus Amarillo en Dub\u00e1i - Supercoches\" data-caption=\"\" data-src=\"https:\/\/kingwaycarrental.com\/wp-content\/uploads\/2026\/07\/lamborghini-urus-yellow.jpg\" data-large_image=\"https:\/\/kingwaycarrental.com\/wp-content\/uploads\/2026\/07\/lamborghini-urus-yellow.jpg\" data-large_image_width=\"800\" data-large_image_height=\"520\" srcset=\"https:\/\/kingwaycarrental.com\/wp-content\/uploads\/2026\/07\/lamborghini-urus-yellow-700x455.jpg 700w, https:\/\/kingwaycarrental.com\/wp-content\/uploads\/2026\/07\/lamborghini-urus-yellow-300x195.jpg 300w, https:\/\/kingwaycarrental.com\/wp-content\/uploads\/2026\/07\/lamborghini-urus-yellow-768x499.jpg 768w, https:\/\/kingwaycarrental.com\/wp-content\/uploads\/2026\/07\/lamborghini-urus-yellow.jpg 800w\" sizes=\"(max-width: 700px) 100vw, 700px\" title=\"\"><\/a><\/div><div data-thumb=\"https:\/\/kingwaycarrental.com\/wp-content\/uploads\/2026\/07\/lamborghini-urus-yellow-3.jpg\" data-thumb-alt=\"Alquiler de Lamborghini Urus amarillo en Dub\u00e1i, frontal deportivo\" data-thumb-srcset=\"https:\/\/kingwaycarrental.com\/wp-content\/uploads\/2026\/07\/lamborghini-urus-yellow-3.jpg 700w, https:\/\/kingwaycarrental.com\/wp-content\/uploads\/2026\/07\/lamborghini-urus-yellow-3-300x200.jpg 300w\"  data-thumb-sizes=\"(max-width: 300px) 100vw, 300px\" class=\"woocommerce-product-gallery__image\"><a href=\"https:\/\/kingwaycarrental.com\/wp-content\/uploads\/2026\/07\/lamborghini-urus-yellow-3.jpg\"><img decoding=\"async\" width=\"700\" height=\"467\" src=\"https:\/\/kingwaycarrental.com\/wp-content\/uploads\/2026\/07\/lamborghini-urus-yellow-3.jpg\" class=\"\" alt=\"Alquiler de Lamborghini Urus amarillo en Dub\u00e1i, frontal deportivo\" data-caption=\"\" data-src=\"https:\/\/kingwaycarrental.com\/wp-content\/uploads\/2026\/07\/lamborghini-urus-yellow-3.jpg\" data-large_image=\"https:\/\/kingwaycarrental.com\/wp-content\/uploads\/2026\/07\/lamborghini-urus-yellow-3.jpg\" data-large_image_width=\"700\" data-large_image_height=\"467\" srcset=\"https:\/\/kingwaycarrental.com\/wp-content\/uploads\/2026\/07\/lamborghini-urus-yellow-3.jpg 700w, https:\/\/kingwaycarrental.com\/wp-content\/uploads\/2026\/07\/lamborghini-urus-yellow-3-300x200.jpg 300w\" sizes=\"(max-width: 700px) 100vw, 700px\" title=\"\" data- data-large_image_><\/a><\/div><div data-thumb=\"https:\/\/kingwaycarrental.com\/wp-content\/uploads\/2026\/07\/lamborghini-urus-yellow-2.jpg\" data-thumb-alt=\"Alquile un Lamborghini Urus amarillo en los Emiratos \u00c1rabes Unidos, con volante de control total\" data-thumb-srcset=\"https:\/\/kingwaycarrental.com\/wp-content\/uploads\/2026\/07\/lamborghini-urus-yellow-2.jpg 700w, https:\/\/kingwaycarrental.com\/wp-content\/uploads\/2026\/07\/lamborghini-urus-yellow-2-300x200.jpg 300w\"  data-thumb-sizes=\"(max-width: 300px) 100vw, 300px\" class=\"woocommerce-product-gallery__image\"><a href=\"https:\/\/kingwaycarrental.com\/wp-content\/uploads\/2026\/07\/lamborghini-urus-yellow-2.jpg\"><img decoding=\"async\" width=\"700\" height=\"467\" src=\"https:\/\/kingwaycarrental.com\/wp-content\/uploads\/2026\/07\/lamborghini-urus-yellow-2.jpg\" class=\"\" alt=\"Alquile un Lamborghini Urus amarillo en los Emiratos \u00c1rabes Unidos, con volante de control total\" data-caption=\"\" data-src=\"https:\/\/kingwaycarrental.com\/wp-content\/uploads\/2026\/07\/lamborghini-urus-yellow-2.jpg\" data-large_image=\"https:\/\/kingwaycarrental.com\/wp-content\/uploads\/2026\/07\/lamborghini-urus-yellow-2.jpg\" data-large_image_width=\"700\" data-large_image_height=\"467\" srcset=\"https:\/\/kingwaycarrental.com\/wp-content\/uploads\/2026\/07\/lamborghini-urus-yellow-2.jpg 700w, https:\/\/kingwaycarrental.com\/wp-content\/uploads\/2026\/07\/lamborghini-urus-yellow-2-300x200.jpg 300w\" sizes=\"(max-width: 700px) 100vw, 700px\" title=\"\" data- data-large_image_><\/a><\/div><div data-thumb=\"https:\/\/kingwaycarrental.com\/wp-content\/uploads\/2026\/07\/lamborghini-urus-yellow-4.jpg\" data-thumb-alt=\"Alquile un Lamborghini Urus en Dub\u00e1i: asientos traseros negros y amarillos\" data-thumb-srcset=\"https:\/\/kingwaycarrental.com\/wp-content\/uploads\/2026\/07\/lamborghini-urus-yellow-4.jpg 700w, https:\/\/kingwaycarrental.com\/wp-content\/uploads\/2026\/07\/lamborghini-urus-yellow-4-300x200.jpg 300w\"  data-thumb-sizes=\"(max-width: 300px) 100vw, 300px\" class=\"woocommerce-product-gallery__image\"><a href=\"https:\/\/kingwaycarrental.com\/wp-content\/uploads\/2026\/07\/lamborghini-urus-yellow-4.jpg\"><img decoding=\"async\" width=\"700\" height=\"467\" src=\"https:\/\/kingwaycarrental.com\/wp-content\/uploads\/2026\/07\/lamborghini-urus-yellow-4.jpg\" class=\"\" alt=\"Alquile un Lamborghini Urus en Dub\u00e1i: asientos traseros negros y amarillos\" data-caption=\"\" data-src=\"https:\/\/kingwaycarrental.com\/wp-content\/uploads\/2026\/07\/lamborghini-urus-yellow-4.jpg\" data-large_image=\"https:\/\/kingwaycarrental.com\/wp-content\/uploads\/2026\/07\/lamborghini-urus-yellow-4.jpg\" data-large_image_width=\"700\" data-large_image_height=\"467\" srcset=\"https:\/\/kingwaycarrental.com\/wp-content\/uploads\/2026\/07\/lamborghini-urus-yellow-4.jpg 700w, https:\/\/kingwaycarrental.com\/wp-content\/uploads\/2026\/07\/lamborghini-urus-yellow-4-300x200.jpg 300w\" sizes=\"(max-width: 700px) 100vw, 700px\" title=\"\" data- data-large_image_><\/a><\/div><div data-thumb=\"https:\/\/kingwaycarrental.com\/wp-content\/uploads\/2026\/07\/lamborghini-urus-yellow-5.jpg\" data-thumb-alt=\"Alquile un Lamborghini Urus amarillo en Dub\u00e1i: vista trasera\" data-thumb-srcset=\"https:\/\/kingwaycarrental.com\/wp-content\/uploads\/2026\/07\/lamborghini-urus-yellow-5.jpg 700w, https:\/\/kingwaycarrental.com\/wp-content\/uploads\/2026\/07\/lamborghini-urus-yellow-5-300x200.jpg 300w\"  data-thumb-sizes=\"(max-width: 300px) 100vw, 300px\" class=\"woocommerce-product-gallery__image\"><a href=\"https:\/\/kingwaycarrental.com\/wp-content\/uploads\/2026\/07\/lamborghini-urus-yellow-5.jpg\"><img decoding=\"async\" width=\"700\" height=\"467\" src=\"https:\/\/kingwaycarrental.com\/wp-content\/uploads\/2026\/07\/lamborghini-urus-yellow-5.jpg\" class=\"\" alt=\"Alquile un Lamborghini Urus amarillo en Dub\u00e1i: vista trasera\" data-caption=\"\" data-src=\"https:\/\/kingwaycarrental.com\/wp-content\/uploads\/2026\/07\/lamborghini-urus-yellow-5.jpg\" data-large_image=\"https:\/\/kingwaycarrental.com\/wp-content\/uploads\/2026\/07\/lamborghini-urus-yellow-5.jpg\" data-large_image_width=\"700\" data-large_image_height=\"467\" srcset=\"https:\/\/kingwaycarrental.com\/wp-content\/uploads\/2026\/07\/lamborghini-urus-yellow-5.jpg 700w, https:\/\/kingwaycarrental.com\/wp-content\/uploads\/2026\/07\/lamborghini-urus-yellow-5-300x200.jpg 300w\" sizes=\"(max-width: 700px) 100vw, 700px\" title=\"\" data- data-large_image_><\/a><\/div>\t<\/div>\n<\/div>\n<\/div>\t\t\t<span class=\"ovabrw-featured-product\">\n\t\tDestacado\t<\/span>\n\t\t\t<span class=\"ovabrw-features-featured\">\n\t\t\t\t2024\t\t\t<\/span>\n\t\t\t<\/div>\n\t<div class=\"ovabrw-card-content\">\n\t\t    <div class=\"ovabrw-review\">\n        <div class=\"ovabrw-star-rating\" role=\"img\" aria-label=\"Rated 5.00 out of 5\">\n        \t<i aria-hidden=\"true\" class=\"brwicon-star-3\"><\/i>\n        \t<i aria-hidden=\"true\" class=\"brwicon-star-3\"><\/i>\n        \t<i aria-hidden=\"true\" class=\"brwicon-star-3\"><\/i>\n        \t<i aria-hidden=\"true\" class=\"brwicon-star-3\"><\/i>\n        \t<i aria-hidden=\"true\" class=\"brwicon-star-3\"><\/i>\n            <span class=\"ovabrw-rating-percent\" style=\"width: 100%;\">\n            \t<i aria-hidden=\"true\" class=\"brwicon-star-3\"><\/i>\n            \t<i aria-hidden=\"true\" class=\"brwicon-star-3\"><\/i>\n            \t<i aria-hidden=\"true\" class=\"brwicon-star-3\"><\/i>\n            \t<i aria-hidden=\"true\" class=\"brwicon-star-3\"><\/i>\n            \t<i aria-hidden=\"true\" class=\"brwicon-star-3\"><\/i>\n            <\/span>\n        <\/div>\n        <a href=\"https:\/\/kingwaycarrental.com\/es\/car\/lamborghini-urus-yellow\/#reviews\" class=\"ovabrw-review-link\" rel=\"nofollow\">\n            1 valoraci\u00f3n        <\/a>\n    <\/div>\n\t\t\t<h3 class=\"ovabrw-title\">\n\t\t<a href=\"https:\/\/kingwaycarrental.com\/es\/car\/lamborghini-urus-yellow\/\">\n\t\t\tLamborghini Urus\t\t<\/a>\n\t<\/h3>\n\t\t<div class=\"ovabrw-price\">\n\t\t\t\t<span class=\"amount\">\n\t\t\t\t<span class=\"woocommerce-Price-amount amount\"><bdi><span class=\"woocommerce-Price-currencySymbol\" translate=\"no\">AED<\/span>&nbsp;2,300<\/bdi><\/span>\t\t\t<\/span>\n\t\t\t<span class=\"unit\">\n\t\t\t\t\/ D\u00eda\t\t\t<\/span>\n\t\t<\/div>\t\t\t\t\t<ul class=\"ovabrw-features\">\n\t\t\t\t\t<li class=\"item-feature\">\n\t\t\t\t\t\t\t\t\t<i aria-hidden=\"true\" class=\"flaticon2 flaticon2-sedan\"><\/i>\n\t\t\t\t\t\t\t\t<span>SUV<\/span>\n\t\t\t<\/li>\n\t\t\t\t\t<li class=\"item-feature\">\n\t\t\t\t\t\t\t\t\t<i aria-hidden=\"true\" class=\"flaticon-seat\"><\/i>\n\t\t\t\t\t\t\t\t<span>5 Plazas<\/span>\n\t\t\t<\/li>\n\t\t\t\t\t<li class=\"item-feature\">\n\t\t\t\t\t\t\t\t\t<i aria-hidden=\"true\" class=\"flaticon-car-door\"><\/i>\n\t\t\t\t\t\t\t\t<span>4 Puertas<\/span>\n\t\t\t<\/li>\n\t\t\t\t\t<li class=\"item-feature\">\n\t\t\t\t\t\t\t\t\t<i aria-hidden=\"true\" class=\"flaticon-gas-station\"><\/i>\n\t\t\t\t\t\t\t\t<span>Gasolina<\/span>\n\t\t\t<\/li>\n\t\t\t<\/ul>\n\t\t\t\t\t\t\t<p class=\"ovabrw-short-description\">\n\t\tAlquila un Lamborghini Urus amarillo en Dub\u00e1i a un precio asequible sin dep\u00f3sito, obt\u00e9n las mejores ofertas y ventajas al alquilar coches...\t<\/p>\n\n\t\t<div class=\"ovabrw-card-btn\">\n\t\t\t    <a href=\"https:\/\/kingwaycarrental.com\/es\/car\/lamborghini-urus-yellow\/\" class=\"ovabrw-button\">\n        Reservar Ahora        <i class=\"brwicon-right\" aria-hidden=\"true\"><\/i>\n    <\/a>\n\t\t<\/div>\n\t<\/div>\n<\/div>\t\t\t\t\t\t<\/li>\n\t\t\t\t\t\t\t\t\t\t\t\t<li class=\"item\">\n\t\t\t\t\t\t\t\n<div class=\"ovabrw-card-template ovabrw-card1\">\n\t<div class=\"ovabrw-card-header\">\n\t\t    <div class=\"ovabrw-gallery-popup\">\n    \t\t    \t<div class=\"ovabrw-product-img-feature\">\n\t    \t\t<a href=\"https:\/\/kingwaycarrental.com\/es\/car\/tesla-cybertruck-cyberbeast-black\/\" class=\"ovabrw-product-link\">\n\t\t    \t\t\t            \t\t<img decoding=\"async\" src=\"https:\/\/kingwaycarrental.com\/wp-content\/uploads\/2025\/06\/Tesla-Cybertruck-Cyberbeast-Black.jpg\" alt=\"Alquila Tesla Cybertruck Cyberbeast en Dub\u00e1i - KingWayCarRental\" title=\"\">\n\t            \t            \t<\/a>\n\t    \t<\/div>\n\t        <\/div>\n<div style=\"display: none !important;\">\n\t<div class=\"woocommerce-product-gallery woocommerce-product-gallery--with-images woocommerce-product-gallery--columns-4 images\" data-columns=\"4\" style=\"opacity: 0; transition: opacity .25s ease-in-out;\">\n\t<div class=\"woocommerce-product-gallery__wrapper\">\n\t\t<div data-thumb=\"https:\/\/kingwaycarrental.com\/wp-content\/uploads\/2025\/06\/Tesla-Cybertruck-Cyberbeast-Black.jpg\" data-thumb-alt=\"Alquila Tesla Cybertruck Cyberbeast en Dub\u00e1i - KingWayCarRental\" data-thumb-srcset=\"https:\/\/kingwaycarrental.com\/wp-content\/uploads\/2025\/06\/Tesla-Cybertruck-Cyberbeast-Black.jpg 700w, https:\/\/kingwaycarrental.com\/wp-content\/uploads\/2025\/06\/Tesla-Cybertruck-Cyberbeast-Black-300x200.jpg 300w\"  data-thumb-sizes=\"(max-width: 300px) 100vw, 300px\" class=\"woocommerce-product-gallery__image\"><a href=\"https:\/\/kingwaycarrental.com\/wp-content\/uploads\/2025\/06\/Tesla-Cybertruck-Cyberbeast-Black.jpg\"><img decoding=\"async\" width=\"700\" height=\"467\" src=\"https:\/\/kingwaycarrental.com\/wp-content\/uploads\/2025\/06\/Tesla-Cybertruck-Cyberbeast-Black.jpg\" class=\"wp-post-image\" alt=\"Alquila Tesla Cybertruck Cyberbeast en Dub\u00e1i - KingWayCarRental\" data-caption=\"\" data-src=\"https:\/\/kingwaycarrental.com\/wp-content\/uploads\/2025\/06\/Tesla-Cybertruck-Cyberbeast-Black.jpg\" data-large_image=\"https:\/\/kingwaycarrental.com\/wp-content\/uploads\/2025\/06\/Tesla-Cybertruck-Cyberbeast-Black.jpg\" data-large_image_width=\"700\" data-large_image_height=\"467\" srcset=\"https:\/\/kingwaycarrental.com\/wp-content\/uploads\/2025\/06\/Tesla-Cybertruck-Cyberbeast-Black.jpg 700w, https:\/\/kingwaycarrental.com\/wp-content\/uploads\/2025\/06\/Tesla-Cybertruck-Cyberbeast-Black-300x200.jpg 300w\" sizes=\"(max-width: 700px) 100vw, 700px\" title=\"\" data- data-large_image_><\/a><\/div><div data-thumb=\"https:\/\/kingwaycarrental.com\/wp-content\/uploads\/2025\/06\/Tesla-Cybertruck-Cyberbeast-Black-2.jpg\" data-thumb-alt=\"Alquila una impresionante Tesla Cybertruck en Dub\u00e1i, vista lateral\" data-thumb-srcset=\"https:\/\/kingwaycarrental.com\/wp-content\/uploads\/2025\/06\/Tesla-Cybertruck-Cyberbeast-Black-2.jpg 700w, https:\/\/kingwaycarrental.com\/wp-content\/uploads\/2025\/06\/Tesla-Cybertruck-Cyberbeast-Black-2-300x200.jpg 300w\"  data-thumb-sizes=\"(max-width: 300px) 100vw, 300px\" class=\"woocommerce-product-gallery__image\"><a href=\"https:\/\/kingwaycarrental.com\/wp-content\/uploads\/2025\/06\/Tesla-Cybertruck-Cyberbeast-Black-2.jpg\"><img decoding=\"async\" width=\"700\" height=\"467\" src=\"https:\/\/kingwaycarrental.com\/wp-content\/uploads\/2025\/06\/Tesla-Cybertruck-Cyberbeast-Black-2.jpg\" class=\"\" alt=\"Alquila una impresionante Tesla Cybertruck en Dub\u00e1i, vista lateral\" data-caption=\"\" data-src=\"https:\/\/kingwaycarrental.com\/wp-content\/uploads\/2025\/06\/Tesla-Cybertruck-Cyberbeast-Black-2.jpg\" data-large_image=\"https:\/\/kingwaycarrental.com\/wp-content\/uploads\/2025\/06\/Tesla-Cybertruck-Cyberbeast-Black-2.jpg\" data-large_image_width=\"700\" data-large_image_height=\"467\" srcset=\"https:\/\/kingwaycarrental.com\/wp-content\/uploads\/2025\/06\/Tesla-Cybertruck-Cyberbeast-Black-2.jpg 700w, https:\/\/kingwaycarrental.com\/wp-content\/uploads\/2025\/06\/Tesla-Cybertruck-Cyberbeast-Black-2-300x200.jpg 300w\" sizes=\"(max-width: 700px) 100vw, 700px\" title=\"\" data- data-large_image_><\/a><\/div><div data-thumb=\"https:\/\/kingwaycarrental.com\/wp-content\/uploads\/2025\/06\/Tesla-Cybertruck-Cyberbeast-Black-3.jpg\" data-thumb-alt=\"Alquiler de Tesla Cybertruck en Dub\u00e1i: volante y tablero\" data-thumb-srcset=\"https:\/\/kingwaycarrental.com\/wp-content\/uploads\/2025\/06\/Tesla-Cybertruck-Cyberbeast-Black-3.jpg 700w, https:\/\/kingwaycarrental.com\/wp-content\/uploads\/2025\/06\/Tesla-Cybertruck-Cyberbeast-Black-3-300x200.jpg 300w\"  data-thumb-sizes=\"(max-width: 300px) 100vw, 300px\" class=\"woocommerce-product-gallery__image\"><a href=\"https:\/\/kingwaycarrental.com\/wp-content\/uploads\/2025\/06\/Tesla-Cybertruck-Cyberbeast-Black-3.jpg\"><img decoding=\"async\" width=\"700\" height=\"467\" src=\"https:\/\/kingwaycarrental.com\/wp-content\/uploads\/2025\/06\/Tesla-Cybertruck-Cyberbeast-Black-3.jpg\" class=\"\" alt=\"Alquiler de Tesla Cybertruck en Dub\u00e1i: volante y tablero\" data-caption=\"\" data-src=\"https:\/\/kingwaycarrental.com\/wp-content\/uploads\/2025\/06\/Tesla-Cybertruck-Cyberbeast-Black-3.jpg\" data-large_image=\"https:\/\/kingwaycarrental.com\/wp-content\/uploads\/2025\/06\/Tesla-Cybertruck-Cyberbeast-Black-3.jpg\" data-large_image_width=\"700\" data-large_image_height=\"467\" srcset=\"https:\/\/kingwaycarrental.com\/wp-content\/uploads\/2025\/06\/Tesla-Cybertruck-Cyberbeast-Black-3.jpg 700w, https:\/\/kingwaycarrental.com\/wp-content\/uploads\/2025\/06\/Tesla-Cybertruck-Cyberbeast-Black-3-300x200.jpg 300w\" sizes=\"(max-width: 700px) 100vw, 700px\" title=\"\" data- data-large_image_><\/a><\/div><div data-thumb=\"https:\/\/kingwaycarrental.com\/wp-content\/uploads\/2025\/06\/Tesla-Cybertruck-Cyberbeast-Black-4.jpg\" data-thumb-alt=\"Alquiler de Tesla Cybertruck en Dub\u00e1i, cabina turquesa\" data-thumb-srcset=\"https:\/\/kingwaycarrental.com\/wp-content\/uploads\/2025\/06\/Tesla-Cybertruck-Cyberbeast-Black-4.jpg 700w, https:\/\/kingwaycarrental.com\/wp-content\/uploads\/2025\/06\/Tesla-Cybertruck-Cyberbeast-Black-4-300x200.jpg 300w\"  data-thumb-sizes=\"(max-width: 300px) 100vw, 300px\" class=\"woocommerce-product-gallery__image\"><a href=\"https:\/\/kingwaycarrental.com\/wp-content\/uploads\/2025\/06\/Tesla-Cybertruck-Cyberbeast-Black-4.jpg\"><img decoding=\"async\" width=\"700\" height=\"467\" src=\"https:\/\/kingwaycarrental.com\/wp-content\/uploads\/2025\/06\/Tesla-Cybertruck-Cyberbeast-Black-4.jpg\" class=\"\" alt=\"Alquiler de Tesla Cybertruck en Dub\u00e1i, cabina turquesa\" data-caption=\"\" data-src=\"https:\/\/kingwaycarrental.com\/wp-content\/uploads\/2025\/06\/Tesla-Cybertruck-Cyberbeast-Black-4.jpg\" data-large_image=\"https:\/\/kingwaycarrental.com\/wp-content\/uploads\/2025\/06\/Tesla-Cybertruck-Cyberbeast-Black-4.jpg\" data-large_image_width=\"700\" data-large_image_height=\"467\" srcset=\"https:\/\/kingwaycarrental.com\/wp-content\/uploads\/2025\/06\/Tesla-Cybertruck-Cyberbeast-Black-4.jpg 700w, https:\/\/kingwaycarrental.com\/wp-content\/uploads\/2025\/06\/Tesla-Cybertruck-Cyberbeast-Black-4-300x200.jpg 300w\" sizes=\"(max-width: 700px) 100vw, 700px\" title=\"\" data- data-large_image_><\/a><\/div>\t<\/div>\n<\/div>\n<\/div>\t\t\t<span class=\"ovabrw-featured-product\">\n\t\tDestacado\t<\/span>\n\t\t\t<span class=\"ovabrw-features-featured\">\n\t\t\t\t2024\t\t\t<\/span>\n\t\t\t<\/div>\n\t<div class=\"ovabrw-card-content\">\n\t\t    <div class=\"ovabrw-review\">\n        <div class=\"ovabrw-star-rating\" role=\"img\" aria-label=\"Rated 5.00 out of 5\">\n        \t<i aria-hidden=\"true\" class=\"brwicon-star-3\"><\/i>\n        \t<i aria-hidden=\"true\" class=\"brwicon-star-3\"><\/i>\n        \t<i aria-hidden=\"true\" class=\"brwicon-star-3\"><\/i>\n        \t<i aria-hidden=\"true\" class=\"brwicon-star-3\"><\/i>\n        \t<i aria-hidden=\"true\" class=\"brwicon-star-3\"><\/i>\n            <span class=\"ovabrw-rating-percent\" style=\"width: 100%;\">\n            \t<i aria-hidden=\"true\" class=\"brwicon-star-3\"><\/i>\n            \t<i aria-hidden=\"true\" class=\"brwicon-star-3\"><\/i>\n            \t<i aria-hidden=\"true\" class=\"brwicon-star-3\"><\/i>\n            \t<i aria-hidden=\"true\" class=\"brwicon-star-3\"><\/i>\n            \t<i aria-hidden=\"true\" class=\"brwicon-star-3\"><\/i>\n            <\/span>\n        <\/div>\n        <a href=\"https:\/\/kingwaycarrental.com\/es\/car\/tesla-cybertruck-cyberbeast-black\/#reviews\" class=\"ovabrw-review-link\" rel=\"nofollow\">\n            1 valoraci\u00f3n        <\/a>\n    <\/div>\n\t\t\t<h3 class=\"ovabrw-title\">\n\t\t<a href=\"https:\/\/kingwaycarrental.com\/es\/car\/tesla-cybertruck-cyberbeast-black\/\">\n\t\t\tTesla Cybertruck Beast\t\t<\/a>\n\t<\/h3>\n\t\t<div class=\"ovabrw-price\">\n\t\t\t\t<span class=\"amount\">\n\t\t\t\t<span class=\"woocommerce-Price-amount amount\"><bdi><span class=\"woocommerce-Price-currencySymbol\" translate=\"no\">AED<\/span>&nbsp;2,400<\/bdi><\/span>\t\t\t<\/span>\n\t\t\t<span class=\"unit\">\n\t\t\t\t\/ D\u00eda\t\t\t<\/span>\n\t\t<\/div>\t\t\t\t\t<ul class=\"ovabrw-features\">\n\t\t\t\t\t<li class=\"item-feature\">\n\t\t\t\t\t\t\t\t\t<i aria-hidden=\"true\" class=\"flaticon2 flaticon2-sedan\"><\/i>\n\t\t\t\t\t\t\t\t<span>SUV<\/span>\n\t\t\t<\/li>\n\t\t\t\t\t<li class=\"item-feature\">\n\t\t\t\t\t\t\t\t\t<i aria-hidden=\"true\" class=\"flaticon-seat\"><\/i>\n\t\t\t\t\t\t\t\t<span>5 Plazas<\/span>\n\t\t\t<\/li>\n\t\t\t\t\t<li class=\"item-feature\">\n\t\t\t\t\t\t\t\t\t<i aria-hidden=\"true\" class=\"flaticon-car-door\"><\/i>\n\t\t\t\t\t\t\t\t<span>4 Puertas<\/span>\n\t\t\t<\/li>\n\t\t\t\t\t<li class=\"item-feature\">\n\t\t\t\t\t\t\t\t\t<i aria-hidden=\"true\" class=\"flaticon-gas-station\"><\/i>\n\t\t\t\t\t\t\t\t<span>El\u00e9ctrica<\/span>\n\t\t\t<\/li>\n\t\t\t<\/ul>\n\t\t\t\t\t\t\t<p class=\"ovabrw-short-description\">\n\t\tAhora disponible a trav\u00e9s de King Way Car Rental, alquila el Tesla Cybertruck Cyberbeast en Dub\u00e1i a precios accesibles desde 2400 AED...\t<\/p>\n\n\t\t<div class=\"ovabrw-card-btn\">\n\t\t\t    <a href=\"https:\/\/kingwaycarrental.com\/es\/car\/tesla-cybertruck-cyberbeast-black\/\" class=\"ovabrw-button\">\n        Reservar Ahora        <i class=\"brwicon-right\" aria-hidden=\"true\"><\/i>\n    <\/a>\n\t\t<\/div>\n\t<\/div>\n<\/div>\t\t\t\t\t\t<\/li>\n\t\t\t\t\t\t\t\t\t\t\t\t<li class=\"item\">\n\t\t\t\t\t\t\t\n<div class=\"ovabrw-card-template ovabrw-card1\">\n\t<div class=\"ovabrw-card-header\">\n\t\t    <div class=\"ovabrw-gallery-popup\">\n    \t\t    \t<div class=\"ovabrw-product-img-feature\">\n\t    \t\t<a href=\"https:\/\/kingwaycarrental.com\/es\/car\/ferrari-812-superfast-grey\/\" class=\"ovabrw-product-link\">\n\t\t    \t\t\t            \t\t<img decoding=\"async\" src=\"https:\/\/kingwaycarrental.com\/wp-content\/uploads\/2026\/05\/rent-ferrari-812-superfast-grey-700x446.jpg\" alt=\"Alquiler de Ferrari 812 Superfast (Gris) en Dub\u00e1i - Rent Sports Car\" title=\"\">\n\t            \t            \t<\/a>\n\t    \t<\/div>\n\t        <\/div>\n<div style=\"display: none !important;\">\n\t<div class=\"woocommerce-product-gallery woocommerce-product-gallery--with-images woocommerce-product-gallery--columns-4 images\" data-columns=\"4\" style=\"opacity: 0; transition: opacity .25s ease-in-out;\">\n\t<div class=\"woocommerce-product-gallery__wrapper\">\n\t\t<div data-thumb=\"https:\/\/kingwaycarrental.com\/wp-content\/uploads\/2026\/05\/rent-ferrari-812-superfast-grey.jpg\" data-thumb-alt=\"Alquiler de Ferrari 812 Superfast (Gris) en Dub\u00e1i - Rent Sports Car\" data-thumb-srcset=\"https:\/\/kingwaycarrental.com\/wp-content\/uploads\/2026\/05\/rent-ferrari-812-superfast-grey.jpg 800w, https:\/\/kingwaycarrental.com\/wp-content\/uploads\/2026\/05\/rent-ferrari-812-superfast-grey-300x191.jpg 300w, https:\/\/kingwaycarrental.com\/wp-content\/uploads\/2026\/05\/rent-ferrari-812-superfast-grey-768x490.jpg 768w, https:\/\/kingwaycarrental.com\/wp-content\/uploads\/2026\/05\/rent-ferrari-812-superfast-grey-700x446.jpg 700w\"  data-thumb-sizes=\"(max-width: 300px) 100vw, 300px\" class=\"woocommerce-product-gallery__image\"><a href=\"https:\/\/kingwaycarrental.com\/wp-content\/uploads\/2026\/05\/rent-ferrari-812-superfast-grey.jpg\"><img decoding=\"async\" width=\"700\" height=\"446\" src=\"https:\/\/kingwaycarrental.com\/wp-content\/uploads\/2026\/05\/rent-ferrari-812-superfast-grey-700x446.jpg\" class=\"wp-post-image\" alt=\"Alquiler de Ferrari 812 Superfast (Gris) en Dub\u00e1i - Rent Sports Car\" data-caption=\"\" data-src=\"https:\/\/kingwaycarrental.com\/wp-content\/uploads\/2026\/05\/rent-ferrari-812-superfast-grey.jpg\" data-large_image=\"https:\/\/kingwaycarrental.com\/wp-content\/uploads\/2026\/05\/rent-ferrari-812-superfast-grey.jpg\" data-large_image_width=\"800\" data-large_image_height=\"510\" srcset=\"https:\/\/kingwaycarrental.com\/wp-content\/uploads\/2026\/05\/rent-ferrari-812-superfast-grey-700x446.jpg 700w, https:\/\/kingwaycarrental.com\/wp-content\/uploads\/2026\/05\/rent-ferrari-812-superfast-grey-300x191.jpg 300w, https:\/\/kingwaycarrental.com\/wp-content\/uploads\/2026\/05\/rent-ferrari-812-superfast-grey-768x490.jpg 768w, https:\/\/kingwaycarrental.com\/wp-content\/uploads\/2026\/05\/rent-ferrari-812-superfast-grey.jpg 800w\" sizes=\"(max-width: 700px) 100vw, 700px\" title=\"\"><\/a><\/div><div data-thumb=\"https:\/\/kingwaycarrental.com\/wp-content\/uploads\/2026\/05\/rent-ferrari-812-superfast-grey-2.jpg\" data-thumb-alt=\"Volante y cabina del Ferrari 812 Superfast disponibles para alquilar\" data-thumb-srcset=\"https:\/\/kingwaycarrental.com\/wp-content\/uploads\/2026\/05\/rent-ferrari-812-superfast-grey-2.jpg 700w, https:\/\/kingwaycarrental.com\/wp-content\/uploads\/2026\/05\/rent-ferrari-812-superfast-grey-2-300x200.jpg 300w\"  data-thumb-sizes=\"(max-width: 300px) 100vw, 300px\" class=\"woocommerce-product-gallery__image\"><a href=\"https:\/\/kingwaycarrental.com\/wp-content\/uploads\/2026\/05\/rent-ferrari-812-superfast-grey-2.jpg\"><img decoding=\"async\" width=\"700\" height=\"467\" src=\"https:\/\/kingwaycarrental.com\/wp-content\/uploads\/2026\/05\/rent-ferrari-812-superfast-grey-2.jpg\" class=\"\" alt=\"Volante y cabina del Ferrari 812 Superfast disponibles para alquilar\" data-caption=\"\" data-src=\"https:\/\/kingwaycarrental.com\/wp-content\/uploads\/2026\/05\/rent-ferrari-812-superfast-grey-2.jpg\" data-large_image=\"https:\/\/kingwaycarrental.com\/wp-content\/uploads\/2026\/05\/rent-ferrari-812-superfast-grey-2.jpg\" data-large_image_width=\"700\" data-large_image_height=\"467\" srcset=\"https:\/\/kingwaycarrental.com\/wp-content\/uploads\/2026\/05\/rent-ferrari-812-superfast-grey-2.jpg 700w, https:\/\/kingwaycarrental.com\/wp-content\/uploads\/2026\/05\/rent-ferrari-812-superfast-grey-2-300x200.jpg 300w\" sizes=\"(max-width: 700px) 100vw, 700px\" title=\"\" data- data-large_image_><\/a><\/div><div data-thumb=\"https:\/\/kingwaycarrental.com\/wp-content\/uploads\/2026\/05\/rent-ferrari-812-superfast-grey-4.jpg\" data-thumb-alt=\"Alquila un Ferrari 812 Superfast en Dub\u00e1i: llantas deportivas negras\" data-thumb-srcset=\"https:\/\/kingwaycarrental.com\/wp-content\/uploads\/2026\/05\/rent-ferrari-812-superfast-grey-4.jpg 700w, https:\/\/kingwaycarrental.com\/wp-content\/uploads\/2026\/05\/rent-ferrari-812-superfast-grey-4-300x200.jpg 300w\"  data-thumb-sizes=\"(max-width: 300px) 100vw, 300px\" class=\"woocommerce-product-gallery__image\"><a href=\"https:\/\/kingwaycarrental.com\/wp-content\/uploads\/2026\/05\/rent-ferrari-812-superfast-grey-4.jpg\"><img decoding=\"async\" width=\"700\" height=\"467\" src=\"https:\/\/kingwaycarrental.com\/wp-content\/uploads\/2026\/05\/rent-ferrari-812-superfast-grey-4.jpg\" class=\"\" alt=\"Alquila un Ferrari 812 Superfast en Dub\u00e1i: llantas deportivas negras\" data-caption=\"\" data-src=\"https:\/\/kingwaycarrental.com\/wp-content\/uploads\/2026\/05\/rent-ferrari-812-superfast-grey-4.jpg\" data-large_image=\"https:\/\/kingwaycarrental.com\/wp-content\/uploads\/2026\/05\/rent-ferrari-812-superfast-grey-4.jpg\" data-large_image_width=\"700\" data-large_image_height=\"467\" srcset=\"https:\/\/kingwaycarrental.com\/wp-content\/uploads\/2026\/05\/rent-ferrari-812-superfast-grey-4.jpg 700w, https:\/\/kingwaycarrental.com\/wp-content\/uploads\/2026\/05\/rent-ferrari-812-superfast-grey-4-300x200.jpg 300w\" sizes=\"(max-width: 700px) 100vw, 700px\" title=\"\" data- data-large_image_><\/a><\/div><div data-thumb=\"https:\/\/kingwaycarrental.com\/wp-content\/uploads\/2026\/05\/rent-ferrari-812-superfast-grey-3.jpg\" data-thumb-alt=\"Ferrari 812 Superfast en alquiler en Dub\u00e1i: lujosos asientos deportivos de cuero\" data-thumb-srcset=\"https:\/\/kingwaycarrental.com\/wp-content\/uploads\/2026\/05\/rent-ferrari-812-superfast-grey-3.jpg 700w, https:\/\/kingwaycarrental.com\/wp-content\/uploads\/2026\/05\/rent-ferrari-812-superfast-grey-3-300x200.jpg 300w\"  data-thumb-sizes=\"(max-width: 300px) 100vw, 300px\" class=\"woocommerce-product-gallery__image\"><a href=\"https:\/\/kingwaycarrental.com\/wp-content\/uploads\/2026\/05\/rent-ferrari-812-superfast-grey-3.jpg\"><img decoding=\"async\" width=\"700\" height=\"467\" src=\"https:\/\/kingwaycarrental.com\/wp-content\/uploads\/2026\/05\/rent-ferrari-812-superfast-grey-3.jpg\" class=\"\" alt=\"Ferrari 812 Superfast en alquiler en Dub\u00e1i: lujosos asientos deportivos de cuero\" data-caption=\"\" data-src=\"https:\/\/kingwaycarrental.com\/wp-content\/uploads\/2026\/05\/rent-ferrari-812-superfast-grey-3.jpg\" data-large_image=\"https:\/\/kingwaycarrental.com\/wp-content\/uploads\/2026\/05\/rent-ferrari-812-superfast-grey-3.jpg\" data-large_image_width=\"700\" data-large_image_height=\"467\" srcset=\"https:\/\/kingwaycarrental.com\/wp-content\/uploads\/2026\/05\/rent-ferrari-812-superfast-grey-3.jpg 700w, https:\/\/kingwaycarrental.com\/wp-content\/uploads\/2026\/05\/rent-ferrari-812-superfast-grey-3-300x200.jpg 300w\" sizes=\"(max-width: 700px) 100vw, 700px\" title=\"\" data- data-large_image_><\/a><\/div><div data-thumb=\"https:\/\/kingwaycarrental.com\/wp-content\/uploads\/2026\/05\/rent-ferrari-812-superfast-grey-5.jpg\" data-thumb-alt=\"Alquila un Ferrari 812 Superfast gris con franja amarilla: dise\u00f1o trasero distintivo\" data-thumb-srcset=\"https:\/\/kingwaycarrental.com\/wp-content\/uploads\/2026\/05\/rent-ferrari-812-superfast-grey-5.jpg 700w, https:\/\/kingwaycarrental.com\/wp-content\/uploads\/2026\/05\/rent-ferrari-812-superfast-grey-5-300x200.jpg 300w\"  data-thumb-sizes=\"(max-width: 300px) 100vw, 300px\" class=\"woocommerce-product-gallery__image\"><a href=\"https:\/\/kingwaycarrental.com\/wp-content\/uploads\/2026\/05\/rent-ferrari-812-superfast-grey-5.jpg\"><img decoding=\"async\" width=\"700\" height=\"467\" src=\"https:\/\/kingwaycarrental.com\/wp-content\/uploads\/2026\/05\/rent-ferrari-812-superfast-grey-5.jpg\" class=\"\" alt=\"Alquila un Ferrari 812 Superfast gris con franja amarilla: dise\u00f1o trasero distintivo\" data-caption=\"\" data-src=\"https:\/\/kingwaycarrental.com\/wp-content\/uploads\/2026\/05\/rent-ferrari-812-superfast-grey-5.jpg\" data-large_image=\"https:\/\/kingwaycarrental.com\/wp-content\/uploads\/2026\/05\/rent-ferrari-812-superfast-grey-5.jpg\" data-large_image_width=\"700\" data-large_image_height=\"467\" srcset=\"https:\/\/kingwaycarrental.com\/wp-content\/uploads\/2026\/05\/rent-ferrari-812-superfast-grey-5.jpg 700w, https:\/\/kingwaycarrental.com\/wp-content\/uploads\/2026\/05\/rent-ferrari-812-superfast-grey-5-300x200.jpg 300w\" sizes=\"(max-width: 700px) 100vw, 700px\" title=\"\" data- data-large_image_><\/a><\/div>\t<\/div>\n<\/div>\n<\/div>\t\t\t<span class=\"ovabrw-featured-product\">\n\t\tDestacado\t<\/span>\n\t\t\t<span class=\"ovabrw-features-featured\">\n\t\t\t\t2024\t\t\t<\/span>\n\t\t\t<\/div>\n\t<div class=\"ovabrw-card-content\">\n\t\t    <div class=\"ovabrw-review\">\n        <div class=\"ovabrw-star-rating\" role=\"img\" aria-label=\"Rated 5.00 out of 5\">\n        \t<i aria-hidden=\"true\" class=\"brwicon-star-3\"><\/i>\n        \t<i aria-hidden=\"true\" class=\"brwicon-star-3\"><\/i>\n        \t<i aria-hidden=\"true\" class=\"brwicon-star-3\"><\/i>\n        \t<i aria-hidden=\"true\" class=\"brwicon-star-3\"><\/i>\n        \t<i aria-hidden=\"true\" class=\"brwicon-star-3\"><\/i>\n            <span class=\"ovabrw-rating-percent\" style=\"width: 100%;\">\n            \t<i aria-hidden=\"true\" class=\"brwicon-star-3\"><\/i>\n            \t<i aria-hidden=\"true\" class=\"brwicon-star-3\"><\/i>\n            \t<i aria-hidden=\"true\" class=\"brwicon-star-3\"><\/i>\n            \t<i aria-hidden=\"true\" class=\"brwicon-star-3\"><\/i>\n            \t<i aria-hidden=\"true\" class=\"brwicon-star-3\"><\/i>\n            <\/span>\n        <\/div>\n        <a href=\"https:\/\/kingwaycarrental.com\/es\/car\/ferrari-812-superfast-grey\/#reviews\" class=\"ovabrw-review-link\" rel=\"nofollow\">\n            1 valoraci\u00f3n        <\/a>\n    <\/div>\n\t\t\t<h3 class=\"ovabrw-title\">\n\t\t<a href=\"https:\/\/kingwaycarrental.com\/es\/car\/ferrari-812-superfast-grey\/\">\n\t\t\tFerrari 812 Superfast\t\t<\/a>\n\t<\/h3>\n\t\t<div class=\"ovabrw-price\">\n\t\t\t\t<span class=\"amount\">\n\t\t\t\t<span class=\"woocommerce-Price-amount amount\"><bdi><span class=\"woocommerce-Price-currencySymbol\" translate=\"no\">AED<\/span>&nbsp;2,900<\/bdi><\/span>\t\t\t<\/span>\n\t\t\t<span class=\"unit\">\n\t\t\t\t\/ D\u00eda\t\t\t<\/span>\n\t\t<\/div>\t\t\t\t\t<ul class=\"ovabrw-features\">\n\t\t\t\t\t<li class=\"item-feature\">\n\t\t\t\t\t\t\t\t\t<i aria-hidden=\"true\" class=\"flaticon2 flaticon2-sedan\"><\/i>\n\t\t\t\t\t\t\t\t<span>Deportes<\/span>\n\t\t\t<\/li>\n\t\t\t\t\t<li class=\"item-feature\">\n\t\t\t\t\t\t\t\t\t<i aria-hidden=\"true\" class=\"flaticon-seat\"><\/i>\n\t\t\t\t\t\t\t\t<span>2 Plazas<\/span>\n\t\t\t<\/li>\n\t\t\t\t\t<li class=\"item-feature\">\n\t\t\t\t\t\t\t\t\t<i aria-hidden=\"true\" class=\"flaticon-car-door\"><\/i>\n\t\t\t\t\t\t\t\t<span>2 Doors<\/span>\n\t\t\t<\/li>\n\t\t\t\t\t<li class=\"item-feature\">\n\t\t\t\t\t\t\t\t\t<i aria-hidden=\"true\" class=\"flaticon-gas-station\"><\/i>\n\t\t\t\t\t\t\t\t<span>Gasolina<\/span>\n\t\t\t<\/li>\n\t\t\t<\/ul>\n\t\t\t\t\t\t\t<p class=\"ovabrw-short-description\">\n\t\tDisfruta de la experiencia de alquilar un Ferrari 812 Superfast (color gris) en Dub\u00e1i para brillar como una estrella brillante con King...\t<\/p>\n\n\t\t<div class=\"ovabrw-card-btn\">\n\t\t\t    <a href=\"https:\/\/kingwaycarrental.com\/es\/car\/ferrari-812-superfast-grey\/\" class=\"ovabrw-button\">\n        Reservar Ahora        <i class=\"brwicon-right\" aria-hidden=\"true\"><\/i>\n    <\/a>\n\t\t<\/div>\n\t<\/div>\n<\/div>\t\t\t\t\t\t<\/li>\n\t\t\t\t\t\t\t\t\t\t\t\t<li class=\"item\">\n\t\t\t\t\t\t\t\n<div class=\"ovabrw-card-template ovabrw-card1\">\n\t<div class=\"ovabrw-card-header\">\n\t\t    <div class=\"ovabrw-gallery-popup\">\n    \t\t    \t<div class=\"ovabrw-product-img-feature\">\n\t    \t\t<a href=\"https:\/\/kingwaycarrental.com\/es\/car\/rent-ferrari-812-superfast-in-dubai\/\" class=\"ovabrw-product-link\">\n\t\t    \t\t\t            \t\t<img decoding=\"async\" src=\"https:\/\/kingwaycarrental.com\/wp-content\/uploads\/2025\/01\/Rent-Ferrari-812-Superfast-in-Dubai.jpg\" alt=\"Alquilar Ferrari 812 Superfast en Dub\u00e1i sin dep\u00f3sito - Supercar Rental\" title=\"\">\n\t            \t            \t<\/a>\n\t    \t<\/div>\n\t        <\/div>\n<div style=\"display: none !important;\">\n\t<div class=\"woocommerce-product-gallery woocommerce-product-gallery--with-images woocommerce-product-gallery--columns-4 images\" data-columns=\"4\" style=\"opacity: 0; transition: opacity .25s ease-in-out;\">\n\t<div class=\"woocommerce-product-gallery__wrapper\">\n\t\t<div data-thumb=\"https:\/\/kingwaycarrental.com\/wp-content\/uploads\/2025\/01\/Rent-Ferrari-812-Superfast-in-Dubai.jpg\" data-thumb-alt=\"Alquilar Ferrari 812 Superfast en Dub\u00e1i sin dep\u00f3sito - Supercar Rental\" data-thumb-srcset=\"https:\/\/kingwaycarrental.com\/wp-content\/uploads\/2025\/01\/Rent-Ferrari-812-Superfast-in-Dubai.jpg 700w, https:\/\/kingwaycarrental.com\/wp-content\/uploads\/2025\/01\/Rent-Ferrari-812-Superfast-in-Dubai-300x200.jpg 300w\"  data-thumb-sizes=\"(max-width: 300px) 100vw, 300px\" class=\"woocommerce-product-gallery__image\"><a href=\"https:\/\/kingwaycarrental.com\/wp-content\/uploads\/2025\/01\/Rent-Ferrari-812-Superfast-in-Dubai.jpg\"><img decoding=\"async\" width=\"700\" height=\"467\" src=\"https:\/\/kingwaycarrental.com\/wp-content\/uploads\/2025\/01\/Rent-Ferrari-812-Superfast-in-Dubai.jpg\" class=\"wp-post-image\" alt=\"Alquilar Ferrari 812 Superfast en Dub\u00e1i sin dep\u00f3sito - Supercar Rental\" data-caption=\"\" data-src=\"https:\/\/kingwaycarrental.com\/wp-content\/uploads\/2025\/01\/Rent-Ferrari-812-Superfast-in-Dubai.jpg\" data-large_image=\"https:\/\/kingwaycarrental.com\/wp-content\/uploads\/2025\/01\/Rent-Ferrari-812-Superfast-in-Dubai.jpg\" data-large_image_width=\"700\" data-large_image_height=\"467\" srcset=\"https:\/\/kingwaycarrental.com\/wp-content\/uploads\/2025\/01\/Rent-Ferrari-812-Superfast-in-Dubai.jpg 700w, https:\/\/kingwaycarrental.com\/wp-content\/uploads\/2025\/01\/Rent-Ferrari-812-Superfast-in-Dubai-300x200.jpg 300w\" sizes=\"(max-width: 700px) 100vw, 700px\" title=\"\" data- data-large_image_><\/a><\/div><div data-thumb=\"https:\/\/kingwaycarrental.com\/wp-content\/uploads\/2025\/01\/Rent-Ferrari-812-Superfast-in-Dubai-6.jpg\" data-thumb-alt=\"Ferrari 812 Superfast en alquiler en Dub\u00e1i - Aceler\u00f3metro deportivo\" data-thumb-srcset=\"https:\/\/kingwaycarrental.com\/wp-content\/uploads\/2025\/01\/Rent-Ferrari-812-Superfast-in-Dubai-6.jpg 700w, https:\/\/kingwaycarrental.com\/wp-content\/uploads\/2025\/01\/Rent-Ferrari-812-Superfast-in-Dubai-6-300x200.jpg 300w\"  data-thumb-sizes=\"(max-width: 300px) 100vw, 300px\" class=\"woocommerce-product-gallery__image\"><a href=\"https:\/\/kingwaycarrental.com\/wp-content\/uploads\/2025\/01\/Rent-Ferrari-812-Superfast-in-Dubai-6.jpg\"><img decoding=\"async\" width=\"700\" height=\"467\" src=\"https:\/\/kingwaycarrental.com\/wp-content\/uploads\/2025\/01\/Rent-Ferrari-812-Superfast-in-Dubai-6.jpg\" class=\"\" alt=\"Ferrari 812 Superfast en alquiler en Dub\u00e1i - Aceler\u00f3metro deportivo\" data-caption=\"\" data-src=\"https:\/\/kingwaycarrental.com\/wp-content\/uploads\/2025\/01\/Rent-Ferrari-812-Superfast-in-Dubai-6.jpg\" data-large_image=\"https:\/\/kingwaycarrental.com\/wp-content\/uploads\/2025\/01\/Rent-Ferrari-812-Superfast-in-Dubai-6.jpg\" data-large_image_width=\"700\" data-large_image_height=\"467\" srcset=\"https:\/\/kingwaycarrental.com\/wp-content\/uploads\/2025\/01\/Rent-Ferrari-812-Superfast-in-Dubai-6.jpg 700w, https:\/\/kingwaycarrental.com\/wp-content\/uploads\/2025\/01\/Rent-Ferrari-812-Superfast-in-Dubai-6-300x200.jpg 300w\" sizes=\"(max-width: 700px) 100vw, 700px\" title=\"\" data- data-large_image_><\/a><\/div><div data-thumb=\"https:\/\/kingwaycarrental.com\/wp-content\/uploads\/2025\/01\/Rent-Ferrari-812-Superfast-in-Dubai-2.jpg\" data-thumb-alt=\"Ferrari 812 GTS rojo en alquiler en Dub\u00e1i - Vista frontal deportiva\" data-thumb-srcset=\"https:\/\/kingwaycarrental.com\/wp-content\/uploads\/2025\/01\/Rent-Ferrari-812-Superfast-in-Dubai-2.jpg 700w, https:\/\/kingwaycarrental.com\/wp-content\/uploads\/2025\/01\/Rent-Ferrari-812-Superfast-in-Dubai-2-300x200.jpg 300w\"  data-thumb-sizes=\"(max-width: 300px) 100vw, 300px\" class=\"woocommerce-product-gallery__image\"><a href=\"https:\/\/kingwaycarrental.com\/wp-content\/uploads\/2025\/01\/Rent-Ferrari-812-Superfast-in-Dubai-2.jpg\"><img decoding=\"async\" width=\"700\" height=\"467\" src=\"https:\/\/kingwaycarrental.com\/wp-content\/uploads\/2025\/01\/Rent-Ferrari-812-Superfast-in-Dubai-2.jpg\" class=\"\" alt=\"Ferrari 812 GTS rojo en alquiler en Dub\u00e1i - Vista frontal deportiva\" data-caption=\"\" data-src=\"https:\/\/kingwaycarrental.com\/wp-content\/uploads\/2025\/01\/Rent-Ferrari-812-Superfast-in-Dubai-2.jpg\" data-large_image=\"https:\/\/kingwaycarrental.com\/wp-content\/uploads\/2025\/01\/Rent-Ferrari-812-Superfast-in-Dubai-2.jpg\" data-large_image_width=\"700\" data-large_image_height=\"467\" srcset=\"https:\/\/kingwaycarrental.com\/wp-content\/uploads\/2025\/01\/Rent-Ferrari-812-Superfast-in-Dubai-2.jpg 700w, https:\/\/kingwaycarrental.com\/wp-content\/uploads\/2025\/01\/Rent-Ferrari-812-Superfast-in-Dubai-2-300x200.jpg 300w\" sizes=\"(max-width: 700px) 100vw, 700px\" title=\"\" data- data-large_image_><\/a><\/div><div data-thumb=\"https:\/\/kingwaycarrental.com\/wp-content\/uploads\/2025\/01\/Rent-Ferrari-812-Superfast-in-Dubai-4.jpg\" data-thumb-alt=\"Ferrari 812 Superfast en alquiler - Asientos delanteros e interior completamente rojo\" data-thumb-srcset=\"https:\/\/kingwaycarrental.com\/wp-content\/uploads\/2025\/01\/Rent-Ferrari-812-Superfast-in-Dubai-4.jpg 700w, https:\/\/kingwaycarrental.com\/wp-content\/uploads\/2025\/01\/Rent-Ferrari-812-Superfast-in-Dubai-4-300x200.jpg 300w\"  data-thumb-sizes=\"(max-width: 300px) 100vw, 300px\" class=\"woocommerce-product-gallery__image\"><a href=\"https:\/\/kingwaycarrental.com\/wp-content\/uploads\/2025\/01\/Rent-Ferrari-812-Superfast-in-Dubai-4.jpg\"><img decoding=\"async\" width=\"700\" height=\"467\" src=\"https:\/\/kingwaycarrental.com\/wp-content\/uploads\/2025\/01\/Rent-Ferrari-812-Superfast-in-Dubai-4.jpg\" class=\"\" alt=\"Ferrari 812 Superfast en alquiler - Asientos delanteros e interior completamente rojo\" data-caption=\"\" data-src=\"https:\/\/kingwaycarrental.com\/wp-content\/uploads\/2025\/01\/Rent-Ferrari-812-Superfast-in-Dubai-4.jpg\" data-large_image=\"https:\/\/kingwaycarrental.com\/wp-content\/uploads\/2025\/01\/Rent-Ferrari-812-Superfast-in-Dubai-4.jpg\" data-large_image_width=\"700\" data-large_image_height=\"467\" srcset=\"https:\/\/kingwaycarrental.com\/wp-content\/uploads\/2025\/01\/Rent-Ferrari-812-Superfast-in-Dubai-4.jpg 700w, https:\/\/kingwaycarrental.com\/wp-content\/uploads\/2025\/01\/Rent-Ferrari-812-Superfast-in-Dubai-4-300x200.jpg 300w\" sizes=\"(max-width: 700px) 100vw, 700px\" title=\"\" data- data-large_image_><\/a><\/div><div data-thumb=\"https:\/\/kingwaycarrental.com\/wp-content\/uploads\/2025\/01\/Rent-Ferrari-812-Superfast-in-Dubai-5.jpg\" data-thumb-alt=\"Alquila un Ferrari 812 Superfast en Dub\u00e1i - Impresionante vista lateral\" data-thumb-srcset=\"https:\/\/kingwaycarrental.com\/wp-content\/uploads\/2025\/01\/Rent-Ferrari-812-Superfast-in-Dubai-5.jpg 700w, https:\/\/kingwaycarrental.com\/wp-content\/uploads\/2025\/01\/Rent-Ferrari-812-Superfast-in-Dubai-5-300x200.jpg 300w\"  data-thumb-sizes=\"(max-width: 300px) 100vw, 300px\" class=\"woocommerce-product-gallery__image\"><a href=\"https:\/\/kingwaycarrental.com\/wp-content\/uploads\/2025\/01\/Rent-Ferrari-812-Superfast-in-Dubai-5.jpg\"><img decoding=\"async\" width=\"700\" height=\"467\" src=\"https:\/\/kingwaycarrental.com\/wp-content\/uploads\/2025\/01\/Rent-Ferrari-812-Superfast-in-Dubai-5.jpg\" class=\"\" alt=\"Alquila un Ferrari 812 Superfast en Dub\u00e1i - Impresionante vista lateral\" data-caption=\"\" data-src=\"https:\/\/kingwaycarrental.com\/wp-content\/uploads\/2025\/01\/Rent-Ferrari-812-Superfast-in-Dubai-5.jpg\" data-large_image=\"https:\/\/kingwaycarrental.com\/wp-content\/uploads\/2025\/01\/Rent-Ferrari-812-Superfast-in-Dubai-5.jpg\" data-large_image_width=\"700\" data-large_image_height=\"467\" srcset=\"https:\/\/kingwaycarrental.com\/wp-content\/uploads\/2025\/01\/Rent-Ferrari-812-Superfast-in-Dubai-5.jpg 700w, https:\/\/kingwaycarrental.com\/wp-content\/uploads\/2025\/01\/Rent-Ferrari-812-Superfast-in-Dubai-5-300x200.jpg 300w\" sizes=\"(max-width: 700px) 100vw, 700px\" title=\"\" data- data-large_image_><\/a><\/div><div data-thumb=\"https:\/\/kingwaycarrental.com\/wp-content\/uploads\/2025\/01\/Rent-Ferrari-812-Superfast-in-Dubai-3.jpg\" data-thumb-alt=\"Volante deportivo rojo e interior para el alquiler del Ferrari 812 Superfast\" data-thumb-srcset=\"https:\/\/kingwaycarrental.com\/wp-content\/uploads\/2025\/01\/Rent-Ferrari-812-Superfast-in-Dubai-3.jpg 700w, https:\/\/kingwaycarrental.com\/wp-content\/uploads\/2025\/01\/Rent-Ferrari-812-Superfast-in-Dubai-3-300x200.jpg 300w\"  data-thumb-sizes=\"(max-width: 300px) 100vw, 300px\" class=\"woocommerce-product-gallery__image\"><a href=\"https:\/\/kingwaycarrental.com\/wp-content\/uploads\/2025\/01\/Rent-Ferrari-812-Superfast-in-Dubai-3.jpg\"><img decoding=\"async\" width=\"700\" height=\"467\" src=\"https:\/\/kingwaycarrental.com\/wp-content\/uploads\/2025\/01\/Rent-Ferrari-812-Superfast-in-Dubai-3.jpg\" class=\"\" alt=\"Volante deportivo rojo e interior para el alquiler del Ferrari 812 Superfast\" data-caption=\"\" data-src=\"https:\/\/kingwaycarrental.com\/wp-content\/uploads\/2025\/01\/Rent-Ferrari-812-Superfast-in-Dubai-3.jpg\" data-large_image=\"https:\/\/kingwaycarrental.com\/wp-content\/uploads\/2025\/01\/Rent-Ferrari-812-Superfast-in-Dubai-3.jpg\" data-large_image_width=\"700\" data-large_image_height=\"467\" srcset=\"https:\/\/kingwaycarrental.com\/wp-content\/uploads\/2025\/01\/Rent-Ferrari-812-Superfast-in-Dubai-3.jpg 700w, https:\/\/kingwaycarrental.com\/wp-content\/uploads\/2025\/01\/Rent-Ferrari-812-Superfast-in-Dubai-3-300x200.jpg 300w\" sizes=\"(max-width: 700px) 100vw, 700px\" title=\"\" data- data-large_image_><\/a><\/div>\t<\/div>\n<\/div>\n<\/div>\t\t\t<span class=\"ovabrw-featured-product\">\n\t\tDestacado\t<\/span>\n\t\t\t<span class=\"ovabrw-features-featured\">\n\t\t\t\t2024\t\t\t<\/span>\n\t\t\t<\/div>\n\t<div class=\"ovabrw-card-content\">\n\t\t    <div class=\"ovabrw-review\">\n        <div class=\"ovabrw-star-rating\" role=\"img\" aria-label=\"Rated 5.00 out of 5\">\n        \t<i aria-hidden=\"true\" class=\"brwicon-star-3\"><\/i>\n        \t<i aria-hidden=\"true\" class=\"brwicon-star-3\"><\/i>\n        \t<i aria-hidden=\"true\" class=\"brwicon-star-3\"><\/i>\n        \t<i aria-hidden=\"true\" class=\"brwicon-star-3\"><\/i>\n        \t<i aria-hidden=\"true\" class=\"brwicon-star-3\"><\/i>\n            <span class=\"ovabrw-rating-percent\" style=\"width: 100%;\">\n            \t<i aria-hidden=\"true\" class=\"brwicon-star-3\"><\/i>\n            \t<i aria-hidden=\"true\" class=\"brwicon-star-3\"><\/i>\n            \t<i aria-hidden=\"true\" class=\"brwicon-star-3\"><\/i>\n            \t<i aria-hidden=\"true\" class=\"brwicon-star-3\"><\/i>\n            \t<i aria-hidden=\"true\" class=\"brwicon-star-3\"><\/i>\n            <\/span>\n        <\/div>\n        <a href=\"https:\/\/kingwaycarrental.com\/es\/car\/rent-ferrari-812-superfast-in-dubai\/#reviews\" class=\"ovabrw-review-link\" rel=\"nofollow\">\n            1 valoraci\u00f3n        <\/a>\n    <\/div>\n\t\t\t<h3 class=\"ovabrw-title\">\n\t\t<a href=\"https:\/\/kingwaycarrental.com\/es\/car\/rent-ferrari-812-superfast-in-dubai\/\">\n\t\t\tFerrari 812 Superfast\t\t<\/a>\n\t<\/h3>\n\t\t<div class=\"ovabrw-price\">\n\t\t\t\t<span class=\"amount\">\n\t\t\t\t<span class=\"woocommerce-Price-amount amount\"><bdi><span class=\"woocommerce-Price-currencySymbol\" translate=\"no\">AED<\/span>&nbsp;2,900<\/bdi><\/span>\t\t\t<\/span>\n\t\t\t<span class=\"unit\">\n\t\t\t\t\/ D\u00eda\t\t\t<\/span>\n\t\t<\/div>\t\t\t\t\t<ul class=\"ovabrw-features\">\n\t\t\t\t\t<li class=\"item-feature\">\n\t\t\t\t\t\t\t\t\t<i aria-hidden=\"true\" class=\"flaticon2 flaticon2-sedan\"><\/i>\n\t\t\t\t\t\t\t\t<span>Superdeportivo<\/span>\n\t\t\t<\/li>\n\t\t\t\t\t<li class=\"item-feature\">\n\t\t\t\t\t\t\t\t\t<i aria-hidden=\"true\" class=\"flaticon-seat\"><\/i>\n\t\t\t\t\t\t\t\t<span>2 Plazas<\/span>\n\t\t\t<\/li>\n\t\t\t\t\t<li class=\"item-feature\">\n\t\t\t\t\t\t\t\t\t<i aria-hidden=\"true\" class=\"flaticon-car-door\"><\/i>\n\t\t\t\t\t\t\t\t<span>2 Puertas<\/span>\n\t\t\t<\/li>\n\t\t\t\t\t<li class=\"item-feature\">\n\t\t\t\t\t\t\t\t\t<i aria-hidden=\"true\" class=\"flaticon-gas-station\"><\/i>\n\t\t\t\t\t\t\t\t<span>Gasolina<\/span>\n\t\t\t<\/li>\n\t\t\t<\/ul>\n\t\t\t\t\t\t\t<p class=\"ovabrw-short-description\">\n\t\tSi eres fan\u00e1tico del alquiler de coches deportivos internacionales, \u00bfqu\u00e9 te parece alquilar un Ferrari 812 Superfast en Dub\u00e1i? Una elecci\u00f3n ideal...\t<\/p>\n\n\t\t<div class=\"ovabrw-card-btn\">\n\t\t\t    <a href=\"https:\/\/kingwaycarrental.com\/es\/car\/rent-ferrari-812-superfast-in-dubai\/\" class=\"ovabrw-button\">\n        Reservar Ahora        <i class=\"brwicon-right\" aria-hidden=\"true\"><\/i>\n    <\/a>\n\t\t<\/div>\n\t<\/div>\n<\/div>\t\t\t\t\t\t<\/li>\n\t\t\t\t\t\t\t\t\t\t\t\t<li class=\"item\">\n\t\t\t\t\t\t\t\n<div class=\"ovabrw-card-template ovabrw-card1\">\n\t<div class=\"ovabrw-card-header\">\n\t\t    <div class=\"ovabrw-gallery-popup\">\n    \t\t    \t<div class=\"ovabrw-product-img-feature\">\n\t    \t\t<a href=\"https:\/\/kingwaycarrental.com\/es\/car\/ferrari-f8-spider\/\" class=\"ovabrw-product-link\">\n\t\t    \t\t\t            \t\t<img decoding=\"async\" src=\"https:\/\/kingwaycarrental.com\/wp-content\/uploads\/2026\/05\/ferrari-f8-spider-rental-700x429.jpg\" alt=\"Alquiler Ferrari F8 Spider en Dub\u00e1i | Alquile Ferrari Descapotable en Dub\u00e1i\" title=\"\">\n\t            \t            \t<\/a>\n\t    \t<\/div>\n\t        <\/div>\n<div style=\"display: none !important;\">\n\t<div class=\"woocommerce-product-gallery woocommerce-product-gallery--with-images woocommerce-product-gallery--columns-4 images\" data-columns=\"4\" style=\"opacity: 0; transition: opacity .25s ease-in-out;\">\n\t<div class=\"woocommerce-product-gallery__wrapper\">\n\t\t<div data-thumb=\"https:\/\/kingwaycarrental.com\/wp-content\/uploads\/2026\/05\/ferrari-f8-spider-rental.jpg\" data-thumb-alt=\"Alquiler Ferrari F8 Spider en Dub\u00e1i | Alquile Ferrari Descapotable en Dub\u00e1i\" data-thumb-srcset=\"https:\/\/kingwaycarrental.com\/wp-content\/uploads\/2026\/05\/ferrari-f8-spider-rental.jpg 800w, https:\/\/kingwaycarrental.com\/wp-content\/uploads\/2026\/05\/ferrari-f8-spider-rental-300x184.jpg 300w, https:\/\/kingwaycarrental.com\/wp-content\/uploads\/2026\/05\/ferrari-f8-spider-rental-768x470.jpg 768w, https:\/\/kingwaycarrental.com\/wp-content\/uploads\/2026\/05\/ferrari-f8-spider-rental-700x429.jpg 700w\"  data-thumb-sizes=\"(max-width: 300px) 100vw, 300px\" class=\"woocommerce-product-gallery__image\"><a href=\"https:\/\/kingwaycarrental.com\/wp-content\/uploads\/2026\/05\/ferrari-f8-spider-rental.jpg\"><img decoding=\"async\" width=\"700\" height=\"429\" src=\"https:\/\/kingwaycarrental.com\/wp-content\/uploads\/2026\/05\/ferrari-f8-spider-rental-700x429.jpg\" class=\"wp-post-image\" alt=\"Alquiler Ferrari F8 Spider en Dub\u00e1i | Alquile Ferrari Descapotable en Dub\u00e1i\" data-caption=\"\" data-src=\"https:\/\/kingwaycarrental.com\/wp-content\/uploads\/2026\/05\/ferrari-f8-spider-rental.jpg\" data-large_image=\"https:\/\/kingwaycarrental.com\/wp-content\/uploads\/2026\/05\/ferrari-f8-spider-rental.jpg\" data-large_image_width=\"800\" data-large_image_height=\"490\" srcset=\"https:\/\/kingwaycarrental.com\/wp-content\/uploads\/2026\/05\/ferrari-f8-spider-rental-700x429.jpg 700w, https:\/\/kingwaycarrental.com\/wp-content\/uploads\/2026\/05\/ferrari-f8-spider-rental-300x184.jpg 300w, https:\/\/kingwaycarrental.com\/wp-content\/uploads\/2026\/05\/ferrari-f8-spider-rental-768x470.jpg 768w, https:\/\/kingwaycarrental.com\/wp-content\/uploads\/2026\/05\/ferrari-f8-spider-rental.jpg 800w\" sizes=\"(max-width: 700px) 100vw, 700px\" title=\"\"><\/a><\/div><div data-thumb=\"https:\/\/kingwaycarrental.com\/wp-content\/uploads\/2026\/05\/ferrari-f8-spider-rental-2.jpg\" data-thumb-alt=\"Dise\u00f1o frontal distintivo para alquiler de Ferrari F8 en Dub\u00e1i\" data-thumb-srcset=\"https:\/\/kingwaycarrental.com\/wp-content\/uploads\/2026\/05\/ferrari-f8-spider-rental-2.jpg 700w, https:\/\/kingwaycarrental.com\/wp-content\/uploads\/2026\/05\/ferrari-f8-spider-rental-2-300x200.jpg 300w\"  data-thumb-sizes=\"(max-width: 300px) 100vw, 300px\" class=\"woocommerce-product-gallery__image\"><a href=\"https:\/\/kingwaycarrental.com\/wp-content\/uploads\/2026\/05\/ferrari-f8-spider-rental-2.jpg\"><img decoding=\"async\" width=\"700\" height=\"467\" src=\"https:\/\/kingwaycarrental.com\/wp-content\/uploads\/2026\/05\/ferrari-f8-spider-rental-2.jpg\" class=\"\" alt=\"Dise\u00f1o frontal distintivo para alquiler de Ferrari F8 en Dub\u00e1i\" data-caption=\"\" data-src=\"https:\/\/kingwaycarrental.com\/wp-content\/uploads\/2026\/05\/ferrari-f8-spider-rental-2.jpg\" data-large_image=\"https:\/\/kingwaycarrental.com\/wp-content\/uploads\/2026\/05\/ferrari-f8-spider-rental-2.jpg\" data-large_image_width=\"700\" data-large_image_height=\"467\" srcset=\"https:\/\/kingwaycarrental.com\/wp-content\/uploads\/2026\/05\/ferrari-f8-spider-rental-2.jpg 700w, https:\/\/kingwaycarrental.com\/wp-content\/uploads\/2026\/05\/ferrari-f8-spider-rental-2-300x200.jpg 300w\" sizes=\"(max-width: 700px) 100vw, 700px\" title=\"\" data- data-large_image_><\/a><\/div><div data-thumb=\"https:\/\/kingwaycarrental.com\/wp-content\/uploads\/2026\/05\/ferrari-f8-spider-rental-8.jpg\" data-thumb-alt=\"Alquiler de Ferrari F8: Volante e interior deportivos\" data-thumb-srcset=\"https:\/\/kingwaycarrental.com\/wp-content\/uploads\/2026\/05\/ferrari-f8-spider-rental-8.jpg 700w, https:\/\/kingwaycarrental.com\/wp-content\/uploads\/2026\/05\/ferrari-f8-spider-rental-8-300x200.jpg 300w\"  data-thumb-sizes=\"(max-width: 300px) 100vw, 300px\" class=\"woocommerce-product-gallery__image\"><a href=\"https:\/\/kingwaycarrental.com\/wp-content\/uploads\/2026\/05\/ferrari-f8-spider-rental-8.jpg\"><img decoding=\"async\" width=\"700\" height=\"467\" src=\"https:\/\/kingwaycarrental.com\/wp-content\/uploads\/2026\/05\/ferrari-f8-spider-rental-8.jpg\" class=\"\" alt=\"Alquiler de Ferrari F8: Volante e interior deportivos\" data-caption=\"\" data-src=\"https:\/\/kingwaycarrental.com\/wp-content\/uploads\/2026\/05\/ferrari-f8-spider-rental-8.jpg\" data-large_image=\"https:\/\/kingwaycarrental.com\/wp-content\/uploads\/2026\/05\/ferrari-f8-spider-rental-8.jpg\" data-large_image_width=\"700\" data-large_image_height=\"467\" srcset=\"https:\/\/kingwaycarrental.com\/wp-content\/uploads\/2026\/05\/ferrari-f8-spider-rental-8.jpg 700w, https:\/\/kingwaycarrental.com\/wp-content\/uploads\/2026\/05\/ferrari-f8-spider-rental-8-300x200.jpg 300w\" sizes=\"(max-width: 700px) 100vw, 700px\" title=\"\" data- data-large_image_><\/a><\/div><div data-thumb=\"https:\/\/kingwaycarrental.com\/wp-content\/uploads\/2026\/05\/ferrari-f8-spider-rental-9.jpg\" data-thumb-alt=\"Alquiler de Ferrari F8: Dise\u00f1o trasero deportivo\" data-thumb-srcset=\"https:\/\/kingwaycarrental.com\/wp-content\/uploads\/2026\/05\/ferrari-f8-spider-rental-9.jpg 700w, https:\/\/kingwaycarrental.com\/wp-content\/uploads\/2026\/05\/ferrari-f8-spider-rental-9-300x200.jpg 300w\"  data-thumb-sizes=\"(max-width: 300px) 100vw, 300px\" class=\"woocommerce-product-gallery__image\"><a href=\"https:\/\/kingwaycarrental.com\/wp-content\/uploads\/2026\/05\/ferrari-f8-spider-rental-9.jpg\"><img decoding=\"async\" width=\"700\" height=\"467\" src=\"https:\/\/kingwaycarrental.com\/wp-content\/uploads\/2026\/05\/ferrari-f8-spider-rental-9.jpg\" class=\"\" alt=\"Alquiler de Ferrari F8: Dise\u00f1o trasero deportivo\" data-caption=\"\" data-src=\"https:\/\/kingwaycarrental.com\/wp-content\/uploads\/2026\/05\/ferrari-f8-spider-rental-9.jpg\" data-large_image=\"https:\/\/kingwaycarrental.com\/wp-content\/uploads\/2026\/05\/ferrari-f8-spider-rental-9.jpg\" data-large_image_width=\"700\" data-large_image_height=\"467\" srcset=\"https:\/\/kingwaycarrental.com\/wp-content\/uploads\/2026\/05\/ferrari-f8-spider-rental-9.jpg 700w, https:\/\/kingwaycarrental.com\/wp-content\/uploads\/2026\/05\/ferrari-f8-spider-rental-9-300x200.jpg 300w\" sizes=\"(max-width: 700px) 100vw, 700px\" title=\"\" data- data-large_image_><\/a><\/div><div data-thumb=\"https:\/\/kingwaycarrental.com\/wp-content\/uploads\/2026\/05\/ferrari-f8-spider-rental-7.jpg\" data-thumb-alt=\"Alquiler de Ferrari F8: Dise\u00f1o lateral y llantas deportivas\" data-thumb-srcset=\"https:\/\/kingwaycarrental.com\/wp-content\/uploads\/2026\/05\/ferrari-f8-spider-rental-7.jpg 700w, https:\/\/kingwaycarrental.com\/wp-content\/uploads\/2026\/05\/ferrari-f8-spider-rental-7-300x200.jpg 300w\"  data-thumb-sizes=\"(max-width: 300px) 100vw, 300px\" class=\"woocommerce-product-gallery__image\"><a href=\"https:\/\/kingwaycarrental.com\/wp-content\/uploads\/2026\/05\/ferrari-f8-spider-rental-7.jpg\"><img decoding=\"async\" width=\"700\" height=\"467\" src=\"https:\/\/kingwaycarrental.com\/wp-content\/uploads\/2026\/05\/ferrari-f8-spider-rental-7.jpg\" class=\"\" alt=\"Alquiler de Ferrari F8: Dise\u00f1o lateral y llantas deportivas\" data-caption=\"\" data-src=\"https:\/\/kingwaycarrental.com\/wp-content\/uploads\/2026\/05\/ferrari-f8-spider-rental-7.jpg\" data-large_image=\"https:\/\/kingwaycarrental.com\/wp-content\/uploads\/2026\/05\/ferrari-f8-spider-rental-7.jpg\" data-large_image_width=\"700\" data-large_image_height=\"467\" srcset=\"https:\/\/kingwaycarrental.com\/wp-content\/uploads\/2026\/05\/ferrari-f8-spider-rental-7.jpg 700w, https:\/\/kingwaycarrental.com\/wp-content\/uploads\/2026\/05\/ferrari-f8-spider-rental-7-300x200.jpg 300w\" sizes=\"(max-width: 700px) 100vw, 700px\" title=\"\" data- data-large_image_><\/a><\/div><div data-thumb=\"https:\/\/kingwaycarrental.com\/wp-content\/uploads\/2026\/05\/ferrari-f8-spider-rental-3.jpg\" data-thumb-alt=\"Alquiler de Ferrari F8 Convertible rojo: Impresionante vista frontal\" data-thumb-srcset=\"https:\/\/kingwaycarrental.com\/wp-content\/uploads\/2026\/05\/ferrari-f8-spider-rental-3.jpg 700w, https:\/\/kingwaycarrental.com\/wp-content\/uploads\/2026\/05\/ferrari-f8-spider-rental-3-300x200.jpg 300w\"  data-thumb-sizes=\"(max-width: 300px) 100vw, 300px\" class=\"woocommerce-product-gallery__image\"><a href=\"https:\/\/kingwaycarrental.com\/wp-content\/uploads\/2026\/05\/ferrari-f8-spider-rental-3.jpg\"><img decoding=\"async\" width=\"700\" height=\"467\" src=\"https:\/\/kingwaycarrental.com\/wp-content\/uploads\/2026\/05\/ferrari-f8-spider-rental-3.jpg\" class=\"\" alt=\"Alquiler de Ferrari F8 Convertible rojo: Impresionante vista frontal\" data-caption=\"\" data-src=\"https:\/\/kingwaycarrental.com\/wp-content\/uploads\/2026\/05\/ferrari-f8-spider-rental-3.jpg\" data-large_image=\"https:\/\/kingwaycarrental.com\/wp-content\/uploads\/2026\/05\/ferrari-f8-spider-rental-3.jpg\" data-large_image_width=\"700\" data-large_image_height=\"467\" srcset=\"https:\/\/kingwaycarrental.com\/wp-content\/uploads\/2026\/05\/ferrari-f8-spider-rental-3.jpg 700w, https:\/\/kingwaycarrental.com\/wp-content\/uploads\/2026\/05\/ferrari-f8-spider-rental-3-300x200.jpg 300w\" sizes=\"(max-width: 700px) 100vw, 700px\" title=\"\" data- data-large_image_><\/a><\/div><div data-thumb=\"https:\/\/kingwaycarrental.com\/wp-content\/uploads\/2026\/05\/ferrari-f8-spider-rental-6.jpg\" data-thumb-alt=\"Ferrari F8 Spider: Volante de control total\" data-thumb-srcset=\"https:\/\/kingwaycarrental.com\/wp-content\/uploads\/2026\/05\/ferrari-f8-spider-rental-6.jpg 700w, https:\/\/kingwaycarrental.com\/wp-content\/uploads\/2026\/05\/ferrari-f8-spider-rental-6-300x200.jpg 300w\"  data-thumb-sizes=\"(max-width: 300px) 100vw, 300px\" class=\"woocommerce-product-gallery__image\"><a href=\"https:\/\/kingwaycarrental.com\/wp-content\/uploads\/2026\/05\/ferrari-f8-spider-rental-6.jpg\"><img decoding=\"async\" width=\"700\" height=\"467\" src=\"https:\/\/kingwaycarrental.com\/wp-content\/uploads\/2026\/05\/ferrari-f8-spider-rental-6.jpg\" class=\"\" alt=\"Ferrari F8 Spider: Volante de control total\" data-caption=\"\" data-src=\"https:\/\/kingwaycarrental.com\/wp-content\/uploads\/2026\/05\/ferrari-f8-spider-rental-6.jpg\" data-large_image=\"https:\/\/kingwaycarrental.com\/wp-content\/uploads\/2026\/05\/ferrari-f8-spider-rental-6.jpg\" data-large_image_width=\"700\" data-large_image_height=\"467\" srcset=\"https:\/\/kingwaycarrental.com\/wp-content\/uploads\/2026\/05\/ferrari-f8-spider-rental-6.jpg 700w, https:\/\/kingwaycarrental.com\/wp-content\/uploads\/2026\/05\/ferrari-f8-spider-rental-6-300x200.jpg 300w\" sizes=\"(max-width: 700px) 100vw, 700px\" title=\"\" data- data-large_image_><\/a><\/div><div data-thumb=\"https:\/\/kingwaycarrental.com\/wp-content\/uploads\/2026\/05\/ferrari-f8-spider-rental-5.jpg\" data-thumb-alt=\"Alquiler de Ferrari F8 Spider rojo: Vista lateral\" data-thumb-srcset=\"https:\/\/kingwaycarrental.com\/wp-content\/uploads\/2026\/05\/ferrari-f8-spider-rental-5.jpg 700w, https:\/\/kingwaycarrental.com\/wp-content\/uploads\/2026\/05\/ferrari-f8-spider-rental-5-300x200.jpg 300w\"  data-thumb-sizes=\"(max-width: 300px) 100vw, 300px\" class=\"woocommerce-product-gallery__image\"><a href=\"https:\/\/kingwaycarrental.com\/wp-content\/uploads\/2026\/05\/ferrari-f8-spider-rental-5.jpg\"><img decoding=\"async\" width=\"700\" height=\"467\" src=\"https:\/\/kingwaycarrental.com\/wp-content\/uploads\/2026\/05\/ferrari-f8-spider-rental-5.jpg\" class=\"\" alt=\"Alquiler de Ferrari F8 Spider rojo: Vista lateral\" data-caption=\"\" data-src=\"https:\/\/kingwaycarrental.com\/wp-content\/uploads\/2026\/05\/ferrari-f8-spider-rental-5.jpg\" data-large_image=\"https:\/\/kingwaycarrental.com\/wp-content\/uploads\/2026\/05\/ferrari-f8-spider-rental-5.jpg\" data-large_image_width=\"700\" data-large_image_height=\"467\" srcset=\"https:\/\/kingwaycarrental.com\/wp-content\/uploads\/2026\/05\/ferrari-f8-spider-rental-5.jpg 700w, https:\/\/kingwaycarrental.com\/wp-content\/uploads\/2026\/05\/ferrari-f8-spider-rental-5-300x200.jpg 300w\" sizes=\"(max-width: 700px) 100vw, 700px\" title=\"\" data- data-large_image_><\/a><\/div><div data-thumb=\"https:\/\/kingwaycarrental.com\/wp-content\/uploads\/2026\/05\/ferrari-f8-spider-rental-4.jpg\" data-thumb-alt=\"Alquiler de Ferrari F8 Convertible rojo: Dise\u00f1o trasero \u00fanico\" data-thumb-srcset=\"https:\/\/kingwaycarrental.com\/wp-content\/uploads\/2026\/05\/ferrari-f8-spider-rental-4.jpg 700w, https:\/\/kingwaycarrental.com\/wp-content\/uploads\/2026\/05\/ferrari-f8-spider-rental-4-300x200.jpg 300w\"  data-thumb-sizes=\"(max-width: 300px) 100vw, 300px\" class=\"woocommerce-product-gallery__image\"><a href=\"https:\/\/kingwaycarrental.com\/wp-content\/uploads\/2026\/05\/ferrari-f8-spider-rental-4.jpg\"><img decoding=\"async\" width=\"700\" height=\"467\" src=\"https:\/\/kingwaycarrental.com\/wp-content\/uploads\/2026\/05\/ferrari-f8-spider-rental-4.jpg\" class=\"\" alt=\"Alquiler de Ferrari F8 Convertible rojo: Dise\u00f1o trasero \u00fanico\" data-caption=\"\" data-src=\"https:\/\/kingwaycarrental.com\/wp-content\/uploads\/2026\/05\/ferrari-f8-spider-rental-4.jpg\" data-large_image=\"https:\/\/kingwaycarrental.com\/wp-content\/uploads\/2026\/05\/ferrari-f8-spider-rental-4.jpg\" data-large_image_width=\"700\" data-large_image_height=\"467\" srcset=\"https:\/\/kingwaycarrental.com\/wp-content\/uploads\/2026\/05\/ferrari-f8-spider-rental-4.jpg 700w, https:\/\/kingwaycarrental.com\/wp-content\/uploads\/2026\/05\/ferrari-f8-spider-rental-4-300x200.jpg 300w\" sizes=\"(max-width: 700px) 100vw, 700px\" title=\"\" data- data-large_image_><\/a><\/div>\t<\/div>\n<\/div>\n<\/div>\t\t\t<span class=\"ovabrw-featured-product\">\n\t\tDestacado\t<\/span>\n\t\t\t<span class=\"ovabrw-features-featured\">\n\t\t\t\t2024\t\t\t<\/span>\n\t\t\t<\/div>\n\t<div class=\"ovabrw-card-content\">\n\t\t    <div class=\"ovabrw-review\">\n        <div class=\"ovabrw-star-rating\" role=\"img\" aria-label=\"Rated 5.00 out of 5\">\n        \t<i aria-hidden=\"true\" class=\"brwicon-star-3\"><\/i>\n        \t<i aria-hidden=\"true\" class=\"brwicon-star-3\"><\/i>\n        \t<i aria-hidden=\"true\" class=\"brwicon-star-3\"><\/i>\n        \t<i aria-hidden=\"true\" class=\"brwicon-star-3\"><\/i>\n        \t<i aria-hidden=\"true\" class=\"brwicon-star-3\"><\/i>\n            <span class=\"ovabrw-rating-percent\" style=\"width: 100%;\">\n            \t<i aria-hidden=\"true\" class=\"brwicon-star-3\"><\/i>\n            \t<i aria-hidden=\"true\" class=\"brwicon-star-3\"><\/i>\n            \t<i aria-hidden=\"true\" class=\"brwicon-star-3\"><\/i>\n            \t<i aria-hidden=\"true\" class=\"brwicon-star-3\"><\/i>\n            \t<i aria-hidden=\"true\" class=\"brwicon-star-3\"><\/i>\n            <\/span>\n        <\/div>\n        <a href=\"https:\/\/kingwaycarrental.com\/es\/car\/ferrari-f8-spider\/#reviews\" class=\"ovabrw-review-link\" rel=\"nofollow\">\n            1 valoraci\u00f3n        <\/a>\n    <\/div>\n\t\t\t<h3 class=\"ovabrw-title\">\n\t\t<a href=\"https:\/\/kingwaycarrental.com\/es\/car\/ferrari-f8-spider\/\">\n\t\t\tFerrari F8 Spider\t\t<\/a>\n\t<\/h3>\n\t\t<div class=\"ovabrw-price\">\n\t\t\t\t<span class=\"amount\">\n\t\t\t\t<span class=\"woocommerce-Price-amount amount\"><bdi><span class=\"woocommerce-Price-currencySymbol\" translate=\"no\">AED<\/span>&nbsp;2,999<\/bdi><\/span>\t\t\t<\/span>\n\t\t\t<span class=\"unit\">\n\t\t\t\t\/ D\u00eda\t\t\t<\/span>\n\t\t<\/div>\t\t\t\t\t<ul class=\"ovabrw-features\">\n\t\t\t\t\t<li class=\"item-feature\">\n\t\t\t\t\t\t\t\t\t<i aria-hidden=\"true\" class=\"flaticon2 flaticon2-sedan\"><\/i>\n\t\t\t\t\t\t\t\t<span>Superdeportivo<\/span>\n\t\t\t<\/li>\n\t\t\t\t\t<li class=\"item-feature\">\n\t\t\t\t\t\t\t\t\t<i aria-hidden=\"true\" class=\"flaticon-seat\"><\/i>\n\t\t\t\t\t\t\t\t<span>2 Plazas<\/span>\n\t\t\t<\/li>\n\t\t\t\t\t<li class=\"item-feature\">\n\t\t\t\t\t\t\t\t\t<i aria-hidden=\"true\" class=\"flaticon-car-door\"><\/i>\n\t\t\t\t\t\t\t\t<span>2 Puertas<\/span>\n\t\t\t<\/li>\n\t\t\t\t\t<li class=\"item-feature\">\n\t\t\t\t\t\t\t\t\t<i aria-hidden=\"true\" class=\"flaticon-gas-station\"><\/i>\n\t\t\t\t\t\t\t\t<span>Gasolina<\/span>\n\t\t\t<\/li>\n\t\t\t<\/ul>\n\t\t\t\t\t\t\t<p class=\"ovabrw-short-description\">\n\t\tDub\u00e1i es conocida como la capital mundial del lujo, donde la conducci\u00f3n se transforma de un simple medio de transporte en una...\t<\/p>\n\n\t\t<div class=\"ovabrw-card-btn\">\n\t\t\t    <a href=\"https:\/\/kingwaycarrental.com\/es\/car\/ferrari-f8-spider\/\" class=\"ovabrw-button\">\n        Reservar Ahora        <i class=\"brwicon-right\" aria-hidden=\"true\"><\/i>\n    <\/a>\n\t\t<\/div>\n\t<\/div>\n<\/div>\t\t\t\t\t\t<\/li>\n\t\t\t\t\t\t\t\t\t\t\t\t<li class=\"item\">\n\t\t\t\t\t\t\t\n<div class=\"ovabrw-card-template ovabrw-card1\">\n\t<div class=\"ovabrw-card-header\">\n\t\t    <div class=\"ovabrw-gallery-popup\">\n    \t\t    \t<div class=\"ovabrw-product-img-feature\">\n\t    \t\t<a href=\"https:\/\/kingwaycarrental.com\/es\/car\/hire-a-cadillac-escalade-in-dubai\/\" class=\"ovabrw-product-link\">\n\t\t    \t\t\t            \t\t<img decoding=\"async\" src=\"https:\/\/kingwaycarrental.com\/wp-content\/uploads\/2025\/03\/Cadillac-Escalade-Black.jpg\" alt=\"Alquilar Cadillac Escalade en Dub\u00e1i \u2013 Alquile coche de lujo sin dep\u00f3sito\" title=\"\">\n\t            \t            \t<\/a>\n\t    \t<\/div>\n\t        <\/div>\n<div style=\"display: none !important;\">\n\t<div class=\"woocommerce-product-gallery woocommerce-product-gallery--with-images woocommerce-product-gallery--columns-4 images\" data-columns=\"4\" style=\"opacity: 0; transition: opacity .25s ease-in-out;\">\n\t<div class=\"woocommerce-product-gallery__wrapper\">\n\t\t<div data-thumb=\"https:\/\/kingwaycarrental.com\/wp-content\/uploads\/2025\/03\/Cadillac-Escalade-Black.jpg\" data-thumb-alt=\"Alquilar Cadillac Escalade en Dub\u00e1i \u2013 Alquile coche de lujo sin dep\u00f3sito\" data-thumb-srcset=\"https:\/\/kingwaycarrental.com\/wp-content\/uploads\/2025\/03\/Cadillac-Escalade-Black.jpg 700w, https:\/\/kingwaycarrental.com\/wp-content\/uploads\/2025\/03\/Cadillac-Escalade-Black-300x200.jpg 300w\"  data-thumb-sizes=\"(max-width: 300px) 100vw, 300px\" class=\"woocommerce-product-gallery__image\"><a href=\"https:\/\/kingwaycarrental.com\/wp-content\/uploads\/2025\/03\/Cadillac-Escalade-Black.jpg\"><img decoding=\"async\" width=\"700\" height=\"467\" src=\"https:\/\/kingwaycarrental.com\/wp-content\/uploads\/2025\/03\/Cadillac-Escalade-Black.jpg\" class=\"wp-post-image\" alt=\"Alquilar Cadillac Escalade en Dub\u00e1i \u2013 Alquile coche de lujo sin dep\u00f3sito\" data-caption=\"\" data-src=\"https:\/\/kingwaycarrental.com\/wp-content\/uploads\/2025\/03\/Cadillac-Escalade-Black.jpg\" data-large_image=\"https:\/\/kingwaycarrental.com\/wp-content\/uploads\/2025\/03\/Cadillac-Escalade-Black.jpg\" data-large_image_width=\"700\" data-large_image_height=\"467\" srcset=\"https:\/\/kingwaycarrental.com\/wp-content\/uploads\/2025\/03\/Cadillac-Escalade-Black.jpg 700w, https:\/\/kingwaycarrental.com\/wp-content\/uploads\/2025\/03\/Cadillac-Escalade-Black-300x200.jpg 300w\" sizes=\"(max-width: 700px) 100vw, 700px\" title=\"\" data- data-large_image_><\/a><\/div><div data-thumb=\"https:\/\/kingwaycarrental.com\/wp-content\/uploads\/2025\/03\/Cadillac-Escalade-Black-2.jpg\" data-thumb-alt=\"Prestigioso dise\u00f1o frontal del Cadillac Escalade en alquiler\" data-thumb-srcset=\"https:\/\/kingwaycarrental.com\/wp-content\/uploads\/2025\/03\/Cadillac-Escalade-Black-2.jpg 700w, https:\/\/kingwaycarrental.com\/wp-content\/uploads\/2025\/03\/Cadillac-Escalade-Black-2-300x200.jpg 300w\"  data-thumb-sizes=\"(max-width: 300px) 100vw, 300px\" class=\"woocommerce-product-gallery__image\"><a href=\"https:\/\/kingwaycarrental.com\/wp-content\/uploads\/2025\/03\/Cadillac-Escalade-Black-2.jpg\"><img decoding=\"async\" width=\"700\" height=\"467\" src=\"https:\/\/kingwaycarrental.com\/wp-content\/uploads\/2025\/03\/Cadillac-Escalade-Black-2.jpg\" class=\"\" alt=\"Prestigioso dise\u00f1o frontal del Cadillac Escalade en alquiler\" data-caption=\"\" data-src=\"https:\/\/kingwaycarrental.com\/wp-content\/uploads\/2025\/03\/Cadillac-Escalade-Black-2.jpg\" data-large_image=\"https:\/\/kingwaycarrental.com\/wp-content\/uploads\/2025\/03\/Cadillac-Escalade-Black-2.jpg\" data-large_image_width=\"700\" data-large_image_height=\"467\" srcset=\"https:\/\/kingwaycarrental.com\/wp-content\/uploads\/2025\/03\/Cadillac-Escalade-Black-2.jpg 700w, https:\/\/kingwaycarrental.com\/wp-content\/uploads\/2025\/03\/Cadillac-Escalade-Black-2-300x200.jpg 300w\" sizes=\"(max-width: 700px) 100vw, 700px\" title=\"\" data- data-large_image_><\/a><\/div><div data-thumb=\"https:\/\/kingwaycarrental.com\/wp-content\/uploads\/2025\/03\/Cadillac-Escalade-Black-6.jpg\" data-thumb-alt=\"Volante y tablero del Cadillac Escalade\" data-thumb-srcset=\"https:\/\/kingwaycarrental.com\/wp-content\/uploads\/2025\/03\/Cadillac-Escalade-Black-6.jpg 700w, https:\/\/kingwaycarrental.com\/wp-content\/uploads\/2025\/03\/Cadillac-Escalade-Black-6-300x200.jpg 300w\"  data-thumb-sizes=\"(max-width: 300px) 100vw, 300px\" class=\"woocommerce-product-gallery__image\"><a href=\"https:\/\/kingwaycarrental.com\/wp-content\/uploads\/2025\/03\/Cadillac-Escalade-Black-6.jpg\"><img decoding=\"async\" width=\"700\" height=\"467\" src=\"https:\/\/kingwaycarrental.com\/wp-content\/uploads\/2025\/03\/Cadillac-Escalade-Black-6.jpg\" class=\"\" alt=\"Volante y tablero del Cadillac Escalade\" data-caption=\"\" data-src=\"https:\/\/kingwaycarrental.com\/wp-content\/uploads\/2025\/03\/Cadillac-Escalade-Black-6.jpg\" data-large_image=\"https:\/\/kingwaycarrental.com\/wp-content\/uploads\/2025\/03\/Cadillac-Escalade-Black-6.jpg\" data-large_image_width=\"700\" data-large_image_height=\"467\" srcset=\"https:\/\/kingwaycarrental.com\/wp-content\/uploads\/2025\/03\/Cadillac-Escalade-Black-6.jpg 700w, https:\/\/kingwaycarrental.com\/wp-content\/uploads\/2025\/03\/Cadillac-Escalade-Black-6-300x200.jpg 300w\" sizes=\"(max-width: 700px) 100vw, 700px\" title=\"\" data- data-large_image_><\/a><\/div><div data-thumb=\"https:\/\/kingwaycarrental.com\/wp-content\/uploads\/2025\/03\/Cadillac-Escalade-Black-4.jpg\" data-thumb-alt=\"Vista frontal y lateral del Cadillac Escalade de tama\u00f1o completo en alquiler\" data-thumb-srcset=\"https:\/\/kingwaycarrental.com\/wp-content\/uploads\/2025\/03\/Cadillac-Escalade-Black-4.jpg 700w, https:\/\/kingwaycarrental.com\/wp-content\/uploads\/2025\/03\/Cadillac-Escalade-Black-4-300x200.jpg 300w\"  data-thumb-sizes=\"(max-width: 300px) 100vw, 300px\" class=\"woocommerce-product-gallery__image\"><a href=\"https:\/\/kingwaycarrental.com\/wp-content\/uploads\/2025\/03\/Cadillac-Escalade-Black-4.jpg\"><img decoding=\"async\" width=\"700\" height=\"467\" src=\"https:\/\/kingwaycarrental.com\/wp-content\/uploads\/2025\/03\/Cadillac-Escalade-Black-4.jpg\" class=\"\" alt=\"Vista frontal y lateral del Cadillac Escalade de tama\u00f1o completo en alquiler\" data-caption=\"\" data-src=\"https:\/\/kingwaycarrental.com\/wp-content\/uploads\/2025\/03\/Cadillac-Escalade-Black-4.jpg\" data-large_image=\"https:\/\/kingwaycarrental.com\/wp-content\/uploads\/2025\/03\/Cadillac-Escalade-Black-4.jpg\" data-large_image_width=\"700\" data-large_image_height=\"467\" srcset=\"https:\/\/kingwaycarrental.com\/wp-content\/uploads\/2025\/03\/Cadillac-Escalade-Black-4.jpg 700w, https:\/\/kingwaycarrental.com\/wp-content\/uploads\/2025\/03\/Cadillac-Escalade-Black-4-300x200.jpg 300w\" sizes=\"(max-width: 700px) 100vw, 700px\" title=\"\" data- data-large_image_><\/a><\/div><div data-thumb=\"https:\/\/kingwaycarrental.com\/wp-content\/uploads\/2025\/03\/Cadillac-Escalade-Black-5.jpg\" data-thumb-alt=\"Alquiler de Cadillac Escalade, lujosos asientos traseros de cuero genuino\" data-thumb-srcset=\"https:\/\/kingwaycarrental.com\/wp-content\/uploads\/2025\/03\/Cadillac-Escalade-Black-5.jpg 700w, https:\/\/kingwaycarrental.com\/wp-content\/uploads\/2025\/03\/Cadillac-Escalade-Black-5-300x200.jpg 300w\"  data-thumb-sizes=\"(max-width: 300px) 100vw, 300px\" class=\"woocommerce-product-gallery__image\"><a href=\"https:\/\/kingwaycarrental.com\/wp-content\/uploads\/2025\/03\/Cadillac-Escalade-Black-5.jpg\"><img decoding=\"async\" width=\"700\" height=\"467\" src=\"https:\/\/kingwaycarrental.com\/wp-content\/uploads\/2025\/03\/Cadillac-Escalade-Black-5.jpg\" class=\"\" alt=\"Alquiler de Cadillac Escalade, lujosos asientos traseros de cuero genuino\" data-caption=\"\" data-src=\"https:\/\/kingwaycarrental.com\/wp-content\/uploads\/2025\/03\/Cadillac-Escalade-Black-5.jpg\" data-large_image=\"https:\/\/kingwaycarrental.com\/wp-content\/uploads\/2025\/03\/Cadillac-Escalade-Black-5.jpg\" data-large_image_width=\"700\" data-large_image_height=\"467\" srcset=\"https:\/\/kingwaycarrental.com\/wp-content\/uploads\/2025\/03\/Cadillac-Escalade-Black-5.jpg 700w, https:\/\/kingwaycarrental.com\/wp-content\/uploads\/2025\/03\/Cadillac-Escalade-Black-5-300x200.jpg 300w\" sizes=\"(max-width: 700px) 100vw, 700px\" title=\"\" data- data-large_image_><\/a><\/div><div data-thumb=\"https:\/\/kingwaycarrental.com\/wp-content\/uploads\/2025\/03\/Cadillac-Escalade-Black-3.jpg\" data-thumb-alt=\"Alquiler de Cadillac Escalade, vista lateral, coche familiar de 7 plazas\" data-thumb-srcset=\"https:\/\/kingwaycarrental.com\/wp-content\/uploads\/2025\/03\/Cadillac-Escalade-Black-3.jpg 700w, https:\/\/kingwaycarrental.com\/wp-content\/uploads\/2025\/03\/Cadillac-Escalade-Black-3-300x200.jpg 300w\"  data-thumb-sizes=\"(max-width: 300px) 100vw, 300px\" class=\"woocommerce-product-gallery__image\"><a href=\"https:\/\/kingwaycarrental.com\/wp-content\/uploads\/2025\/03\/Cadillac-Escalade-Black-3.jpg\"><img decoding=\"async\" width=\"700\" height=\"467\" src=\"https:\/\/kingwaycarrental.com\/wp-content\/uploads\/2025\/03\/Cadillac-Escalade-Black-3.jpg\" class=\"\" alt=\"Alquiler de Cadillac Escalade, vista lateral, coche familiar de 7 plazas\" data-caption=\"\" data-src=\"https:\/\/kingwaycarrental.com\/wp-content\/uploads\/2025\/03\/Cadillac-Escalade-Black-3.jpg\" data-large_image=\"https:\/\/kingwaycarrental.com\/wp-content\/uploads\/2025\/03\/Cadillac-Escalade-Black-3.jpg\" data-large_image_width=\"700\" data-large_image_height=\"467\" srcset=\"https:\/\/kingwaycarrental.com\/wp-content\/uploads\/2025\/03\/Cadillac-Escalade-Black-3.jpg 700w, https:\/\/kingwaycarrental.com\/wp-content\/uploads\/2025\/03\/Cadillac-Escalade-Black-3-300x200.jpg 300w\" sizes=\"(max-width: 700px) 100vw, 700px\" title=\"\" data- data-large_image_><\/a><\/div>\t<\/div>\n<\/div>\n<\/div>\t\t\t<span class=\"ovabrw-featured-product\">\n\t\tDestacado\t<\/span>\n\t\t\t<span class=\"ovabrw-features-featured\">\n\t\t\t\t2024\t\t\t<\/span>\n\t\t\t<\/div>\n\t<div class=\"ovabrw-card-content\">\n\t\t    <div class=\"ovabrw-review\">\n        <div class=\"ovabrw-star-rating\" role=\"img\" aria-label=\"Rated 5.00 out of 5\">\n        \t<i aria-hidden=\"true\" class=\"brwicon-star-3\"><\/i>\n        \t<i aria-hidden=\"true\" class=\"brwicon-star-3\"><\/i>\n        \t<i aria-hidden=\"true\" class=\"brwicon-star-3\"><\/i>\n        \t<i aria-hidden=\"true\" class=\"brwicon-star-3\"><\/i>\n        \t<i aria-hidden=\"true\" class=\"brwicon-star-3\"><\/i>\n            <span class=\"ovabrw-rating-percent\" style=\"width: 100%;\">\n            \t<i aria-hidden=\"true\" class=\"brwicon-star-3\"><\/i>\n            \t<i aria-hidden=\"true\" class=\"brwicon-star-3\"><\/i>\n            \t<i aria-hidden=\"true\" class=\"brwicon-star-3\"><\/i>\n            \t<i aria-hidden=\"true\" class=\"brwicon-star-3\"><\/i>\n            \t<i aria-hidden=\"true\" class=\"brwicon-star-3\"><\/i>\n            <\/span>\n        <\/div>\n        <a href=\"https:\/\/kingwaycarrental.com\/es\/car\/hire-a-cadillac-escalade-in-dubai\/#reviews\" class=\"ovabrw-review-link\" rel=\"nofollow\">\n            1 valoraci\u00f3n        <\/a>\n    <\/div>\n\t\t\t<h3 class=\"ovabrw-title\">\n\t\t<a href=\"https:\/\/kingwaycarrental.com\/es\/car\/hire-a-cadillac-escalade-in-dubai\/\">\n\t\t\tCadillac Escalade\t\t<\/a>\n\t<\/h3>\n\t\t<div class=\"ovabrw-price\">\n\t\t\t\t<span class=\"amount\">\n\t\t\t\t<span class=\"woocommerce-Price-amount amount\"><bdi><span class=\"woocommerce-Price-currencySymbol\" translate=\"no\">AED<\/span>&nbsp;899<\/bdi><\/span>\t\t\t<\/span>\n\t\t\t<span class=\"unit\">\n\t\t\t\t\/ D\u00eda\t\t\t<\/span>\n\t\t<\/div>\t\t\t\t\t<ul class=\"ovabrw-features\">\n\t\t\t\t\t<li class=\"item-feature\">\n\t\t\t\t\t\t\t\t\t<i aria-hidden=\"true\" class=\"flaticon2 flaticon2-sedan\"><\/i>\n\t\t\t\t\t\t\t\t<span>7-Sitzer<\/span>\n\t\t\t<\/li>\n\t\t\t\t\t<li class=\"item-feature\">\n\t\t\t\t\t\t\t\t\t<i aria-hidden=\"true\" class=\"flaticon-seat\"><\/i>\n\t\t\t\t\t\t\t\t<span>7 Plazas<\/span>\n\t\t\t<\/li>\n\t\t\t\t\t<li class=\"item-feature\">\n\t\t\t\t\t\t\t\t\t<i aria-hidden=\"true\" class=\"flaticon-car-door\"><\/i>\n\t\t\t\t\t\t\t\t<span>4 Puertas<\/span>\n\t\t\t<\/li>\n\t\t\t\t\t<li class=\"item-feature\">\n\t\t\t\t\t\t\t\t\t<i aria-hidden=\"true\" class=\"flaticon-gas-station\"><\/i>\n\t\t\t\t\t\t\t\t<span>Gasolina<\/span>\n\t\t\t<\/li>\n\t\t\t<\/ul>\n\t\t\t\t\t\t\t<p class=\"ovabrw-short-description\">\n\t\tAl planificar una visita a una ciudad llena de lujo, la elecci\u00f3n del medio de transporte se convierte en una parte esencial...\t<\/p>\n\n\t\t<div class=\"ovabrw-card-btn\">\n\t\t\t    <a href=\"https:\/\/kingwaycarrental.com\/es\/car\/hire-a-cadillac-escalade-in-dubai\/\" class=\"ovabrw-button\">\n        Reservar Ahora        <i class=\"brwicon-right\" aria-hidden=\"true\"><\/i>\n    <\/a>\n\t\t<\/div>\n\t<\/div>\n<\/div>\t\t\t\t\t\t<\/li>\n\t\t\t\t\t\t\t\t\t\t\t\t<li class=\"item\">\n\t\t\t\t\t\t\t\n<div class=\"ovabrw-card-template ovabrw-card1\">\n\t<div class=\"ovabrw-card-header\">\n\t\t    <div class=\"ovabrw-gallery-popup\">\n    \t\t    \t<div class=\"ovabrw-product-img-feature\">\n\t    \t\t<a href=\"https:\/\/kingwaycarrental.com\/es\/car\/mercedes-cla-250\/\" class=\"ovabrw-product-link\">\n\t\t    \t\t\t            \t\t<img decoding=\"async\" src=\"https:\/\/kingwaycarrental.com\/wp-content\/uploads\/2025\/01\/Mercedes-CLA-250-Rental.jpg\" alt=\"Mercedes CLA 250 en Alquilar en Dub\u00e1i, conducci\u00f3n c\u00f3moda a precio especial\" title=\"\">\n\t            \t            \t<\/a>\n\t    \t<\/div>\n\t        <\/div>\n<div style=\"display: none !important;\">\n\t<div class=\"woocommerce-product-gallery woocommerce-product-gallery--with-images woocommerce-product-gallery--columns-4 images\" data-columns=\"4\" style=\"opacity: 0; transition: opacity .25s ease-in-out;\">\n\t<div class=\"woocommerce-product-gallery__wrapper\">\n\t\t<div data-thumb=\"https:\/\/kingwaycarrental.com\/wp-content\/uploads\/2025\/01\/Mercedes-CLA-250-Rental.jpg\" data-thumb-alt=\"Mercedes CLA 250 en Alquilar en Dub\u00e1i, conducci\u00f3n c\u00f3moda a precio especial\" data-thumb-srcset=\"https:\/\/kingwaycarrental.com\/wp-content\/uploads\/2025\/01\/Mercedes-CLA-250-Rental.jpg 700w, https:\/\/kingwaycarrental.com\/wp-content\/uploads\/2025\/01\/Mercedes-CLA-250-Rental-300x200.jpg 300w\"  data-thumb-sizes=\"(max-width: 300px) 100vw, 300px\" class=\"woocommerce-product-gallery__image\"><a href=\"https:\/\/kingwaycarrental.com\/wp-content\/uploads\/2025\/01\/Mercedes-CLA-250-Rental.jpg\"><img decoding=\"async\" width=\"700\" height=\"467\" src=\"https:\/\/kingwaycarrental.com\/wp-content\/uploads\/2025\/01\/Mercedes-CLA-250-Rental.jpg\" class=\"wp-post-image\" alt=\"Mercedes CLA 250 en Alquilar en Dub\u00e1i, conducci\u00f3n c\u00f3moda a precio especial\" data-caption=\"\" data-src=\"https:\/\/kingwaycarrental.com\/wp-content\/uploads\/2025\/01\/Mercedes-CLA-250-Rental.jpg\" data-large_image=\"https:\/\/kingwaycarrental.com\/wp-content\/uploads\/2025\/01\/Mercedes-CLA-250-Rental.jpg\" data-large_image_width=\"700\" data-large_image_height=\"467\" srcset=\"https:\/\/kingwaycarrental.com\/wp-content\/uploads\/2025\/01\/Mercedes-CLA-250-Rental.jpg 700w, https:\/\/kingwaycarrental.com\/wp-content\/uploads\/2025\/01\/Mercedes-CLA-250-Rental-300x200.jpg 300w\" sizes=\"(max-width: 700px) 100vw, 700px\" title=\"\" data- data-large_image_><\/a><\/div><div data-thumb=\"https:\/\/kingwaycarrental.com\/wp-content\/uploads\/2024\/11\/Mercedes-CLA-250-c.jpg\" data-thumb-alt=\"Alquiler de un Mercedes-Benz CLA 250: Volante y asientos delanteros\" data-thumb-srcset=\"https:\/\/kingwaycarrental.com\/wp-content\/uploads\/2024\/11\/Mercedes-CLA-250-c.jpg 700w, https:\/\/kingwaycarrental.com\/wp-content\/uploads\/2024\/11\/Mercedes-CLA-250-c-300x200.jpg 300w\"  data-thumb-sizes=\"(max-width: 300px) 100vw, 300px\" class=\"woocommerce-product-gallery__image\"><a href=\"https:\/\/kingwaycarrental.com\/wp-content\/uploads\/2024\/11\/Mercedes-CLA-250-c.jpg\"><img decoding=\"async\" width=\"700\" height=\"467\" src=\"https:\/\/kingwaycarrental.com\/wp-content\/uploads\/2024\/11\/Mercedes-CLA-250-c.jpg\" class=\"\" alt=\"Alquiler de un Mercedes-Benz CLA 250: Volante y asientos delanteros\" data-caption=\"\" data-src=\"https:\/\/kingwaycarrental.com\/wp-content\/uploads\/2024\/11\/Mercedes-CLA-250-c.jpg\" data-large_image=\"https:\/\/kingwaycarrental.com\/wp-content\/uploads\/2024\/11\/Mercedes-CLA-250-c.jpg\" data-large_image_width=\"700\" data-large_image_height=\"467\" srcset=\"https:\/\/kingwaycarrental.com\/wp-content\/uploads\/2024\/11\/Mercedes-CLA-250-c.jpg 700w, https:\/\/kingwaycarrental.com\/wp-content\/uploads\/2024\/11\/Mercedes-CLA-250-c-300x200.jpg 300w\" sizes=\"(max-width: 700px) 100vw, 700px\" title=\"\" data- data-large_image_><\/a><\/div><div data-thumb=\"https:\/\/kingwaycarrental.com\/wp-content\/uploads\/2024\/11\/Mercedes-CLA-250-a.jpg\" data-thumb-alt=\"Mercedes CLA Coup\u00e9: Vista trasera deportiva\" data-thumb-srcset=\"https:\/\/kingwaycarrental.com\/wp-content\/uploads\/2024\/11\/Mercedes-CLA-250-a.jpg 700w, https:\/\/kingwaycarrental.com\/wp-content\/uploads\/2024\/11\/Mercedes-CLA-250-a-300x200.jpg 300w\"  data-thumb-sizes=\"(max-width: 300px) 100vw, 300px\" class=\"woocommerce-product-gallery__image\"><a href=\"https:\/\/kingwaycarrental.com\/wp-content\/uploads\/2024\/11\/Mercedes-CLA-250-a.jpg\"><img decoding=\"async\" width=\"700\" height=\"467\" src=\"https:\/\/kingwaycarrental.com\/wp-content\/uploads\/2024\/11\/Mercedes-CLA-250-a.jpg\" class=\"\" alt=\"Mercedes CLA Coup\u00e9: Vista trasera deportiva\" data-caption=\"\" data-src=\"https:\/\/kingwaycarrental.com\/wp-content\/uploads\/2024\/11\/Mercedes-CLA-250-a.jpg\" data-large_image=\"https:\/\/kingwaycarrental.com\/wp-content\/uploads\/2024\/11\/Mercedes-CLA-250-a.jpg\" data-large_image_width=\"700\" data-large_image_height=\"467\" srcset=\"https:\/\/kingwaycarrental.com\/wp-content\/uploads\/2024\/11\/Mercedes-CLA-250-a.jpg 700w, https:\/\/kingwaycarrental.com\/wp-content\/uploads\/2024\/11\/Mercedes-CLA-250-a-300x200.jpg 300w\" sizes=\"(max-width: 700px) 100vw, 700px\" title=\"\" data- data-large_image_><\/a><\/div><div data-thumb=\"https:\/\/kingwaycarrental.com\/wp-content\/uploads\/2024\/11\/Mercedes-CLA-250-b.jpg\" data-thumb-alt=\"Alquiler de un Mercedes CLA 250 Sed\u00e1n: Asientos traseros deportivos rojos\" data-thumb-srcset=\"https:\/\/kingwaycarrental.com\/wp-content\/uploads\/2024\/11\/Mercedes-CLA-250-b.jpg 700w, https:\/\/kingwaycarrental.com\/wp-content\/uploads\/2024\/11\/Mercedes-CLA-250-b-300x200.jpg 300w\"  data-thumb-sizes=\"(max-width: 300px) 100vw, 300px\" class=\"woocommerce-product-gallery__image\"><a href=\"https:\/\/kingwaycarrental.com\/wp-content\/uploads\/2024\/11\/Mercedes-CLA-250-b.jpg\"><img decoding=\"async\" width=\"700\" height=\"467\" src=\"https:\/\/kingwaycarrental.com\/wp-content\/uploads\/2024\/11\/Mercedes-CLA-250-b.jpg\" class=\"\" alt=\"Alquiler de un Mercedes CLA 250 Sed\u00e1n: Asientos traseros deportivos rojos\" data-caption=\"\" data-src=\"https:\/\/kingwaycarrental.com\/wp-content\/uploads\/2024\/11\/Mercedes-CLA-250-b.jpg\" data-large_image=\"https:\/\/kingwaycarrental.com\/wp-content\/uploads\/2024\/11\/Mercedes-CLA-250-b.jpg\" data-large_image_width=\"700\" data-large_image_height=\"467\" srcset=\"https:\/\/kingwaycarrental.com\/wp-content\/uploads\/2024\/11\/Mercedes-CLA-250-b.jpg 700w, https:\/\/kingwaycarrental.com\/wp-content\/uploads\/2024\/11\/Mercedes-CLA-250-b-300x200.jpg 300w\" sizes=\"(max-width: 700px) 100vw, 700px\" title=\"\" data- data-large_image_><\/a><\/div>\t<\/div>\n<\/div>\n<\/div>\t\t\t<span class=\"ovabrw-featured-product\">\n\t\tDestacado\t<\/span>\n\t\t\t<span class=\"ovabrw-features-featured\">\n\t\t\t\t2023\t\t\t<\/span>\n\t\t\t<\/div>\n\t<div class=\"ovabrw-card-content\">\n\t\t    <div class=\"ovabrw-review\">\n        <div class=\"ovabrw-star-rating\" role=\"img\" aria-label=\"Rated 5.00 out of 5\">\n        \t<i aria-hidden=\"true\" class=\"brwicon-star-3\"><\/i>\n        \t<i aria-hidden=\"true\" class=\"brwicon-star-3\"><\/i>\n        \t<i aria-hidden=\"true\" class=\"brwicon-star-3\"><\/i>\n        \t<i aria-hidden=\"true\" class=\"brwicon-star-3\"><\/i>\n        \t<i aria-hidden=\"true\" class=\"brwicon-star-3\"><\/i>\n            <span class=\"ovabrw-rating-percent\" style=\"width: 100%;\">\n            \t<i aria-hidden=\"true\" class=\"brwicon-star-3\"><\/i>\n            \t<i aria-hidden=\"true\" class=\"brwicon-star-3\"><\/i>\n            \t<i aria-hidden=\"true\" class=\"brwicon-star-3\"><\/i>\n            \t<i aria-hidden=\"true\" class=\"brwicon-star-3\"><\/i>\n            \t<i aria-hidden=\"true\" class=\"brwicon-star-3\"><\/i>\n            <\/span>\n        <\/div>\n        <a href=\"https:\/\/kingwaycarrental.com\/es\/car\/mercedes-cla-250\/#reviews\" class=\"ovabrw-review-link\" rel=\"nofollow\">\n            1 valoraci\u00f3n        <\/a>\n    <\/div>\n\t\t\t<h3 class=\"ovabrw-title\">\n\t\t<a href=\"https:\/\/kingwaycarrental.com\/es\/car\/mercedes-cla-250\/\">\n\t\t\tMercedes CLA 250\t\t<\/a>\n\t<\/h3>\n\t\t<div class=\"ovabrw-price\">\n\t\t\t\t<span class=\"amount\">\n\t\t\t\t<span class=\"woocommerce-Price-amount amount\"><bdi><span class=\"woocommerce-Price-currencySymbol\" translate=\"no\">AED<\/span>&nbsp;399<\/bdi><\/span>\t\t\t<\/span>\n\t\t\t<span class=\"unit\">\n\t\t\t\t\/ D\u00eda\t\t\t<\/span>\n\t\t<\/div>\t\t\t\t\t<ul class=\"ovabrw-features\">\n\t\t\t\t\t<li class=\"item-feature\">\n\t\t\t\t\t\t\t\t\t<i aria-hidden=\"true\" class=\"flaticon2 flaticon2-sedan\"><\/i>\n\t\t\t\t\t\t\t\t<span>Sed\u00e1n<\/span>\n\t\t\t<\/li>\n\t\t\t\t\t<li class=\"item-feature\">\n\t\t\t\t\t\t\t\t\t<i aria-hidden=\"true\" class=\"flaticon-seat\"><\/i>\n\t\t\t\t\t\t\t\t<span>4 Plazas<\/span>\n\t\t\t<\/li>\n\t\t\t\t\t<li class=\"item-feature\">\n\t\t\t\t\t\t\t\t\t<i aria-hidden=\"true\" class=\"flaticon-car-door\"><\/i>\n\t\t\t\t\t\t\t\t<span>4 Puertas<\/span>\n\t\t\t<\/li>\n\t\t\t\t\t<li class=\"item-feature\">\n\t\t\t\t\t\t\t\t\t<i aria-hidden=\"true\" class=\"flaticon-gas-station\"><\/i>\n\t\t\t\t\t\t\t\t<span>Gasolina<\/span>\n\t\t\t<\/li>\n\t\t\t<\/ul>\n\t\t\t\t\t\t\t<p class=\"ovabrw-short-description\">\n\t\tDisfrute del lujo con el Mercedes CLA 250 en alquiler en Dub\u00e1i. Descubra las especificaciones, la eficiencia de combustible y las tecnolog\u00edas...\t<\/p>\n\n\t\t<div class=\"ovabrw-card-btn\">\n\t\t\t    <a href=\"https:\/\/kingwaycarrental.com\/es\/car\/mercedes-cla-250\/\" class=\"ovabrw-button\">\n        Reservar Ahora        <i class=\"brwicon-right\" aria-hidden=\"true\"><\/i>\n    <\/a>\n\t\t<\/div>\n\t<\/div>\n<\/div>\t\t\t\t\t\t<\/li>\n\t\t\t\t\t\t\t\t\t\t\t\t<li class=\"item\">\n\t\t\t\t\t\t\t\n<div class=\"ovabrw-card-template ovabrw-card1\">\n\t<div class=\"ovabrw-card-header\">\n\t\t    <div class=\"ovabrw-gallery-popup\">\n    \t\t    \t<div class=\"ovabrw-product-img-feature\">\n\t    \t\t<a href=\"https:\/\/kingwaycarrental.com\/es\/car\/mercedes-c300\/\" class=\"ovabrw-product-link\">\n\t\t    \t\t\t            \t\t<img decoding=\"async\" src=\"https:\/\/kingwaycarrental.com\/wp-content\/uploads\/2025\/10\/Mercedes-C-Class-C300.jpg\" alt=\"Alquile Mercedes Benz C300 en Dub\u00e1i - Experiencia lujosa a precio especial\" title=\"\">\n\t            \t            \t<\/a>\n\t    \t<\/div>\n\t        <\/div>\n<div style=\"display: none !important;\">\n\t<div class=\"woocommerce-product-gallery woocommerce-product-gallery--with-images woocommerce-product-gallery--columns-4 images\" data-columns=\"4\" style=\"opacity: 0; transition: opacity .25s ease-in-out;\">\n\t<div class=\"woocommerce-product-gallery__wrapper\">\n\t\t<div data-thumb=\"https:\/\/kingwaycarrental.com\/wp-content\/uploads\/2025\/10\/Mercedes-C-Class-C300.jpg\" data-thumb-alt=\"Alquile Mercedes Benz C300 en Dub\u00e1i - Experiencia lujosa a precio especial\" data-thumb-srcset=\"https:\/\/kingwaycarrental.com\/wp-content\/uploads\/2025\/10\/Mercedes-C-Class-C300.jpg 700w, https:\/\/kingwaycarrental.com\/wp-content\/uploads\/2025\/10\/Mercedes-C-Class-C300-300x200.jpg 300w\"  data-thumb-sizes=\"(max-width: 300px) 100vw, 300px\" class=\"woocommerce-product-gallery__image\"><a href=\"https:\/\/kingwaycarrental.com\/wp-content\/uploads\/2025\/10\/Mercedes-C-Class-C300.jpg\"><img decoding=\"async\" width=\"700\" height=\"467\" src=\"https:\/\/kingwaycarrental.com\/wp-content\/uploads\/2025\/10\/Mercedes-C-Class-C300.jpg\" class=\"wp-post-image\" alt=\"Alquile Mercedes Benz C300 en Dub\u00e1i - Experiencia lujosa a precio especial\" data-caption=\"\" data-src=\"https:\/\/kingwaycarrental.com\/wp-content\/uploads\/2025\/10\/Mercedes-C-Class-C300.jpg\" data-large_image=\"https:\/\/kingwaycarrental.com\/wp-content\/uploads\/2025\/10\/Mercedes-C-Class-C300.jpg\" data-large_image_width=\"700\" data-large_image_height=\"467\" srcset=\"https:\/\/kingwaycarrental.com\/wp-content\/uploads\/2025\/10\/Mercedes-C-Class-C300.jpg 700w, https:\/\/kingwaycarrental.com\/wp-content\/uploads\/2025\/10\/Mercedes-C-Class-C300-300x200.jpg 300w\" sizes=\"(max-width: 700px) 100vw, 700px\" title=\"\" data- data-large_image_><\/a><\/div><div data-thumb=\"https:\/\/kingwaycarrental.com\/wp-content\/uploads\/2025\/10\/Mercedes-C-Class-C300-4.jpg\" data-thumb-alt=\"Alquiler de Mercedes-Benz C300: Volante deportivo\" data-thumb-srcset=\"https:\/\/kingwaycarrental.com\/wp-content\/uploads\/2025\/10\/Mercedes-C-Class-C300-4.jpg 700w, https:\/\/kingwaycarrental.com\/wp-content\/uploads\/2025\/10\/Mercedes-C-Class-C300-4-300x200.jpg 300w\"  data-thumb-sizes=\"(max-width: 300px) 100vw, 300px\" class=\"woocommerce-product-gallery__image\"><a href=\"https:\/\/kingwaycarrental.com\/wp-content\/uploads\/2025\/10\/Mercedes-C-Class-C300-4.jpg\"><img decoding=\"async\" width=\"700\" height=\"467\" src=\"https:\/\/kingwaycarrental.com\/wp-content\/uploads\/2025\/10\/Mercedes-C-Class-C300-4.jpg\" class=\"\" alt=\"Alquiler de Mercedes-Benz C300: Volante deportivo\" data-caption=\"\" data-src=\"https:\/\/kingwaycarrental.com\/wp-content\/uploads\/2025\/10\/Mercedes-C-Class-C300-4.jpg\" data-large_image=\"https:\/\/kingwaycarrental.com\/wp-content\/uploads\/2025\/10\/Mercedes-C-Class-C300-4.jpg\" data-large_image_width=\"700\" data-large_image_height=\"467\" srcset=\"https:\/\/kingwaycarrental.com\/wp-content\/uploads\/2025\/10\/Mercedes-C-Class-C300-4.jpg 700w, https:\/\/kingwaycarrental.com\/wp-content\/uploads\/2025\/10\/Mercedes-C-Class-C300-4-300x200.jpg 300w\" sizes=\"(max-width: 700px) 100vw, 700px\" title=\"\" data- data-large_image_><\/a><\/div><div data-thumb=\"https:\/\/kingwaycarrental.com\/wp-content\/uploads\/2025\/10\/Mercedes-C-Class-C300-2.jpg\" data-thumb-alt=\"Alquiler de Mercedes Clase C en Dub\u00e1i: Asientos delanteros deportivos y c\u00f3modos\" data-thumb-srcset=\"https:\/\/kingwaycarrental.com\/wp-content\/uploads\/2025\/10\/Mercedes-C-Class-C300-2.jpg 700w, https:\/\/kingwaycarrental.com\/wp-content\/uploads\/2025\/10\/Mercedes-C-Class-C300-2-300x200.jpg 300w\"  data-thumb-sizes=\"(max-width: 300px) 100vw, 300px\" class=\"woocommerce-product-gallery__image\"><a href=\"https:\/\/kingwaycarrental.com\/wp-content\/uploads\/2025\/10\/Mercedes-C-Class-C300-2.jpg\"><img decoding=\"async\" width=\"700\" height=\"467\" src=\"https:\/\/kingwaycarrental.com\/wp-content\/uploads\/2025\/10\/Mercedes-C-Class-C300-2.jpg\" class=\"\" alt=\"Alquiler de Mercedes Clase C en Dub\u00e1i: Asientos delanteros deportivos y c\u00f3modos\" data-caption=\"\" data-src=\"https:\/\/kingwaycarrental.com\/wp-content\/uploads\/2025\/10\/Mercedes-C-Class-C300-2.jpg\" data-large_image=\"https:\/\/kingwaycarrental.com\/wp-content\/uploads\/2025\/10\/Mercedes-C-Class-C300-2.jpg\" data-large_image_width=\"700\" data-large_image_height=\"467\" srcset=\"https:\/\/kingwaycarrental.com\/wp-content\/uploads\/2025\/10\/Mercedes-C-Class-C300-2.jpg 700w, https:\/\/kingwaycarrental.com\/wp-content\/uploads\/2025\/10\/Mercedes-C-Class-C300-2-300x200.jpg 300w\" sizes=\"(max-width: 700px) 100vw, 700px\" title=\"\" data- data-large_image_><\/a><\/div><div data-thumb=\"https:\/\/kingwaycarrental.com\/wp-content\/uploads\/2025\/10\/Mercedes-C-Class-C300-5.jpg\" data-thumb-alt=\"Alquiler de Mercedes-Benz C300 en Dub\u00e1i: Vistas trasera y lateral\" data-thumb-srcset=\"https:\/\/kingwaycarrental.com\/wp-content\/uploads\/2025\/10\/Mercedes-C-Class-C300-5.jpg 700w, https:\/\/kingwaycarrental.com\/wp-content\/uploads\/2025\/10\/Mercedes-C-Class-C300-5-300x200.jpg 300w\"  data-thumb-sizes=\"(max-width: 300px) 100vw, 300px\" class=\"woocommerce-product-gallery__image\"><a href=\"https:\/\/kingwaycarrental.com\/wp-content\/uploads\/2025\/10\/Mercedes-C-Class-C300-5.jpg\"><img decoding=\"async\" width=\"700\" height=\"467\" src=\"https:\/\/kingwaycarrental.com\/wp-content\/uploads\/2025\/10\/Mercedes-C-Class-C300-5.jpg\" class=\"\" alt=\"Alquiler de Mercedes-Benz C300 en Dub\u00e1i: Vistas trasera y lateral\" data-caption=\"\" data-src=\"https:\/\/kingwaycarrental.com\/wp-content\/uploads\/2025\/10\/Mercedes-C-Class-C300-5.jpg\" data-large_image=\"https:\/\/kingwaycarrental.com\/wp-content\/uploads\/2025\/10\/Mercedes-C-Class-C300-5.jpg\" data-large_image_width=\"700\" data-large_image_height=\"467\" srcset=\"https:\/\/kingwaycarrental.com\/wp-content\/uploads\/2025\/10\/Mercedes-C-Class-C300-5.jpg 700w, https:\/\/kingwaycarrental.com\/wp-content\/uploads\/2025\/10\/Mercedes-C-Class-C300-5-300x200.jpg 300w\" sizes=\"(max-width: 700px) 100vw, 700px\" title=\"\" data- data-large_image_><\/a><\/div><div data-thumb=\"https:\/\/kingwaycarrental.com\/wp-content\/uploads\/2025\/10\/Mercedes-C-Class-C300-3.jpg\" data-thumb-alt=\"Alquiler de Mercedes Clase C en Dub\u00e1i: Asientos traseros de lujo\" data-thumb-srcset=\"https:\/\/kingwaycarrental.com\/wp-content\/uploads\/2025\/10\/Mercedes-C-Class-C300-3.jpg 700w, https:\/\/kingwaycarrental.com\/wp-content\/uploads\/2025\/10\/Mercedes-C-Class-C300-3-300x200.jpg 300w\"  data-thumb-sizes=\"(max-width: 300px) 100vw, 300px\" class=\"woocommerce-product-gallery__image\"><a href=\"https:\/\/kingwaycarrental.com\/wp-content\/uploads\/2025\/10\/Mercedes-C-Class-C300-3.jpg\"><img decoding=\"async\" width=\"700\" height=\"467\" src=\"https:\/\/kingwaycarrental.com\/wp-content\/uploads\/2025\/10\/Mercedes-C-Class-C300-3.jpg\" class=\"\" alt=\"Alquiler de Mercedes Clase C en Dub\u00e1i: Asientos traseros de lujo\" data-caption=\"\" data-src=\"https:\/\/kingwaycarrental.com\/wp-content\/uploads\/2025\/10\/Mercedes-C-Class-C300-3.jpg\" data-large_image=\"https:\/\/kingwaycarrental.com\/wp-content\/uploads\/2025\/10\/Mercedes-C-Class-C300-3.jpg\" data-large_image_width=\"700\" data-large_image_height=\"467\" srcset=\"https:\/\/kingwaycarrental.com\/wp-content\/uploads\/2025\/10\/Mercedes-C-Class-C300-3.jpg 700w, https:\/\/kingwaycarrental.com\/wp-content\/uploads\/2025\/10\/Mercedes-C-Class-C300-3-300x200.jpg 300w\" sizes=\"(max-width: 700px) 100vw, 700px\" title=\"\" data- data-large_image_><\/a><\/div>\t<\/div>\n<\/div>\n<\/div>\t\t\t<span class=\"ovabrw-featured-product\">\n\t\tDestacado\t<\/span>\n\t\t\t<span class=\"ovabrw-features-featured\">\n\t\t\t\t2024\t\t\t<\/span>\n\t\t\t<\/div>\n\t<div class=\"ovabrw-card-content\">\n\t\t    <div class=\"ovabrw-review\">\n        <div class=\"ovabrw-star-rating\" role=\"img\" aria-label=\"Rated 4.00 out of 5\">\n        \t<i aria-hidden=\"true\" class=\"brwicon-star-3\"><\/i>\n        \t<i aria-hidden=\"true\" class=\"brwicon-star-3\"><\/i>\n        \t<i aria-hidden=\"true\" class=\"brwicon-star-3\"><\/i>\n        \t<i aria-hidden=\"true\" class=\"brwicon-star-3\"><\/i>\n        \t<i aria-hidden=\"true\" class=\"brwicon-star-3\"><\/i>\n            <span class=\"ovabrw-rating-percent\" style=\"width: 80%;\">\n            \t<i aria-hidden=\"true\" class=\"brwicon-star-3\"><\/i>\n            \t<i aria-hidden=\"true\" class=\"brwicon-star-3\"><\/i>\n            \t<i aria-hidden=\"true\" class=\"brwicon-star-3\"><\/i>\n            \t<i aria-hidden=\"true\" class=\"brwicon-star-3\"><\/i>\n            \t<i aria-hidden=\"true\" class=\"brwicon-star-3\"><\/i>\n            <\/span>\n        <\/div>\n        <a href=\"https:\/\/kingwaycarrental.com\/es\/car\/mercedes-c300\/#reviews\" class=\"ovabrw-review-link\" rel=\"nofollow\">\n            1 valoraci\u00f3n        <\/a>\n    <\/div>\n\t\t\t<h3 class=\"ovabrw-title\">\n\t\t<a href=\"https:\/\/kingwaycarrental.com\/es\/car\/mercedes-c300\/\">\n\t\t\tMercedes Benz C300\t\t<\/a>\n\t<\/h3>\n\t\t<div class=\"ovabrw-price\">\n\t\t\t\t<span class=\"amount\">\n\t\t\t\t<span class=\"woocommerce-Price-amount amount\"><bdi><span class=\"woocommerce-Price-currencySymbol\" translate=\"no\">AED<\/span>&nbsp;399<\/bdi><\/span>\t\t\t<\/span>\n\t\t\t<span class=\"unit\">\n\t\t\t\t\/ D\u00eda\t\t\t<\/span>\n\t\t<\/div>\t\t\t\t\t<ul class=\"ovabrw-features\">\n\t\t\t\t\t<li class=\"item-feature\">\n\t\t\t\t\t\t\t\t\t<i aria-hidden=\"true\" class=\"flaticon2 flaticon2-sedan\"><\/i>\n\t\t\t\t\t\t\t\t<span>Sed\u00e1n<\/span>\n\t\t\t<\/li>\n\t\t\t\t\t<li class=\"item-feature\">\n\t\t\t\t\t\t\t\t\t<i aria-hidden=\"true\" class=\"flaticon-seat\"><\/i>\n\t\t\t\t\t\t\t\t<span>5 Plazas<\/span>\n\t\t\t<\/li>\n\t\t\t\t\t<li class=\"item-feature\">\n\t\t\t\t\t\t\t\t\t<i aria-hidden=\"true\" class=\"flaticon-car-door\"><\/i>\n\t\t\t\t\t\t\t\t<span>4 Puertas<\/span>\n\t\t\t<\/li>\n\t\t\t\t\t<li class=\"item-feature\">\n\t\t\t\t\t\t\t\t\t<i aria-hidden=\"true\" class=\"flaticon-gas-station\"><\/i>\n\t\t\t\t\t\t\t\t<span>Gasolina<\/span>\n\t\t\t<\/li>\n\t\t\t<\/ul>\n\t\t\t\t\t\t\t<p class=\"ovabrw-short-description\">\n\t\tEn King Way Car Rental, nos aseguramos de proporcionar este coche en excelentes condiciones para cumplir con sus expectativas y darle el...\t<\/p>\n\n\t\t<div class=\"ovabrw-card-btn\">\n\t\t\t    <a href=\"https:\/\/kingwaycarrental.com\/es\/car\/mercedes-c300\/\" class=\"ovabrw-button\">\n        Reservar Ahora        <i class=\"brwicon-right\" aria-hidden=\"true\"><\/i>\n    <\/a>\n\t\t<\/div>\n\t<\/div>\n<\/div>\t\t\t\t\t\t<\/li>\n\t\t\t\t\t\t\t\t\t\t\t\t<li class=\"item\">\n\t\t\t\t\t\t\t\n<div class=\"ovabrw-card-template ovabrw-card1\">\n\t<div class=\"ovabrw-card-header\">\n\t\t    <div class=\"ovabrw-gallery-popup\">\n    \t\t    \t<div class=\"ovabrw-product-img-feature\">\n\t    \t\t<a href=\"https:\/\/kingwaycarrental.com\/es\/car\/mercedes-c300-black\/\" class=\"ovabrw-product-link\">\n\t\t    \t\t\t            \t\t<img decoding=\"async\" src=\"https:\/\/kingwaycarrental.com\/wp-content\/uploads\/2024\/12\/Rent-Mercedes-C300.jpg\" alt=\"Alquilar un Mercedes Clase C C300 (Negro), Nueva Generaci\u00f3n en Dub\u00e1i\" title=\"\">\n\t            \t            \t<\/a>\n\t    \t<\/div>\n\t        <\/div>\n<div style=\"display: none !important;\">\n\t<div class=\"woocommerce-product-gallery woocommerce-product-gallery--with-images woocommerce-product-gallery--columns-4 images\" data-columns=\"4\" style=\"opacity: 0; transition: opacity .25s ease-in-out;\">\n\t<div class=\"woocommerce-product-gallery__wrapper\">\n\t\t<div data-thumb=\"https:\/\/kingwaycarrental.com\/wp-content\/uploads\/2024\/12\/Rent-Mercedes-C300.jpg\" data-thumb-alt=\"Alquilar un Mercedes Clase C C300 (Negro), Nueva Generaci\u00f3n en Dub\u00e1i\" data-thumb-srcset=\"https:\/\/kingwaycarrental.com\/wp-content\/uploads\/2024\/12\/Rent-Mercedes-C300.jpg 700w, https:\/\/kingwaycarrental.com\/wp-content\/uploads\/2024\/12\/Rent-Mercedes-C300-300x200.jpg 300w\"  data-thumb-sizes=\"(max-width: 300px) 100vw, 300px\" class=\"woocommerce-product-gallery__image\"><a href=\"https:\/\/kingwaycarrental.com\/wp-content\/uploads\/2024\/12\/Rent-Mercedes-C300.jpg\"><img decoding=\"async\" width=\"700\" height=\"467\" src=\"https:\/\/kingwaycarrental.com\/wp-content\/uploads\/2024\/12\/Rent-Mercedes-C300.jpg\" class=\"wp-post-image\" alt=\"Alquilar un Mercedes Clase C C300 (Negro), Nueva Generaci\u00f3n en Dub\u00e1i\" data-caption=\"\" data-src=\"https:\/\/kingwaycarrental.com\/wp-content\/uploads\/2024\/12\/Rent-Mercedes-C300.jpg\" data-large_image=\"https:\/\/kingwaycarrental.com\/wp-content\/uploads\/2024\/12\/Rent-Mercedes-C300.jpg\" data-large_image_width=\"700\" data-large_image_height=\"467\" srcset=\"https:\/\/kingwaycarrental.com\/wp-content\/uploads\/2024\/12\/Rent-Mercedes-C300.jpg 700w, https:\/\/kingwaycarrental.com\/wp-content\/uploads\/2024\/12\/Rent-Mercedes-C300-300x200.jpg 300w\" sizes=\"(max-width: 700px) 100vw, 700px\" title=\"\" data- data-large_image_><\/a><\/div><div data-thumb=\"https:\/\/kingwaycarrental.com\/wp-content\/uploads\/2024\/11\/Mercedes-C300-2024-b.jpg\" data-thumb-alt=\"Alquiler de Mercedes Clase C C300 (Negro) en Dub\u00e1i - Interior y volante\" data-thumb-srcset=\"https:\/\/kingwaycarrental.com\/wp-content\/uploads\/2024\/11\/Mercedes-C300-2024-b.jpg 700w, https:\/\/kingwaycarrental.com\/wp-content\/uploads\/2024\/11\/Mercedes-C300-2024-b-300x200.jpg 300w\"  data-thumb-sizes=\"(max-width: 300px) 100vw, 300px\" class=\"woocommerce-product-gallery__image\"><a href=\"https:\/\/kingwaycarrental.com\/wp-content\/uploads\/2024\/11\/Mercedes-C300-2024-b.jpg\"><img decoding=\"async\" width=\"700\" height=\"467\" src=\"https:\/\/kingwaycarrental.com\/wp-content\/uploads\/2024\/11\/Mercedes-C300-2024-b.jpg\" class=\"\" alt=\"Alquiler de Mercedes Clase C C300 (Negro) en Dub\u00e1i - Interior y volante\" data-caption=\"\" data-src=\"https:\/\/kingwaycarrental.com\/wp-content\/uploads\/2024\/11\/Mercedes-C300-2024-b.jpg\" data-large_image=\"https:\/\/kingwaycarrental.com\/wp-content\/uploads\/2024\/11\/Mercedes-C300-2024-b.jpg\" data-large_image_width=\"700\" data-large_image_height=\"467\" srcset=\"https:\/\/kingwaycarrental.com\/wp-content\/uploads\/2024\/11\/Mercedes-C300-2024-b.jpg 700w, https:\/\/kingwaycarrental.com\/wp-content\/uploads\/2024\/11\/Mercedes-C300-2024-b-300x200.jpg 300w\" sizes=\"(max-width: 700px) 100vw, 700px\" title=\"\" data- data-large_image_><\/a><\/div><div data-thumb=\"https:\/\/kingwaycarrental.com\/wp-content\/uploads\/2024\/11\/Mercedes-C300-2024-a.jpg\" data-thumb-alt=\"Mercedes C300 (Negro) en alquiler en Dub\u00e1i - Vista trasera del veh\u00edculo\" data-thumb-srcset=\"https:\/\/kingwaycarrental.com\/wp-content\/uploads\/2024\/11\/Mercedes-C300-2024-a.jpg 700w, https:\/\/kingwaycarrental.com\/wp-content\/uploads\/2024\/11\/Mercedes-C300-2024-a-300x200.jpg 300w\"  data-thumb-sizes=\"(max-width: 300px) 100vw, 300px\" class=\"woocommerce-product-gallery__image\"><a href=\"https:\/\/kingwaycarrental.com\/wp-content\/uploads\/2024\/11\/Mercedes-C300-2024-a.jpg\"><img decoding=\"async\" width=\"700\" height=\"467\" src=\"https:\/\/kingwaycarrental.com\/wp-content\/uploads\/2024\/11\/Mercedes-C300-2024-a.jpg\" class=\"\" alt=\"Mercedes C300 (Negro) en alquiler en Dub\u00e1i - Vista trasera del veh\u00edculo\" data-caption=\"\" data-src=\"https:\/\/kingwaycarrental.com\/wp-content\/uploads\/2024\/11\/Mercedes-C300-2024-a.jpg\" data-large_image=\"https:\/\/kingwaycarrental.com\/wp-content\/uploads\/2024\/11\/Mercedes-C300-2024-a.jpg\" data-large_image_width=\"700\" data-large_image_height=\"467\" srcset=\"https:\/\/kingwaycarrental.com\/wp-content\/uploads\/2024\/11\/Mercedes-C300-2024-a.jpg 700w, https:\/\/kingwaycarrental.com\/wp-content\/uploads\/2024\/11\/Mercedes-C300-2024-a-300x200.jpg 300w\" sizes=\"(max-width: 700px) 100vw, 700px\" title=\"\" data- data-large_image_><\/a><\/div>\t<\/div>\n<\/div>\n<\/div>\t\t\t<span class=\"ovabrw-featured-product\">\n\t\tDestacado\t<\/span>\n\t\t\t<span class=\"ovabrw-features-featured\">\n\t\t\t\t2024\t\t\t<\/span>\n\t\t\t<\/div>\n\t<div class=\"ovabrw-card-content\">\n\t\t    <div class=\"ovabrw-review\">\n        <div class=\"ovabrw-star-rating\" role=\"img\" aria-label=\"Rated 4.00 out of 5\">\n        \t<i aria-hidden=\"true\" class=\"brwicon-star-3\"><\/i>\n        \t<i aria-hidden=\"true\" class=\"brwicon-star-3\"><\/i>\n        \t<i aria-hidden=\"true\" class=\"brwicon-star-3\"><\/i>\n        \t<i aria-hidden=\"true\" class=\"brwicon-star-3\"><\/i>\n        \t<i aria-hidden=\"true\" class=\"brwicon-star-3\"><\/i>\n            <span class=\"ovabrw-rating-percent\" style=\"width: 80%;\">\n            \t<i aria-hidden=\"true\" class=\"brwicon-star-3\"><\/i>\n            \t<i aria-hidden=\"true\" class=\"brwicon-star-3\"><\/i>\n            \t<i aria-hidden=\"true\" class=\"brwicon-star-3\"><\/i>\n            \t<i aria-hidden=\"true\" class=\"brwicon-star-3\"><\/i>\n            \t<i aria-hidden=\"true\" class=\"brwicon-star-3\"><\/i>\n            <\/span>\n        <\/div>\n        <a href=\"https:\/\/kingwaycarrental.com\/es\/car\/mercedes-c300-black\/#reviews\" class=\"ovabrw-review-link\" rel=\"nofollow\">\n            1 valoraci\u00f3n        <\/a>\n    <\/div>\n\t\t\t<h3 class=\"ovabrw-title\">\n\t\t<a href=\"https:\/\/kingwaycarrental.com\/es\/car\/mercedes-c300-black\/\">\n\t\t\tMercedes C-Class C300\t\t<\/a>\n\t<\/h3>\n\t\t<div class=\"ovabrw-price\">\n\t\t\t\t<span class=\"amount\">\n\t\t\t\t<span class=\"woocommerce-Price-amount amount\"><bdi><span class=\"woocommerce-Price-currencySymbol\" translate=\"no\">AED<\/span>&nbsp;400<\/bdi><\/span>\t\t\t<\/span>\n\t\t\t<span class=\"unit\">\n\t\t\t\t\/ D\u00eda\t\t\t<\/span>\n\t\t<\/div>\t\t\t\t\t<ul class=\"ovabrw-features\">\n\t\t\t\t\t<li class=\"item-feature\">\n\t\t\t\t\t\t\t\t\t<i aria-hidden=\"true\" class=\"flaticon2 flaticon2-sedan\"><\/i>\n\t\t\t\t\t\t\t\t<span>Sed\u00e1n<\/span>\n\t\t\t<\/li>\n\t\t\t\t\t<li class=\"item-feature\">\n\t\t\t\t\t\t\t\t\t<i aria-hidden=\"true\" class=\"flaticon-seat\"><\/i>\n\t\t\t\t\t\t\t\t<span>5 Plazas<\/span>\n\t\t\t<\/li>\n\t\t\t\t\t<li class=\"item-feature\">\n\t\t\t\t\t\t\t\t\t<i aria-hidden=\"true\" class=\"flaticon-car-door\"><\/i>\n\t\t\t\t\t\t\t\t<span>4 Puertas<\/span>\n\t\t\t<\/li>\n\t\t\t\t\t<li class=\"item-feature\">\n\t\t\t\t\t\t\t\t\t<i aria-hidden=\"true\" class=\"flaticon-gas-station\"><\/i>\n\t\t\t\t\t\t\t\t<span>Gasolina<\/span>\n\t\t\t<\/li>\n\t\t\t<\/ul>\n\t\t\t\t\t\t\t<p class=\"ovabrw-short-description\">\n\t\t\u00bfBusca alquiler de la nueva generaci\u00f3n de Mercedes Benz Clase C? King Way Luxury Car Rental en Dub\u00e1i ofrece a sus clientes...\t<\/p>\n\n\t\t<div class=\"ovabrw-card-btn\">\n\t\t\t    <a href=\"https:\/\/kingwaycarrental.com\/es\/car\/mercedes-c300-black\/\" class=\"ovabrw-button\">\n        Reservar Ahora        <i class=\"brwicon-right\" aria-hidden=\"true\"><\/i>\n    <\/a>\n\t\t<\/div>\n\t<\/div>\n<\/div>\t\t\t\t\t\t<\/li>\n\t\t\t\t\t\t\t\t\t\t\t\t<li class=\"item\">\n\t\t\t\t\t\t\t\n<div class=\"ovabrw-card-template ovabrw-card1\">\n\t<div class=\"ovabrw-card-header\">\n\t\t    <div class=\"ovabrw-gallery-popup\">\n    \t\t    \t<div class=\"ovabrw-product-img-feature\">\n\t    \t\t<a href=\"https:\/\/kingwaycarrental.com\/es\/car\/cadillac-escalade-for-rent-in-dubai\/\" class=\"ovabrw-product-link\">\n\t\t    \t\t\t            \t\t<img decoding=\"async\" src=\"https:\/\/kingwaycarrental.com\/wp-content\/uploads\/2026\/03\/cadillac-escalade-platinum-sport-700x439.jpg\" alt=\"Cadillac Escalade Platinum Sport en alquiler en Dub\u00e1i\" title=\"\">\n\t            \t            \t<\/a>\n\t    \t<\/div>\n\t        <\/div>\n<div style=\"display: none !important;\">\n\t<div class=\"woocommerce-product-gallery woocommerce-product-gallery--with-images woocommerce-product-gallery--columns-4 images\" data-columns=\"4\" style=\"opacity: 0; transition: opacity .25s ease-in-out;\">\n\t<div class=\"woocommerce-product-gallery__wrapper\">\n\t\t<div data-thumb=\"https:\/\/kingwaycarrental.com\/wp-content\/uploads\/2026\/03\/cadillac-escalade-platinum-sport.jpg\" data-thumb-alt=\"Cadillac Escalade Platinum Sport en alquiler en Dub\u00e1i\" data-thumb-srcset=\"https:\/\/kingwaycarrental.com\/wp-content\/uploads\/2026\/03\/cadillac-escalade-platinum-sport.jpg 900w, https:\/\/kingwaycarrental.com\/wp-content\/uploads\/2026\/03\/cadillac-escalade-platinum-sport-300x188.jpg 300w, https:\/\/kingwaycarrental.com\/wp-content\/uploads\/2026\/03\/cadillac-escalade-platinum-sport-768x482.jpg 768w, https:\/\/kingwaycarrental.com\/wp-content\/uploads\/2026\/03\/cadillac-escalade-platinum-sport-700x439.jpg 700w\"  data-thumb-sizes=\"(max-width: 300px) 100vw, 300px\" class=\"woocommerce-product-gallery__image\"><a href=\"https:\/\/kingwaycarrental.com\/wp-content\/uploads\/2026\/03\/cadillac-escalade-platinum-sport.jpg\"><img decoding=\"async\" width=\"700\" height=\"439\" src=\"https:\/\/kingwaycarrental.com\/wp-content\/uploads\/2026\/03\/cadillac-escalade-platinum-sport-700x439.jpg\" class=\"wp-post-image\" alt=\"Cadillac Escalade Platinum Sport en alquiler en Dub\u00e1i\" data-caption=\"\" data-src=\"https:\/\/kingwaycarrental.com\/wp-content\/uploads\/2026\/03\/cadillac-escalade-platinum-sport.jpg\" data-large_image=\"https:\/\/kingwaycarrental.com\/wp-content\/uploads\/2026\/03\/cadillac-escalade-platinum-sport.jpg\" data-large_image_width=\"900\" data-large_image_height=\"565\" srcset=\"https:\/\/kingwaycarrental.com\/wp-content\/uploads\/2026\/03\/cadillac-escalade-platinum-sport-700x439.jpg 700w, https:\/\/kingwaycarrental.com\/wp-content\/uploads\/2026\/03\/cadillac-escalade-platinum-sport-300x188.jpg 300w, https:\/\/kingwaycarrental.com\/wp-content\/uploads\/2026\/03\/cadillac-escalade-platinum-sport-768x482.jpg 768w, https:\/\/kingwaycarrental.com\/wp-content\/uploads\/2026\/03\/cadillac-escalade-platinum-sport.jpg 900w\" sizes=\"(max-width: 700px) 100vw, 700px\" title=\"\"><\/a><\/div><div data-thumb=\"https:\/\/kingwaycarrental.com\/wp-content\/uploads\/2026\/03\/cadillac-escalade-platinum-sport-2.jpg\" data-thumb-alt=\"Alquiler de Cadillac Escalade Platinum Sport - Vista trasera lateral\" data-thumb-srcset=\"https:\/\/kingwaycarrental.com\/wp-content\/uploads\/2026\/03\/cadillac-escalade-platinum-sport-2.jpg 700w, https:\/\/kingwaycarrental.com\/wp-content\/uploads\/2026\/03\/cadillac-escalade-platinum-sport-2-300x200.jpg 300w\"  data-thumb-sizes=\"(max-width: 300px) 100vw, 300px\" class=\"woocommerce-product-gallery__image\"><a href=\"https:\/\/kingwaycarrental.com\/wp-content\/uploads\/2026\/03\/cadillac-escalade-platinum-sport-2.jpg\"><img decoding=\"async\" width=\"700\" height=\"467\" src=\"https:\/\/kingwaycarrental.com\/wp-content\/uploads\/2026\/03\/cadillac-escalade-platinum-sport-2.jpg\" class=\"\" alt=\"Alquiler de Cadillac Escalade Platinum Sport - Vista trasera lateral\" data-caption=\"\" data-src=\"https:\/\/kingwaycarrental.com\/wp-content\/uploads\/2026\/03\/cadillac-escalade-platinum-sport-2.jpg\" data-large_image=\"https:\/\/kingwaycarrental.com\/wp-content\/uploads\/2026\/03\/cadillac-escalade-platinum-sport-2.jpg\" data-large_image_width=\"700\" data-large_image_height=\"467\" srcset=\"https:\/\/kingwaycarrental.com\/wp-content\/uploads\/2026\/03\/cadillac-escalade-platinum-sport-2.jpg 700w, https:\/\/kingwaycarrental.com\/wp-content\/uploads\/2026\/03\/cadillac-escalade-platinum-sport-2-300x200.jpg 300w\" sizes=\"(max-width: 700px) 100vw, 700px\" title=\"\" data- data-large_image_><\/a><\/div><div data-thumb=\"https:\/\/kingwaycarrental.com\/wp-content\/uploads\/2026\/03\/cadillac-escalade-platinum-sport-4.jpg\" data-thumb-alt=\"Alquiler de Cadillac Escalade Platinum Sport - Interior y asientos delanteros color burdeos\" data-thumb-srcset=\"https:\/\/kingwaycarrental.com\/wp-content\/uploads\/2026\/03\/cadillac-escalade-platinum-sport-4.jpg 700w, https:\/\/kingwaycarrental.com\/wp-content\/uploads\/2026\/03\/cadillac-escalade-platinum-sport-4-300x200.jpg 300w\"  data-thumb-sizes=\"(max-width: 300px) 100vw, 300px\" class=\"woocommerce-product-gallery__image\"><a href=\"https:\/\/kingwaycarrental.com\/wp-content\/uploads\/2026\/03\/cadillac-escalade-platinum-sport-4.jpg\"><img decoding=\"async\" width=\"700\" height=\"467\" src=\"https:\/\/kingwaycarrental.com\/wp-content\/uploads\/2026\/03\/cadillac-escalade-platinum-sport-4.jpg\" class=\"\" alt=\"Alquiler de Cadillac Escalade Platinum Sport - Interior y asientos delanteros color burdeos\" data-caption=\"\" data-src=\"https:\/\/kingwaycarrental.com\/wp-content\/uploads\/2026\/03\/cadillac-escalade-platinum-sport-4.jpg\" data-large_image=\"https:\/\/kingwaycarrental.com\/wp-content\/uploads\/2026\/03\/cadillac-escalade-platinum-sport-4.jpg\" data-large_image_width=\"700\" data-large_image_height=\"467\" srcset=\"https:\/\/kingwaycarrental.com\/wp-content\/uploads\/2026\/03\/cadillac-escalade-platinum-sport-4.jpg 700w, https:\/\/kingwaycarrental.com\/wp-content\/uploads\/2026\/03\/cadillac-escalade-platinum-sport-4-300x200.jpg 300w\" sizes=\"(max-width: 700px) 100vw, 700px\" title=\"\" data- data-large_image_><\/a><\/div><div data-thumb=\"https:\/\/kingwaycarrental.com\/wp-content\/uploads\/2026\/03\/cadillac-escalade-platinum-sport-3.jpg\" data-thumb-alt=\"Alquiler de Cadillac Escalade Platinum Sport - Vista trasera negra\" data-thumb-srcset=\"https:\/\/kingwaycarrental.com\/wp-content\/uploads\/2026\/03\/cadillac-escalade-platinum-sport-3.jpg 700w, https:\/\/kingwaycarrental.com\/wp-content\/uploads\/2026\/03\/cadillac-escalade-platinum-sport-3-300x200.jpg 300w\"  data-thumb-sizes=\"(max-width: 300px) 100vw, 300px\" class=\"woocommerce-product-gallery__image\"><a href=\"https:\/\/kingwaycarrental.com\/wp-content\/uploads\/2026\/03\/cadillac-escalade-platinum-sport-3.jpg\"><img decoding=\"async\" width=\"700\" height=\"467\" src=\"https:\/\/kingwaycarrental.com\/wp-content\/uploads\/2026\/03\/cadillac-escalade-platinum-sport-3.jpg\" class=\"\" alt=\"Alquiler de Cadillac Escalade Platinum Sport - Vista trasera negra\" data-caption=\"\" data-src=\"https:\/\/kingwaycarrental.com\/wp-content\/uploads\/2026\/03\/cadillac-escalade-platinum-sport-3.jpg\" data-large_image=\"https:\/\/kingwaycarrental.com\/wp-content\/uploads\/2026\/03\/cadillac-escalade-platinum-sport-3.jpg\" data-large_image_width=\"700\" data-large_image_height=\"467\" srcset=\"https:\/\/kingwaycarrental.com\/wp-content\/uploads\/2026\/03\/cadillac-escalade-platinum-sport-3.jpg 700w, https:\/\/kingwaycarrental.com\/wp-content\/uploads\/2026\/03\/cadillac-escalade-platinum-sport-3-300x200.jpg 300w\" sizes=\"(max-width: 700px) 100vw, 700px\" title=\"\" data- data-large_image_><\/a><\/div>\t<\/div>\n<\/div>\n<\/div>\t\t\t<span class=\"ovabrw-featured-product\">\n\t\tDestacado\t<\/span>\n\t\t\t<span class=\"ovabrw-features-featured\">\n\t\t\t\t2024\t\t\t<\/span>\n\t\t\t<\/div>\n\t<div class=\"ovabrw-card-content\">\n\t\t    <div class=\"ovabrw-review\">\n        <div class=\"ovabrw-star-rating\" role=\"img\" aria-label=\"Rated 4.00 out of 5\">\n        \t<i aria-hidden=\"true\" class=\"brwicon-star-3\"><\/i>\n        \t<i aria-hidden=\"true\" class=\"brwicon-star-3\"><\/i>\n        \t<i aria-hidden=\"true\" class=\"brwicon-star-3\"><\/i>\n        \t<i aria-hidden=\"true\" class=\"brwicon-star-3\"><\/i>\n        \t<i aria-hidden=\"true\" class=\"brwicon-star-3\"><\/i>\n            <span class=\"ovabrw-rating-percent\" style=\"width: 80%;\">\n            \t<i aria-hidden=\"true\" class=\"brwicon-star-3\"><\/i>\n            \t<i aria-hidden=\"true\" class=\"brwicon-star-3\"><\/i>\n            \t<i aria-hidden=\"true\" class=\"brwicon-star-3\"><\/i>\n            \t<i aria-hidden=\"true\" class=\"brwicon-star-3\"><\/i>\n            \t<i aria-hidden=\"true\" class=\"brwicon-star-3\"><\/i>\n            <\/span>\n        <\/div>\n        <a href=\"https:\/\/kingwaycarrental.com\/es\/car\/cadillac-escalade-for-rent-in-dubai\/#reviews\" class=\"ovabrw-review-link\" rel=\"nofollow\">\n            1 valoraci\u00f3n        <\/a>\n    <\/div>\n\t\t\t<h3 class=\"ovabrw-title\">\n\t\t<a href=\"https:\/\/kingwaycarrental.com\/es\/car\/cadillac-escalade-for-rent-in-dubai\/\">\n\t\t\tCadillac Escalade Platinum Sport\t\t<\/a>\n\t<\/h3>\n\t\t<div class=\"ovabrw-price\">\n\t\t\t\t<span class=\"amount\">\n\t\t\t\t<span class=\"woocommerce-Price-amount amount\"><bdi><span class=\"woocommerce-Price-currencySymbol\" translate=\"no\">AED<\/span>&nbsp;799<\/bdi><\/span>\t\t\t<\/span>\n\t\t\t<span class=\"unit\">\n\t\t\t\t\/ D\u00eda\t\t\t<\/span>\n\t\t<\/div>\t\t\t\t\t<ul class=\"ovabrw-features\">\n\t\t\t\t\t<li class=\"item-feature\">\n\t\t\t\t\t\t\t\t\t<i aria-hidden=\"true\" class=\"flaticon2 flaticon2-sedan\"><\/i>\n\t\t\t\t\t\t\t\t<span>SUV<\/span>\n\t\t\t<\/li>\n\t\t\t\t\t<li class=\"item-feature\">\n\t\t\t\t\t\t\t\t\t<i aria-hidden=\"true\" class=\"flaticon-seat\"><\/i>\n\t\t\t\t\t\t\t\t<span>7 Plazas<\/span>\n\t\t\t<\/li>\n\t\t\t\t\t<li class=\"item-feature\">\n\t\t\t\t\t\t\t\t\t<i aria-hidden=\"true\" class=\"flaticon-car-door\"><\/i>\n\t\t\t\t\t\t\t\t<span>4 Puertas<\/span>\n\t\t\t<\/li>\n\t\t\t\t\t<li class=\"item-feature\">\n\t\t\t\t\t\t\t\t\t<i aria-hidden=\"true\" class=\"flaticon-gas-station\"><\/i>\n\t\t\t\t\t\t\t\t<span>Gasolina<\/span>\n\t\t\t<\/li>\n\t\t\t<\/ul>\n\t\t\t\t\t\t\t<p class=\"ovabrw-short-description\">\n\t\t\u00bfDesea vivir una experiencia diferente con un SUV de tama\u00f1o completo y siete plazas que le brinde al mismo tiempo un rendimiento...\t<\/p>\n\n\t\t<div class=\"ovabrw-card-btn\">\n\t\t\t    <a href=\"https:\/\/kingwaycarrental.com\/es\/car\/cadillac-escalade-for-rent-in-dubai\/\" class=\"ovabrw-button\">\n        Reservar Ahora        <i class=\"brwicon-right\" aria-hidden=\"true\"><\/i>\n    <\/a>\n\t\t<\/div>\n\t<\/div>\n<\/div>\t\t\t\t\t\t<\/li>\n\t\t\t\t\t\t\t\t\t\t\t\t<li class=\"item\">\n\t\t\t\t\t\t\t\n<div class=\"ovabrw-card-template ovabrw-card1\">\n\t<div class=\"ovabrw-card-header\">\n\t\t    <div class=\"ovabrw-gallery-popup\">\n    \t\t    \t<div class=\"ovabrw-product-img-feature\">\n\t    \t\t<a href=\"https:\/\/kingwaycarrental.com\/es\/car\/rolls-royce-cullinan\/\" class=\"ovabrw-product-link\">\n\t\t    \t\t\t            \t\t<img decoding=\"async\" src=\"https:\/\/kingwaycarrental.com\/wp-content\/uploads\/2025\/01\/rolls-royce-cullinan-rental-dubai-700x439.jpg\" alt=\"Alquilar Rolls-Royce Cullinan en Dub\u00e1i - Sin dep\u00f3sito, entrega gratuita\" title=\"\">\n\t            \t            \t<\/a>\n\t    \t<\/div>\n\t        <\/div>\n<div style=\"display: none !important;\">\n\t<div class=\"woocommerce-product-gallery woocommerce-product-gallery--with-images woocommerce-product-gallery--columns-4 images\" data-columns=\"4\" style=\"opacity: 0; transition: opacity .25s ease-in-out;\">\n\t<div class=\"woocommerce-product-gallery__wrapper\">\n\t\t<div data-thumb=\"https:\/\/kingwaycarrental.com\/wp-content\/uploads\/2025\/01\/rolls-royce-cullinan-rental-dubai.jpg\" data-thumb-alt=\"Alquilar Rolls-Royce Cullinan en Dub\u00e1i - Sin dep\u00f3sito, entrega gratuita\" data-thumb-srcset=\"https:\/\/kingwaycarrental.com\/wp-content\/uploads\/2025\/01\/rolls-royce-cullinan-rental-dubai.jpg 900w, https:\/\/kingwaycarrental.com\/wp-content\/uploads\/2025\/01\/rolls-royce-cullinan-rental-dubai-300x188.jpg 300w, https:\/\/kingwaycarrental.com\/wp-content\/uploads\/2025\/01\/rolls-royce-cullinan-rental-dubai-768x482.jpg 768w, https:\/\/kingwaycarrental.com\/wp-content\/uploads\/2025\/01\/rolls-royce-cullinan-rental-dubai-700x439.jpg 700w\"  data-thumb-sizes=\"(max-width: 300px) 100vw, 300px\" class=\"woocommerce-product-gallery__image\"><a href=\"https:\/\/kingwaycarrental.com\/wp-content\/uploads\/2025\/01\/rolls-royce-cullinan-rental-dubai.jpg\"><img decoding=\"async\" width=\"700\" height=\"439\" src=\"https:\/\/kingwaycarrental.com\/wp-content\/uploads\/2025\/01\/rolls-royce-cullinan-rental-dubai-700x439.jpg\" class=\"wp-post-image\" alt=\"Alquilar Rolls-Royce Cullinan en Dub\u00e1i - Sin dep\u00f3sito, entrega gratuita\" data-caption=\"\" data-src=\"https:\/\/kingwaycarrental.com\/wp-content\/uploads\/2025\/01\/rolls-royce-cullinan-rental-dubai.jpg\" data-large_image=\"https:\/\/kingwaycarrental.com\/wp-content\/uploads\/2025\/01\/rolls-royce-cullinan-rental-dubai.jpg\" data-large_image_width=\"900\" data-large_image_height=\"565\" srcset=\"https:\/\/kingwaycarrental.com\/wp-content\/uploads\/2025\/01\/rolls-royce-cullinan-rental-dubai-700x439.jpg 700w, https:\/\/kingwaycarrental.com\/wp-content\/uploads\/2025\/01\/rolls-royce-cullinan-rental-dubai-300x188.jpg 300w, https:\/\/kingwaycarrental.com\/wp-content\/uploads\/2025\/01\/rolls-royce-cullinan-rental-dubai-768x482.jpg 768w, https:\/\/kingwaycarrental.com\/wp-content\/uploads\/2025\/01\/rolls-royce-cullinan-rental-dubai.jpg 900w\" sizes=\"(max-width: 700px) 100vw, 700px\" title=\"\"><\/a><\/div><div data-thumb=\"https:\/\/kingwaycarrental.com\/wp-content\/uploads\/2025\/01\/rolls-royce-cullinan-rental-dubai-2.jpg\" data-thumb-alt=\"Alquiler de Rolls-Royce Cullinan - Parte delantera\" data-thumb-srcset=\"https:\/\/kingwaycarrental.com\/wp-content\/uploads\/2025\/01\/rolls-royce-cullinan-rental-dubai-2.jpg 700w, https:\/\/kingwaycarrental.com\/wp-content\/uploads\/2025\/01\/rolls-royce-cullinan-rental-dubai-2-300x200.jpg 300w\"  data-thumb-sizes=\"(max-width: 300px) 100vw, 300px\" class=\"woocommerce-product-gallery__image\"><a href=\"https:\/\/kingwaycarrental.com\/wp-content\/uploads\/2025\/01\/rolls-royce-cullinan-rental-dubai-2.jpg\"><img decoding=\"async\" width=\"700\" height=\"467\" src=\"https:\/\/kingwaycarrental.com\/wp-content\/uploads\/2025\/01\/rolls-royce-cullinan-rental-dubai-2.jpg\" class=\"\" alt=\"Alquiler de Rolls-Royce Cullinan - Parte delantera\" data-caption=\"\" data-src=\"https:\/\/kingwaycarrental.com\/wp-content\/uploads\/2025\/01\/rolls-royce-cullinan-rental-dubai-2.jpg\" data-large_image=\"https:\/\/kingwaycarrental.com\/wp-content\/uploads\/2025\/01\/rolls-royce-cullinan-rental-dubai-2.jpg\" data-large_image_width=\"700\" data-large_image_height=\"467\" srcset=\"https:\/\/kingwaycarrental.com\/wp-content\/uploads\/2025\/01\/rolls-royce-cullinan-rental-dubai-2.jpg 700w, https:\/\/kingwaycarrental.com\/wp-content\/uploads\/2025\/01\/rolls-royce-cullinan-rental-dubai-2-300x200.jpg 300w\" sizes=\"(max-width: 700px) 100vw, 700px\" title=\"\" data- data-large_image_><\/a><\/div><div data-thumb=\"https:\/\/kingwaycarrental.com\/wp-content\/uploads\/2024\/11\/Rolls-Royce-Cullinan-c.jpg\" data-thumb-alt=\"Volante y asientos delanteros color burdeos del Rolls-Royce Cullinan\" data-thumb-srcset=\"https:\/\/kingwaycarrental.com\/wp-content\/uploads\/2024\/11\/Rolls-Royce-Cullinan-c.jpg 700w, https:\/\/kingwaycarrental.com\/wp-content\/uploads\/2024\/11\/Rolls-Royce-Cullinan-c-300x200.jpg 300w\"  data-thumb-sizes=\"(max-width: 300px) 100vw, 300px\" class=\"woocommerce-product-gallery__image\"><a href=\"https:\/\/kingwaycarrental.com\/wp-content\/uploads\/2024\/11\/Rolls-Royce-Cullinan-c.jpg\"><img decoding=\"async\" width=\"700\" height=\"467\" src=\"https:\/\/kingwaycarrental.com\/wp-content\/uploads\/2024\/11\/Rolls-Royce-Cullinan-c.jpg\" class=\"\" alt=\"Volante y asientos delanteros color burdeos del Rolls-Royce Cullinan\" data-caption=\"\" data-src=\"https:\/\/kingwaycarrental.com\/wp-content\/uploads\/2024\/11\/Rolls-Royce-Cullinan-c.jpg\" data-large_image=\"https:\/\/kingwaycarrental.com\/wp-content\/uploads\/2024\/11\/Rolls-Royce-Cullinan-c.jpg\" data-large_image_width=\"700\" data-large_image_height=\"467\" srcset=\"https:\/\/kingwaycarrental.com\/wp-content\/uploads\/2024\/11\/Rolls-Royce-Cullinan-c.jpg 700w, https:\/\/kingwaycarrental.com\/wp-content\/uploads\/2024\/11\/Rolls-Royce-Cullinan-c-300x200.jpg 300w\" sizes=\"(max-width: 700px) 100vw, 700px\" title=\"\" data- data-large_image_><\/a><\/div><div data-thumb=\"https:\/\/kingwaycarrental.com\/wp-content\/uploads\/2024\/11\/Rolls-Royce-Cullinan-b.jpg\" data-thumb-alt=\"Asientos traseros burdeos y blancos del Rolls-Royce Cullinan\" data-thumb-srcset=\"https:\/\/kingwaycarrental.com\/wp-content\/uploads\/2024\/11\/Rolls-Royce-Cullinan-b.jpg 700w, https:\/\/kingwaycarrental.com\/wp-content\/uploads\/2024\/11\/Rolls-Royce-Cullinan-b-300x200.jpg 300w\"  data-thumb-sizes=\"(max-width: 300px) 100vw, 300px\" class=\"woocommerce-product-gallery__image\"><a href=\"https:\/\/kingwaycarrental.com\/wp-content\/uploads\/2024\/11\/Rolls-Royce-Cullinan-b.jpg\"><img decoding=\"async\" width=\"700\" height=\"467\" src=\"https:\/\/kingwaycarrental.com\/wp-content\/uploads\/2024\/11\/Rolls-Royce-Cullinan-b.jpg\" class=\"\" alt=\"Asientos traseros burdeos y blancos del Rolls-Royce Cullinan\" data-caption=\"\" data-src=\"https:\/\/kingwaycarrental.com\/wp-content\/uploads\/2024\/11\/Rolls-Royce-Cullinan-b.jpg\" data-large_image=\"https:\/\/kingwaycarrental.com\/wp-content\/uploads\/2024\/11\/Rolls-Royce-Cullinan-b.jpg\" data-large_image_width=\"700\" data-large_image_height=\"467\" srcset=\"https:\/\/kingwaycarrental.com\/wp-content\/uploads\/2024\/11\/Rolls-Royce-Cullinan-b.jpg 700w, https:\/\/kingwaycarrental.com\/wp-content\/uploads\/2024\/11\/Rolls-Royce-Cullinan-b-300x200.jpg 300w\" sizes=\"(max-width: 700px) 100vw, 700px\" title=\"\" data- data-large_image_><\/a><\/div><div data-thumb=\"https:\/\/kingwaycarrental.com\/wp-content\/uploads\/2024\/11\/Rolls-Royce-Cullinan-a.jpg\" data-thumb-alt=\"Alquiler de Rolls-Royce Cullinan - Esquina trasera\" data-thumb-srcset=\"https:\/\/kingwaycarrental.com\/wp-content\/uploads\/2024\/11\/Rolls-Royce-Cullinan-a.jpg 700w, https:\/\/kingwaycarrental.com\/wp-content\/uploads\/2024\/11\/Rolls-Royce-Cullinan-a-300x200.jpg 300w\"  data-thumb-sizes=\"(max-width: 300px) 100vw, 300px\" class=\"woocommerce-product-gallery__image\"><a href=\"https:\/\/kingwaycarrental.com\/wp-content\/uploads\/2024\/11\/Rolls-Royce-Cullinan-a.jpg\"><img decoding=\"async\" width=\"700\" height=\"467\" src=\"https:\/\/kingwaycarrental.com\/wp-content\/uploads\/2024\/11\/Rolls-Royce-Cullinan-a.jpg\" class=\"\" alt=\"Alquiler de Rolls-Royce Cullinan - Esquina trasera\" data-caption=\"\" data-src=\"https:\/\/kingwaycarrental.com\/wp-content\/uploads\/2024\/11\/Rolls-Royce-Cullinan-a.jpg\" data-large_image=\"https:\/\/kingwaycarrental.com\/wp-content\/uploads\/2024\/11\/Rolls-Royce-Cullinan-a.jpg\" data-large_image_width=\"700\" data-large_image_height=\"467\" srcset=\"https:\/\/kingwaycarrental.com\/wp-content\/uploads\/2024\/11\/Rolls-Royce-Cullinan-a.jpg 700w, https:\/\/kingwaycarrental.com\/wp-content\/uploads\/2024\/11\/Rolls-Royce-Cullinan-a-300x200.jpg 300w\" sizes=\"(max-width: 700px) 100vw, 700px\" title=\"\" data- data-large_image_><\/a><\/div>\t<\/div>\n<\/div>\n<\/div>\t\t\t<span class=\"ovabrw-featured-product\">\n\t\tDestacado\t<\/span>\n\t\t\t<span class=\"ovabrw-features-featured\">\n\t\t\t\t2024\t\t\t<\/span>\n\t\t\t<\/div>\n\t<div class=\"ovabrw-card-content\">\n\t\t    <div class=\"ovabrw-review\">\n        <div class=\"ovabrw-star-rating\" role=\"img\" aria-label=\"Rated 5.00 out of 5\">\n        \t<i aria-hidden=\"true\" class=\"brwicon-star-3\"><\/i>\n        \t<i aria-hidden=\"true\" class=\"brwicon-star-3\"><\/i>\n        \t<i aria-hidden=\"true\" class=\"brwicon-star-3\"><\/i>\n        \t<i aria-hidden=\"true\" class=\"brwicon-star-3\"><\/i>\n        \t<i aria-hidden=\"true\" class=\"brwicon-star-3\"><\/i>\n            <span class=\"ovabrw-rating-percent\" style=\"width: 100%;\">\n            \t<i aria-hidden=\"true\" class=\"brwicon-star-3\"><\/i>\n            \t<i aria-hidden=\"true\" class=\"brwicon-star-3\"><\/i>\n            \t<i aria-hidden=\"true\" class=\"brwicon-star-3\"><\/i>\n            \t<i aria-hidden=\"true\" class=\"brwicon-star-3\"><\/i>\n            \t<i aria-hidden=\"true\" class=\"brwicon-star-3\"><\/i>\n            <\/span>\n        <\/div>\n        <a href=\"https:\/\/kingwaycarrental.com\/es\/car\/rolls-royce-cullinan\/#reviews\" class=\"ovabrw-review-link\" rel=\"nofollow\">\n            1 valoraci\u00f3n        <\/a>\n    <\/div>\n\t\t\t<h3 class=\"ovabrw-title\">\n\t\t<a href=\"https:\/\/kingwaycarrental.com\/es\/car\/rolls-royce-cullinan\/\">\n\t\t\tRolls-Royce Cullinan\t\t<\/a>\n\t<\/h3>\n\t\t<div class=\"ovabrw-price\">\n\t\t\t\t<span class=\"amount\">\n\t\t\t\t<span class=\"woocommerce-Price-amount amount\"><bdi><span class=\"woocommerce-Price-currencySymbol\" translate=\"no\">AED<\/span>&nbsp;3,200<\/bdi><\/span>\t\t\t<\/span>\n\t\t\t<span class=\"unit\">\n\t\t\t\t\/ D\u00eda\t\t\t<\/span>\n\t\t<\/div>\t\t\t\t\t<ul class=\"ovabrw-features\">\n\t\t\t\t\t<li class=\"item-feature\">\n\t\t\t\t\t\t\t\t\t<i aria-hidden=\"true\" class=\"flaticon2 flaticon2-sedan\"><\/i>\n\t\t\t\t\t\t\t\t<span>Lujo<\/span>\n\t\t\t<\/li>\n\t\t\t\t\t<li class=\"item-feature\">\n\t\t\t\t\t\t\t\t\t<i aria-hidden=\"true\" class=\"flaticon-seat\"><\/i>\n\t\t\t\t\t\t\t\t<span>5 Plazas<\/span>\n\t\t\t<\/li>\n\t\t\t\t\t<li class=\"item-feature\">\n\t\t\t\t\t\t\t\t\t<i aria-hidden=\"true\" class=\"flaticon-car-door\"><\/i>\n\t\t\t\t\t\t\t\t<span>4 Puertas<\/span>\n\t\t\t<\/li>\n\t\t\t\t\t<li class=\"item-feature\">\n\t\t\t\t\t\t\t\t\t<i aria-hidden=\"true\" class=\"flaticon-gas-station\"><\/i>\n\t\t\t\t\t\t\t\t<span>Gasolina<\/span>\n\t\t\t<\/li>\n\t\t\t<\/ul>\n\t\t\t\t\t\t\t<p class=\"ovabrw-short-description\">\n\t\tCuando piensa en el lujo absoluto digno de las calles de la Ciudad del Oro, la b\u00fasqueda de un Rolls Royce Cullinan...\t<\/p>\n\n\t\t<div class=\"ovabrw-card-btn\">\n\t\t\t    <a href=\"https:\/\/kingwaycarrental.com\/es\/car\/rolls-royce-cullinan\/\" class=\"ovabrw-button\">\n        Reservar Ahora        <i class=\"brwicon-right\" aria-hidden=\"true\"><\/i>\n    <\/a>\n\t\t<\/div>\n\t<\/div>\n<\/div>\t\t\t\t\t\t<\/li>\n\t\t\t\t\t\t\t\t\t\t\t\t<li class=\"item\">\n\t\t\t\t\t\t\t\n<div class=\"ovabrw-card-template ovabrw-card1\">\n\t<div class=\"ovabrw-card-header\">\n\t\t    <div class=\"ovabrw-gallery-popup\">\n    \t\t    \t<div class=\"ovabrw-product-img-feature\">\n\t    \t\t<a href=\"https:\/\/kingwaycarrental.com\/es\/car\/kia-sportage-green\/\" class=\"ovabrw-product-link\">\n\t\t    \t\t\t            \t\t<img decoding=\"async\" src=\"https:\/\/kingwaycarrental.com\/wp-content\/uploads\/2026\/03\/kia-sportage-green-700x439.jpg\" alt=\"Alquiler Kia Sportage Nueva Generaci\u00f3n (Verde) en Dub\u00e1i - SUV Econ\u00f3mico\" title=\"\">\n\t            \t            \t<\/a>\n\t    \t<\/div>\n\t        <\/div>\n<div style=\"display: none !important;\">\n\t<div class=\"woocommerce-product-gallery woocommerce-product-gallery--with-images woocommerce-product-gallery--columns-4 images\" data-columns=\"4\" style=\"opacity: 0; transition: opacity .25s ease-in-out;\">\n\t<div class=\"woocommerce-product-gallery__wrapper\">\n\t\t<div data-thumb=\"https:\/\/kingwaycarrental.com\/wp-content\/uploads\/2026\/03\/kia-sportage-green.jpg\" data-thumb-alt=\"Alquiler Kia Sportage Nueva Generaci\u00f3n (Verde) en Dub\u00e1i - SUV Econ\u00f3mico\" data-thumb-srcset=\"https:\/\/kingwaycarrental.com\/wp-content\/uploads\/2026\/03\/kia-sportage-green.jpg 900w, https:\/\/kingwaycarrental.com\/wp-content\/uploads\/2026\/03\/kia-sportage-green-300x188.jpg 300w, https:\/\/kingwaycarrental.com\/wp-content\/uploads\/2026\/03\/kia-sportage-green-768x482.jpg 768w, https:\/\/kingwaycarrental.com\/wp-content\/uploads\/2026\/03\/kia-sportage-green-700x439.jpg 700w\"  data-thumb-sizes=\"(max-width: 300px) 100vw, 300px\" class=\"woocommerce-product-gallery__image\"><a href=\"https:\/\/kingwaycarrental.com\/wp-content\/uploads\/2026\/03\/kia-sportage-green.jpg\"><img decoding=\"async\" width=\"700\" height=\"439\" src=\"https:\/\/kingwaycarrental.com\/wp-content\/uploads\/2026\/03\/kia-sportage-green-700x439.jpg\" class=\"wp-post-image\" alt=\"Alquiler Kia Sportage Nueva Generaci\u00f3n (Verde) en Dub\u00e1i - SUV Econ\u00f3mico\" data-caption=\"\" data-src=\"https:\/\/kingwaycarrental.com\/wp-content\/uploads\/2026\/03\/kia-sportage-green.jpg\" data-large_image=\"https:\/\/kingwaycarrental.com\/wp-content\/uploads\/2026\/03\/kia-sportage-green.jpg\" data-large_image_width=\"900\" data-large_image_height=\"565\" srcset=\"https:\/\/kingwaycarrental.com\/wp-content\/uploads\/2026\/03\/kia-sportage-green-700x439.jpg 700w, https:\/\/kingwaycarrental.com\/wp-content\/uploads\/2026\/03\/kia-sportage-green-300x188.jpg 300w, https:\/\/kingwaycarrental.com\/wp-content\/uploads\/2026\/03\/kia-sportage-green-768x482.jpg 768w, https:\/\/kingwaycarrental.com\/wp-content\/uploads\/2026\/03\/kia-sportage-green.jpg 900w\" sizes=\"(max-width: 700px) 100vw, 700px\" title=\"\"><\/a><\/div><div data-thumb=\"https:\/\/kingwaycarrental.com\/wp-content\/uploads\/2026\/03\/kia-sportage-green-2.jpg\" data-thumb-alt=\"Kia Sportage de nueva generaci\u00f3n en alquiler - Vista frontal\" data-thumb-srcset=\"https:\/\/kingwaycarrental.com\/wp-content\/uploads\/2026\/03\/kia-sportage-green-2.jpg 700w, https:\/\/kingwaycarrental.com\/wp-content\/uploads\/2026\/03\/kia-sportage-green-2-300x200.jpg 300w\"  data-thumb-sizes=\"(max-width: 300px) 100vw, 300px\" class=\"woocommerce-product-gallery__image\"><a href=\"https:\/\/kingwaycarrental.com\/wp-content\/uploads\/2026\/03\/kia-sportage-green-2.jpg\"><img decoding=\"async\" width=\"700\" height=\"467\" src=\"https:\/\/kingwaycarrental.com\/wp-content\/uploads\/2026\/03\/kia-sportage-green-2.jpg\" class=\"\" alt=\"Kia Sportage de nueva generaci\u00f3n en alquiler - Vista frontal\" data-caption=\"\" data-src=\"https:\/\/kingwaycarrental.com\/wp-content\/uploads\/2026\/03\/kia-sportage-green-2.jpg\" data-large_image=\"https:\/\/kingwaycarrental.com\/wp-content\/uploads\/2026\/03\/kia-sportage-green-2.jpg\" data-large_image_width=\"700\" data-large_image_height=\"467\" srcset=\"https:\/\/kingwaycarrental.com\/wp-content\/uploads\/2026\/03\/kia-sportage-green-2.jpg 700w, https:\/\/kingwaycarrental.com\/wp-content\/uploads\/2026\/03\/kia-sportage-green-2-300x200.jpg 300w\" sizes=\"(max-width: 700px) 100vw, 700px\" title=\"\" data- data-large_image_><\/a><\/div><div data-thumb=\"https:\/\/kingwaycarrental.com\/wp-content\/uploads\/2026\/03\/kia-sportage-green-6.jpg\" data-thumb-alt=\"Asientos delanteros negros del Kia Sportage\" data-thumb-srcset=\"https:\/\/kingwaycarrental.com\/wp-content\/uploads\/2026\/03\/kia-sportage-green-6.jpg 700w, https:\/\/kingwaycarrental.com\/wp-content\/uploads\/2026\/03\/kia-sportage-green-6-300x200.jpg 300w\"  data-thumb-sizes=\"(max-width: 300px) 100vw, 300px\" class=\"woocommerce-product-gallery__image\"><a href=\"https:\/\/kingwaycarrental.com\/wp-content\/uploads\/2026\/03\/kia-sportage-green-6.jpg\"><img decoding=\"async\" width=\"700\" height=\"467\" src=\"https:\/\/kingwaycarrental.com\/wp-content\/uploads\/2026\/03\/kia-sportage-green-6.jpg\" class=\"\" alt=\"Asientos delanteros negros del Kia Sportage\" data-caption=\"\" data-src=\"https:\/\/kingwaycarrental.com\/wp-content\/uploads\/2026\/03\/kia-sportage-green-6.jpg\" data-large_image=\"https:\/\/kingwaycarrental.com\/wp-content\/uploads\/2026\/03\/kia-sportage-green-6.jpg\" data-large_image_width=\"700\" data-large_image_height=\"467\" srcset=\"https:\/\/kingwaycarrental.com\/wp-content\/uploads\/2026\/03\/kia-sportage-green-6.jpg 700w, https:\/\/kingwaycarrental.com\/wp-content\/uploads\/2026\/03\/kia-sportage-green-6-300x200.jpg 300w\" sizes=\"(max-width: 700px) 100vw, 700px\" title=\"\" data- data-large_image_><\/a><\/div><div data-thumb=\"https:\/\/kingwaycarrental.com\/wp-content\/uploads\/2026\/03\/kia-sportage-green-3.jpg\" data-thumb-alt=\"Kia Sportage verde - Vista lateral derecha\" data-thumb-srcset=\"https:\/\/kingwaycarrental.com\/wp-content\/uploads\/2026\/03\/kia-sportage-green-3.jpg 700w, https:\/\/kingwaycarrental.com\/wp-content\/uploads\/2026\/03\/kia-sportage-green-3-300x200.jpg 300w\"  data-thumb-sizes=\"(max-width: 300px) 100vw, 300px\" class=\"woocommerce-product-gallery__image\"><a href=\"https:\/\/kingwaycarrental.com\/wp-content\/uploads\/2026\/03\/kia-sportage-green-3.jpg\"><img decoding=\"async\" width=\"700\" height=\"467\" src=\"https:\/\/kingwaycarrental.com\/wp-content\/uploads\/2026\/03\/kia-sportage-green-3.jpg\" class=\"\" alt=\"Kia Sportage verde - Vista lateral derecha\" data-caption=\"\" data-src=\"https:\/\/kingwaycarrental.com\/wp-content\/uploads\/2026\/03\/kia-sportage-green-3.jpg\" data-large_image=\"https:\/\/kingwaycarrental.com\/wp-content\/uploads\/2026\/03\/kia-sportage-green-3.jpg\" data-large_image_width=\"700\" data-large_image_height=\"467\" srcset=\"https:\/\/kingwaycarrental.com\/wp-content\/uploads\/2026\/03\/kia-sportage-green-3.jpg 700w, https:\/\/kingwaycarrental.com\/wp-content\/uploads\/2026\/03\/kia-sportage-green-3-300x200.jpg 300w\" sizes=\"(max-width: 700px) 100vw, 700px\" title=\"\" data- data-large_image_><\/a><\/div><div data-thumb=\"https:\/\/kingwaycarrental.com\/wp-content\/uploads\/2026\/03\/kia-sportage-green-7.jpg\" data-thumb-alt=\"Kia Sportage verde - Vista lateral\" data-thumb-srcset=\"https:\/\/kingwaycarrental.com\/wp-content\/uploads\/2026\/03\/kia-sportage-green-7.jpg 700w, https:\/\/kingwaycarrental.com\/wp-content\/uploads\/2026\/03\/kia-sportage-green-7-300x200.jpg 300w\"  data-thumb-sizes=\"(max-width: 300px) 100vw, 300px\" class=\"woocommerce-product-gallery__image\"><a href=\"https:\/\/kingwaycarrental.com\/wp-content\/uploads\/2026\/03\/kia-sportage-green-7.jpg\"><img decoding=\"async\" width=\"700\" height=\"467\" src=\"https:\/\/kingwaycarrental.com\/wp-content\/uploads\/2026\/03\/kia-sportage-green-7.jpg\" class=\"\" alt=\"Kia Sportage verde - Vista lateral\" data-caption=\"\" data-src=\"https:\/\/kingwaycarrental.com\/wp-content\/uploads\/2026\/03\/kia-sportage-green-7.jpg\" data-large_image=\"https:\/\/kingwaycarrental.com\/wp-content\/uploads\/2026\/03\/kia-sportage-green-7.jpg\" data-large_image_width=\"700\" data-large_image_height=\"467\" srcset=\"https:\/\/kingwaycarrental.com\/wp-content\/uploads\/2026\/03\/kia-sportage-green-7.jpg 700w, https:\/\/kingwaycarrental.com\/wp-content\/uploads\/2026\/03\/kia-sportage-green-7-300x200.jpg 300w\" sizes=\"(max-width: 700px) 100vw, 700px\" title=\"\" data- data-large_image_><\/a><\/div><div data-thumb=\"https:\/\/kingwaycarrental.com\/wp-content\/uploads\/2026\/03\/kia-sportage-green-5.jpg\" data-thumb-alt=\"Interior delantero y volante del Kia Sportage\" data-thumb-srcset=\"https:\/\/kingwaycarrental.com\/wp-content\/uploads\/2026\/03\/kia-sportage-green-5.jpg 700w, https:\/\/kingwaycarrental.com\/wp-content\/uploads\/2026\/03\/kia-sportage-green-5-300x200.jpg 300w\"  data-thumb-sizes=\"(max-width: 300px) 100vw, 300px\" class=\"woocommerce-product-gallery__image\"><a href=\"https:\/\/kingwaycarrental.com\/wp-content\/uploads\/2026\/03\/kia-sportage-green-5.jpg\"><img decoding=\"async\" width=\"700\" height=\"467\" src=\"https:\/\/kingwaycarrental.com\/wp-content\/uploads\/2026\/03\/kia-sportage-green-5.jpg\" class=\"\" alt=\"Interior delantero y volante del Kia Sportage\" data-caption=\"\" data-src=\"https:\/\/kingwaycarrental.com\/wp-content\/uploads\/2026\/03\/kia-sportage-green-5.jpg\" data-large_image=\"https:\/\/kingwaycarrental.com\/wp-content\/uploads\/2026\/03\/kia-sportage-green-5.jpg\" data-large_image_width=\"700\" data-large_image_height=\"467\" srcset=\"https:\/\/kingwaycarrental.com\/wp-content\/uploads\/2026\/03\/kia-sportage-green-5.jpg 700w, https:\/\/kingwaycarrental.com\/wp-content\/uploads\/2026\/03\/kia-sportage-green-5-300x200.jpg 300w\" sizes=\"(max-width: 700px) 100vw, 700px\" title=\"\" data- data-large_image_><\/a><\/div><div data-thumb=\"https:\/\/kingwaycarrental.com\/wp-content\/uploads\/2026\/03\/kia-sportage-green-4.jpg\" data-thumb-alt=\"Kia Sportage verde - Vista lateral izquierda\" data-thumb-srcset=\"https:\/\/kingwaycarrental.com\/wp-content\/uploads\/2026\/03\/kia-sportage-green-4.jpg 700w, https:\/\/kingwaycarrental.com\/wp-content\/uploads\/2026\/03\/kia-sportage-green-4-300x200.jpg 300w\"  data-thumb-sizes=\"(max-width: 300px) 100vw, 300px\" class=\"woocommerce-product-gallery__image\"><a href=\"https:\/\/kingwaycarrental.com\/wp-content\/uploads\/2026\/03\/kia-sportage-green-4.jpg\"><img decoding=\"async\" width=\"700\" height=\"467\" src=\"https:\/\/kingwaycarrental.com\/wp-content\/uploads\/2026\/03\/kia-sportage-green-4.jpg\" class=\"\" alt=\"Kia Sportage verde - Vista lateral izquierda\" data-caption=\"\" data-src=\"https:\/\/kingwaycarrental.com\/wp-content\/uploads\/2026\/03\/kia-sportage-green-4.jpg\" data-large_image=\"https:\/\/kingwaycarrental.com\/wp-content\/uploads\/2026\/03\/kia-sportage-green-4.jpg\" data-large_image_width=\"700\" data-large_image_height=\"467\" srcset=\"https:\/\/kingwaycarrental.com\/wp-content\/uploads\/2026\/03\/kia-sportage-green-4.jpg 700w, https:\/\/kingwaycarrental.com\/wp-content\/uploads\/2026\/03\/kia-sportage-green-4-300x200.jpg 300w\" sizes=\"(max-width: 700px) 100vw, 700px\" title=\"\" data- data-large_image_><\/a><\/div><div data-thumb=\"https:\/\/kingwaycarrental.com\/wp-content\/uploads\/2026\/03\/kia-sportage-green-8.jpg\" data-thumb-alt=\"\u00daltimo modelo de Kia Sportage - Vista trasera\" data-thumb-srcset=\"https:\/\/kingwaycarrental.com\/wp-content\/uploads\/2026\/03\/kia-sportage-green-8.jpg 700w, https:\/\/kingwaycarrental.com\/wp-content\/uploads\/2026\/03\/kia-sportage-green-8-300x200.jpg 300w\"  data-thumb-sizes=\"(max-width: 300px) 100vw, 300px\" class=\"woocommerce-product-gallery__image\"><a href=\"https:\/\/kingwaycarrental.com\/wp-content\/uploads\/2026\/03\/kia-sportage-green-8.jpg\"><img decoding=\"async\" width=\"700\" height=\"467\" src=\"https:\/\/kingwaycarrental.com\/wp-content\/uploads\/2026\/03\/kia-sportage-green-8.jpg\" class=\"\" alt=\"\u00daltimo modelo de Kia Sportage - Vista trasera\" data-caption=\"\" data-src=\"https:\/\/kingwaycarrental.com\/wp-content\/uploads\/2026\/03\/kia-sportage-green-8.jpg\" data-large_image=\"https:\/\/kingwaycarrental.com\/wp-content\/uploads\/2026\/03\/kia-sportage-green-8.jpg\" data-large_image_width=\"700\" data-large_image_height=\"467\" srcset=\"https:\/\/kingwaycarrental.com\/wp-content\/uploads\/2026\/03\/kia-sportage-green-8.jpg 700w, https:\/\/kingwaycarrental.com\/wp-content\/uploads\/2026\/03\/kia-sportage-green-8-300x200.jpg 300w\" sizes=\"(max-width: 700px) 100vw, 700px\" title=\"\" data- data-large_image_><\/a><\/div>\t<\/div>\n<\/div>\n<\/div>\t\t\t<span class=\"ovabrw-featured-product\">\n\t\tDestacado\t<\/span>\n\t\t\t<span class=\"ovabrw-features-featured\">\n\t\t\t\t2026\t\t\t<\/span>\n\t\t\t<\/div>\n\t<div class=\"ovabrw-card-content\">\n\t\t    <div class=\"ovabrw-review\">\n        <div class=\"ovabrw-star-rating\" role=\"img\" aria-label=\"Rated 5.00 out of 5\">\n        \t<i aria-hidden=\"true\" class=\"brwicon-star-3\"><\/i>\n        \t<i aria-hidden=\"true\" class=\"brwicon-star-3\"><\/i>\n        \t<i aria-hidden=\"true\" class=\"brwicon-star-3\"><\/i>\n        \t<i aria-hidden=\"true\" class=\"brwicon-star-3\"><\/i>\n        \t<i aria-hidden=\"true\" class=\"brwicon-star-3\"><\/i>\n            <span class=\"ovabrw-rating-percent\" style=\"width: 100%;\">\n            \t<i aria-hidden=\"true\" class=\"brwicon-star-3\"><\/i>\n            \t<i aria-hidden=\"true\" class=\"brwicon-star-3\"><\/i>\n            \t<i aria-hidden=\"true\" class=\"brwicon-star-3\"><\/i>\n            \t<i aria-hidden=\"true\" class=\"brwicon-star-3\"><\/i>\n            \t<i aria-hidden=\"true\" class=\"brwicon-star-3\"><\/i>\n            <\/span>\n        <\/div>\n        <a href=\"https:\/\/kingwaycarrental.com\/es\/car\/kia-sportage-green\/#reviews\" class=\"ovabrw-review-link\" rel=\"nofollow\">\n            1 valoraci\u00f3n        <\/a>\n    <\/div>\n\t\t\t<h3 class=\"ovabrw-title\">\n\t\t<a href=\"https:\/\/kingwaycarrental.com\/es\/car\/kia-sportage-green\/\">\n\t\t\tKia Sportage\t\t<\/a>\n\t<\/h3>\n\t\t<div class=\"ovabrw-price\">\n\t\t\t\t<span class=\"amount\">\n\t\t\t\t<span class=\"woocommerce-Price-amount amount\"><bdi><span class=\"woocommerce-Price-currencySymbol\" translate=\"no\">AED<\/span>&nbsp;180<\/bdi><\/span>\t\t\t<\/span>\n\t\t\t<span class=\"unit\">\n\t\t\t\t\/ D\u00eda\t\t\t<\/span>\n\t\t<\/div>\t\t\t\t\t<ul class=\"ovabrw-features\">\n\t\t\t\t\t<li class=\"item-feature\">\n\t\t\t\t\t\t\t\t\t<i aria-hidden=\"true\" class=\"flaticon2 flaticon2-sedan\"><\/i>\n\t\t\t\t\t\t\t\t<span>SUV<\/span>\n\t\t\t<\/li>\n\t\t\t\t\t<li class=\"item-feature\">\n\t\t\t\t\t\t\t\t\t<i aria-hidden=\"true\" class=\"flaticon-seat\"><\/i>\n\t\t\t\t\t\t\t\t<span>5 Plazas<\/span>\n\t\t\t<\/li>\n\t\t\t\t\t<li class=\"item-feature\">\n\t\t\t\t\t\t\t\t\t<i aria-hidden=\"true\" class=\"flaticon-car-door\"><\/i>\n\t\t\t\t\t\t\t\t<span>4 Puertas<\/span>\n\t\t\t<\/li>\n\t\t\t\t\t<li class=\"item-feature\">\n\t\t\t\t\t\t\t\t\t<i aria-hidden=\"true\" class=\"flaticon-gas-station\"><\/i>\n\t\t\t\t\t\t\t\t<span>Gasolina<\/span>\n\t\t\t<\/li>\n\t\t\t<\/ul>\n\t\t\t\t\t\t\t<p class=\"ovabrw-short-description\">\n\t\tAlquile el Kia Sportage de nueva generaci\u00f3n en el llamativo color verde, el \u00faltimo modelo 2026 en Dub\u00e1i, a un precio irresistible....\t<\/p>\n\n\t\t<div class=\"ovabrw-card-btn\">\n\t\t\t    <a href=\"https:\/\/kingwaycarrental.com\/es\/car\/kia-sportage-green\/\" class=\"ovabrw-button\">\n        Reservar Ahora        <i class=\"brwicon-right\" aria-hidden=\"true\"><\/i>\n    <\/a>\n\t\t<\/div>\n\t<\/div>\n<\/div>\t\t\t\t\t\t<\/li>\n\t\t\t\t\t\t\t\t\t\t\t\t<li class=\"item\">\n\t\t\t\t\t\t\t\n<div class=\"ovabrw-card-template ovabrw-card1\">\n\t<div class=\"ovabrw-card-header\">\n\t\t    <div class=\"ovabrw-gallery-popup\">\n    \t\t    \t<div class=\"ovabrw-product-img-feature\">\n\t    \t\t<a href=\"https:\/\/kingwaycarrental.com\/es\/car\/cadillac-escalade-black\/\" class=\"ovabrw-product-link\">\n\t\t    \t\t\t            \t\t<img decoding=\"async\" src=\"https:\/\/kingwaycarrental.com\/wp-content\/uploads\/2024\/11\/Cadillac-Escalade-2024.jpg\" alt=\"Alquiler Cadillac Escalade (Negro) en Dub\u00e1i - Alquiler SUV de Lujo\" title=\"\">\n\t            \t            \t<\/a>\n\t    \t<\/div>\n\t        <\/div>\n<div style=\"display: none !important;\">\n\t<div class=\"woocommerce-product-gallery woocommerce-product-gallery--with-images woocommerce-product-gallery--columns-4 images\" data-columns=\"4\" style=\"opacity: 0; transition: opacity .25s ease-in-out;\">\n\t<div class=\"woocommerce-product-gallery__wrapper\">\n\t\t<div data-thumb=\"https:\/\/kingwaycarrental.com\/wp-content\/uploads\/2024\/11\/Cadillac-Escalade-2024.jpg\" data-thumb-alt=\"Alquiler Cadillac Escalade (Negro) en Dub\u00e1i - Alquiler SUV de Lujo\" data-thumb-srcset=\"https:\/\/kingwaycarrental.com\/wp-content\/uploads\/2024\/11\/Cadillac-Escalade-2024.jpg 700w, https:\/\/kingwaycarrental.com\/wp-content\/uploads\/2024\/11\/Cadillac-Escalade-2024-300x200.jpg 300w\"  data-thumb-sizes=\"(max-width: 300px) 100vw, 300px\" class=\"woocommerce-product-gallery__image\"><a href=\"https:\/\/kingwaycarrental.com\/wp-content\/uploads\/2024\/11\/Cadillac-Escalade-2024.jpg\"><img decoding=\"async\" width=\"700\" height=\"467\" src=\"https:\/\/kingwaycarrental.com\/wp-content\/uploads\/2024\/11\/Cadillac-Escalade-2024.jpg\" class=\"wp-post-image\" alt=\"Alquiler Cadillac Escalade (Negro) en Dub\u00e1i - Alquiler SUV de Lujo\" data-caption=\"\" data-src=\"https:\/\/kingwaycarrental.com\/wp-content\/uploads\/2024\/11\/Cadillac-Escalade-2024.jpg\" data-large_image=\"https:\/\/kingwaycarrental.com\/wp-content\/uploads\/2024\/11\/Cadillac-Escalade-2024.jpg\" data-large_image_width=\"700\" data-large_image_height=\"467\" srcset=\"https:\/\/kingwaycarrental.com\/wp-content\/uploads\/2024\/11\/Cadillac-Escalade-2024.jpg 700w, https:\/\/kingwaycarrental.com\/wp-content\/uploads\/2024\/11\/Cadillac-Escalade-2024-300x200.jpg 300w\" sizes=\"(max-width: 700px) 100vw, 700px\" title=\"\" data- data-large_image_><\/a><\/div><div data-thumb=\"https:\/\/kingwaycarrental.com\/wp-content\/uploads\/2024\/11\/Cadillac-Escalade-2024-c.jpg\" data-thumb-alt=\"Interior y volante del Cadillac Escalade\" data-thumb-srcset=\"https:\/\/kingwaycarrental.com\/wp-content\/uploads\/2024\/11\/Cadillac-Escalade-2024-c.jpg 700w, https:\/\/kingwaycarrental.com\/wp-content\/uploads\/2024\/11\/Cadillac-Escalade-2024-c-300x200.jpg 300w\"  data-thumb-sizes=\"(max-width: 300px) 100vw, 300px\" class=\"woocommerce-product-gallery__image\"><a href=\"https:\/\/kingwaycarrental.com\/wp-content\/uploads\/2024\/11\/Cadillac-Escalade-2024-c.jpg\"><img decoding=\"async\" width=\"700\" height=\"467\" src=\"https:\/\/kingwaycarrental.com\/wp-content\/uploads\/2024\/11\/Cadillac-Escalade-2024-c.jpg\" class=\"\" alt=\"Interior y volante del Cadillac Escalade\" data-caption=\"\" data-src=\"https:\/\/kingwaycarrental.com\/wp-content\/uploads\/2024\/11\/Cadillac-Escalade-2024-c.jpg\" data-large_image=\"https:\/\/kingwaycarrental.com\/wp-content\/uploads\/2024\/11\/Cadillac-Escalade-2024-c.jpg\" data-large_image_width=\"700\" data-large_image_height=\"467\" srcset=\"https:\/\/kingwaycarrental.com\/wp-content\/uploads\/2024\/11\/Cadillac-Escalade-2024-c.jpg 700w, https:\/\/kingwaycarrental.com\/wp-content\/uploads\/2024\/11\/Cadillac-Escalade-2024-c-300x200.jpg 300w\" sizes=\"(max-width: 700px) 100vw, 700px\" title=\"\" data- data-large_image_><\/a><\/div><div data-thumb=\"https:\/\/kingwaycarrental.com\/wp-content\/uploads\/2024\/11\/Cadillac-Escalade-2024-b.jpg\" data-thumb-alt=\"Vista lateral trasera del Cadillac Escalade - negro\" data-thumb-srcset=\"https:\/\/kingwaycarrental.com\/wp-content\/uploads\/2024\/11\/Cadillac-Escalade-2024-b.jpg 700w, https:\/\/kingwaycarrental.com\/wp-content\/uploads\/2024\/11\/Cadillac-Escalade-2024-b-300x200.jpg 300w\"  data-thumb-sizes=\"(max-width: 300px) 100vw, 300px\" class=\"woocommerce-product-gallery__image\"><a href=\"https:\/\/kingwaycarrental.com\/wp-content\/uploads\/2024\/11\/Cadillac-Escalade-2024-b.jpg\"><img decoding=\"async\" width=\"700\" height=\"467\" src=\"https:\/\/kingwaycarrental.com\/wp-content\/uploads\/2024\/11\/Cadillac-Escalade-2024-b.jpg\" class=\"\" alt=\"Vista lateral trasera del Cadillac Escalade - negro\" data-caption=\"\" data-src=\"https:\/\/kingwaycarrental.com\/wp-content\/uploads\/2024\/11\/Cadillac-Escalade-2024-b.jpg\" data-large_image=\"https:\/\/kingwaycarrental.com\/wp-content\/uploads\/2024\/11\/Cadillac-Escalade-2024-b.jpg\" data-large_image_width=\"700\" data-large_image_height=\"467\" srcset=\"https:\/\/kingwaycarrental.com\/wp-content\/uploads\/2024\/11\/Cadillac-Escalade-2024-b.jpg 700w, https:\/\/kingwaycarrental.com\/wp-content\/uploads\/2024\/11\/Cadillac-Escalade-2024-b-300x200.jpg 300w\" sizes=\"(max-width: 700px) 100vw, 700px\" title=\"\" data- data-large_image_><\/a><\/div><div data-thumb=\"https:\/\/kingwaycarrental.com\/wp-content\/uploads\/2024\/11\/Cadillac-Escalade-2024-a.jpg\" data-thumb-alt=\"Asientos traseros de 7 plazas del Cadillac Escalade en color beige\" data-thumb-srcset=\"https:\/\/kingwaycarrental.com\/wp-content\/uploads\/2024\/11\/Cadillac-Escalade-2024-a.jpg 700w, https:\/\/kingwaycarrental.com\/wp-content\/uploads\/2024\/11\/Cadillac-Escalade-2024-a-300x200.jpg 300w\"  data-thumb-sizes=\"(max-width: 300px) 100vw, 300px\" class=\"woocommerce-product-gallery__image\"><a href=\"https:\/\/kingwaycarrental.com\/wp-content\/uploads\/2024\/11\/Cadillac-Escalade-2024-a.jpg\"><img decoding=\"async\" width=\"700\" height=\"467\" src=\"https:\/\/kingwaycarrental.com\/wp-content\/uploads\/2024\/11\/Cadillac-Escalade-2024-a.jpg\" class=\"\" alt=\"Asientos traseros de 7 plazas del Cadillac Escalade en color beige\" data-caption=\"\" data-src=\"https:\/\/kingwaycarrental.com\/wp-content\/uploads\/2024\/11\/Cadillac-Escalade-2024-a.jpg\" data-large_image=\"https:\/\/kingwaycarrental.com\/wp-content\/uploads\/2024\/11\/Cadillac-Escalade-2024-a.jpg\" data-large_image_width=\"700\" data-large_image_height=\"467\" srcset=\"https:\/\/kingwaycarrental.com\/wp-content\/uploads\/2024\/11\/Cadillac-Escalade-2024-a.jpg 700w, https:\/\/kingwaycarrental.com\/wp-content\/uploads\/2024\/11\/Cadillac-Escalade-2024-a-300x200.jpg 300w\" sizes=\"(max-width: 700px) 100vw, 700px\" title=\"\" data- data-large_image_><\/a><\/div>\t<\/div>\n<\/div>\n<\/div>\t\t\t<span class=\"ovabrw-featured-product\">\n\t\tDestacado\t<\/span>\n\t\t\t<span class=\"ovabrw-features-featured\">\n\t\t\t\t2024\t\t\t<\/span>\n\t\t\t<\/div>\n\t<div class=\"ovabrw-card-content\">\n\t\t    <div class=\"ovabrw-review\">\n        <div class=\"ovabrw-star-rating\" role=\"img\" aria-label=\"Rated 5.00 out of 5\">\n        \t<i aria-hidden=\"true\" class=\"brwicon-star-3\"><\/i>\n        \t<i aria-hidden=\"true\" class=\"brwicon-star-3\"><\/i>\n        \t<i aria-hidden=\"true\" class=\"brwicon-star-3\"><\/i>\n        \t<i aria-hidden=\"true\" class=\"brwicon-star-3\"><\/i>\n        \t<i aria-hidden=\"true\" class=\"brwicon-star-3\"><\/i>\n            <span class=\"ovabrw-rating-percent\" style=\"width: 100%;\">\n            \t<i aria-hidden=\"true\" class=\"brwicon-star-3\"><\/i>\n            \t<i aria-hidden=\"true\" class=\"brwicon-star-3\"><\/i>\n            \t<i aria-hidden=\"true\" class=\"brwicon-star-3\"><\/i>\n            \t<i aria-hidden=\"true\" class=\"brwicon-star-3\"><\/i>\n            \t<i aria-hidden=\"true\" class=\"brwicon-star-3\"><\/i>\n            <\/span>\n        <\/div>\n        <a href=\"https:\/\/kingwaycarrental.com\/es\/car\/cadillac-escalade-black\/#reviews\" class=\"ovabrw-review-link\" rel=\"nofollow\">\n            1 valoraci\u00f3n        <\/a>\n    <\/div>\n\t\t\t<h3 class=\"ovabrw-title\">\n\t\t<a href=\"https:\/\/kingwaycarrental.com\/es\/car\/cadillac-escalade-black\/\">\n\t\t\tCadillac Escalade\t\t<\/a>\n\t<\/h3>\n\t\t<div class=\"ovabrw-price\">\n\t\t\t\t<span class=\"amount\">\n\t\t\t\t<span class=\"woocommerce-Price-amount amount\"><bdi><span class=\"woocommerce-Price-currencySymbol\" translate=\"no\">AED<\/span>&nbsp;799<\/bdi><\/span>\t\t\t<\/span>\n\t\t\t<span class=\"unit\">\n\t\t\t\t\/ D\u00eda\t\t\t<\/span>\n\t\t<\/div>\t\t\t\t\t<ul class=\"ovabrw-features\">\n\t\t\t\t\t<li class=\"item-feature\">\n\t\t\t\t\t\t\t\t\t<i aria-hidden=\"true\" class=\"flaticon2 flaticon2-sedan\"><\/i>\n\t\t\t\t\t\t\t\t<span>SUV<\/span>\n\t\t\t<\/li>\n\t\t\t\t\t<li class=\"item-feature\">\n\t\t\t\t\t\t\t\t\t<i aria-hidden=\"true\" class=\"flaticon-seat\"><\/i>\n\t\t\t\t\t\t\t\t<span>7 Plazas<\/span>\n\t\t\t<\/li>\n\t\t\t\t\t<li class=\"item-feature\">\n\t\t\t\t\t\t\t\t\t<i aria-hidden=\"true\" class=\"flaticon-car-door\"><\/i>\n\t\t\t\t\t\t\t\t<span>4 Puertas<\/span>\n\t\t\t<\/li>\n\t\t\t\t\t<li class=\"item-feature\">\n\t\t\t\t\t\t\t\t\t<i aria-hidden=\"true\" class=\"flaticon-gas-station\"><\/i>\n\t\t\t\t\t\t\t\t<span>Gasolina<\/span>\n\t\t\t<\/li>\n\t\t\t<\/ul>\n\t\t\t\t\t\t\t<p class=\"ovabrw-short-description\">\n\t\tAlquile un Cadillac Escalade de color negro modelo 2024 en Dub\u00e1i a precios asequibles desde 799 AED por d\u00eda. El Escalade cuenta...\t<\/p>\n\n\t\t<div class=\"ovabrw-card-btn\">\n\t\t\t    <a href=\"https:\/\/kingwaycarrental.com\/es\/car\/cadillac-escalade-black\/\" class=\"ovabrw-button\">\n        Reservar Ahora        <i class=\"brwicon-right\" aria-hidden=\"true\"><\/i>\n    <\/a>\n\t\t<\/div>\n\t<\/div>\n<\/div>\t\t\t\t\t\t<\/li>\n\t\t\t\t\t\t\t\t\t\t\t\t<li class=\"item\">\n\t\t\t\t\t\t\t\n<div class=\"ovabrw-card-template ovabrw-card1\">\n\t<div class=\"ovabrw-card-header\">\n\t\t    <div class=\"ovabrw-gallery-popup\">\n    \t\t    \t<div class=\"ovabrw-product-img-feature\">\n\t    \t\t<a href=\"https:\/\/kingwaycarrental.com\/es\/car\/rent-lamborghini-huracan-dubai\/\" class=\"ovabrw-product-link\">\n\t\t    \t\t\t            \t\t<img decoding=\"async\" src=\"https:\/\/kingwaycarrental.com\/wp-content\/uploads\/2026\/03\/rent-lamborghini-huracan-dubai-700x415.jpg\" alt=\"Alquilar un Lamborghini Huracan en Dub\u00e1i - Mejor Precio y Entrega Gratuita\" title=\"\">\n\t            \t            \t<\/a>\n\t    \t<\/div>\n\t        <\/div>\n<div style=\"display: none !important;\">\n\t<div class=\"woocommerce-product-gallery woocommerce-product-gallery--with-images woocommerce-product-gallery--columns-4 images\" data-columns=\"4\" style=\"opacity: 0; transition: opacity .25s ease-in-out;\">\n\t<div class=\"woocommerce-product-gallery__wrapper\">\n\t\t<div data-thumb=\"https:\/\/kingwaycarrental.com\/wp-content\/uploads\/2026\/03\/rent-lamborghini-huracan-dubai.jpg\" data-thumb-alt=\"Alquilar un Lamborghini Huracan en Dub\u00e1i - Mejor Precio y Entrega Gratuita\" data-thumb-srcset=\"https:\/\/kingwaycarrental.com\/wp-content\/uploads\/2026\/03\/rent-lamborghini-huracan-dubai.jpg 900w, https:\/\/kingwaycarrental.com\/wp-content\/uploads\/2026\/03\/rent-lamborghini-huracan-dubai-300x178.jpg 300w, https:\/\/kingwaycarrental.com\/wp-content\/uploads\/2026\/03\/rent-lamborghini-huracan-dubai-768x455.jpg 768w, https:\/\/kingwaycarrental.com\/wp-content\/uploads\/2026\/03\/rent-lamborghini-huracan-dubai-700x415.jpg 700w\"  data-thumb-sizes=\"(max-width: 300px) 100vw, 300px\" class=\"woocommerce-product-gallery__image\"><a href=\"https:\/\/kingwaycarrental.com\/wp-content\/uploads\/2026\/03\/rent-lamborghini-huracan-dubai.jpg\"><img decoding=\"async\" width=\"700\" height=\"415\" src=\"https:\/\/kingwaycarrental.com\/wp-content\/uploads\/2026\/03\/rent-lamborghini-huracan-dubai-700x415.jpg\" class=\"wp-post-image\" alt=\"Alquilar un Lamborghini Huracan en Dub\u00e1i - Mejor Precio y Entrega Gratuita\" data-caption=\"\" data-src=\"https:\/\/kingwaycarrental.com\/wp-content\/uploads\/2026\/03\/rent-lamborghini-huracan-dubai.jpg\" data-large_image=\"https:\/\/kingwaycarrental.com\/wp-content\/uploads\/2026\/03\/rent-lamborghini-huracan-dubai.jpg\" data-large_image_width=\"900\" data-large_image_height=\"533\" srcset=\"https:\/\/kingwaycarrental.com\/wp-content\/uploads\/2026\/03\/rent-lamborghini-huracan-dubai-700x415.jpg 700w, https:\/\/kingwaycarrental.com\/wp-content\/uploads\/2026\/03\/rent-lamborghini-huracan-dubai-300x178.jpg 300w, https:\/\/kingwaycarrental.com\/wp-content\/uploads\/2026\/03\/rent-lamborghini-huracan-dubai-768x455.jpg 768w, https:\/\/kingwaycarrental.com\/wp-content\/uploads\/2026\/03\/rent-lamborghini-huracan-dubai.jpg 900w\" sizes=\"(max-width: 700px) 100vw, 700px\" title=\"\"><\/a><\/div><div data-thumb=\"https:\/\/kingwaycarrental.com\/wp-content\/uploads\/2026\/03\/rent-lamborghini-huracan-dubai-2.jpg\" data-thumb-alt=\"Alquiler de Lamborghini Hurac\u00e1n en Dub\u00e1i - Vista frontal\" data-thumb-srcset=\"https:\/\/kingwaycarrental.com\/wp-content\/uploads\/2026\/03\/rent-lamborghini-huracan-dubai-2.jpg 700w, https:\/\/kingwaycarrental.com\/wp-content\/uploads\/2026\/03\/rent-lamborghini-huracan-dubai-2-300x200.jpg 300w\"  data-thumb-sizes=\"(max-width: 300px) 100vw, 300px\" class=\"woocommerce-product-gallery__image\"><a href=\"https:\/\/kingwaycarrental.com\/wp-content\/uploads\/2026\/03\/rent-lamborghini-huracan-dubai-2.jpg\"><img decoding=\"async\" width=\"700\" height=\"467\" src=\"https:\/\/kingwaycarrental.com\/wp-content\/uploads\/2026\/03\/rent-lamborghini-huracan-dubai-2.jpg\" class=\"\" alt=\"Alquiler de Lamborghini Hurac\u00e1n en Dub\u00e1i - Vista frontal\" data-caption=\"\" data-src=\"https:\/\/kingwaycarrental.com\/wp-content\/uploads\/2026\/03\/rent-lamborghini-huracan-dubai-2.jpg\" data-large_image=\"https:\/\/kingwaycarrental.com\/wp-content\/uploads\/2026\/03\/rent-lamborghini-huracan-dubai-2.jpg\" data-large_image_width=\"700\" data-large_image_height=\"467\" srcset=\"https:\/\/kingwaycarrental.com\/wp-content\/uploads\/2026\/03\/rent-lamborghini-huracan-dubai-2.jpg 700w, https:\/\/kingwaycarrental.com\/wp-content\/uploads\/2026\/03\/rent-lamborghini-huracan-dubai-2-300x200.jpg 300w\" sizes=\"(max-width: 700px) 100vw, 700px\" title=\"\" data- data-large_image_><\/a><\/div><div data-thumb=\"https:\/\/kingwaycarrental.com\/wp-content\/uploads\/2026\/03\/rent-lamborghini-huracan-dubai-3.jpg\" data-thumb-alt=\"Lamborghini Hurac\u00e1n Convertible - Volante y asientos\" data-thumb-srcset=\"https:\/\/kingwaycarrental.com\/wp-content\/uploads\/2026\/03\/rent-lamborghini-huracan-dubai-3.jpg 700w, https:\/\/kingwaycarrental.com\/wp-content\/uploads\/2026\/03\/rent-lamborghini-huracan-dubai-3-300x200.jpg 300w\"  data-thumb-sizes=\"(max-width: 300px) 100vw, 300px\" class=\"woocommerce-product-gallery__image\"><a href=\"https:\/\/kingwaycarrental.com\/wp-content\/uploads\/2026\/03\/rent-lamborghini-huracan-dubai-3.jpg\"><img decoding=\"async\" width=\"700\" height=\"467\" src=\"https:\/\/kingwaycarrental.com\/wp-content\/uploads\/2026\/03\/rent-lamborghini-huracan-dubai-3.jpg\" class=\"\" alt=\"Lamborghini Hurac\u00e1n Convertible - Volante y asientos\" data-caption=\"\" data-src=\"https:\/\/kingwaycarrental.com\/wp-content\/uploads\/2026\/03\/rent-lamborghini-huracan-dubai-3.jpg\" data-large_image=\"https:\/\/kingwaycarrental.com\/wp-content\/uploads\/2026\/03\/rent-lamborghini-huracan-dubai-3.jpg\" data-large_image_width=\"700\" data-large_image_height=\"467\" srcset=\"https:\/\/kingwaycarrental.com\/wp-content\/uploads\/2026\/03\/rent-lamborghini-huracan-dubai-3.jpg 700w, https:\/\/kingwaycarrental.com\/wp-content\/uploads\/2026\/03\/rent-lamborghini-huracan-dubai-3-300x200.jpg 300w\" sizes=\"(max-width: 700px) 100vw, 700px\" title=\"\" data- data-large_image_><\/a><\/div><div data-thumb=\"https:\/\/kingwaycarrental.com\/wp-content\/uploads\/2026\/03\/rent-lamborghini-huracan-dubai-4.jpg\" data-thumb-alt=\"Lamborghini Hurac\u00e1n EVO Spyder visto desde atr\u00e1s\" data-thumb-srcset=\"https:\/\/kingwaycarrental.com\/wp-content\/uploads\/2026\/03\/rent-lamborghini-huracan-dubai-4.jpg 700w, https:\/\/kingwaycarrental.com\/wp-content\/uploads\/2026\/03\/rent-lamborghini-huracan-dubai-4-300x200.jpg 300w\"  data-thumb-sizes=\"(max-width: 300px) 100vw, 300px\" class=\"woocommerce-product-gallery__image\"><a href=\"https:\/\/kingwaycarrental.com\/wp-content\/uploads\/2026\/03\/rent-lamborghini-huracan-dubai-4.jpg\"><img decoding=\"async\" width=\"700\" height=\"467\" src=\"https:\/\/kingwaycarrental.com\/wp-content\/uploads\/2026\/03\/rent-lamborghini-huracan-dubai-4.jpg\" class=\"\" alt=\"Lamborghini Hurac\u00e1n EVO Spyder visto desde atr\u00e1s\" data-caption=\"\" data-src=\"https:\/\/kingwaycarrental.com\/wp-content\/uploads\/2026\/03\/rent-lamborghini-huracan-dubai-4.jpg\" data-large_image=\"https:\/\/kingwaycarrental.com\/wp-content\/uploads\/2026\/03\/rent-lamborghini-huracan-dubai-4.jpg\" data-large_image_width=\"700\" data-large_image_height=\"467\" srcset=\"https:\/\/kingwaycarrental.com\/wp-content\/uploads\/2026\/03\/rent-lamborghini-huracan-dubai-4.jpg 700w, https:\/\/kingwaycarrental.com\/wp-content\/uploads\/2026\/03\/rent-lamborghini-huracan-dubai-4-300x200.jpg 300w\" sizes=\"(max-width: 700px) 100vw, 700px\" title=\"\" data- data-large_image_><\/a><\/div>\t<\/div>\n<\/div>\n<\/div>\t\t\t<span class=\"ovabrw-featured-product\">\n\t\tDestacado\t<\/span>\n\t\t\t<span class=\"ovabrw-features-featured\">\n\t\t\t\t2025\t\t\t<\/span>\n\t\t\t<\/div>\n\t<div class=\"ovabrw-card-content\">\n\t\t    <div class=\"ovabrw-review\">\n        <div class=\"ovabrw-star-rating\" role=\"img\" aria-label=\"Rated 5.00 out of 5\">\n        \t<i aria-hidden=\"true\" class=\"brwicon-star-3\"><\/i>\n        \t<i aria-hidden=\"true\" class=\"brwicon-star-3\"><\/i>\n        \t<i aria-hidden=\"true\" class=\"brwicon-star-3\"><\/i>\n        \t<i aria-hidden=\"true\" class=\"brwicon-star-3\"><\/i>\n        \t<i aria-hidden=\"true\" class=\"brwicon-star-3\"><\/i>\n            <span class=\"ovabrw-rating-percent\" style=\"width: 100%;\">\n            \t<i aria-hidden=\"true\" class=\"brwicon-star-3\"><\/i>\n            \t<i aria-hidden=\"true\" class=\"brwicon-star-3\"><\/i>\n            \t<i aria-hidden=\"true\" class=\"brwicon-star-3\"><\/i>\n            \t<i aria-hidden=\"true\" class=\"brwicon-star-3\"><\/i>\n            \t<i aria-hidden=\"true\" class=\"brwicon-star-3\"><\/i>\n            <\/span>\n        <\/div>\n        <a href=\"https:\/\/kingwaycarrental.com\/es\/car\/rent-lamborghini-huracan-dubai\/#reviews\" class=\"ovabrw-review-link\" rel=\"nofollow\">\n            1 valoraci\u00f3n        <\/a>\n    <\/div>\n\t\t\t<h3 class=\"ovabrw-title\">\n\t\t<a href=\"https:\/\/kingwaycarrental.com\/es\/car\/rent-lamborghini-huracan-dubai\/\">\n\t\t\tLamborghini Huracan\t\t<\/a>\n\t<\/h3>\n\t\t<div class=\"ovabrw-price\">\n\t\t\t\t<span class=\"amount\">\n\t\t\t\t<span class=\"woocommerce-Price-amount amount\"><bdi><span class=\"woocommerce-Price-currencySymbol\" translate=\"no\">AED<\/span>&nbsp;2,900<\/bdi><\/span>\t\t\t<\/span>\n\t\t\t<span class=\"unit\">\n\t\t\t\t\/ D\u00eda\t\t\t<\/span>\n\t\t<\/div>\t\t\t\t\t<ul class=\"ovabrw-features\">\n\t\t\t\t\t<li class=\"item-feature\">\n\t\t\t\t\t\t\t\t\t<i aria-hidden=\"true\" class=\"flaticon2 flaticon2-sedan\"><\/i>\n\t\t\t\t\t\t\t\t<span>Supercar<\/span>\n\t\t\t<\/li>\n\t\t\t\t\t<li class=\"item-feature\">\n\t\t\t\t\t\t\t\t\t<i aria-hidden=\"true\" class=\"flaticon-seat\"><\/i>\n\t\t\t\t\t\t\t\t<span>2 Plazas<\/span>\n\t\t\t<\/li>\n\t\t\t\t\t<li class=\"item-feature\">\n\t\t\t\t\t\t\t\t\t<i aria-hidden=\"true\" class=\"flaticon-car-door\"><\/i>\n\t\t\t\t\t\t\t\t<span>2 Puertas<\/span>\n\t\t\t<\/li>\n\t\t\t\t\t<li class=\"item-feature\">\n\t\t\t\t\t\t\t\t\t<i aria-hidden=\"true\" class=\"flaticon-gas-station\"><\/i>\n\t\t\t\t\t\t\t\t<span>Gasolina<\/span>\n\t\t\t<\/li>\n\t\t\t<\/ul>\n\t\t\t\t\t\t\t<p class=\"ovabrw-short-description\">\n\t\tCuando decide conducir un superdeportivo por las calles de Dub\u00e1i, el primer paso para garantizar una experiencia segura comienza con la verificaci\u00f3n...\t<\/p>\n\n\t\t<div class=\"ovabrw-card-btn\">\n\t\t\t    <a href=\"https:\/\/kingwaycarrental.com\/es\/car\/rent-lamborghini-huracan-dubai\/\" class=\"ovabrw-button\">\n        Reservar Ahora        <i class=\"brwicon-right\" aria-hidden=\"true\"><\/i>\n    <\/a>\n\t\t<\/div>\n\t<\/div>\n<\/div>\t\t\t\t\t\t<\/li>\n\t\t\t\t\t\t\t\t\t\t\t\t<li class=\"item\">\n\t\t\t\t\t\t\t\n<div class=\"ovabrw-card-template ovabrw-card1\">\n\t<div class=\"ovabrw-card-header\">\n\t\t    <div class=\"ovabrw-gallery-popup\">\n    \t\t    \t<div class=\"ovabrw-product-img-feature\">\n\t    \t\t<a href=\"https:\/\/kingwaycarrental.com\/es\/car\/porsche-911-black\/\" class=\"ovabrw-product-link\">\n\t\t    \t\t\t            \t\t<img decoding=\"async\" src=\"https:\/\/kingwaycarrental.com\/wp-content\/uploads\/2024\/11\/Porsche-911-Model-2022.jpg\" alt=\"Porsche 911 Carrera en Alquiler en Dub\u00e1i - Alquiler de Superdeportivo, EAU\" title=\"\">\n\t            \t            \t<\/a>\n\t    \t<\/div>\n\t        <\/div>\n<div style=\"display: none !important;\">\n\t<div class=\"woocommerce-product-gallery woocommerce-product-gallery--with-images woocommerce-product-gallery--columns-4 images\" data-columns=\"4\" style=\"opacity: 0; transition: opacity .25s ease-in-out;\">\n\t<div class=\"woocommerce-product-gallery__wrapper\">\n\t\t<div data-thumb=\"https:\/\/kingwaycarrental.com\/wp-content\/uploads\/2024\/11\/Porsche-911-Model-2022.jpg\" data-thumb-alt=\"Porsche 911 Carrera en Alquiler en Dub\u00e1i - Alquiler de Superdeportivo, EAU\" data-thumb-srcset=\"https:\/\/kingwaycarrental.com\/wp-content\/uploads\/2024\/11\/Porsche-911-Model-2022.jpg 700w, https:\/\/kingwaycarrental.com\/wp-content\/uploads\/2024\/11\/Porsche-911-Model-2022-300x200.jpg 300w\"  data-thumb-sizes=\"(max-width: 300px) 100vw, 300px\" class=\"woocommerce-product-gallery__image\"><a href=\"https:\/\/kingwaycarrental.com\/wp-content\/uploads\/2024\/11\/Porsche-911-Model-2022.jpg\"><img decoding=\"async\" width=\"700\" height=\"467\" src=\"https:\/\/kingwaycarrental.com\/wp-content\/uploads\/2024\/11\/Porsche-911-Model-2022.jpg\" class=\"wp-post-image\" alt=\"Porsche 911 Carrera en Alquiler en Dub\u00e1i - Alquiler de Superdeportivo, EAU\" data-caption=\"\" data-src=\"https:\/\/kingwaycarrental.com\/wp-content\/uploads\/2024\/11\/Porsche-911-Model-2022.jpg\" data-large_image=\"https:\/\/kingwaycarrental.com\/wp-content\/uploads\/2024\/11\/Porsche-911-Model-2022.jpg\" data-large_image_width=\"700\" data-large_image_height=\"467\" srcset=\"https:\/\/kingwaycarrental.com\/wp-content\/uploads\/2024\/11\/Porsche-911-Model-2022.jpg 700w, https:\/\/kingwaycarrental.com\/wp-content\/uploads\/2024\/11\/Porsche-911-Model-2022-300x200.jpg 300w\" sizes=\"(max-width: 700px) 100vw, 700px\" title=\"\" data- data-large_image_><\/a><\/div><div data-thumb=\"https:\/\/kingwaycarrental.com\/wp-content\/uploads\/2024\/11\/Porsche-911-Model-2022-b.jpg\" data-thumb-alt=\"Alquiler de Porsche 911 Carrera - Vista lateral\" data-thumb-srcset=\"https:\/\/kingwaycarrental.com\/wp-content\/uploads\/2024\/11\/Porsche-911-Model-2022-b.jpg 700w, https:\/\/kingwaycarrental.com\/wp-content\/uploads\/2024\/11\/Porsche-911-Model-2022-b-300x200.jpg 300w\"  data-thumb-sizes=\"(max-width: 300px) 100vw, 300px\" class=\"woocommerce-product-gallery__image\"><a href=\"https:\/\/kingwaycarrental.com\/wp-content\/uploads\/2024\/11\/Porsche-911-Model-2022-b.jpg\"><img decoding=\"async\" width=\"700\" height=\"467\" src=\"https:\/\/kingwaycarrental.com\/wp-content\/uploads\/2024\/11\/Porsche-911-Model-2022-b.jpg\" class=\"\" alt=\"Alquiler de Porsche 911 Carrera - Vista lateral\" data-caption=\"\" data-src=\"https:\/\/kingwaycarrental.com\/wp-content\/uploads\/2024\/11\/Porsche-911-Model-2022-b.jpg\" data-large_image=\"https:\/\/kingwaycarrental.com\/wp-content\/uploads\/2024\/11\/Porsche-911-Model-2022-b.jpg\" data-large_image_width=\"700\" data-large_image_height=\"467\" srcset=\"https:\/\/kingwaycarrental.com\/wp-content\/uploads\/2024\/11\/Porsche-911-Model-2022-b.jpg 700w, https:\/\/kingwaycarrental.com\/wp-content\/uploads\/2024\/11\/Porsche-911-Model-2022-b-300x200.jpg 300w\" sizes=\"(max-width: 700px) 100vw, 700px\" title=\"\" data- data-large_image_><\/a><\/div><div data-thumb=\"https:\/\/kingwaycarrental.com\/wp-content\/uploads\/2024\/11\/Porsche-911-Model-2022-a.jpg\" data-thumb-alt=\"Alquile un Porsche 911 Carrera - Vista trasera\" data-thumb-srcset=\"https:\/\/kingwaycarrental.com\/wp-content\/uploads\/2024\/11\/Porsche-911-Model-2022-a.jpg 700w, https:\/\/kingwaycarrental.com\/wp-content\/uploads\/2024\/11\/Porsche-911-Model-2022-a-300x200.jpg 300w\"  data-thumb-sizes=\"(max-width: 300px) 100vw, 300px\" class=\"woocommerce-product-gallery__image\"><a href=\"https:\/\/kingwaycarrental.com\/wp-content\/uploads\/2024\/11\/Porsche-911-Model-2022-a.jpg\"><img decoding=\"async\" width=\"700\" height=\"467\" src=\"https:\/\/kingwaycarrental.com\/wp-content\/uploads\/2024\/11\/Porsche-911-Model-2022-a.jpg\" class=\"\" alt=\"Alquile un Porsche 911 Carrera - Vista trasera\" data-caption=\"\" data-src=\"https:\/\/kingwaycarrental.com\/wp-content\/uploads\/2024\/11\/Porsche-911-Model-2022-a.jpg\" data-large_image=\"https:\/\/kingwaycarrental.com\/wp-content\/uploads\/2024\/11\/Porsche-911-Model-2022-a.jpg\" data-large_image_width=\"700\" data-large_image_height=\"467\" srcset=\"https:\/\/kingwaycarrental.com\/wp-content\/uploads\/2024\/11\/Porsche-911-Model-2022-a.jpg 700w, https:\/\/kingwaycarrental.com\/wp-content\/uploads\/2024\/11\/Porsche-911-Model-2022-a-300x200.jpg 300w\" sizes=\"(max-width: 700px) 100vw, 700px\" title=\"\" data- data-large_image_><\/a><\/div>\t<\/div>\n<\/div>\n<\/div>\t\t\t<span class=\"ovabrw-featured-product\">\n\t\tDestacado\t<\/span>\n\t\t\t<span class=\"ovabrw-features-featured\">\n\t\t\t\t2022\t\t\t<\/span>\n\t\t\t<\/div>\n\t<div class=\"ovabrw-card-content\">\n\t\t    <div class=\"ovabrw-review\">\n        <div class=\"ovabrw-star-rating\" role=\"img\" aria-label=\"Rated 5.00 out of 5\">\n        \t<i aria-hidden=\"true\" class=\"brwicon-star-3\"><\/i>\n        \t<i aria-hidden=\"true\" class=\"brwicon-star-3\"><\/i>\n        \t<i aria-hidden=\"true\" class=\"brwicon-star-3\"><\/i>\n        \t<i aria-hidden=\"true\" class=\"brwicon-star-3\"><\/i>\n        \t<i aria-hidden=\"true\" class=\"brwicon-star-3\"><\/i>\n            <span class=\"ovabrw-rating-percent\" style=\"width: 100%;\">\n            \t<i aria-hidden=\"true\" class=\"brwicon-star-3\"><\/i>\n            \t<i aria-hidden=\"true\" class=\"brwicon-star-3\"><\/i>\n            \t<i aria-hidden=\"true\" class=\"brwicon-star-3\"><\/i>\n            \t<i aria-hidden=\"true\" class=\"brwicon-star-3\"><\/i>\n            \t<i aria-hidden=\"true\" class=\"brwicon-star-3\"><\/i>\n            <\/span>\n        <\/div>\n        <a href=\"https:\/\/kingwaycarrental.com\/es\/car\/porsche-911-black\/#reviews\" class=\"ovabrw-review-link\" rel=\"nofollow\">\n            1 valoraci\u00f3n        <\/a>\n    <\/div>\n\t\t\t<h3 class=\"ovabrw-title\">\n\t\t<a href=\"https:\/\/kingwaycarrental.com\/es\/car\/porsche-911-black\/\">\n\t\t\tPorsche 911 Carrera\t\t<\/a>\n\t<\/h3>\n\t\t<div class=\"ovabrw-price\">\n\t\t\t\t<span class=\"amount\">\n\t\t\t\t<span class=\"woocommerce-Price-amount amount\"><bdi><span class=\"woocommerce-Price-currencySymbol\" translate=\"no\">AED<\/span>&nbsp;1,100<\/bdi><\/span>\t\t\t<\/span>\n\t\t\t<span class=\"unit\">\n\t\t\t\t\/ D\u00eda\t\t\t<\/span>\n\t\t<\/div>\t\t\t\t\t<ul class=\"ovabrw-features\">\n\t\t\t\t\t<li class=\"item-feature\">\n\t\t\t\t\t\t\t\t\t<i aria-hidden=\"true\" class=\"flaticon2 flaticon2-sedan\"><\/i>\n\t\t\t\t\t\t\t\t<span>Supercar<\/span>\n\t\t\t<\/li>\n\t\t\t\t\t<li class=\"item-feature\">\n\t\t\t\t\t\t\t\t\t<i aria-hidden=\"true\" class=\"flaticon-seat\"><\/i>\n\t\t\t\t\t\t\t\t<span>2 Plazas<\/span>\n\t\t\t<\/li>\n\t\t\t\t\t<li class=\"item-feature\">\n\t\t\t\t\t\t\t\t\t<i aria-hidden=\"true\" class=\"flaticon-car-door\"><\/i>\n\t\t\t\t\t\t\t\t<span>2 Puertas<\/span>\n\t\t\t<\/li>\n\t\t\t\t\t<li class=\"item-feature\">\n\t\t\t\t\t\t\t\t\t<i aria-hidden=\"true\" class=\"flaticon-gas-station\"><\/i>\n\t\t\t\t\t\t\t\t<span>Gasolina<\/span>\n\t\t\t<\/li>\n\t\t\t<\/ul>\n\t\t\t\t\t\t\t<p class=\"ovabrw-short-description\">\n\t\tAlquilar un coche deportivo en Dub\u00e1i es algo que muchos desean, pero alquilar un Porsche 911 Carrera en Dub\u00e1i es a\u00fan m\u00e1s...\t<\/p>\n\n\t\t<div class=\"ovabrw-card-btn\">\n\t\t\t    <a href=\"https:\/\/kingwaycarrental.com\/es\/car\/porsche-911-black\/\" class=\"ovabrw-button\">\n        Reservar Ahora        <i class=\"brwicon-right\" aria-hidden=\"true\"><\/i>\n    <\/a>\n\t\t<\/div>\n\t<\/div>\n<\/div>\t\t\t\t\t\t<\/li>\n\t\t\t\t\t\t\t\t\t\t\t\t<li class=\"item\">\n\t\t\t\t\t\t\t\n<div class=\"ovabrw-card-template ovabrw-card1\">\n\t<div class=\"ovabrw-card-header\">\n\t\t    <div class=\"ovabrw-gallery-popup\">\n    \t\t    \t<div class=\"ovabrw-product-img-feature\">\n\t    \t\t<a href=\"https:\/\/kingwaycarrental.com\/es\/car\/lamborghini-huracan-evo-spyder-orange\/\" class=\"ovabrw-product-link\">\n\t\t    \t\t\t            \t\t<img decoding=\"async\" src=\"https:\/\/kingwaycarrental.com\/wp-content\/uploads\/2025\/04\/Lamborghini-Huracan-EVO-Spyder-Orange.jpg\" alt=\"Alquiler de Lamborghini Huracan EVO Spyder Orange en Dub\u00e1i\" title=\"\">\n\t            \t            \t<\/a>\n\t    \t<\/div>\n\t        <\/div>\n<div style=\"display: none !important;\">\n\t<div class=\"woocommerce-product-gallery woocommerce-product-gallery--with-images woocommerce-product-gallery--columns-4 images\" data-columns=\"4\" style=\"opacity: 0; transition: opacity .25s ease-in-out;\">\n\t<div class=\"woocommerce-product-gallery__wrapper\">\n\t\t<div data-thumb=\"https:\/\/kingwaycarrental.com\/wp-content\/uploads\/2025\/04\/Lamborghini-Huracan-EVO-Spyder-Orange.jpg\" data-thumb-alt=\"Alquiler de Lamborghini Huracan EVO Spyder Orange en Dub\u00e1i\" data-thumb-srcset=\"https:\/\/kingwaycarrental.com\/wp-content\/uploads\/2025\/04\/Lamborghini-Huracan-EVO-Spyder-Orange.jpg 700w, https:\/\/kingwaycarrental.com\/wp-content\/uploads\/2025\/04\/Lamborghini-Huracan-EVO-Spyder-Orange-300x200.jpg 300w\"  data-thumb-sizes=\"(max-width: 300px) 100vw, 300px\" class=\"woocommerce-product-gallery__image\"><a href=\"https:\/\/kingwaycarrental.com\/wp-content\/uploads\/2025\/04\/Lamborghini-Huracan-EVO-Spyder-Orange.jpg\"><img decoding=\"async\" width=\"700\" height=\"467\" src=\"https:\/\/kingwaycarrental.com\/wp-content\/uploads\/2025\/04\/Lamborghini-Huracan-EVO-Spyder-Orange.jpg\" class=\"wp-post-image\" alt=\"Alquiler de Lamborghini Huracan EVO Spyder Orange en Dub\u00e1i\" data-caption=\"\" data-src=\"https:\/\/kingwaycarrental.com\/wp-content\/uploads\/2025\/04\/Lamborghini-Huracan-EVO-Spyder-Orange.jpg\" data-large_image=\"https:\/\/kingwaycarrental.com\/wp-content\/uploads\/2025\/04\/Lamborghini-Huracan-EVO-Spyder-Orange.jpg\" data-large_image_width=\"700\" data-large_image_height=\"467\" srcset=\"https:\/\/kingwaycarrental.com\/wp-content\/uploads\/2025\/04\/Lamborghini-Huracan-EVO-Spyder-Orange.jpg 700w, https:\/\/kingwaycarrental.com\/wp-content\/uploads\/2025\/04\/Lamborghini-Huracan-EVO-Spyder-Orange-300x200.jpg 300w\" sizes=\"(max-width: 700px) 100vw, 700px\" title=\"\" data- data-large_image_><\/a><\/div><div data-thumb=\"https:\/\/kingwaycarrental.com\/wp-content\/uploads\/2025\/04\/Lamborghini-Huracan-EVO-Spyder-Orange-3.jpg\" data-thumb-alt=\"Esquina lateral naranja del Lamborghini Hurac\u00e1n EVO Spyder\" data-thumb-srcset=\"https:\/\/kingwaycarrental.com\/wp-content\/uploads\/2025\/04\/Lamborghini-Huracan-EVO-Spyder-Orange-3.jpg 700w, https:\/\/kingwaycarrental.com\/wp-content\/uploads\/2025\/04\/Lamborghini-Huracan-EVO-Spyder-Orange-3-300x200.jpg 300w\"  data-thumb-sizes=\"(max-width: 300px) 100vw, 300px\" class=\"woocommerce-product-gallery__image\"><a href=\"https:\/\/kingwaycarrental.com\/wp-content\/uploads\/2025\/04\/Lamborghini-Huracan-EVO-Spyder-Orange-3.jpg\"><img decoding=\"async\" width=\"700\" height=\"467\" src=\"https:\/\/kingwaycarrental.com\/wp-content\/uploads\/2025\/04\/Lamborghini-Huracan-EVO-Spyder-Orange-3.jpg\" class=\"\" alt=\"Esquina lateral naranja del Lamborghini Hurac\u00e1n EVO Spyder\" data-caption=\"\" data-src=\"https:\/\/kingwaycarrental.com\/wp-content\/uploads\/2025\/04\/Lamborghini-Huracan-EVO-Spyder-Orange-3.jpg\" data-large_image=\"https:\/\/kingwaycarrental.com\/wp-content\/uploads\/2025\/04\/Lamborghini-Huracan-EVO-Spyder-Orange-3.jpg\" data-large_image_width=\"700\" data-large_image_height=\"467\" srcset=\"https:\/\/kingwaycarrental.com\/wp-content\/uploads\/2025\/04\/Lamborghini-Huracan-EVO-Spyder-Orange-3.jpg 700w, https:\/\/kingwaycarrental.com\/wp-content\/uploads\/2025\/04\/Lamborghini-Huracan-EVO-Spyder-Orange-3-300x200.jpg 300w\" sizes=\"(max-width: 700px) 100vw, 700px\" title=\"\" data- data-large_image_><\/a><\/div><div data-thumb=\"https:\/\/kingwaycarrental.com\/wp-content\/uploads\/2025\/04\/Lamborghini-Huracan-EVO-Spyder-Orange-4.jpg\" data-thumb-alt=\"Volante naranja del Lamborghini Hurac\u00e1n EVO Spyder\" data-thumb-srcset=\"https:\/\/kingwaycarrental.com\/wp-content\/uploads\/2025\/04\/Lamborghini-Huracan-EVO-Spyder-Orange-4.jpg 700w, https:\/\/kingwaycarrental.com\/wp-content\/uploads\/2025\/04\/Lamborghini-Huracan-EVO-Spyder-Orange-4-300x200.jpg 300w\"  data-thumb-sizes=\"(max-width: 300px) 100vw, 300px\" class=\"woocommerce-product-gallery__image\"><a href=\"https:\/\/kingwaycarrental.com\/wp-content\/uploads\/2025\/04\/Lamborghini-Huracan-EVO-Spyder-Orange-4.jpg\"><img decoding=\"async\" width=\"700\" height=\"467\" src=\"https:\/\/kingwaycarrental.com\/wp-content\/uploads\/2025\/04\/Lamborghini-Huracan-EVO-Spyder-Orange-4.jpg\" class=\"\" alt=\"Volante naranja del Lamborghini Hurac\u00e1n EVO Spyder\" data-caption=\"\" data-src=\"https:\/\/kingwaycarrental.com\/wp-content\/uploads\/2025\/04\/Lamborghini-Huracan-EVO-Spyder-Orange-4.jpg\" data-large_image=\"https:\/\/kingwaycarrental.com\/wp-content\/uploads\/2025\/04\/Lamborghini-Huracan-EVO-Spyder-Orange-4.jpg\" data-large_image_width=\"700\" data-large_image_height=\"467\" srcset=\"https:\/\/kingwaycarrental.com\/wp-content\/uploads\/2025\/04\/Lamborghini-Huracan-EVO-Spyder-Orange-4.jpg 700w, https:\/\/kingwaycarrental.com\/wp-content\/uploads\/2025\/04\/Lamborghini-Huracan-EVO-Spyder-Orange-4-300x200.jpg 300w\" sizes=\"(max-width: 700px) 100vw, 700px\" title=\"\" data- data-large_image_><\/a><\/div><div data-thumb=\"https:\/\/kingwaycarrental.com\/wp-content\/uploads\/2025\/04\/Lamborghini-Huracan-EVO-Spyder-Orange-2.jpg\" data-thumb-alt=\"Parte delantera naranja del Lamborghini Hurac\u00e1n EVO Spyder\" data-thumb-srcset=\"https:\/\/kingwaycarrental.com\/wp-content\/uploads\/2025\/04\/Lamborghini-Huracan-EVO-Spyder-Orange-2.jpg 700w, https:\/\/kingwaycarrental.com\/wp-content\/uploads\/2025\/04\/Lamborghini-Huracan-EVO-Spyder-Orange-2-300x200.jpg 300w\"  data-thumb-sizes=\"(max-width: 300px) 100vw, 300px\" class=\"woocommerce-product-gallery__image\"><a href=\"https:\/\/kingwaycarrental.com\/wp-content\/uploads\/2025\/04\/Lamborghini-Huracan-EVO-Spyder-Orange-2.jpg\"><img decoding=\"async\" width=\"700\" height=\"467\" src=\"https:\/\/kingwaycarrental.com\/wp-content\/uploads\/2025\/04\/Lamborghini-Huracan-EVO-Spyder-Orange-2.jpg\" class=\"\" alt=\"Parte delantera naranja del Lamborghini Hurac\u00e1n EVO Spyder\" data-caption=\"\" data-src=\"https:\/\/kingwaycarrental.com\/wp-content\/uploads\/2025\/04\/Lamborghini-Huracan-EVO-Spyder-Orange-2.jpg\" data-large_image=\"https:\/\/kingwaycarrental.com\/wp-content\/uploads\/2025\/04\/Lamborghini-Huracan-EVO-Spyder-Orange-2.jpg\" data-large_image_width=\"700\" data-large_image_height=\"467\" srcset=\"https:\/\/kingwaycarrental.com\/wp-content\/uploads\/2025\/04\/Lamborghini-Huracan-EVO-Spyder-Orange-2.jpg 700w, https:\/\/kingwaycarrental.com\/wp-content\/uploads\/2025\/04\/Lamborghini-Huracan-EVO-Spyder-Orange-2-300x200.jpg 300w\" sizes=\"(max-width: 700px) 100vw, 700px\" title=\"\" data- data-large_image_><\/a><\/div>\t<\/div>\n<\/div>\n<\/div>\t\t\t<span class=\"ovabrw-featured-product\">\n\t\tDestacado\t<\/span>\n\t\t\t<span class=\"ovabrw-features-featured\">\n\t\t\t\t2024\t\t\t<\/span>\n\t\t\t<\/div>\n\t<div class=\"ovabrw-card-content\">\n\t\t    <div class=\"ovabrw-review\">\n        <div class=\"ovabrw-star-rating\" role=\"img\" aria-label=\"Rated 5.00 out of 5\">\n        \t<i aria-hidden=\"true\" class=\"brwicon-star-3\"><\/i>\n        \t<i aria-hidden=\"true\" class=\"brwicon-star-3\"><\/i>\n        \t<i aria-hidden=\"true\" class=\"brwicon-star-3\"><\/i>\n        \t<i aria-hidden=\"true\" class=\"brwicon-star-3\"><\/i>\n        \t<i aria-hidden=\"true\" class=\"brwicon-star-3\"><\/i>\n            <span class=\"ovabrw-rating-percent\" style=\"width: 100%;\">\n            \t<i aria-hidden=\"true\" class=\"brwicon-star-3\"><\/i>\n            \t<i aria-hidden=\"true\" class=\"brwicon-star-3\"><\/i>\n            \t<i aria-hidden=\"true\" class=\"brwicon-star-3\"><\/i>\n            \t<i aria-hidden=\"true\" class=\"brwicon-star-3\"><\/i>\n            \t<i aria-hidden=\"true\" class=\"brwicon-star-3\"><\/i>\n            <\/span>\n        <\/div>\n        <a href=\"https:\/\/kingwaycarrental.com\/es\/car\/lamborghini-huracan-evo-spyder-orange\/#reviews\" class=\"ovabrw-review-link\" rel=\"nofollow\">\n            1 valoraci\u00f3n        <\/a>\n    <\/div>\n\t\t\t<h3 class=\"ovabrw-title\">\n\t\t<a href=\"https:\/\/kingwaycarrental.com\/es\/car\/lamborghini-huracan-evo-spyder-orange\/\">\n\t\t\tLamborghini Huracan EVO\t\t<\/a>\n\t<\/h3>\n\t\t<div class=\"ovabrw-price\">\n\t\t\t\t<span class=\"amount\">\n\t\t\t\t<span class=\"woocommerce-Price-amount amount\"><bdi><span class=\"woocommerce-Price-currencySymbol\" translate=\"no\">AED<\/span>&nbsp;3,199<\/bdi><\/span>\t\t\t<\/span>\n\t\t\t<span class=\"unit\">\n\t\t\t\t\/ D\u00eda\t\t\t<\/span>\n\t\t<\/div>\t\t\t\t\t<ul class=\"ovabrw-features\">\n\t\t\t\t\t<li class=\"item-feature\">\n\t\t\t\t\t\t\t\t\t<i aria-hidden=\"true\" class=\"flaticon2 flaticon2-sedan\"><\/i>\n\t\t\t\t\t\t\t\t<span>Supercar<\/span>\n\t\t\t<\/li>\n\t\t\t\t\t<li class=\"item-feature\">\n\t\t\t\t\t\t\t\t\t<i aria-hidden=\"true\" class=\"flaticon-seat\"><\/i>\n\t\t\t\t\t\t\t\t<span>2 Plazas<\/span>\n\t\t\t<\/li>\n\t\t\t\t\t<li class=\"item-feature\">\n\t\t\t\t\t\t\t\t\t<i aria-hidden=\"true\" class=\"flaticon-car-door\"><\/i>\n\t\t\t\t\t\t\t\t<span>2 Puertas<\/span>\n\t\t\t<\/li>\n\t\t\t\t\t<li class=\"item-feature\">\n\t\t\t\t\t\t\t\t\t<i aria-hidden=\"true\" class=\"flaticon-gas-station\"><\/i>\n\t\t\t\t\t\t\t\t<span>Gasolina<\/span>\n\t\t\t<\/li>\n\t\t\t<\/ul>\n\t\t\t\t\t\t\t<p class=\"ovabrw-short-description\">\n\t\tAlquile un Lamborghini Huracan EVO Spyder Orange en Dub\u00e1i, uno de los \u00faltimos modelos de superdeportivo descapotable, a precios asequibles inmejorables. El...\t<\/p>\n\n\t\t<div class=\"ovabrw-card-btn\">\n\t\t\t    <a href=\"https:\/\/kingwaycarrental.com\/es\/car\/lamborghini-huracan-evo-spyder-orange\/\" class=\"ovabrw-button\">\n        Reservar Ahora        <i class=\"brwicon-right\" aria-hidden=\"true\"><\/i>\n    <\/a>\n\t\t<\/div>\n\t<\/div>\n<\/div>\t\t\t\t\t\t<\/li>\n\t\t\t\t\t\t\t\t<\/ul>\n\t\t<span class=\"ovabrw-loader\"><\/span>\n\t\t<input\n\t\t\ttype=\"hidden\"\n\t\t\tname=\"ovabrw-data-ajax-filter\"\n\t\t\tdata-template=\"card1\"\n\t\t\tdata-posts-per-page=\"18\"\n\t\t\tdata-orderby=\"date\"\n\t\t\tdata-order=\"DESC\"\n\t\t\tdata-pagination=\"yes\"\n\t\t\/>\n\t<\/div>\n\t\t\t\t<ul class=\"ovabrw-pagination\">\n\t\t\t\t\t\t\t\t\t<li>\n\t\t\t\t\t\t<span\n\t\t\t\t\t\t\tclass=\"page-numbers current\"\n\t\t\t\t\t\t\tdata-paged=\"1\">\n\t\t\t\t\t\t\t1\t\t\t\t\t\t<\/span>\n\t\t\t\t\t<\/li>\n\t\t\t\t\t\t\t\t\t<li>\n\t\t\t\t\t\t<span\n\t\t\t\t\t\t\tclass=\"page-numbers\"\n\t\t\t\t\t\t\tdata-paged=\"2\">\n\t\t\t\t\t\t\t2\t\t\t\t\t\t<\/span>\n\t\t\t\t\t<\/li>\n\t\t\t\t\t\t\t\t\t<li>\n\t\t\t\t\t\t<span\n\t\t\t\t\t\t\tclass=\"page-numbers\"\n\t\t\t\t\t\t\tdata-paged=\"3\">\n\t\t\t\t\t\t\t3\t\t\t\t\t\t<\/span>\n\t\t\t\t\t<\/li>\n\t\t\t\t\t\t\t\t\t<li>\n\t\t\t\t\t\t<span\n\t\t\t\t\t\t\tclass=\"page-numbers\"\n\t\t\t\t\t\t\tdata-paged=\"4\">\n\t\t\t\t\t\t\t4\t\t\t\t\t\t<\/span>\n\t\t\t\t\t<\/li>\n\t\t\t\t\t\t\t<\/ul>\n\t<\/div>\t\t\t\t<\/div>\n\t\t\t\t<\/div>\n\t\t\t\t\t<\/div>\n\t\t\t\t<\/div>\n\t\t<div class=\"elementor-element elementor-element-48324ab e-flex e-con-boxed e-con e-parent\" data-id=\"48324ab\" data-element_type=\"container\" data-e-type=\"container\">\n\t\t\t\t\t<div class=\"e-con-inner\">\n\t\t\t\t<div class=\"elementor-element elementor-element-ac75ce7 elementor-widget elementor-widget-remons_elementor_heading\" data-id=\"ac75ce7\" data-element_type=\"widget\" data-e-type=\"widget\" data-widget_type=\"remons_elementor_heading.default\">\n\t\t\t\t<div class=\"elementor-widget-container\">\n\t\t\t\t\t\n\t\t<div class=\"ova-heading\">\n            <div class=\"top-heading\">\n            \t\t\t\t\t\t<div class=\"title-wrapper\" style=\"position: relative;\">\n\t\t\t\t\t\t\t\t\t\t\t\t\t<h2 class=\"title\">Servicio de ch\u00f3fer profesional en Abu Dabi<\/h2>\n\t\t\t\t\t\t\t\t\t\t\t<\/div>\n\t\t\t\t            <\/div>\n\n\t\t\t\t\t<\/div>\n\t\t\t\t\t\t<\/div>\n\t\t\t\t<\/div>\n\t\t\t\t<div class=\"elementor-element elementor-element-e6cd110 elementor-widget elementor-widget-text-editor\" data-id=\"e6cd110\" data-element_type=\"widget\" data-e-type=\"widget\" data-widget_type=\"text-editor.default\">\n\t\t\t\t<div class=\"elementor-widget-container\">\n\t\t\t\t\t\t\t\t\t<p>\u00bfEst\u00e1s buscando una experiencia de viaje c\u00f3moda y lujosa que te garantice llegar a tu destino en Abu Dhabi sin esfuerzo? Al planificar una visita a la capital, ya sea por trabajo o turismo, el servicio de alquiler de coche con conductor en Abu Dhabi presenta la soluci\u00f3n ideal. Este Servicio de ch\u00f3fer, ofrecido por empresas l\u00edderes como <a href=\"https:\/\/kingwaycarrental.com\/es\/\">Alquiler de coches de lujo en King Way<\/a>, te permite disfrutar de la belleza de la ciudad y sus monumentos sin preocuparte por conducir o buscar aparcamiento.<\/p><h2>Servicio de conductor privado de lujo en Abu Dhabi<\/h2><p>Tener un conductor profesional y conocedor de las carreteras locales te garantiza un viaje seguro y que ahorra tiempo, permiti\u00e9ndote concentrarte completamente en los objetivos de tu viaje. Somos conscientes de que una movilidad eficaz es la base de cualquier visita exitosa, por lo que este servicio est\u00e1 dise\u00f1ado para satisfacer las expectativas m\u00e1s refinadas.<\/p><h2>Alquiler de coche con conductor en Abu Dhabi<\/h2><p class=\"ds-markdown-paragraph\">El servicio de alquiler de coche con conductor en Abu Dhabi ofrece un nivel de comodidad y profesionalidad que se adapta a los requisitos tanto de hombres de negocios como de turistas, y est\u00e1 dise\u00f1ado espec\u00edficamente para proporcionar una experiencia de viaje lujosa y sin estr\u00e9s.<\/p><p class=\"ds-markdown-paragraph\">Puedes confiar completamente en un conductor profesional y experto en todas las rutas de la capital, lo que te garantiza llegar a tus importantes reuniones o destinos tur\u00edsticos deseados en el horario establecido con el m\u00e1ximo grado de tranquilidad y privacidad.<\/p><p class=\"ds-markdown-paragraph\">Al elegir el servicio de la empresa King Way, no solo <a href=\"https:\/\/kingwaycarrental.com\/es\/rent-a-car-abu-dhabi\/\">alquilas un coche en Abu Dabi<\/a>, sino que te beneficias de una flota de coches modernos con un mantenimiento excelente, adem\u00e1s del compromiso total con la puntualidad y la precisi\u00f3n que distingue a nuestros conductores.<\/p><p class=\"ds-markdown-paragraph\">Esta opci\u00f3n convierte tu tiempo de viaje de tiempo perdido en tiempo aprovechado de manera productiva, ya sea para trabajar en tus documentos o para relajarte y disfrutar de las vistas de la ciudad, lejos de las molestias de conducir y buscar lugares de estacionamiento.<\/p><h2 class=\"ds-markdown-paragraph\">\u00bfC\u00f3mo elegir un servicio de chofer privado en Abu Dhabi?<\/h2><p class=\"ds-markdown-paragraph\">La elecci\u00f3n del coche adecuado para un servicio de chofer privado depende principalmente del prop\u00f3sito de su uso, el tama\u00f1o de tu grupo y el n\u00famero de personas que viajan contigo. Si tus desplazamientos est\u00e1n relacionados con el trabajo y requieren mostrar un alto nivel de elegancia y profesionalidad a tu llegada, entonces un sed\u00e1n de lujo con altas especificaciones es sin duda la mejor opci\u00f3n para reforzar tu impresi\u00f3n.<\/p><p class=\"ds-markdown-paragraph\">Si el viaje es familiar o incluye un grupo grande de colegas, los veh\u00edculos grandes como las minivans familiares o los SUV espaciosos son los m\u00e1s adecuados para garantizar la comodidad de todos y transportar el equipaje sin aglomeraciones.<\/p><p class=\"ds-markdown-paragraph\">Es esencial que siempre preguntes por el modelo del coche, el a\u00f1o de fabricaci\u00f3n y su estado interior y exterior para garantizar el m\u00e1s alto nivel de comodidad y seguridad durante el per\u00edodo de alquiler de coche con conductor en Abu Dhabi. La elecci\u00f3n meditada y adecuada a tus necesidades proporciona una experiencia de viaje fluida e ideal que satisface todos los requisitos de tu viaje.<\/p><h2 class=\"ds-markdown-paragraph\">Alquiler de coche con conductor en Abu Dhabi sin tarjeta de cr\u00e9dito<\/h2><p class=\"ds-markdown-paragraph\">Facilitar el proceso de pago es un aspecto importante que buscan muchos al reservar servicios, por lo que ofrecer la posibilidad de alquiler de coche con conductor en Abu Dhabi sin tarjeta de cr\u00e9dito representa una verdadera ventaja para muchos clientes.<\/p><p class=\"ds-markdown-paragraph\">Esta flexibilidad de pago te da mayor libertad en la planificaci\u00f3n de tu viaje sin preocuparte por las restricciones del pago electr\u00f3nico prepago o la congelaci\u00f3n de cantidades como garant\u00eda. Los clientes pueden utilizar opciones de pago alternativas y convenientes como el pago en efectivo al conductor o la transferencia bancaria directa, haciendo que el proceso de reserva sea m\u00e1s r\u00e1pido y m\u00e1s conveniente para todos los visitantes y residentes.<\/p><h2>Alquiler de coches familiares con conductor en Abu Dhabi<\/h2><p>Al viajar con la familia en Abu Dhabi, proporcionar suficiente espacio para todos y para el equipaje se vuelve extremadamente importante. Las empresas de alquiler de coches ofrecen una amplia gama de coches familiares c\u00f3modos y seguros que se adaptan a diferentes tama\u00f1os de familias. Estos veh\u00edculos garantizan viajes fluidos y c\u00f3modos, especialmente al visitar monumentos tur\u00edsticos o desplazarse a largas distancias dentro del emirato.<\/p><h3>Tipos de coches familiares disponibles:<\/h3><ol><li class=\"ds-markdown-paragraph\"><strong>SUV (Veh\u00edculos Utilitarios Deportivos):<\/strong>\u00a0Proporcionan asientos para cinco a siete pasajeros y gran espacio para equipaje, ideales para viajes largos.<\/li><li class=\"ds-markdown-paragraph\"><strong>Minivan de lujo:<\/strong>\u00a0Una opci\u00f3n ideal para familias grandes que requieren mayor espacio de asientos con facilidad de entrada y salida.<\/li><li class=\"ds-markdown-paragraph\"><strong>Sedes familiares espaciosos:<\/strong>\u00a0Apropiados para familias m\u00e1s peque\u00f1as que buscan un equilibrio entre comodidad y rentabilidad.<\/li><li class=\"ds-markdown-paragraph\"><strong>Furgonetas de transporte privado:<\/strong>\u00a0Para el tama\u00f1o muy grande de familias o peque\u00f1os grupos tur\u00edsticos que necesitan amplia capacidad de equipaje.<\/li><li class=\"ds-markdown-paragraph\"><strong>Veh\u00edculos accesibles para sillas de ruedas (bajo petici\u00f3n):<\/strong>\u00a0Para satisfacer necesidades especiales y garantizar la comodidad de todos los miembros de la familia.<\/li><\/ol><h2>Comparaci\u00f3n entre alquiler de coche aut\u00f3nomo y alquiler con conductor privado en Abu Dhabi<\/h2><table><thead><tr><th>Caracter\u00edstica<\/th><th>Alquiler de coche aut\u00f3nomo<\/th><th>Alquiler de coche con conductor en Abu Dhabi<\/th><\/tr><\/thead><tbody><tr><td>Concentraci\u00f3n y esfuerzo<\/td><td>Conducir el veh\u00edculo, buscar aparcamiento, seguir mapas<\/td><td>Concentraci\u00f3n total en el trabajo o disfrute del viaje<\/td><\/tr><tr><td>Conocimiento local<\/td><td>Puede necesitar tiempo para explorar carreteras y normativas<\/td><td>Conductores expertos y conocedores de las rutas m\u00e1s r\u00e1pidas<\/td><\/tr><tr><td>Tiempo de espera<\/td><td>Tu responsabilidad encontrar aparcamiento y volver al veh\u00edculo<\/td><td>El conductor espera en el lugar pre-especificado<\/td><\/tr><tr><td>Comodidad y relajaci\u00f3n<\/td><td>Requiere vigilancia en la conducci\u00f3n y esfuerzo continuo<\/td><td>Te permite trabajar o relajarte durante el desplazamiento<\/td><\/tr><tr><td>Costo adicional<\/td><td>Tarifas de aparcamiento, posibles multas, costes de combustible<\/td><td>El costo suele ser integral, con claridad en la contabilidad<\/td><\/tr><\/tbody><\/table><h3>\u00bfCu\u00e1ndo elegir un servicio de chofer privado sobre la conducci\u00f3n aut\u00f3noma?<\/h3><p>Si el valor de tu tiempo y comodidad es la prioridad, entonces el servicio de alquiler de coche con conductor en Abu Dhabi es la opci\u00f3n que garantiza una mayor eficiencia y una experiencia sin estr\u00e9s durante tu estancia, especialmente si estar\u00e1s en Abu Dhabi por negocios, ya que el <a href=\"https:\/\/kingwaycarrental.com\/es\/chauffeur-service-abu-dhabi\/\">servicio de ch\u00f3fer premium<\/a> est\u00e1 m\u00e1s especializado para VIP, hombres de negocios y tambi\u00e9n para familias que no conocen bien las carreteras de Abu Dabi.<\/p>\t\t\t\t\t\t\t\t<\/div>\n\t\t\t\t<\/div>\n\t\t\t\t\t<\/div>\n\t\t\t\t<\/div>\n\t\t<div class=\"elementor-element elementor-element-58d74fe e-flex e-con-boxed e-con e-parent\" data-id=\"58d74fe\" data-element_type=\"container\" data-e-type=\"container\" data-settings=\"{&quot;background_background&quot;:&quot;classic&quot;}\">\n\t\t\t\t\t<div class=\"e-con-inner\">\n\t\t\t\t<div class=\"elementor-element elementor-element-625fd4d elementor-widget elementor-widget-remons_elementor_heading\" data-id=\"625fd4d\" data-element_type=\"widget\" data-e-type=\"widget\" data-widget_type=\"remons_elementor_heading.default\">\n\t\t\t\t<div class=\"elementor-widget-container\">\n\t\t\t\t\t\n\t\t<div class=\"ova-heading\">\n            <div class=\"top-heading\">\n            \t\t\t\t\t\t<div class=\"sub-title-wrapper top\">\n\t\t\t\t\t\t\t\t\t\t\t\t\t<img decoding=\"async\" class=\"sub_pre\" src=\"https:\/\/kingwaycarrental.com\/wp-content\/uploads\/2025\/06\/icon-heading.png\" alt=\"icon heading\" title=\"\">\n\t\t\t\t\t\t\t\t\t\t\t\t\t<p class=\"sub-title\">Preguntas frecuentes<\/p>\n\t\t\t\t\t\t\t\t\t\t\t<\/div>\n\t\t\t\t\t\t\t\t\t<div class=\"title-wrapper\" style=\"position: relative;\">\n\t\t\t\t\t\t\t\t\t\t\t\t\t<h2 class=\"title\">Servicio de ch\u00f3fer en Abu Dhabi: FAQ<\/h2>\n\t\t\t\t\t\t\t\t\t\t\t<\/div>\n\t\t\t\t            <\/div>\n\n\t\t\t\t\t<\/div>\n\t\t\t\t\t\t<\/div>\n\t\t\t\t<\/div>\n\t\t\t\t<div class=\"elementor-element elementor-element-16fd506 elementor-widget elementor-widget-accordion\" data-id=\"16fd506\" data-element_type=\"widget\" data-e-type=\"widget\" data-widget_type=\"accordion.default\">\n\t\t\t\t<div class=\"elementor-widget-container\">\n\t\t\t\t\t\t\t<div class=\"elementor-accordion\">\n\t\t\t\t\t\t\t<div class=\"elementor-accordion-item\">\n\t\t\t\t\t<h3 id=\"elementor-tab-title-2411\" class=\"elementor-tab-title\" data-tab=\"1\" role=\"button\" aria-controls=\"elementor-tab-content-2411\" aria-expanded=\"false\">\n\t\t\t\t\t\t\t\t\t\t\t\t\t<span class=\"elementor-accordion-icon elementor-accordion-icon-right\" aria-hidden=\"true\">\n\t\t\t\t\t\t\t\t\t\t\t\t\t\t\t<span class=\"elementor-accordion-icon-closed\"><svg class=\"e-font-icon-svg e-fas-plus\" viewBox=\"0 0 448 512\" xmlns=\"http:\/\/www.w3.org\/2000\/svg\"><path d=\"M416 208H272V64c0-17.67-14.33-32-32-32h-32c-17.67 0-32 14.33-32 32v144H32c-17.67 0-32 14.33-32 32v32c0 17.67 14.33 32 32 32h144v144c0 17.67 14.33 32 32 32h32c17.67 0 32-14.33 32-32V304h144c17.67 0 32-14.33 32-32v-32c0-17.67-14.33-32-32-32z\"><\/path><\/svg><\/span>\n\t\t\t\t\t\t\t\t<span class=\"elementor-accordion-icon-opened\"><svg class=\"e-font-icon-svg e-fas-minus\" viewBox=\"0 0 448 512\" xmlns=\"http:\/\/www.w3.org\/2000\/svg\"><path d=\"M416 208H32c-17.67 0-32 14.33-32 32v32c0 17.67 14.33 32 32 32h384c17.67 0 32-14.33 32-32v-32c0-17.67-14.33-32-32-32z\"><\/path><\/svg><\/span>\n\t\t\t\t\t\t\t\t\t\t\t\t\t\t<\/span>\n\t\t\t\t\t\t\t\t\t\t\t\t<a class=\"elementor-accordion-title\" tabindex=\"0\">\u00bfPuedo reservar un conductor privado y un coche para viajes fuera de Abu Dhabi como Al Ain o Dubai?<\/a>\n\t\t\t\t\t<\/h3>\n\t\t\t\t\t<div id=\"elementor-tab-content-2411\" class=\"elementor-tab-content elementor-clearfix\" data-tab=\"1\" role=\"region\" aria-labelledby=\"elementor-tab-title-2411\"><p>S\u00ed, se pueden organizar viajes interurbanos personalizados a destinos como Dubai o Al Ain, y la tarifa se acuerda previamente en funci\u00f3n de la distancia y duraci\u00f3n para evitar sorpresas.<\/p><\/div>\n\t\t\t\t<\/div>\n\t\t\t\t\t\t\t<div class=\"elementor-accordion-item\">\n\t\t\t\t\t<h3 id=\"elementor-tab-title-2412\" class=\"elementor-tab-title\" data-tab=\"2\" role=\"button\" aria-controls=\"elementor-tab-content-2412\" aria-expanded=\"false\">\n\t\t\t\t\t\t\t\t\t\t\t\t\t<span class=\"elementor-accordion-icon elementor-accordion-icon-right\" aria-hidden=\"true\">\n\t\t\t\t\t\t\t\t\t\t\t\t\t\t\t<span class=\"elementor-accordion-icon-closed\"><svg class=\"e-font-icon-svg e-fas-plus\" viewBox=\"0 0 448 512\" xmlns=\"http:\/\/www.w3.org\/2000\/svg\"><path d=\"M416 208H272V64c0-17.67-14.33-32-32-32h-32c-17.67 0-32 14.33-32 32v144H32c-17.67 0-32 14.33-32 32v32c0 17.67 14.33 32 32 32h144v144c0 17.67 14.33 32 32 32h32c17.67 0 32-14.33 32-32V304h144c17.67 0 32-14.33 32-32v-32c0-17.67-14.33-32-32-32z\"><\/path><\/svg><\/span>\n\t\t\t\t\t\t\t\t<span class=\"elementor-accordion-icon-opened\"><svg class=\"e-font-icon-svg e-fas-minus\" viewBox=\"0 0 448 512\" xmlns=\"http:\/\/www.w3.org\/2000\/svg\"><path d=\"M416 208H32c-17.67 0-32 14.33-32 32v32c0 17.67 14.33 32 32 32h384c17.67 0 32-14.33 32-32v-32c0-17.67-14.33-32-32-32z\"><\/path><\/svg><\/span>\n\t\t\t\t\t\t\t\t\t\t\t\t\t\t<\/span>\n\t\t\t\t\t\t\t\t\t\t\t\t<a class=\"elementor-accordion-title\" tabindex=\"0\">\u00bfCu\u00e1les son los procedimientos para cancelar o modificar una reserva?<\/a>\n\t\t\t\t\t<\/h3>\n\t\t\t\t\t<div id=\"elementor-tab-content-2412\" class=\"elementor-tab-content elementor-clearfix\" data-tab=\"2\" role=\"region\" aria-labelledby=\"elementor-tab-title-2412\"><p>Generalmente se puede cancelar o modificar la reserva hasta 48 horas antes de la hora acordada sin cargos. Siempre se recomienda verificar la pol\u00edtica de cancelaci\u00f3n de la empresa al realizar la reserva.<\/p><\/div>\n\t\t\t\t<\/div>\n\t\t\t\t\t\t\t<div class=\"elementor-accordion-item\">\n\t\t\t\t\t<h3 id=\"elementor-tab-title-2413\" class=\"elementor-tab-title\" data-tab=\"3\" role=\"button\" aria-controls=\"elementor-tab-content-2413\" aria-expanded=\"false\">\n\t\t\t\t\t\t\t\t\t\t\t\t\t<span class=\"elementor-accordion-icon elementor-accordion-icon-right\" aria-hidden=\"true\">\n\t\t\t\t\t\t\t\t\t\t\t\t\t\t\t<span class=\"elementor-accordion-icon-closed\"><svg class=\"e-font-icon-svg e-fas-plus\" viewBox=\"0 0 448 512\" xmlns=\"http:\/\/www.w3.org\/2000\/svg\"><path d=\"M416 208H272V64c0-17.67-14.33-32-32-32h-32c-17.67 0-32 14.33-32 32v144H32c-17.67 0-32 14.33-32 32v32c0 17.67 14.33 32 32 32h144v144c0 17.67 14.33 32 32 32h32c17.67 0 32-14.33 32-32V304h144c17.67 0 32-14.33 32-32v-32c0-17.67-14.33-32-32-32z\"><\/path><\/svg><\/span>\n\t\t\t\t\t\t\t\t<span class=\"elementor-accordion-icon-opened\"><svg class=\"e-font-icon-svg e-fas-minus\" viewBox=\"0 0 448 512\" xmlns=\"http:\/\/www.w3.org\/2000\/svg\"><path d=\"M416 208H32c-17.67 0-32 14.33-32 32v32c0 17.67 14.33 32 32 32h384c17.67 0 32-14.33 32-32v-32c0-17.67-14.33-32-32-32z\"><\/path><\/svg><\/span>\n\t\t\t\t\t\t\t\t\t\t\t\t\t\t<\/span>\n\t\t\t\t\t\t\t\t\t\t\t\t<a class=\"elementor-accordion-title\" tabindex=\"0\">\u00bfHay sillas de ni\u00f1os o asientos elevadores disponibles dentro de los coches?<\/a>\n\t\t\t\t\t<\/h3>\n\t\t\t\t\t<div id=\"elementor-tab-content-2413\" class=\"elementor-tab-content elementor-clearfix\" data-tab=\"3\" role=\"region\" aria-labelledby=\"elementor-tab-title-2413\"><p>S\u00ed, se pueden solicitar sillas de ni\u00f1os o asientos elevadores con antelaci\u00f3n. En algunos casos se a\u00f1ade una tarifa simb\u00f3lica al servicio para garantizar su disponibilidad e instalaci\u00f3n segura antes del inicio del viaje.<\/p><\/div>\n\t\t\t\t<\/div>\n\t\t\t\t\t\t\t<div class=\"elementor-accordion-item\">\n\t\t\t\t\t<h3 id=\"elementor-tab-title-2414\" class=\"elementor-tab-title\" data-tab=\"4\" role=\"button\" aria-controls=\"elementor-tab-content-2414\" aria-expanded=\"false\">\n\t\t\t\t\t\t\t\t\t\t\t\t\t<span class=\"elementor-accordion-icon elementor-accordion-icon-right\" aria-hidden=\"true\">\n\t\t\t\t\t\t\t\t\t\t\t\t\t\t\t<span class=\"elementor-accordion-icon-closed\"><svg class=\"e-font-icon-svg e-fas-plus\" viewBox=\"0 0 448 512\" xmlns=\"http:\/\/www.w3.org\/2000\/svg\"><path d=\"M416 208H272V64c0-17.67-14.33-32-32-32h-32c-17.67 0-32 14.33-32 32v144H32c-17.67 0-32 14.33-32 32v32c0 17.67 14.33 32 32 32h144v144c0 17.67 14.33 32 32 32h32c17.67 0 32-14.33 32-32V304h144c17.67 0 32-14.33 32-32v-32c0-17.67-14.33-32-32-32z\"><\/path><\/svg><\/span>\n\t\t\t\t\t\t\t\t<span class=\"elementor-accordion-icon-opened\"><svg class=\"e-font-icon-svg e-fas-minus\" viewBox=\"0 0 448 512\" xmlns=\"http:\/\/www.w3.org\/2000\/svg\"><path d=\"M416 208H32c-17.67 0-32 14.33-32 32v32c0 17.67 14.33 32 32 32h384c17.67 0 32-14.33 32-32v-32c0-17.67-14.33-32-32-32z\"><\/path><\/svg><\/span>\n\t\t\t\t\t\t\t\t\t\t\t\t\t\t<\/span>\n\t\t\t\t\t\t\t\t\t\t\t\t<a class=\"elementor-accordion-title\" tabindex=\"0\">\u00bfEl precio incluye tasas de peaje (como Salik)?<\/a>\n\t\t\t\t\t<\/h3>\n\t\t\t\t\t<div id=\"elementor-tab-content-2414\" class=\"elementor-tab-content elementor-clearfix\" data-tab=\"4\" role=\"region\" aria-labelledby=\"elementor-tab-title-2414\"><p>El precio proporcionado generalmente incluye tasas de peaje (como Salik) que el conductor pasa durante la prestaci\u00f3n del servicio dentro de la ciudad, pero se debe confirmar este punto al realizar la reserva.<\/p><\/div>\n\t\t\t\t<\/div>\n\t\t\t\t\t\t\t<div class=\"elementor-accordion-item\">\n\t\t\t\t\t<h3 id=\"elementor-tab-title-2415\" class=\"elementor-tab-title\" data-tab=\"5\" role=\"button\" aria-controls=\"elementor-tab-content-2415\" aria-expanded=\"false\">\n\t\t\t\t\t\t\t\t\t\t\t\t\t<span class=\"elementor-accordion-icon elementor-accordion-icon-right\" aria-hidden=\"true\">\n\t\t\t\t\t\t\t\t\t\t\t\t\t\t\t<span class=\"elementor-accordion-icon-closed\"><svg class=\"e-font-icon-svg e-fas-plus\" viewBox=\"0 0 448 512\" xmlns=\"http:\/\/www.w3.org\/2000\/svg\"><path d=\"M416 208H272V64c0-17.67-14.33-32-32-32h-32c-17.67 0-32 14.33-32 32v144H32c-17.67 0-32 14.33-32 32v32c0 17.67 14.33 32 32 32h144v144c0 17.67 14.33 32 32 32h32c17.67 0 32-14.33 32-32V304h144c17.67 0 32-14.33 32-32v-32c0-17.67-14.33-32-32-32z\"><\/path><\/svg><\/span>\n\t\t\t\t\t\t\t\t<span class=\"elementor-accordion-icon-opened\"><svg class=\"e-font-icon-svg e-fas-minus\" viewBox=\"0 0 448 512\" xmlns=\"http:\/\/www.w3.org\/2000\/svg\"><path d=\"M416 208H32c-17.67 0-32 14.33-32 32v32c0 17.67 14.33 32 32 32h384c17.67 0 32-14.33 32-32v-32c0-17.67-14.33-32-32-32z\"><\/path><\/svg><\/span>\n\t\t\t\t\t\t\t\t\t\t\t\t\t\t<\/span>\n\t\t\t\t\t\t\t\t\t\t\t\t<a class=\"elementor-accordion-title\" tabindex=\"0\">\u00bfC\u00f3mo se calcula el tiempo extra del conductor despu\u00e9s de las horas acordadas?<\/a>\n\t\t\t\t\t<\/h3>\n\t\t\t\t\t<div id=\"elementor-tab-content-2415\" class=\"elementor-tab-content elementor-clearfix\" data-tab=\"5\" role=\"region\" aria-labelledby=\"elementor-tab-title-2415\"><p>El tiempo extra se calcula por hora en base a un precio acordado previamente y se paga directamente al conductor o se a\u00f1ade a la factura final, ofreci\u00e9ndote flexibilidad para cambiar tu horario.<\/p><\/div>\n\t\t\t\t<\/div>\n\t\t\t\t\t\t\t\t\t\t<script type=\"application\/ld+json\">{\"@context\":\"https:\\\/\\\/schema.org\",\"@type\":\"FAQPage\",\"mainEntity\":[{\"@type\":\"Question\",\"name\":\"\\u00bfPuedo reservar un conductor privado y un coche para viajes fuera de Abu Dhabi como Al Ain o Dubai?\",\"acceptedAnswer\":{\"@type\":\"Answer\",\"text\":\"<p>S\\u00ed, se pueden organizar viajes interurbanos personalizados a destinos como Dubai o Al Ain, y la tarifa se acuerda previamente en funci\\u00f3n de la distancia y duraci\\u00f3n para evitar sorpresas.<\\\/p>\"}},{\"@type\":\"Question\",\"name\":\"\\u00bfCu\\u00e1les son los procedimientos para cancelar o modificar una reserva?\",\"acceptedAnswer\":{\"@type\":\"Answer\",\"text\":\"<p>Generalmente se puede cancelar o modificar la reserva hasta 48 horas antes de la hora acordada sin cargos. Siempre se recomienda verificar la pol\\u00edtica de cancelaci\\u00f3n de la empresa al realizar la reserva.<\\\/p>\"}},{\"@type\":\"Question\",\"name\":\"\\u00bfHay sillas de ni\\u00f1os o asientos elevadores disponibles dentro de los coches?\",\"acceptedAnswer\":{\"@type\":\"Answer\",\"text\":\"<p>S\\u00ed, se pueden solicitar sillas de ni\\u00f1os o asientos elevadores con antelaci\\u00f3n. En algunos casos se a\\u00f1ade una tarifa simb\\u00f3lica al servicio para garantizar su disponibilidad e instalaci\\u00f3n segura antes del inicio del viaje.<\\\/p>\"}},{\"@type\":\"Question\",\"name\":\"\\u00bfEl precio incluye tasas de peaje (como Salik)?\",\"acceptedAnswer\":{\"@type\":\"Answer\",\"text\":\"<p>El precio proporcionado generalmente incluye tasas de peaje (como Salik) que el conductor pasa durante la prestaci\\u00f3n del servicio dentro de la ciudad, pero se debe confirmar este punto al realizar la reserva.<\\\/p>\"}},{\"@type\":\"Question\",\"name\":\"\\u00bfC\\u00f3mo se calcula el tiempo extra del conductor despu\\u00e9s de las horas acordadas?\",\"acceptedAnswer\":{\"@type\":\"Answer\",\"text\":\"<p>El tiempo extra se calcula por hora en base a un precio acordado previamente y se paga directamente al conductor o se a\\u00f1ade a la factura final, ofreci\\u00e9ndote flexibilidad para cambiar tu horario.<\\\/p>\"}}]}<\/script>\n\t\t\t\t\t<\/div>\n\t\t\t\t\t\t<\/div>\n\t\t\t\t<\/div>\n\t\t\t\t\t<\/div>\n\t\t\t\t<\/div>\n\t\t<div class=\"elementor-element elementor-element-9c95e61 e-flex e-con-boxed e-con e-parent\" data-id=\"9c95e61\" data-element_type=\"container\" data-e-type=\"container\" data-settings=\"{&quot;background_background&quot;:&quot;classic&quot;}\">\n\t\t\t\t\t<div class=\"e-con-inner\">\n\t\t<div class=\"elementor-element elementor-element-5017a02 e-flex e-con-boxed e-con e-child\" data-id=\"5017a02\" data-element_type=\"container\" data-e-type=\"container\">\n\t\t\t\t\t<div class=\"e-con-inner\">\n\t\t\t\t<div class=\"elementor-element elementor-element-cff43d4 elementor-widget__width-inherit elementor-widget elementor-widget-remons_elementor_heading\" data-id=\"cff43d4\" data-element_type=\"widget\" data-e-type=\"widget\" data-widget_type=\"remons_elementor_heading.default\">\n\t\t\t\t<div class=\"elementor-widget-container\">\n\t\t\t\t\t\n\t\t<div class=\"ova-heading\">\n            <div class=\"top-heading\">\n            \t\t\t\t\t\t<div class=\"sub-title-wrapper top\">\n\t\t\t\t\t\t\t\t\t\t\t\t\t<img decoding=\"async\" class=\"sub_pre\" src=\"https:\/\/kingwaycarrental.com\/wp-content\/uploads\/2025\/06\/icon-heading.png\" alt=\"icon heading\" title=\"\">\n\t\t\t\t\t\t\t\t\t\t\t\t\t<p class=\"sub-title\">Nuestros testimonios<\/p>\n\t\t\t\t\t\t\t\t\t\t\t<\/div>\n\t\t\t\t\t\t\t\t\t<div class=\"title-wrapper\" style=\"position: relative;\">\n\t\t\t\t\t\t\t\t\t\t\t\t\t<h3 class=\"title\">Opiniones de nuestros Clientes<\/h3>\n\t\t\t\t\t\t\t\t\t\t\t<\/div>\n\t\t\t\t            <\/div>\n\n\t\t\t\t\t<\/div>\n\t\t\t\t\t\t<\/div>\n\t\t\t\t<\/div>\n\t\t\t\t\t<\/div>\n\t\t\t\t<\/div>\n\t\t<div class=\"elementor-element elementor-element-2114c03 e-flex e-con-boxed e-con e-child\" data-id=\"2114c03\" data-element_type=\"container\" data-e-type=\"container\">\n\t\t\t\t\t<div class=\"e-con-inner\">\n\t\t<div class=\"elementor-element elementor-element-71599e3 e-con-full e-flex e-con e-child\" data-id=\"71599e3\" data-element_type=\"container\" data-e-type=\"container\">\n\t\t\t\t<div class=\"elementor-element elementor-element-8ca3358 elementor-widget__width-initial elementor-widget-tablet__width-initial elementor-widget-mobile__width-initial elementor-widget elementor-widget-image\" data-id=\"8ca3358\" data-element_type=\"widget\" data-e-type=\"widget\" data-widget_type=\"image.default\">\n\t\t\t\t<div class=\"elementor-widget-container\">\n\t\t\t\t\t\t\t\t\t\t\t\t<figure class=\"wp-caption\">\n\t\t\t\t\t\t\t\t\t\t\t<a href=\"https:\/\/www.google.com\/maps\/place\/?q=place_id:ChIJxeAjURJdXz4RPCxeLpHegqc\" target=\"_blank\" rel=\"nofollow noopener\">\n\t\t\t\t\t\t\t<img decoding=\"async\" width=\"300\" height=\"156\" src=\"https:\/\/kingwaycarrental.com\/wp-content\/uploads\/2025\/03\/King-Way-Car-Rental-Google-Reviews-1-300x156.png\" class=\"attachment-medium size-medium wp-image-20679\" alt=\"Rese\u00f1as de Google sobre alquiler de coches en King Way\" srcset=\"https:\/\/kingwaycarrental.com\/wp-content\/uploads\/2025\/03\/King-Way-Car-Rental-Google-Reviews-1-300x156.png 300w, https:\/\/kingwaycarrental.com\/wp-content\/uploads\/2025\/03\/King-Way-Car-Rental-Google-Reviews-1.png 460w\" sizes=\"(max-width: 300px) 100vw, 300px\" title=\"\">\t\t\t\t\t\t\t\t<\/a>\n\t\t\t\t\t\t\t\t\t\t\t<figcaption class=\"widget-image-caption wp-caption-text\">Calificaci\u00f3n promedio de 5 estrellas basada en m\u00e1s de 720 rese\u00f1as<\/figcaption>\n\t\t\t\t\t\t\t\t\t\t<\/figure>\n\t\t\t\t\t\t\t\t\t<\/div>\n\t\t\t\t<\/div>\n\t\t\t\t<div class=\"elementor-element elementor-element-a9365cf elementor-widget__width-initial elementor-widget-tablet__width-initial elementor-widget-mobile__width-initial elementor-widget elementor-widget-image\" data-id=\"a9365cf\" data-element_type=\"widget\" data-e-type=\"widget\" data-widget_type=\"image.default\">\n\t\t\t\t<div class=\"elementor-widget-container\">\n\t\t\t\t\t\t\t\t\t\t\t\t<figure class=\"wp-caption\">\n\t\t\t\t\t\t\t\t\t\t\t<a href=\"https:\/\/www.tripadvisor.com\/Attraction_Review-g295424-d33006291-Reviews-King_Way_Car_Rental-Dubai_Emirate_of_Dubai.html\" target=\"_blank\" rel=\"nofollow noopener\">\n\t\t\t\t\t\t\t<img decoding=\"async\" width=\"300\" height=\"156\" src=\"https:\/\/kingwaycarrental.com\/wp-content\/uploads\/2025\/03\/King-Way-Car-Rental-Tripadvisor-Reviews-300x156.png\" class=\"attachment-medium size-medium wp-image-20678\" alt=\"Opiniones de Tripadvisor sobre alquiler de coches en King Way\" srcset=\"https:\/\/kingwaycarrental.com\/wp-content\/uploads\/2025\/03\/King-Way-Car-Rental-Tripadvisor-Reviews-300x156.png 300w, https:\/\/kingwaycarrental.com\/wp-content\/uploads\/2025\/03\/King-Way-Car-Rental-Tripadvisor-Reviews.png 460w\" sizes=\"(max-width: 300px) 100vw, 300px\" title=\"\">\t\t\t\t\t\t\t\t<\/a>\n\t\t\t\t\t\t\t\t\t\t\t<figcaption class=\"widget-image-caption wp-caption-text\">Calificaci\u00f3n promedio de 5 estrellas basada en m\u00e1s de 48 rese\u00f1as<\/figcaption>\n\t\t\t\t\t\t\t\t\t\t<\/figure>\n\t\t\t\t\t\t\t\t\t<\/div>\n\t\t\t\t<\/div>\n\t\t\t\t<\/div>\n\t\t\t\t\t<\/div>\n\t\t\t\t<\/div>\n\t\t\t\t\t<\/div>\n\t\t\t\t<\/div>\n\t\t\t\t<\/div>\n\t\t","protected":false},"excerpt":{"rendered":"<p>El alquiler de un coche con conductor en Abu Dhabi te proporciona una comodidad y un lujo inigualables. Descubre las mejores opciones de servicio de ch\u00f3fer privado para viajes familiares, viajes de negocios y la posibilidad de pago sin tarjeta de cr\u00e9dito.<\/p>\n","protected":false},"author":2,"featured_media":27258,"parent":0,"menu_order":0,"comment_status":"closed","ping_status":"closed","template":"elementor_header_footer","meta":{"footnotes":""},"class_list":["post-27257","page","type-page","status-publish","has-post-thumbnail","hentry"],"_links":{"self":[{"href":"https:\/\/kingwaycarrental.com\/es\/wp-json\/wp\/v2\/pages\/27257","targetHints":{"allow":["GET"]}}],"collection":[{"href":"https:\/\/kingwaycarrental.com\/es\/wp-json\/wp\/v2\/pages"}],"about":[{"href":"https:\/\/kingwaycarrental.com\/es\/wp-json\/wp\/v2\/types\/page"}],"author":[{"embeddable":true,"href":"https:\/\/kingwaycarrental.com\/es\/wp-json\/wp\/v2\/users\/2"}],"replies":[{"embeddable":true,"href":"https:\/\/kingwaycarrental.com\/es\/wp-json\/wp\/v2\/comments?post=27257"}],"version-history":[{"count":0,"href":"https:\/\/kingwaycarrental.com\/es\/wp-json\/wp\/v2\/pages\/27257\/revisions"}],"wp:featuredmedia":[{"embeddable":true,"href":"https:\/\/kingwaycarrental.com\/es\/wp-json\/wp\/v2\/media\/27258"}],"wp:attachment":[{"href":"https:\/\/kingwaycarrental.com\/es\/wp-json\/wp\/v2\/media?parent=27257"}],"curies":[{"name":"wp","href":"https:\/\/api.w.org\/{rel}","templated":true}]}}