{"id":26413,"date":"2025-11-30T02:09:04","date_gmt":"2025-11-30T02:09:04","guid":{"rendered":"https:\/\/kingwaycarrental.com\/mercedes-benz-g-class-rental-dubai\/"},"modified":"2025-12-22T20:31:24","modified_gmt":"2025-12-22T20:31:24","slug":"mercedes-benz-g-class-rental-dubai","status":"publish","type":"page","link":"https:\/\/kingwaycarrental.com\/es\/mercedes-benz-g-class-rental-dubai\/","title":{"rendered":"Alquiler de Mercedes Benz Clase G en Dub\u00e1i"},"content":{"rendered":"\t\t<div data-elementor-type=\"wp-page\" data-elementor-id=\"26413\" class=\"elementor elementor-26413 elementor-17519\" data-elementor-post-type=\"page\">\n\t\t\t\t<div class=\"elementor-element elementor-element-caf0969 e-flex e-con-boxed e-con e-parent\" data-id=\"caf0969\" data-element_type=\"container\" data-e-type=\"container\">\n\t\t\t\t\t<div class=\"e-con-inner\">\n\t\t\t\t<div class=\"elementor-element elementor-element-819c490 elementor-widget elementor-widget-remons_elementor_ova_search\" data-id=\"819c490\" data-element_type=\"widget\" data-e-type=\"widget\" data-widget_type=\"remons_elementor_ova_search.default\">\n\t\t\t\t<div class=\"elementor-widget-container\">\n\t\t\t\t\t\n\t\t<div class=\"ova_wrap_search\">\n\t\t\t<form role=\"search\" method=\"get\" class=\"search-form\" action=\"https:\/\/kingwaycarrental.com\/es\/\">\n\t\t\t\t<div class=\"search-input-wrap \">\n\t\t\t\t\t\n\t\t\t\t\t<input\n\t\t\t\t\t\ttype=\"search\"\n\t\t\t\t\t\tclass=\"search-field\"\n\t\t\t\t\t\tname=\"s\"\n\t\t\t\t\t\tvalue=\"\"\n\t\t\t\t\t\tplaceholder=\"Busca el coche de tus Sue\u00f1os\"\n\t\t\t\t\t\ttitle=\"Search for:\"\n\t\t\t\t\t\/>\n\t\t\t\t<\/div>\n\n\t\t\t\t\t\t\t\t\t<button type=\"submit\" class=\"search-submit\" aria-label=\"Search\">\n\t\t\t\t\t\t\n\t\t\t\t\t\t\n\t\t\t\t\t\t\t\t\t\t\t\t\t<i class=\"flaticon flaticon-magnifying-glass\"><\/i>\n\t\t\t\t\t\t\t\t\t\t\t\t\n\t\t\t\t\t<\/button>\n\t\t\t\t\t\t\t<\/form>\t\t\t\t\t\t\t\t\t\n\t\t<\/div>\n\t\t\t\t\t\t<\/div>\n\t\t\t\t<\/div>\n\t\t\t\t<div class=\"elementor-element elementor-element-add761c elementor-widget elementor-widget-ovabrw_product_ajax_filter\" data-id=\"add761c\" data-element_type=\"widget\" data-e-type=\"widget\" data-widget_type=\"ovabrw_product_ajax_filter.default\">\n\t\t\t\t<div class=\"elementor-widget-container\">\n\t\t\t\t\t\n<div class=\"ovabrw-product-ajax-filter\">\n\t\t<div class=\"ovabrw-result\">\n\t\t<ul class=\"products ovabrw-product-list\">\n\t\t\t\t\t\t\t\t\t<li class=\"item\">\n\t\t\t\t\t\t\t\n<div class=\"ovabrw-card-template ovabrw-card1\">\n\t<div class=\"ovabrw-card-header\">\n\t\t    <div class=\"ovabrw-gallery-popup\">\n    \t\t    \t<div class=\"ovabrw-product-img-feature\">\n\t    \t\t<a href=\"https:\/\/kingwaycarrental.com\/es\/car\/mercedes-brabus-g800\/\" class=\"ovabrw-product-link\">\n\t\t    \t\t\t            \t\t<img decoding=\"async\" src=\"https:\/\/kingwaycarrental.com\/wp-content\/uploads\/2026\/01\/Rent-Mercedes-Brabus-G800.jpg\" alt=\"Alquiler de un Mercedes Brabus G800 AMG en Dub\u00e1i\" title=\"\">\n\t            \t            \t<\/a>\n\t    \t<\/div>\n\t        <\/div>\n<div style=\"display: none !important;\">\n\t<div class=\"woocommerce-product-gallery woocommerce-product-gallery--with-images woocommerce-product-gallery--columns-4 images\" data-columns=\"4\" style=\"opacity: 0; transition: opacity .25s ease-in-out;\">\n\t<div class=\"woocommerce-product-gallery__wrapper\">\n\t\t<div data-thumb=\"https:\/\/kingwaycarrental.com\/wp-content\/uploads\/2026\/01\/Rent-Mercedes-Brabus-G800.jpg\" data-thumb-alt=\"Alquiler de un Mercedes Brabus G800 AMG en Dub\u00e1i\" data-thumb-srcset=\"https:\/\/kingwaycarrental.com\/wp-content\/uploads\/2026\/01\/Rent-Mercedes-Brabus-G800.jpg 700w, https:\/\/kingwaycarrental.com\/wp-content\/uploads\/2026\/01\/Rent-Mercedes-Brabus-G800-300x200.jpg 300w\"  data-thumb-sizes=\"(max-width: 300px) 100vw, 300px\" class=\"woocommerce-product-gallery__image\"><a href=\"https:\/\/kingwaycarrental.com\/wp-content\/uploads\/2026\/01\/Rent-Mercedes-Brabus-G800.jpg\"><img decoding=\"async\" width=\"700\" height=\"467\" src=\"https:\/\/kingwaycarrental.com\/wp-content\/uploads\/2026\/01\/Rent-Mercedes-Brabus-G800.jpg\" class=\"wp-post-image\" alt=\"Alquiler de un Mercedes Brabus G800 AMG en Dub\u00e1i\" data-caption=\"\" data-src=\"https:\/\/kingwaycarrental.com\/wp-content\/uploads\/2026\/01\/Rent-Mercedes-Brabus-G800.jpg\" data-large_image=\"https:\/\/kingwaycarrental.com\/wp-content\/uploads\/2026\/01\/Rent-Mercedes-Brabus-G800.jpg\" data-large_image_width=\"700\" data-large_image_height=\"467\" srcset=\"https:\/\/kingwaycarrental.com\/wp-content\/uploads\/2026\/01\/Rent-Mercedes-Brabus-G800.jpg 700w, https:\/\/kingwaycarrental.com\/wp-content\/uploads\/2026\/01\/Rent-Mercedes-Brabus-G800-300x200.jpg 300w\" sizes=\"(max-width: 700px) 100vw, 700px\" title=\"\" data- data-large_image_><\/a><\/div><div data-thumb=\"https:\/\/kingwaycarrental.com\/wp-content\/uploads\/2026\/01\/Rent-Mercedes-Brabus-G800-2.jpg\" data-thumb-alt=\"Alquiler de un Mercedes Brabus G800 AMG en Dub\u00e1i\" data-thumb-srcset=\"https:\/\/kingwaycarrental.com\/wp-content\/uploads\/2026\/01\/Rent-Mercedes-Brabus-G800-2.jpg 700w, https:\/\/kingwaycarrental.com\/wp-content\/uploads\/2026\/01\/Rent-Mercedes-Brabus-G800-2-300x200.jpg 300w\"  data-thumb-sizes=\"(max-width: 300px) 100vw, 300px\" class=\"woocommerce-product-gallery__image\"><a href=\"https:\/\/kingwaycarrental.com\/wp-content\/uploads\/2026\/01\/Rent-Mercedes-Brabus-G800-2.jpg\"><img decoding=\"async\" width=\"700\" height=\"467\" src=\"https:\/\/kingwaycarrental.com\/wp-content\/uploads\/2026\/01\/Rent-Mercedes-Brabus-G800-2.jpg\" class=\"\" alt=\"Alquiler de un Mercedes Brabus G800 AMG en Dub\u00e1i\" data-caption=\"\" data-src=\"https:\/\/kingwaycarrental.com\/wp-content\/uploads\/2026\/01\/Rent-Mercedes-Brabus-G800-2.jpg\" data-large_image=\"https:\/\/kingwaycarrental.com\/wp-content\/uploads\/2026\/01\/Rent-Mercedes-Brabus-G800-2.jpg\" data-large_image_width=\"700\" data-large_image_height=\"467\" srcset=\"https:\/\/kingwaycarrental.com\/wp-content\/uploads\/2026\/01\/Rent-Mercedes-Brabus-G800-2.jpg 700w, https:\/\/kingwaycarrental.com\/wp-content\/uploads\/2026\/01\/Rent-Mercedes-Brabus-G800-2-300x200.jpg 300w\" sizes=\"(max-width: 700px) 100vw, 700px\" title=\"\" data- data-large_image_><\/a><\/div><div data-thumb=\"https:\/\/kingwaycarrental.com\/wp-content\/uploads\/2026\/01\/Rent-Mercedes-Brabus-G800-3.jpg\" data-thumb-alt=\"Alquiler de un Mercedes Brabus G800 AMG en Dub\u00e1i\" data-thumb-srcset=\"https:\/\/kingwaycarrental.com\/wp-content\/uploads\/2026\/01\/Rent-Mercedes-Brabus-G800-3.jpg 700w, https:\/\/kingwaycarrental.com\/wp-content\/uploads\/2026\/01\/Rent-Mercedes-Brabus-G800-3-300x200.jpg 300w\"  data-thumb-sizes=\"(max-width: 300px) 100vw, 300px\" class=\"woocommerce-product-gallery__image\"><a href=\"https:\/\/kingwaycarrental.com\/wp-content\/uploads\/2026\/01\/Rent-Mercedes-Brabus-G800-3.jpg\"><img decoding=\"async\" width=\"700\" height=\"467\" src=\"https:\/\/kingwaycarrental.com\/wp-content\/uploads\/2026\/01\/Rent-Mercedes-Brabus-G800-3.jpg\" class=\"\" alt=\"Alquiler de un Mercedes Brabus G800 AMG en Dub\u00e1i\" data-caption=\"\" data-src=\"https:\/\/kingwaycarrental.com\/wp-content\/uploads\/2026\/01\/Rent-Mercedes-Brabus-G800-3.jpg\" data-large_image=\"https:\/\/kingwaycarrental.com\/wp-content\/uploads\/2026\/01\/Rent-Mercedes-Brabus-G800-3.jpg\" data-large_image_width=\"700\" data-large_image_height=\"467\" srcset=\"https:\/\/kingwaycarrental.com\/wp-content\/uploads\/2026\/01\/Rent-Mercedes-Brabus-G800-3.jpg 700w, https:\/\/kingwaycarrental.com\/wp-content\/uploads\/2026\/01\/Rent-Mercedes-Brabus-G800-3-300x200.jpg 300w\" sizes=\"(max-width: 700px) 100vw, 700px\" title=\"\" data- data-large_image_><\/a><\/div>\t<\/div>\n<\/div>\n<\/div>\t\t\t<span class=\"ovabrw-featured-product\">\n\t\tDestacado\t<\/span>\n\t\t\t<span class=\"ovabrw-features-featured\">\n\t\t\t\tModelo 2024\t\t\t<\/span>\n\t\t\t<\/div>\n\t<div class=\"ovabrw-card-content\">\n\t\t    <div class=\"ovabrw-review\">\n        <div class=\"ovabrw-star-rating\" role=\"img\" aria-label=\"Rated 5.00 out of 5\">\n        \t<i aria-hidden=\"true\" class=\"brwicon-star-3\"><\/i>\n        \t<i aria-hidden=\"true\" class=\"brwicon-star-3\"><\/i>\n        \t<i aria-hidden=\"true\" class=\"brwicon-star-3\"><\/i>\n        \t<i aria-hidden=\"true\" class=\"brwicon-star-3\"><\/i>\n        \t<i aria-hidden=\"true\" class=\"brwicon-star-3\"><\/i>\n            <span class=\"ovabrw-rating-percent\" style=\"width: 100%;\">\n            \t<i aria-hidden=\"true\" class=\"brwicon-star-3\"><\/i>\n            \t<i aria-hidden=\"true\" class=\"brwicon-star-3\"><\/i>\n            \t<i aria-hidden=\"true\" class=\"brwicon-star-3\"><\/i>\n            \t<i aria-hidden=\"true\" class=\"brwicon-star-3\"><\/i>\n            \t<i aria-hidden=\"true\" class=\"brwicon-star-3\"><\/i>\n            <\/span>\n        <\/div>\n        <a href=\"https:\/\/kingwaycarrental.com\/es\/car\/mercedes-brabus-g800\/#reviews\" class=\"ovabrw-review-link\" rel=\"nofollow\">\n            2 rese\u00f1as        <\/a>\n    <\/div>\n\t\t\t<h3 class=\"ovabrw-title\">\n\t\t<a href=\"https:\/\/kingwaycarrental.com\/es\/car\/mercedes-brabus-g800\/\">\n\t\t\tMercedes Brabus G800 AMG\t\t<\/a>\n\t<\/h3>\n\t\t<div class=\"ovabrw-price\">\n\t\t\t\t<span class=\"amount\">\n\t\t\t\t<span class=\"woocommerce-Price-amount amount\"><bdi><span class=\"woocommerce-Price-currencySymbol\" translate=\"no\">AED<\/span>&nbsp;1,799<\/bdi><\/span>\t\t\t<\/span>\n\t\t\t<span class=\"unit\">\n\t\t\t\t\/ D\u00eda\t\t\t<\/span>\n\t\t<\/div>\t\t\t\t\t<ul class=\"ovabrw-features\">\n\t\t\t\t\t<li class=\"item-feature\">\n\t\t\t\t\t\t\t\t\t<i aria-hidden=\"true\" class=\"flaticon2 flaticon2-sedan\"><\/i>\n\t\t\t\t\t\t\t\t<span>SUV<\/span>\n\t\t\t<\/li>\n\t\t\t\t\t<li class=\"item-feature\">\n\t\t\t\t\t\t\t\t\t<i aria-hidden=\"true\" class=\"flaticon-seat\"><\/i>\n\t\t\t\t\t\t\t\t<span>5 Plazas<\/span>\n\t\t\t<\/li>\n\t\t\t\t\t<li class=\"item-feature\">\n\t\t\t\t\t\t\t\t\t<i aria-hidden=\"true\" class=\"flaticon-car-door\"><\/i>\n\t\t\t\t\t\t\t\t<span>4 Puertas<\/span>\n\t\t\t<\/li>\n\t\t\t\t\t<li class=\"item-feature\">\n\t\t\t\t\t\t\t\t\t<i aria-hidden=\"true\" class=\"flaticon-gas-station\"><\/i>\n\t\t\t\t\t\t\t\t<span>Gasolina<\/span>\n\t\t\t<\/li>\n\t\t\t<\/ul>\n\t\t\t\t\t\t\t<p class=\"ovabrw-short-description\">\n\t\tAlquiler de un Mercedes Brabus G800 AMG en Dub\u00e1i Experimente el lujo absoluto alquilando un Mercedes Brabus G800 AMG en Dub\u00e1i a...\t<\/p>\n\n\t\t<div class=\"ovabrw-card-btn\">\n\t\t\t    <a href=\"https:\/\/kingwaycarrental.com\/es\/car\/mercedes-brabus-g800\/\" class=\"ovabrw-button\">\n        Reservar Ahora        <i class=\"brwicon-right\" aria-hidden=\"true\"><\/i>\n    <\/a>\n\t\t<\/div>\n\t<\/div>\n<\/div>\t\t\t\t\t\t<\/li>\n\t\t\t\t\t\t\t\t\t\t\t\t<li class=\"item\">\n\t\t\t\t\t\t\t\n<div class=\"ovabrw-card-template ovabrw-card1\">\n\t<div class=\"ovabrw-card-header\">\n\t\t    <div class=\"ovabrw-gallery-popup\">\n    \t\t    \t<div class=\"ovabrw-product-img-feature\">\n\t    \t\t<a href=\"https:\/\/kingwaycarrental.com\/es\/car\/mercedes-g-brabus\/\" class=\"ovabrw-product-link\">\n\t\t    \t\t\t            \t\t<img decoding=\"async\" src=\"https:\/\/kingwaycarrental.com\/wp-content\/uploads\/2025\/03\/Rent-Mercedes-G63-Brabus.jpg\" alt=\"Alquiler de Mercedes G63 Brabus en Dub\u00e1i\" title=\"\">\n\t            \t            \t<\/a>\n\t    \t<\/div>\n\t        <\/div>\n<div style=\"display: none !important;\">\n\t<div class=\"woocommerce-product-gallery woocommerce-product-gallery--with-images woocommerce-product-gallery--columns-4 images\" data-columns=\"4\" style=\"opacity: 0; transition: opacity .25s ease-in-out;\">\n\t<div class=\"woocommerce-product-gallery__wrapper\">\n\t\t<div data-thumb=\"https:\/\/kingwaycarrental.com\/wp-content\/uploads\/2025\/03\/Rent-Mercedes-G63-Brabus.jpg\" data-thumb-alt=\"Alquiler de Mercedes G63 Brabus en Dub\u00e1i\" data-thumb-srcset=\"https:\/\/kingwaycarrental.com\/wp-content\/uploads\/2025\/03\/Rent-Mercedes-G63-Brabus.jpg 700w, https:\/\/kingwaycarrental.com\/wp-content\/uploads\/2025\/03\/Rent-Mercedes-G63-Brabus-300x200.jpg 300w\"  data-thumb-sizes=\"(max-width: 300px) 100vw, 300px\" class=\"woocommerce-product-gallery__image\"><a href=\"https:\/\/kingwaycarrental.com\/wp-content\/uploads\/2025\/03\/Rent-Mercedes-G63-Brabus.jpg\"><img decoding=\"async\" width=\"700\" height=\"467\" src=\"https:\/\/kingwaycarrental.com\/wp-content\/uploads\/2025\/03\/Rent-Mercedes-G63-Brabus.jpg\" class=\"wp-post-image\" alt=\"Alquiler de Mercedes G63 Brabus en Dub\u00e1i\" data-caption=\"\" data-src=\"https:\/\/kingwaycarrental.com\/wp-content\/uploads\/2025\/03\/Rent-Mercedes-G63-Brabus.jpg\" data-large_image=\"https:\/\/kingwaycarrental.com\/wp-content\/uploads\/2025\/03\/Rent-Mercedes-G63-Brabus.jpg\" data-large_image_width=\"700\" data-large_image_height=\"467\" srcset=\"https:\/\/kingwaycarrental.com\/wp-content\/uploads\/2025\/03\/Rent-Mercedes-G63-Brabus.jpg 700w, https:\/\/kingwaycarrental.com\/wp-content\/uploads\/2025\/03\/Rent-Mercedes-G63-Brabus-300x200.jpg 300w\" sizes=\"(max-width: 700px) 100vw, 700px\" title=\"\" data- data-large_image_><\/a><\/div><div data-thumb=\"https:\/\/kingwaycarrental.com\/wp-content\/uploads\/2024\/11\/Mercedes-G-Brabus-2024-e.jpg\" data-thumb-alt=\"Alquiler de Mercedes G63 Brabus\" data-thumb-srcset=\"https:\/\/kingwaycarrental.com\/wp-content\/uploads\/2024\/11\/Mercedes-G-Brabus-2024-e.jpg 700w, https:\/\/kingwaycarrental.com\/wp-content\/uploads\/2024\/11\/Mercedes-G-Brabus-2024-e-300x200.jpg 300w\"  data-thumb-sizes=\"(max-width: 300px) 100vw, 300px\" class=\"woocommerce-product-gallery__image\"><a href=\"https:\/\/kingwaycarrental.com\/wp-content\/uploads\/2024\/11\/Mercedes-G-Brabus-2024-e.jpg\"><img decoding=\"async\" width=\"700\" height=\"467\" src=\"https:\/\/kingwaycarrental.com\/wp-content\/uploads\/2024\/11\/Mercedes-G-Brabus-2024-e.jpg\" class=\"\" alt=\"Alquiler de Mercedes G63 Brabus\" data-caption=\"\" data-src=\"https:\/\/kingwaycarrental.com\/wp-content\/uploads\/2024\/11\/Mercedes-G-Brabus-2024-e.jpg\" data-large_image=\"https:\/\/kingwaycarrental.com\/wp-content\/uploads\/2024\/11\/Mercedes-G-Brabus-2024-e.jpg\" data-large_image_width=\"700\" data-large_image_height=\"467\" srcset=\"https:\/\/kingwaycarrental.com\/wp-content\/uploads\/2024\/11\/Mercedes-G-Brabus-2024-e.jpg 700w, https:\/\/kingwaycarrental.com\/wp-content\/uploads\/2024\/11\/Mercedes-G-Brabus-2024-e-300x200.jpg 300w\" sizes=\"(max-width: 700px) 100vw, 700px\" title=\"\" data- data-large_image_><\/a><\/div><div data-thumb=\"https:\/\/kingwaycarrental.com\/wp-content\/uploads\/2024\/11\/Mercedes-G-Brabus-2024-d.jpg\" data-thumb-alt=\"Alquiler de Mercedes G63 Brabus\" data-thumb-srcset=\"https:\/\/kingwaycarrental.com\/wp-content\/uploads\/2024\/11\/Mercedes-G-Brabus-2024-d.jpg 700w, https:\/\/kingwaycarrental.com\/wp-content\/uploads\/2024\/11\/Mercedes-G-Brabus-2024-d-300x200.jpg 300w\"  data-thumb-sizes=\"(max-width: 300px) 100vw, 300px\" class=\"woocommerce-product-gallery__image\"><a href=\"https:\/\/kingwaycarrental.com\/wp-content\/uploads\/2024\/11\/Mercedes-G-Brabus-2024-d.jpg\"><img decoding=\"async\" width=\"700\" height=\"467\" src=\"https:\/\/kingwaycarrental.com\/wp-content\/uploads\/2024\/11\/Mercedes-G-Brabus-2024-d.jpg\" class=\"\" alt=\"Alquiler de Mercedes G63 Brabus\" data-caption=\"\" data-src=\"https:\/\/kingwaycarrental.com\/wp-content\/uploads\/2024\/11\/Mercedes-G-Brabus-2024-d.jpg\" data-large_image=\"https:\/\/kingwaycarrental.com\/wp-content\/uploads\/2024\/11\/Mercedes-G-Brabus-2024-d.jpg\" data-large_image_width=\"700\" data-large_image_height=\"467\" srcset=\"https:\/\/kingwaycarrental.com\/wp-content\/uploads\/2024\/11\/Mercedes-G-Brabus-2024-d.jpg 700w, https:\/\/kingwaycarrental.com\/wp-content\/uploads\/2024\/11\/Mercedes-G-Brabus-2024-d-300x200.jpg 300w\" sizes=\"(max-width: 700px) 100vw, 700px\" title=\"\" data- data-large_image_><\/a><\/div><div data-thumb=\"https:\/\/kingwaycarrental.com\/wp-content\/uploads\/2024\/11\/Mercedes-G-Brabus-2024-c.jpg\" data-thumb-alt=\"Alquiler de Mercedes G63 Brabus\" data-thumb-srcset=\"https:\/\/kingwaycarrental.com\/wp-content\/uploads\/2024\/11\/Mercedes-G-Brabus-2024-c.jpg 700w, https:\/\/kingwaycarrental.com\/wp-content\/uploads\/2024\/11\/Mercedes-G-Brabus-2024-c-300x200.jpg 300w\"  data-thumb-sizes=\"(max-width: 300px) 100vw, 300px\" class=\"woocommerce-product-gallery__image\"><a href=\"https:\/\/kingwaycarrental.com\/wp-content\/uploads\/2024\/11\/Mercedes-G-Brabus-2024-c.jpg\"><img decoding=\"async\" width=\"700\" height=\"467\" src=\"https:\/\/kingwaycarrental.com\/wp-content\/uploads\/2024\/11\/Mercedes-G-Brabus-2024-c.jpg\" class=\"\" alt=\"Alquiler de Mercedes G63 Brabus\" data-caption=\"\" data-src=\"https:\/\/kingwaycarrental.com\/wp-content\/uploads\/2024\/11\/Mercedes-G-Brabus-2024-c.jpg\" data-large_image=\"https:\/\/kingwaycarrental.com\/wp-content\/uploads\/2024\/11\/Mercedes-G-Brabus-2024-c.jpg\" data-large_image_width=\"700\" data-large_image_height=\"467\" srcset=\"https:\/\/kingwaycarrental.com\/wp-content\/uploads\/2024\/11\/Mercedes-G-Brabus-2024-c.jpg 700w, https:\/\/kingwaycarrental.com\/wp-content\/uploads\/2024\/11\/Mercedes-G-Brabus-2024-c-300x200.jpg 300w\" sizes=\"(max-width: 700px) 100vw, 700px\" title=\"\" data- data-large_image_><\/a><\/div><div data-thumb=\"https:\/\/kingwaycarrental.com\/wp-content\/uploads\/2024\/11\/Mercedes-G-Brabus-2024-a.jpg\" data-thumb-alt=\"Alquiler de Mercedes G63 Brabus\" data-thumb-srcset=\"https:\/\/kingwaycarrental.com\/wp-content\/uploads\/2024\/11\/Mercedes-G-Brabus-2024-a.jpg 700w, https:\/\/kingwaycarrental.com\/wp-content\/uploads\/2024\/11\/Mercedes-G-Brabus-2024-a-300x200.jpg 300w\"  data-thumb-sizes=\"(max-width: 300px) 100vw, 300px\" class=\"woocommerce-product-gallery__image\"><a href=\"https:\/\/kingwaycarrental.com\/wp-content\/uploads\/2024\/11\/Mercedes-G-Brabus-2024-a.jpg\"><img decoding=\"async\" width=\"700\" height=\"467\" src=\"https:\/\/kingwaycarrental.com\/wp-content\/uploads\/2024\/11\/Mercedes-G-Brabus-2024-a.jpg\" class=\"\" alt=\"Alquiler de Mercedes G63 Brabus\" data-caption=\"\" data-src=\"https:\/\/kingwaycarrental.com\/wp-content\/uploads\/2024\/11\/Mercedes-G-Brabus-2024-a.jpg\" data-large_image=\"https:\/\/kingwaycarrental.com\/wp-content\/uploads\/2024\/11\/Mercedes-G-Brabus-2024-a.jpg\" data-large_image_width=\"700\" data-large_image_height=\"467\" srcset=\"https:\/\/kingwaycarrental.com\/wp-content\/uploads\/2024\/11\/Mercedes-G-Brabus-2024-a.jpg 700w, https:\/\/kingwaycarrental.com\/wp-content\/uploads\/2024\/11\/Mercedes-G-Brabus-2024-a-300x200.jpg 300w\" sizes=\"(max-width: 700px) 100vw, 700px\" title=\"\" data- data-large_image_><\/a><\/div><div data-thumb=\"https:\/\/kingwaycarrental.com\/wp-content\/uploads\/2024\/11\/Mercedes-G-Brabus-2024-b.jpg\" data-thumb-alt=\"Alquiler de Mercedes G63 Brabus\" data-thumb-srcset=\"https:\/\/kingwaycarrental.com\/wp-content\/uploads\/2024\/11\/Mercedes-G-Brabus-2024-b.jpg 700w, https:\/\/kingwaycarrental.com\/wp-content\/uploads\/2024\/11\/Mercedes-G-Brabus-2024-b-300x200.jpg 300w\"  data-thumb-sizes=\"(max-width: 300px) 100vw, 300px\" class=\"woocommerce-product-gallery__image\"><a href=\"https:\/\/kingwaycarrental.com\/wp-content\/uploads\/2024\/11\/Mercedes-G-Brabus-2024-b.jpg\"><img decoding=\"async\" width=\"700\" height=\"467\" src=\"https:\/\/kingwaycarrental.com\/wp-content\/uploads\/2024\/11\/Mercedes-G-Brabus-2024-b.jpg\" class=\"\" alt=\"Alquiler de Mercedes G63 Brabus\" data-caption=\"\" data-src=\"https:\/\/kingwaycarrental.com\/wp-content\/uploads\/2024\/11\/Mercedes-G-Brabus-2024-b.jpg\" data-large_image=\"https:\/\/kingwaycarrental.com\/wp-content\/uploads\/2024\/11\/Mercedes-G-Brabus-2024-b.jpg\" data-large_image_width=\"700\" data-large_image_height=\"467\" srcset=\"https:\/\/kingwaycarrental.com\/wp-content\/uploads\/2024\/11\/Mercedes-G-Brabus-2024-b.jpg 700w, https:\/\/kingwaycarrental.com\/wp-content\/uploads\/2024\/11\/Mercedes-G-Brabus-2024-b-300x200.jpg 300w\" sizes=\"(max-width: 700px) 100vw, 700px\" title=\"\" data- data-large_image_><\/a><\/div>\t<\/div>\n<\/div>\n<\/div>\t\t\t<span class=\"ovabrw-featured-product\">\n\t\tDestacado\t<\/span>\n\t\t\t<span class=\"ovabrw-features-featured\">\n\t\t\t\tModelo 2024\t\t\t<\/span>\n\t\t\t<\/div>\n\t<div class=\"ovabrw-card-content\">\n\t\t    <div class=\"ovabrw-review\">\n        <div class=\"ovabrw-star-rating\" role=\"img\" aria-label=\"Rated 5.00 out of 5\">\n        \t<i aria-hidden=\"true\" class=\"brwicon-star-3\"><\/i>\n        \t<i aria-hidden=\"true\" class=\"brwicon-star-3\"><\/i>\n        \t<i aria-hidden=\"true\" class=\"brwicon-star-3\"><\/i>\n        \t<i aria-hidden=\"true\" class=\"brwicon-star-3\"><\/i>\n        \t<i aria-hidden=\"true\" class=\"brwicon-star-3\"><\/i>\n            <span class=\"ovabrw-rating-percent\" style=\"width: 100%;\">\n            \t<i aria-hidden=\"true\" class=\"brwicon-star-3\"><\/i>\n            \t<i aria-hidden=\"true\" class=\"brwicon-star-3\"><\/i>\n            \t<i aria-hidden=\"true\" class=\"brwicon-star-3\"><\/i>\n            \t<i aria-hidden=\"true\" class=\"brwicon-star-3\"><\/i>\n            \t<i aria-hidden=\"true\" class=\"brwicon-star-3\"><\/i>\n            <\/span>\n        <\/div>\n        <a href=\"https:\/\/kingwaycarrental.com\/es\/car\/mercedes-g-brabus\/#reviews\" class=\"ovabrw-review-link\" rel=\"nofollow\">\n            1 valoraci\u00f3n        <\/a>\n    <\/div>\n\t\t\t<h3 class=\"ovabrw-title\">\n\t\t<a href=\"https:\/\/kingwaycarrental.com\/es\/car\/mercedes-g-brabus\/\">\n\t\t\tMercedes G63 Brabus\t\t<\/a>\n\t<\/h3>\n\t\t<div class=\"ovabrw-price\">\n\t\t\t\t<span class=\"amount\">\n\t\t\t\t<span class=\"woocommerce-Price-amount amount\"><bdi><span class=\"woocommerce-Price-currencySymbol\" translate=\"no\">AED<\/span>&nbsp;2,100<\/bdi><\/span>\t\t\t<\/span>\n\t\t\t<span class=\"unit\">\n\t\t\t\t\/ D\u00eda\t\t\t<\/span>\n\t\t<\/div>\t\t\t\t\t<ul class=\"ovabrw-features\">\n\t\t\t\t\t<li class=\"item-feature\">\n\t\t\t\t\t\t\t\t\t<i aria-hidden=\"true\" class=\"flaticon2 flaticon2-sedan\"><\/i>\n\t\t\t\t\t\t\t\t<span>SUV<\/span>\n\t\t\t<\/li>\n\t\t\t\t\t<li class=\"item-feature\">\n\t\t\t\t\t\t\t\t\t<i aria-hidden=\"true\" class=\"flaticon-seat\"><\/i>\n\t\t\t\t\t\t\t\t<span>5 Plazas<\/span>\n\t\t\t<\/li>\n\t\t\t\t\t<li class=\"item-feature\">\n\t\t\t\t\t\t\t\t\t<i aria-hidden=\"true\" class=\"flaticon-car-door\"><\/i>\n\t\t\t\t\t\t\t\t<span>4 Puertas<\/span>\n\t\t\t<\/li>\n\t\t\t\t\t<li class=\"item-feature\">\n\t\t\t\t\t\t\t\t\t<i aria-hidden=\"true\" class=\"flaticon-gas-station\"><\/i>\n\t\t\t\t\t\t\t\t<span>Gasolina<\/span>\n\t\t\t<\/li>\n\t\t\t<\/ul>\n\t\t\t\t\t\t\t<p class=\"ovabrw-short-description\">\n\t\tAlquiler de Mercedes G63 Brabus en Dub\u00e1i \u00bfEst\u00e1 buscando alquilar un Mercedes Clase G en Dub\u00e1i? King Way Car Rental le permite...\t<\/p>\n\n\t\t<div class=\"ovabrw-card-btn\">\n\t\t\t    <a href=\"https:\/\/kingwaycarrental.com\/es\/car\/mercedes-g-brabus\/\" class=\"ovabrw-button\">\n        Reservar Ahora        <i class=\"brwicon-right\" aria-hidden=\"true\"><\/i>\n    <\/a>\n\t\t<\/div>\n\t<\/div>\n<\/div>\t\t\t\t\t\t<\/li>\n\t\t\t\t\t\t\t\t\t\t\t\t<li class=\"item\">\n\t\t\t\t\t\t\t\n<div class=\"ovabrw-card-template ovabrw-card1\">\n\t<div class=\"ovabrw-card-header\">\n\t\t    <div class=\"ovabrw-gallery-popup\">\n    \t\t    \t<div class=\"ovabrw-product-img-feature\">\n\t    \t\t<a href=\"https:\/\/kingwaycarrental.com\/es\/car\/mercedes-g63-keyvany-black\/\" class=\"ovabrw-product-link\">\n\t\t    \t\t\t            \t\t<img decoding=\"async\" src=\"https:\/\/kingwaycarrental.com\/wp-content\/uploads\/2025\/06\/Mercedes-G63-Keyvany-Black.jpg\" alt=\"Alquiler de Mercedes G63 Keyvany AMG\" title=\"\">\n\t            \t            \t<\/a>\n\t    \t<\/div>\n\t        <\/div>\n<div style=\"display: none !important;\">\n\t<div class=\"woocommerce-product-gallery woocommerce-product-gallery--with-images woocommerce-product-gallery--columns-4 images\" data-columns=\"4\" style=\"opacity: 0; transition: opacity .25s ease-in-out;\">\n\t<div class=\"woocommerce-product-gallery__wrapper\">\n\t\t<div data-thumb=\"https:\/\/kingwaycarrental.com\/wp-content\/uploads\/2025\/06\/Mercedes-G63-Keyvany-Black.jpg\" data-thumb-alt=\"Alquiler de Mercedes G63 Keyvany AMG\" data-thumb-srcset=\"https:\/\/kingwaycarrental.com\/wp-content\/uploads\/2025\/06\/Mercedes-G63-Keyvany-Black.jpg 700w, https:\/\/kingwaycarrental.com\/wp-content\/uploads\/2025\/06\/Mercedes-G63-Keyvany-Black-300x200.jpg 300w\"  data-thumb-sizes=\"(max-width: 300px) 100vw, 300px\" class=\"woocommerce-product-gallery__image\"><a href=\"https:\/\/kingwaycarrental.com\/wp-content\/uploads\/2025\/06\/Mercedes-G63-Keyvany-Black.jpg\"><img decoding=\"async\" width=\"700\" height=\"467\" src=\"https:\/\/kingwaycarrental.com\/wp-content\/uploads\/2025\/06\/Mercedes-G63-Keyvany-Black.jpg\" class=\"wp-post-image\" alt=\"Alquiler de Mercedes G63 Keyvany AMG\" data-caption=\"\" data-src=\"https:\/\/kingwaycarrental.com\/wp-content\/uploads\/2025\/06\/Mercedes-G63-Keyvany-Black.jpg\" data-large_image=\"https:\/\/kingwaycarrental.com\/wp-content\/uploads\/2025\/06\/Mercedes-G63-Keyvany-Black.jpg\" data-large_image_width=\"700\" data-large_image_height=\"467\" srcset=\"https:\/\/kingwaycarrental.com\/wp-content\/uploads\/2025\/06\/Mercedes-G63-Keyvany-Black.jpg 700w, https:\/\/kingwaycarrental.com\/wp-content\/uploads\/2025\/06\/Mercedes-G63-Keyvany-Black-300x200.jpg 300w\" sizes=\"(max-width: 700px) 100vw, 700px\" title=\"\" data- data-large_image_><\/a><\/div><div data-thumb=\"https:\/\/kingwaycarrental.com\/wp-content\/uploads\/2025\/06\/Mercedes-G63-Keyvany-Black-2.jpg\" data-thumb-alt=\"Parte delantera del Mercedes G63 Keyvany\" data-thumb-srcset=\"https:\/\/kingwaycarrental.com\/wp-content\/uploads\/2025\/06\/Mercedes-G63-Keyvany-Black-2.jpg 700w, https:\/\/kingwaycarrental.com\/wp-content\/uploads\/2025\/06\/Mercedes-G63-Keyvany-Black-2-300x200.jpg 300w\"  data-thumb-sizes=\"(max-width: 300px) 100vw, 300px\" class=\"woocommerce-product-gallery__image\"><a href=\"https:\/\/kingwaycarrental.com\/wp-content\/uploads\/2025\/06\/Mercedes-G63-Keyvany-Black-2.jpg\"><img decoding=\"async\" width=\"700\" height=\"467\" src=\"https:\/\/kingwaycarrental.com\/wp-content\/uploads\/2025\/06\/Mercedes-G63-Keyvany-Black-2.jpg\" class=\"\" alt=\"Parte delantera del Mercedes G63 Keyvany\" data-caption=\"\" data-src=\"https:\/\/kingwaycarrental.com\/wp-content\/uploads\/2025\/06\/Mercedes-G63-Keyvany-Black-2.jpg\" data-large_image=\"https:\/\/kingwaycarrental.com\/wp-content\/uploads\/2025\/06\/Mercedes-G63-Keyvany-Black-2.jpg\" data-large_image_width=\"700\" data-large_image_height=\"467\" srcset=\"https:\/\/kingwaycarrental.com\/wp-content\/uploads\/2025\/06\/Mercedes-G63-Keyvany-Black-2.jpg 700w, https:\/\/kingwaycarrental.com\/wp-content\/uploads\/2025\/06\/Mercedes-G63-Keyvany-Black-2-300x200.jpg 300w\" sizes=\"(max-width: 700px) 100vw, 700px\" title=\"\" data- data-large_image_><\/a><\/div><div data-thumb=\"https:\/\/kingwaycarrental.com\/wp-content\/uploads\/2025\/06\/Mercedes-G63-Keyvany-Black-5.jpg\" data-thumb-alt=\"Interior del Mercedes G63 Keyvany\" data-thumb-srcset=\"https:\/\/kingwaycarrental.com\/wp-content\/uploads\/2025\/06\/Mercedes-G63-Keyvany-Black-5.jpg 700w, https:\/\/kingwaycarrental.com\/wp-content\/uploads\/2025\/06\/Mercedes-G63-Keyvany-Black-5-300x200.jpg 300w\"  data-thumb-sizes=\"(max-width: 300px) 100vw, 300px\" class=\"woocommerce-product-gallery__image\"><a href=\"https:\/\/kingwaycarrental.com\/wp-content\/uploads\/2025\/06\/Mercedes-G63-Keyvany-Black-5.jpg\"><img decoding=\"async\" width=\"700\" height=\"467\" src=\"https:\/\/kingwaycarrental.com\/wp-content\/uploads\/2025\/06\/Mercedes-G63-Keyvany-Black-5.jpg\" class=\"\" alt=\"Interior del Mercedes G63 Keyvany\" data-caption=\"\" data-src=\"https:\/\/kingwaycarrental.com\/wp-content\/uploads\/2025\/06\/Mercedes-G63-Keyvany-Black-5.jpg\" data-large_image=\"https:\/\/kingwaycarrental.com\/wp-content\/uploads\/2025\/06\/Mercedes-G63-Keyvany-Black-5.jpg\" data-large_image_width=\"700\" data-large_image_height=\"467\" srcset=\"https:\/\/kingwaycarrental.com\/wp-content\/uploads\/2025\/06\/Mercedes-G63-Keyvany-Black-5.jpg 700w, https:\/\/kingwaycarrental.com\/wp-content\/uploads\/2025\/06\/Mercedes-G63-Keyvany-Black-5-300x200.jpg 300w\" sizes=\"(max-width: 700px) 100vw, 700px\" title=\"\" data- data-large_image_><\/a><\/div><div data-thumb=\"https:\/\/kingwaycarrental.com\/wp-content\/uploads\/2025\/06\/Mercedes-G63-Keyvany-Black-3.jpg\" data-thumb-alt=\"Lateral del Mercedes G63 Keyvany\" data-thumb-srcset=\"https:\/\/kingwaycarrental.com\/wp-content\/uploads\/2025\/06\/Mercedes-G63-Keyvany-Black-3.jpg 700w, https:\/\/kingwaycarrental.com\/wp-content\/uploads\/2025\/06\/Mercedes-G63-Keyvany-Black-3-300x200.jpg 300w\"  data-thumb-sizes=\"(max-width: 300px) 100vw, 300px\" class=\"woocommerce-product-gallery__image\"><a href=\"https:\/\/kingwaycarrental.com\/wp-content\/uploads\/2025\/06\/Mercedes-G63-Keyvany-Black-3.jpg\"><img decoding=\"async\" width=\"700\" height=\"467\" src=\"https:\/\/kingwaycarrental.com\/wp-content\/uploads\/2025\/06\/Mercedes-G63-Keyvany-Black-3.jpg\" class=\"\" alt=\"Lateral del Mercedes G63 Keyvany\" data-caption=\"\" data-src=\"https:\/\/kingwaycarrental.com\/wp-content\/uploads\/2025\/06\/Mercedes-G63-Keyvany-Black-3.jpg\" data-large_image=\"https:\/\/kingwaycarrental.com\/wp-content\/uploads\/2025\/06\/Mercedes-G63-Keyvany-Black-3.jpg\" data-large_image_width=\"700\" data-large_image_height=\"467\" srcset=\"https:\/\/kingwaycarrental.com\/wp-content\/uploads\/2025\/06\/Mercedes-G63-Keyvany-Black-3.jpg 700w, https:\/\/kingwaycarrental.com\/wp-content\/uploads\/2025\/06\/Mercedes-G63-Keyvany-Black-3-300x200.jpg 300w\" sizes=\"(max-width: 700px) 100vw, 700px\" title=\"\" data- data-large_image_><\/a><\/div><div data-thumb=\"https:\/\/kingwaycarrental.com\/wp-content\/uploads\/2025\/06\/Mercedes-G63-Keyvany-Black-6.jpg\" data-thumb-alt=\"Interior naranja del Mercedes G63 Keyvany\" data-thumb-srcset=\"https:\/\/kingwaycarrental.com\/wp-content\/uploads\/2025\/06\/Mercedes-G63-Keyvany-Black-6.jpg 700w, https:\/\/kingwaycarrental.com\/wp-content\/uploads\/2025\/06\/Mercedes-G63-Keyvany-Black-6-300x200.jpg 300w\"  data-thumb-sizes=\"(max-width: 300px) 100vw, 300px\" class=\"woocommerce-product-gallery__image\"><a href=\"https:\/\/kingwaycarrental.com\/wp-content\/uploads\/2025\/06\/Mercedes-G63-Keyvany-Black-6.jpg\"><img decoding=\"async\" width=\"700\" height=\"467\" src=\"https:\/\/kingwaycarrental.com\/wp-content\/uploads\/2025\/06\/Mercedes-G63-Keyvany-Black-6.jpg\" class=\"\" alt=\"Interior naranja del Mercedes G63 Keyvany\" data-caption=\"\" data-src=\"https:\/\/kingwaycarrental.com\/wp-content\/uploads\/2025\/06\/Mercedes-G63-Keyvany-Black-6.jpg\" data-large_image=\"https:\/\/kingwaycarrental.com\/wp-content\/uploads\/2025\/06\/Mercedes-G63-Keyvany-Black-6.jpg\" data-large_image_width=\"700\" data-large_image_height=\"467\" srcset=\"https:\/\/kingwaycarrental.com\/wp-content\/uploads\/2025\/06\/Mercedes-G63-Keyvany-Black-6.jpg 700w, https:\/\/kingwaycarrental.com\/wp-content\/uploads\/2025\/06\/Mercedes-G63-Keyvany-Black-6-300x200.jpg 300w\" sizes=\"(max-width: 700px) 100vw, 700px\" title=\"\" data- data-large_image_><\/a><\/div><div data-thumb=\"https:\/\/kingwaycarrental.com\/wp-content\/uploads\/2025\/06\/Mercedes-G63-Keyvany-Black-4.jpg\" data-thumb-alt=\"Detr\u00e1s del Mercedes G63 Keyvany\" data-thumb-srcset=\"https:\/\/kingwaycarrental.com\/wp-content\/uploads\/2025\/06\/Mercedes-G63-Keyvany-Black-4.jpg 700w, https:\/\/kingwaycarrental.com\/wp-content\/uploads\/2025\/06\/Mercedes-G63-Keyvany-Black-4-300x200.jpg 300w\"  data-thumb-sizes=\"(max-width: 300px) 100vw, 300px\" class=\"woocommerce-product-gallery__image\"><a href=\"https:\/\/kingwaycarrental.com\/wp-content\/uploads\/2025\/06\/Mercedes-G63-Keyvany-Black-4.jpg\"><img decoding=\"async\" width=\"700\" height=\"467\" src=\"https:\/\/kingwaycarrental.com\/wp-content\/uploads\/2025\/06\/Mercedes-G63-Keyvany-Black-4.jpg\" class=\"\" alt=\"Detr\u00e1s del Mercedes G63 Keyvany\" data-caption=\"\" data-src=\"https:\/\/kingwaycarrental.com\/wp-content\/uploads\/2025\/06\/Mercedes-G63-Keyvany-Black-4.jpg\" data-large_image=\"https:\/\/kingwaycarrental.com\/wp-content\/uploads\/2025\/06\/Mercedes-G63-Keyvany-Black-4.jpg\" data-large_image_width=\"700\" data-large_image_height=\"467\" srcset=\"https:\/\/kingwaycarrental.com\/wp-content\/uploads\/2025\/06\/Mercedes-G63-Keyvany-Black-4.jpg 700w, https:\/\/kingwaycarrental.com\/wp-content\/uploads\/2025\/06\/Mercedes-G63-Keyvany-Black-4-300x200.jpg 300w\" sizes=\"(max-width: 700px) 100vw, 700px\" title=\"\" data- data-large_image_><\/a><\/div>\t<\/div>\n<\/div>\n<\/div>\t\t\t<span class=\"ovabrw-featured-product\">\n\t\tDestacado\t<\/span>\n\t\t\t<span class=\"ovabrw-features-featured\">\n\t\t\t\tModelo 2023\t\t\t<\/span>\n\t\t\t<\/div>\n\t<div class=\"ovabrw-card-content\">\n\t\t    <div class=\"ovabrw-review\">\n        <div class=\"ovabrw-star-rating\" role=\"img\" aria-label=\"Rated 5.00 out of 5\">\n        \t<i aria-hidden=\"true\" class=\"brwicon-star-3\"><\/i>\n        \t<i aria-hidden=\"true\" class=\"brwicon-star-3\"><\/i>\n        \t<i aria-hidden=\"true\" class=\"brwicon-star-3\"><\/i>\n        \t<i aria-hidden=\"true\" class=\"brwicon-star-3\"><\/i>\n        \t<i aria-hidden=\"true\" class=\"brwicon-star-3\"><\/i>\n            <span class=\"ovabrw-rating-percent\" style=\"width: 100%;\">\n            \t<i aria-hidden=\"true\" class=\"brwicon-star-3\"><\/i>\n            \t<i aria-hidden=\"true\" class=\"brwicon-star-3\"><\/i>\n            \t<i aria-hidden=\"true\" class=\"brwicon-star-3\"><\/i>\n            \t<i aria-hidden=\"true\" class=\"brwicon-star-3\"><\/i>\n            \t<i aria-hidden=\"true\" class=\"brwicon-star-3\"><\/i>\n            <\/span>\n        <\/div>\n        <a href=\"https:\/\/kingwaycarrental.com\/es\/car\/mercedes-g63-keyvany-black\/#reviews\" class=\"ovabrw-review-link\" rel=\"nofollow\">\n            1 valoraci\u00f3n        <\/a>\n    <\/div>\n\t\t\t<h3 class=\"ovabrw-title\">\n\t\t<a href=\"https:\/\/kingwaycarrental.com\/es\/car\/mercedes-g63-keyvany-black\/\">\n\t\t\tMercedes G63 Keyvany AMG\t\t<\/a>\n\t<\/h3>\n\t\t<div class=\"ovabrw-price\">\n\t\t\t\t<span class=\"amount\">\n\t\t\t\t<span class=\"woocommerce-Price-amount amount\"><bdi><span class=\"woocommerce-Price-currencySymbol\" translate=\"no\">AED<\/span>&nbsp;1,750<\/bdi><\/span>\t\t\t<\/span>\n\t\t\t<span class=\"unit\">\n\t\t\t\t\/ D\u00eda\t\t\t<\/span>\n\t\t<\/div>\t\t\t\t\t<ul class=\"ovabrw-features\">\n\t\t\t\t\t<li class=\"item-feature\">\n\t\t\t\t\t\t\t\t\t<i aria-hidden=\"true\" class=\"flaticon2 flaticon2-sedan\"><\/i>\n\t\t\t\t\t\t\t\t<span>SUV<\/span>\n\t\t\t<\/li>\n\t\t\t\t\t<li class=\"item-feature\">\n\t\t\t\t\t\t\t\t\t<i aria-hidden=\"true\" class=\"flaticon-seat\"><\/i>\n\t\t\t\t\t\t\t\t<span>5 Plazas<\/span>\n\t\t\t<\/li>\n\t\t\t\t\t<li class=\"item-feature\">\n\t\t\t\t\t\t\t\t\t<i aria-hidden=\"true\" class=\"flaticon-car-door\"><\/i>\n\t\t\t\t\t\t\t\t<span>4 Puertas<\/span>\n\t\t\t<\/li>\n\t\t\t\t\t<li class=\"item-feature\">\n\t\t\t\t\t\t\t\t\t<i aria-hidden=\"true\" class=\"flaticon-gas-station\"><\/i>\n\t\t\t\t\t\t\t\t<span>Gasolina<\/span>\n\t\t\t<\/li>\n\t\t\t<\/ul>\n\t\t\t\t\t\t\t<p class=\"ovabrw-short-description\">\n\t\tAlquiler de Mercedes G63 Keyvany AMG en Dub\u00e1i Ofrecemos a nuestros clientes el Alquiler del Mercedes G63 Keyvany AMG en Dub\u00e1i a...\t<\/p>\n\n\t\t<div class=\"ovabrw-card-btn\">\n\t\t\t    <a href=\"https:\/\/kingwaycarrental.com\/es\/car\/mercedes-g63-keyvany-black\/\" class=\"ovabrw-button\">\n        Reservar Ahora        <i class=\"brwicon-right\" aria-hidden=\"true\"><\/i>\n    <\/a>\n\t\t<\/div>\n\t<\/div>\n<\/div>\t\t\t\t\t\t<\/li>\n\t\t\t\t\t\t\t\t\t\t\t\t<li class=\"item\">\n\t\t\t\t\t\t\t\n<div class=\"ovabrw-card-template ovabrw-card1\">\n\t<div class=\"ovabrw-card-header\">\n\t\t    <div class=\"ovabrw-gallery-popup\">\n    \t\t    \t<div class=\"ovabrw-product-img-feature\">\n\t    \t\t<a href=\"https:\/\/kingwaycarrental.com\/es\/car\/mercedes-gle-63-white\/\" class=\"ovabrw-product-link\">\n\t\t    \t\t\t            \t\t<img decoding=\"async\" src=\"https:\/\/kingwaycarrental.com\/wp-content\/uploads\/2024\/11\/Mercedes-GLE-63S-AMG-White.jpg\" alt=\"Rent Mercedes GLE 63S AMG White\" title=\"\">\n\t            \t            \t<\/a>\n\t    \t<\/div>\n\t        <\/div>\n<div style=\"display: none !important;\">\n\t<div class=\"woocommerce-product-gallery woocommerce-product-gallery--with-images woocommerce-product-gallery--columns-4 images\" data-columns=\"4\" style=\"opacity: 0; transition: opacity .25s ease-in-out;\">\n\t<div class=\"woocommerce-product-gallery__wrapper\">\n\t\t<div data-thumb=\"https:\/\/kingwaycarrental.com\/wp-content\/uploads\/2024\/11\/Mercedes-GLE-63S-AMG-White.jpg\" data-thumb-alt=\"Rent Mercedes GLE 63S AMG White\" data-thumb-srcset=\"https:\/\/kingwaycarrental.com\/wp-content\/uploads\/2024\/11\/Mercedes-GLE-63S-AMG-White.jpg 700w, https:\/\/kingwaycarrental.com\/wp-content\/uploads\/2024\/11\/Mercedes-GLE-63S-AMG-White-300x200.jpg 300w\"  data-thumb-sizes=\"(max-width: 300px) 100vw, 300px\" class=\"woocommerce-product-gallery__image\"><a href=\"https:\/\/kingwaycarrental.com\/wp-content\/uploads\/2024\/11\/Mercedes-GLE-63S-AMG-White.jpg\"><img decoding=\"async\" width=\"700\" height=\"467\" src=\"https:\/\/kingwaycarrental.com\/wp-content\/uploads\/2024\/11\/Mercedes-GLE-63S-AMG-White.jpg\" class=\"wp-post-image\" alt=\"Rent Mercedes GLE 63S AMG White\" data-caption=\"\" data-src=\"https:\/\/kingwaycarrental.com\/wp-content\/uploads\/2024\/11\/Mercedes-GLE-63S-AMG-White.jpg\" data-large_image=\"https:\/\/kingwaycarrental.com\/wp-content\/uploads\/2024\/11\/Mercedes-GLE-63S-AMG-White.jpg\" data-large_image_width=\"700\" data-large_image_height=\"467\" srcset=\"https:\/\/kingwaycarrental.com\/wp-content\/uploads\/2024\/11\/Mercedes-GLE-63S-AMG-White.jpg 700w, https:\/\/kingwaycarrental.com\/wp-content\/uploads\/2024\/11\/Mercedes-GLE-63S-AMG-White-300x200.jpg 300w\" sizes=\"(max-width: 700px) 100vw, 700px\" title=\"\" data- data-large_image_><\/a><\/div><div data-thumb=\"https:\/\/kingwaycarrental.com\/wp-content\/uploads\/2024\/11\/Mercedes-GLE-63-2024-a.jpg\" data-thumb-alt=\"Rent Mercedes GLE 63 in Dubai\" data-thumb-srcset=\"https:\/\/kingwaycarrental.com\/wp-content\/uploads\/2024\/11\/Mercedes-GLE-63-2024-a.jpg 700w, https:\/\/kingwaycarrental.com\/wp-content\/uploads\/2024\/11\/Mercedes-GLE-63-2024-a-300x200.jpg 300w\"  data-thumb-sizes=\"(max-width: 300px) 100vw, 300px\" class=\"woocommerce-product-gallery__image\"><a href=\"https:\/\/kingwaycarrental.com\/wp-content\/uploads\/2024\/11\/Mercedes-GLE-63-2024-a.jpg\"><img decoding=\"async\" width=\"700\" height=\"467\" src=\"https:\/\/kingwaycarrental.com\/wp-content\/uploads\/2024\/11\/Mercedes-GLE-63-2024-a.jpg\" class=\"\" alt=\"Rent Mercedes GLE 63 in Dubai\" data-caption=\"\" data-src=\"https:\/\/kingwaycarrental.com\/wp-content\/uploads\/2024\/11\/Mercedes-GLE-63-2024-a.jpg\" data-large_image=\"https:\/\/kingwaycarrental.com\/wp-content\/uploads\/2024\/11\/Mercedes-GLE-63-2024-a.jpg\" data-large_image_width=\"700\" data-large_image_height=\"467\" srcset=\"https:\/\/kingwaycarrental.com\/wp-content\/uploads\/2024\/11\/Mercedes-GLE-63-2024-a.jpg 700w, https:\/\/kingwaycarrental.com\/wp-content\/uploads\/2024\/11\/Mercedes-GLE-63-2024-a-300x200.jpg 300w\" sizes=\"(max-width: 700px) 100vw, 700px\" title=\"\" data- data-large_image_><\/a><\/div><div data-thumb=\"https:\/\/kingwaycarrental.com\/wp-content\/uploads\/2024\/11\/Mercedes-GLE-63-2024-c.jpg\" data-thumb-alt=\"Rent Mercedes GLE 63 in Dubai\" data-thumb-srcset=\"https:\/\/kingwaycarrental.com\/wp-content\/uploads\/2024\/11\/Mercedes-GLE-63-2024-c.jpg 700w, https:\/\/kingwaycarrental.com\/wp-content\/uploads\/2024\/11\/Mercedes-GLE-63-2024-c-300x200.jpg 300w\"  data-thumb-sizes=\"(max-width: 300px) 100vw, 300px\" class=\"woocommerce-product-gallery__image\"><a href=\"https:\/\/kingwaycarrental.com\/wp-content\/uploads\/2024\/11\/Mercedes-GLE-63-2024-c.jpg\"><img decoding=\"async\" width=\"700\" height=\"467\" src=\"https:\/\/kingwaycarrental.com\/wp-content\/uploads\/2024\/11\/Mercedes-GLE-63-2024-c.jpg\" class=\"\" alt=\"Rent Mercedes GLE 63 in Dubai\" data-caption=\"\" data-src=\"https:\/\/kingwaycarrental.com\/wp-content\/uploads\/2024\/11\/Mercedes-GLE-63-2024-c.jpg\" data-large_image=\"https:\/\/kingwaycarrental.com\/wp-content\/uploads\/2024\/11\/Mercedes-GLE-63-2024-c.jpg\" data-large_image_width=\"700\" data-large_image_height=\"467\" srcset=\"https:\/\/kingwaycarrental.com\/wp-content\/uploads\/2024\/11\/Mercedes-GLE-63-2024-c.jpg 700w, https:\/\/kingwaycarrental.com\/wp-content\/uploads\/2024\/11\/Mercedes-GLE-63-2024-c-300x200.jpg 300w\" sizes=\"(max-width: 700px) 100vw, 700px\" title=\"\" data- data-large_image_><\/a><\/div><div data-thumb=\"https:\/\/kingwaycarrental.com\/wp-content\/uploads\/2024\/11\/Mercedes-GLE-63-2024-b.jpg\" data-thumb-alt=\"Rent Mercedes GLE 63 in Dubai\" data-thumb-srcset=\"https:\/\/kingwaycarrental.com\/wp-content\/uploads\/2024\/11\/Mercedes-GLE-63-2024-b.jpg 700w, https:\/\/kingwaycarrental.com\/wp-content\/uploads\/2024\/11\/Mercedes-GLE-63-2024-b-300x200.jpg 300w\"  data-thumb-sizes=\"(max-width: 300px) 100vw, 300px\" class=\"woocommerce-product-gallery__image\"><a href=\"https:\/\/kingwaycarrental.com\/wp-content\/uploads\/2024\/11\/Mercedes-GLE-63-2024-b.jpg\"><img decoding=\"async\" width=\"700\" height=\"467\" src=\"https:\/\/kingwaycarrental.com\/wp-content\/uploads\/2024\/11\/Mercedes-GLE-63-2024-b.jpg\" class=\"\" alt=\"Rent Mercedes GLE 63 in Dubai\" data-caption=\"\" data-src=\"https:\/\/kingwaycarrental.com\/wp-content\/uploads\/2024\/11\/Mercedes-GLE-63-2024-b.jpg\" data-large_image=\"https:\/\/kingwaycarrental.com\/wp-content\/uploads\/2024\/11\/Mercedes-GLE-63-2024-b.jpg\" data-large_image_width=\"700\" data-large_image_height=\"467\" srcset=\"https:\/\/kingwaycarrental.com\/wp-content\/uploads\/2024\/11\/Mercedes-GLE-63-2024-b.jpg 700w, https:\/\/kingwaycarrental.com\/wp-content\/uploads\/2024\/11\/Mercedes-GLE-63-2024-b-300x200.jpg 300w\" sizes=\"(max-width: 700px) 100vw, 700px\" title=\"\" data- data-large_image_><\/a><\/div>\t<\/div>\n<\/div>\n<\/div>\t\t\t<span class=\"ovabrw-featured-product\">\n\t\tDestacado\t<\/span>\n\t\t\t<span class=\"ovabrw-features-featured\">\n\t\t\t\tModelo 2024\t\t\t<\/span>\n\t\t\t<\/div>\n\t<div class=\"ovabrw-card-content\">\n\t\t    <div class=\"ovabrw-review\">\n        <div class=\"ovabrw-star-rating\" role=\"img\" aria-label=\"Rated 5.00 out of 5\">\n        \t<i aria-hidden=\"true\" class=\"brwicon-star-3\"><\/i>\n        \t<i aria-hidden=\"true\" class=\"brwicon-star-3\"><\/i>\n        \t<i aria-hidden=\"true\" class=\"brwicon-star-3\"><\/i>\n        \t<i aria-hidden=\"true\" class=\"brwicon-star-3\"><\/i>\n        \t<i aria-hidden=\"true\" class=\"brwicon-star-3\"><\/i>\n            <span class=\"ovabrw-rating-percent\" style=\"width: 100%;\">\n            \t<i aria-hidden=\"true\" class=\"brwicon-star-3\"><\/i>\n            \t<i aria-hidden=\"true\" class=\"brwicon-star-3\"><\/i>\n            \t<i aria-hidden=\"true\" class=\"brwicon-star-3\"><\/i>\n            \t<i aria-hidden=\"true\" class=\"brwicon-star-3\"><\/i>\n            \t<i aria-hidden=\"true\" class=\"brwicon-star-3\"><\/i>\n            <\/span>\n        <\/div>\n        <a href=\"https:\/\/kingwaycarrental.com\/es\/car\/mercedes-gle-63-white\/#reviews\" class=\"ovabrw-review-link\" rel=\"nofollow\">\n            1 valoraci\u00f3n        <\/a>\n    <\/div>\n\t\t\t<h3 class=\"ovabrw-title\">\n\t\t<a href=\"https:\/\/kingwaycarrental.com\/es\/car\/mercedes-gle-63-white\/\">\n\t\t\tMercedes GLE 63S AMG\t\t<\/a>\n\t<\/h3>\n\t\t<div class=\"ovabrw-price\">\n\t\t\t\t<span class=\"amount\">\n\t\t\t\t<span class=\"woocommerce-Price-amount amount\"><bdi><span class=\"woocommerce-Price-currencySymbol\" translate=\"no\">AED<\/span>&nbsp;950<\/bdi><\/span>\t\t\t<\/span>\n\t\t\t<span class=\"unit\">\n\t\t\t\t\/ D\u00eda\t\t\t<\/span>\n\t\t<\/div>\t\t\t\t\t<ul class=\"ovabrw-features\">\n\t\t\t\t\t<li class=\"item-feature\">\n\t\t\t\t\t\t\t\t\t<i aria-hidden=\"true\" class=\"flaticon2 flaticon2-sedan\"><\/i>\n\t\t\t\t\t\t\t\t<span>SUV<\/span>\n\t\t\t<\/li>\n\t\t\t\t\t<li class=\"item-feature\">\n\t\t\t\t\t\t\t\t\t<i aria-hidden=\"true\" class=\"flaticon-seat\"><\/i>\n\t\t\t\t\t\t\t\t<span>5 Plazas<\/span>\n\t\t\t<\/li>\n\t\t\t\t\t<li class=\"item-feature\">\n\t\t\t\t\t\t\t\t\t<i aria-hidden=\"true\" class=\"flaticon-car-door\"><\/i>\n\t\t\t\t\t\t\t\t<span>4 Puertas<\/span>\n\t\t\t<\/li>\n\t\t\t\t\t<li class=\"item-feature\">\n\t\t\t\t\t\t\t\t\t<i aria-hidden=\"true\" class=\"flaticon-gas-station\"><\/i>\n\t\t\t\t\t\t\t\t<span>Gasolina<\/span>\n\t\t\t<\/li>\n\t\t\t<\/ul>\n\t\t\t\t\t\t\t<p class=\"ovabrw-short-description\">\n\t\tAlquila el Mercedes GLE 63S AMG Coup\u00e9 en Dub\u00e1i Alquila el Mercedes GLE 63S AMG Coup\u00e9 en Dub\u00e1i a un precio competitivo....\t<\/p>\n\n\t\t<div class=\"ovabrw-card-btn\">\n\t\t\t    <a href=\"https:\/\/kingwaycarrental.com\/es\/car\/mercedes-gle-63-white\/\" class=\"ovabrw-button\">\n        Reservar Ahora        <i class=\"brwicon-right\" aria-hidden=\"true\"><\/i>\n    <\/a>\n\t\t<\/div>\n\t<\/div>\n<\/div>\t\t\t\t\t\t<\/li>\n\t\t\t\t\t\t\t\t<\/ul>\n\t\t<span class=\"ovabrw-loader\"><\/span>\n\t\t<input\n\t\t\ttype=\"hidden\"\n\t\t\tname=\"ovabrw-data-ajax-filter\"\n\t\t\tdata-template=\"card1\"\n\t\t\tdata-posts-per-page=\"18\"\n\t\t\tdata-orderby=\"date\"\n\t\t\tdata-order=\"DESC\"\n\t\t\tdata-pagination=\"yes\"\n\t\t\/>\n\t<\/div>\n\t<\/div>\t\t\t\t<\/div>\n\t\t\t\t<\/div>\n\t\t\t\t\t<\/div>\n\t\t\t\t<\/div>\n\t\t<div class=\"elementor-element elementor-element-462e5ff e-flex e-con-boxed e-con e-parent\" data-id=\"462e5ff\" data-element_type=\"container\" data-e-type=\"container\">\n\t\t\t\t\t<div class=\"e-con-inner\">\n\t\t\t\t<div class=\"elementor-element elementor-element-48729ca elementor-widget elementor-widget-remons_elementor_heading\" data-id=\"48729ca\" data-element_type=\"widget\" data-e-type=\"widget\" data-widget_type=\"remons_elementor_heading.default\">\n\t\t\t\t<div class=\"elementor-widget-container\">\n\t\t\t\t\t\n\t\t<div class=\"ova-heading\">\n            <div class=\"top-heading\">\n            \t\t\t\t\t\t<div class=\"title-wrapper\" style=\"position: relative;\">\n\t\t\t\t\t\t\t\t\t\t\t\t\t<h2 class=\"title\">Alquiler de Mercedes-Benz Clase G en Dub\u00e1i<\/h2>\n\t\t\t\t\t\t\t\t\t\t\t<\/div>\n\t\t\t\t            <\/div>\n\n\t\t\t\t\t<\/div>\n\t\t\t\t\t\t<\/div>\n\t\t\t\t<\/div>\n\t\t\t\t<div class=\"elementor-element elementor-element-b79f514 elementor-widget elementor-widget-text-editor\" data-id=\"b79f514\" data-element_type=\"widget\" data-e-type=\"widget\" data-widget_type=\"text-editor.default\">\n\t\t\t\t<div class=\"elementor-widget-container\">\n\t\t\t\t\t\t\t\t\t<p>Si est\u00e1 buscando un Mercedes-Benz Clase G para alquilar en Dub\u00e1i y planea visitar los Emiratos \u00c1rabes Unidos pronto o ya es residente, King Way Car Rental le ofrece la flota m\u00e1s grande de Mercedes Clase G para alquilar en Dub\u00e1i al mejor precio absoluto e inigualable. Ofrecemos a nuestros clientes servicios de alquiler flexibles y precios transparentes. Obtendr\u00e1 un Mercedes Clase G G63 AMG o G Wagon en alquiler sin pago inicial, dep\u00f3sito ni siquiera seguro, y adem\u00e1s con kilometraje ilimitado, lo que le permitir\u00e1 conducir con confianza y tranquilidad. Con nosotros, usted es el \u00abRey de la Carretera\u00bb.<\/p>\n<h2 data-pm-slice=\"1 1 []\">Alquiler de Mercedes G Class AMG en Dub\u00e1i<\/h2>\n<p>Alquilar un Mercedes Clase G AMG en Dub\u00e1i, la ciudad del lujo y la innovaci\u00f3n, es la experiencia definitiva al volante de un veh\u00edculo igualmente ic\u00f3nico, el Mercedes-Benz Clase G AMG 4MATIC. Esta combinaci\u00f3n de potencia, elegancia y sofisticaci\u00f3n es la pareja perfecta para el estilo de vida din\u00e1mico y lujoso de Dub\u00e1i. En <a href=\"https:\/\/kingwaycarrental.com\/es\/\">Alquiler de coches en King Way<\/a>, le facilitamos mejorar su viaje con este <a href=\"https:\/\/kingwaycarrental.com\/es\/suv-car-rental-dubai\/\">SUV de lujo<\/a> de alto rendimiento. Adem\u00e1s, ofrecemos el Mercedes Clase G AMG para alquilar en Dub\u00e1i a los precios m\u00e1s econ\u00f3micos.<\/p>\n<h3 data-pm-slice=\"1 1 []\">Modelos de Mercedes-Benz Clase G Disponibles para Alquiler en Dub\u00e1i<\/h3>\n<p>El SUV Mercedes Clase G 4&#215;4 es una categor\u00eda de prestigio con una rica historia de logros como crossover de lujo multiuso. Ofrecemos muchos modelos, incluidos: <a href=\"https:\/\/kingwaycarrental.com\/es\/rent-mercedes-g63-in-dubai\">Mercedes G63 AMG<\/a> 4&#215;4 y 6&#215;6, Mercedes GLS 450\/580\/600\/63, Mercedes GLE 350\/450\/580\/53\/63, Mercedes-Benz GLC 200d\/300\/43\/63, Mercedes-Benz GLA 200\/250\/35\/45, Mercedes G-Wagon G500\/G700, Mercedes G800 Brabus, Mercedes G900 Rocket Edition Kit, Mercedes G-Class Keyvany y Mercedes-Benz P820 Mansory.<\/p>\n<h2>Ventajas de Alquilar un Mercedes Clase G en Dub\u00e1i<\/h2>\n<ul>\n<li data-path-to-node=\"11,0,0\">El Mercedes-Benz Clase G es uno de los veh\u00edculos con tracci\u00f3n a las cuatro ruedas m\u00e1s lujosos del mundo, que funciona con el sistema de tracci\u00f3n total permanente 4MATIC.<\/li>\n<li data-path-to-node=\"11,0,0\">El Mercedes Clase G cuenta con un motor V8 colosal de 4.0 litros que genera unos sorprendentes 577 caballos de fuerza, acelerando de 0 a 100 km\/h en solo 4.4 segundos.<\/li>\n<li data-path-to-node=\"11,1,0\">El Clase G encarna el lujo absoluto y es un veh\u00edculo ic\u00f3nico en el mundo de los coches de lujo. Su impresionante dise\u00f1o exterior, dise\u00f1ado con alta ingenier\u00eda y suprema precisi\u00f3n, lo ha convertido en uno de los coches de lujo m\u00e1s famosos que muchos desean poseer o simplemente experimentar su agradable conducci\u00f3n.<\/li>\n<li data-path-to-node=\"11,2,0\">El dise\u00f1o exterior es una mezcla de lujo, prestigio y deportividad al mismo tiempo, complementado con toques est\u00e9ticos AMG como el escape ex\u00f3tico, las llantas deportivas, las tomas de aire y un impresionante dise\u00f1o final moderno.<\/li>\n<li data-path-to-node=\"11,3,0\">Mercedes-Benz, como de costumbre, se ha superado en la fabricaci\u00f3n de este veh\u00edculo ultrapotente y se centr\u00f3 en a\u00f1adir los toques de lujo que lo distinguen dentro de la cabina. Esto incluye asientos de cuero natural con colores cautivadores y llamativos, un volante deportivo totalmente controlable y una cabina de lujo respaldada por los materiales de fabricaci\u00f3n m\u00e1s altos como Alc\u00e1ntara, fibra de carbono y muchos otros materiales de alta calidad.<\/li>\n<li data-path-to-node=\"11,4,0\">Estas caracter\u00edsticas han convertido al <b>\u00abG63\u00bb<\/b> en un icono moderno de inmensa belleza con un car\u00e1cter lujoso e imponente, lo que lo convierte en uno de los coches de alquiler m\u00e1s solicitados en Dub\u00e1i y los EAU. Es perfectamente adecuado para aquellos que buscan un coche de lujo para recorrer Dub\u00e1i y explorar sus famosas calles, y tambi\u00e9n es ideal para VIPs y empresarios.<\/li>\n<\/ul>\n<h3>\u00bfPor Qu\u00e9 Alquilar un Mercedes Clase G en Dub\u00e1i con King Way?<\/h3>\n<p>En King Way Car Rental, entendemos el valor de una experiencia premium. Alquilar un Mercedes-Benz Clase G con nosotros en Dub\u00e1i le garantiza lo siguiente:<\/p>\n<ul>\n<li data-path-to-node=\"14,0,0\"><b>Precios Competitivos:<\/b> Disfrute del lujo a precios asequibles <b>sin necesidad de seguro obligatorio.<\/b><\/li>\n<li data-path-to-node=\"14,1,0\"><b>Opciones Flexibles:<\/b> Elija entre planes de alquiler diario, semanal o mensual para su Mercedes.<\/li>\n<li data-path-to-node=\"14,2,0\"><b>Servicio Impecable:<\/b> Nuestro equipo garantiza un proceso de reserva fluido y un <b>soporte al cliente de primera clase 24\/7.<\/b><\/li>\n<li data-path-to-node=\"14,3,0\"><b>Flota Bien Mantenida:<\/b> Todos nuestros veh\u00edculos de lujo reciben mantenimiento regularmente para garantizar la seguridad y la fiabilidad.<\/li>\n<li data-path-to-node=\"14,4,0\"><b><a href=\"https:\/\/kingwaycarrental.com\/es\/chauffeur-service-dubai\/\">Servicios de Conductor en Dub\u00e1i<\/a>:<\/b> Alquile un Mercedes Clase G con conductor en Dub\u00e1i al <b>precio m\u00e1s bajo.<\/b><\/li>\n<li data-path-to-node=\"14,5,0\"><b>Mejores Ofertas y Promociones:<\/b> Obtendr\u00e1 los mejores precios y descuentos exclusivos en el alquiler de un Mercedes Clase G en Dub\u00e1i con: Sin dep\u00f3sito\/fianza, kilometraje ilimitado, tanque lleno de combustible de regalo y entrega gratuita.<\/li>\n<\/ul>\n<h3>Pasos para Alquilar un Mercedes G-Class en Dub\u00e1i<\/h3>\n<p>Los pasos para alquilar el SUV compacto Mercedes Benz G Class a trav\u00e9s de nuestra plataforma son muy f\u00e1ciles y fluidos. Simplemente navegue por nuestro sitio web, KingWayCarRental.com, y seleccione su Mercedes-Benz Clase G AMG preferido de nuestra gran y lujosa flota de <a href=\"https:\/\/kingwaycarrental.com\/es\/rent-mercedes-in-dubai\/\">Mercedes para alquilar en Dub\u00e1i<\/a>. Rellene el formulario de reserva, elija la hora y el lugar de recogida, seleccione cualquier opci\u00f3n adicional que necesite y luego env\u00ede la solicitud. Nuestro equipo de servicio al cliente lo asistir\u00e1, o puede contactarnos directamente por tel\u00e9fono o WhatsApp, y nuestro equipo lo ayudar\u00e1 de inmediato.<\/p>\n<h3>Precios de Alquiler de Mercedes Clase G en Dub\u00e1i<\/h3>\t\t\t\t\t\t\t\t<\/div>\n\t\t\t\t<\/div>\n\t\t\t\t<div class=\"elementor-element elementor-element-6acce88 elementor-widget elementor-widget-text-editor\" data-id=\"6acce88\" data-element_type=\"widget\" data-e-type=\"widget\" data-widget_type=\"text-editor.default\">\n\t\t\t\t<div class=\"elementor-widget-container\">\n\t\t\t\t\t\t\t\t\t<div style=\"overflow-x: auto; width: 100%;\"><table style=\"width: 100%; border-collapse: collapse;\"><thead><tr style=\"border-bottom: 1px solid #eee;\"><th style=\"text-align: left; padding: 8px; border: none;\">Veh\u00edculo<\/th><th style=\"padding: 8px; border: none;\">D\u00eda<\/th><th style=\"padding: 8px; border: none;\">Semana<\/th><th style=\"padding: 8px; border: none;\">Mes<\/th><\/tr><\/thead><tbody><tr style=\"border-bottom: 1px solid #eee;\"><td style=\"padding: 8px; border: none;\">Mercedes-Benz GLE 53 AMG Negro<\/td><td style=\"padding: 8px; border: none;\">AED 949<\/td><td style=\"padding: 8px; border: none;\">AED 5,545<\/td><td style=\"padding: 8px; border: none;\">AED 19,945<\/td><\/tr><tr style=\"border-bottom: 1px solid #eee;\"><td style=\"padding: 8px; border: none;\">Mercedes G Class GLE 63 AMG Blanco<\/td><td style=\"padding: 8px; border: none;\">AED 950<\/td><td style=\"padding: 8px; border: none;\">AED 5,550<\/td><td style=\"padding: 8px; border: none;\">AED 19,950<\/td><\/tr><tr style=\"border-bottom: 1px solid #eee;\"><td style=\"padding: 8px; border: none;\">Mercedes G63 Double Night Package Azul<\/td><td style=\"padding: 8px; border: none;\">AED 1,250<\/td><td style=\"padding: 8px; border: none;\">AED 7,445<\/td><td style=\"padding: 8px; border: none;\">AED 26,300<\/td><\/tr><tr style=\"border-bottom: 1px solid #eee;\"><td style=\"padding: 8px; border: none;\">Mercedes G-Wagon G63 AMG Black Matte<\/td><td style=\"padding: 8px; border: none;\">AED 1,350<\/td><td style=\"padding: 8px; border: none;\">AED 8,100<\/td><td style=\"padding: 8px; border: none;\">AED 28,350<\/td><\/tr><tr style=\"border-bottom: 1px solid #eee;\"><td style=\"padding: 8px; border: none;\">Mercedes Benz G63 Brabus Gris<\/td><td style=\"padding: 8px; border: none;\">AED 2,099<\/td><td style=\"padding: 8px; border: none;\">AED 12,495<\/td><td style=\"padding: 8px; border: none;\">AED 43,995<\/td><\/tr><\/tbody><\/table><\/div>\t\t\t\t\t\t\t\t<\/div>\n\t\t\t\t<\/div>\n\t\t\t\t\t<\/div>\n\t\t\t\t<\/div>\n\t\t<div class=\"elementor-element elementor-element-1d2a47b e-flex e-con-boxed e-con e-parent\" data-id=\"1d2a47b\" data-element_type=\"container\" data-e-type=\"container\" data-settings=\"{&quot;background_background&quot;:&quot;classic&quot;}\">\n\t\t\t\t\t<div class=\"e-con-inner\">\n\t\t\t\t<div class=\"elementor-element elementor-element-7ec79b2 elementor-widget elementor-widget-remons_elementor_heading\" data-id=\"7ec79b2\" data-element_type=\"widget\" data-e-type=\"widget\" data-widget_type=\"remons_elementor_heading.default\">\n\t\t\t\t<div class=\"elementor-widget-container\">\n\t\t\t\t\t\n\t\t<div class=\"ova-heading\">\n            <div class=\"top-heading\">\n            \t\t\t\t\t\t<div class=\"sub-title-wrapper top\">\n\t\t\t\t\t\t\t\t\t\t\t\t\t<img decoding=\"async\" class=\"sub_pre\" src=\"https:\/\/kingwaycarrental.com\/wp-content\/uploads\/2025\/06\/icon-heading.png\" alt=\"icon heading\" title=\"\">\n\t\t\t\t\t\t\t\t\t\t\t\t\t<p class=\"sub-title\">Preguntas Frecuentes<\/p>\n\t\t\t\t\t\t\t\t\t\t\t<\/div>\n\t\t\t\t\t\t\t\t\t<div class=\"title-wrapper\" style=\"position: relative;\">\n\t\t\t\t\t\t\t\t\t\t\t\t\t<h2 class=\"title\">FAQ sobre el Alquiler de un Mercedes Clase G en Dub\u00e1i<\/h2>\n\t\t\t\t\t\t\t\t\t\t\t<\/div>\n\t\t\t\t            <\/div>\n\n\t\t\t\t\t<\/div>\n\t\t\t\t\t\t<\/div>\n\t\t\t\t<\/div>\n\t\t\t\t<div class=\"elementor-element elementor-element-fa8b113 elementor-widget elementor-widget-accordion\" data-id=\"fa8b113\" data-element_type=\"widget\" data-e-type=\"widget\" data-widget_type=\"accordion.default\">\n\t\t\t\t<div class=\"elementor-widget-container\">\n\t\t\t\t\t\t\t<div class=\"elementor-accordion\">\n\t\t\t\t\t\t\t<div class=\"elementor-accordion-item\">\n\t\t\t\t\t<h3 id=\"elementor-tab-title-2621\" class=\"elementor-tab-title\" data-tab=\"1\" role=\"button\" aria-controls=\"elementor-tab-content-2621\" aria-expanded=\"false\">\n\t\t\t\t\t\t\t\t\t\t\t\t\t<span class=\"elementor-accordion-icon elementor-accordion-icon-right\" aria-hidden=\"true\">\n\t\t\t\t\t\t\t\t\t\t\t\t\t\t\t<span class=\"elementor-accordion-icon-closed\"><svg class=\"e-font-icon-svg e-fas-plus\" viewBox=\"0 0 448 512\" xmlns=\"http:\/\/www.w3.org\/2000\/svg\"><path d=\"M416 208H272V64c0-17.67-14.33-32-32-32h-32c-17.67 0-32 14.33-32 32v144H32c-17.67 0-32 14.33-32 32v32c0 17.67 14.33 32 32 32h144v144c0 17.67 14.33 32 32 32h32c17.67 0 32-14.33 32-32V304h144c17.67 0 32-14.33 32-32v-32c0-17.67-14.33-32-32-32z\"><\/path><\/svg><\/span>\n\t\t\t\t\t\t\t\t<span class=\"elementor-accordion-icon-opened\"><svg class=\"e-font-icon-svg e-fas-minus\" viewBox=\"0 0 448 512\" xmlns=\"http:\/\/www.w3.org\/2000\/svg\"><path d=\"M416 208H32c-17.67 0-32 14.33-32 32v32c0 17.67 14.33 32 32 32h384c17.67 0 32-14.33 32-32v-32c0-17.67-14.33-32-32-32z\"><\/path><\/svg><\/span>\n\t\t\t\t\t\t\t\t\t\t\t\t\t\t<\/span>\n\t\t\t\t\t\t\t\t\t\t\t\t<a class=\"elementor-accordion-title\" tabindex=\"0\">\u00bfPuedo alquilar un Mercedes Clase G en Dub\u00e1i sin dep\u00f3sito\/fianza?<\/a>\n\t\t\t\t\t<\/h3>\n\t\t\t\t\t<div id=\"elementor-tab-content-2621\" class=\"elementor-tab-content elementor-clearfix\" data-tab=\"1\" role=\"region\" aria-labelledby=\"elementor-tab-title-2621\"><p><span data-path-to-node=\"22,1,1,0\">S\u00ed, puede hacerlo. Ofrecemos la flota de coches de alquiler m\u00e1s grande de Dub\u00e1i sin necesidad de pagar un dep\u00f3sito.<\/span><\/p><\/div>\n\t\t\t\t<\/div>\n\t\t\t\t\t\t\t<div class=\"elementor-accordion-item\">\n\t\t\t\t\t<h3 id=\"elementor-tab-title-2622\" class=\"elementor-tab-title\" data-tab=\"2\" role=\"button\" aria-controls=\"elementor-tab-content-2622\" aria-expanded=\"false\">\n\t\t\t\t\t\t\t\t\t\t\t\t\t<span class=\"elementor-accordion-icon elementor-accordion-icon-right\" aria-hidden=\"true\">\n\t\t\t\t\t\t\t\t\t\t\t\t\t\t\t<span class=\"elementor-accordion-icon-closed\"><svg class=\"e-font-icon-svg e-fas-plus\" viewBox=\"0 0 448 512\" xmlns=\"http:\/\/www.w3.org\/2000\/svg\"><path d=\"M416 208H272V64c0-17.67-14.33-32-32-32h-32c-17.67 0-32 14.33-32 32v144H32c-17.67 0-32 14.33-32 32v32c0 17.67 14.33 32 32 32h144v144c0 17.67 14.33 32 32 32h32c17.67 0 32-14.33 32-32V304h144c17.67 0 32-14.33 32-32v-32c0-17.67-14.33-32-32-32z\"><\/path><\/svg><\/span>\n\t\t\t\t\t\t\t\t<span class=\"elementor-accordion-icon-opened\"><svg class=\"e-font-icon-svg e-fas-minus\" viewBox=\"0 0 448 512\" xmlns=\"http:\/\/www.w3.org\/2000\/svg\"><path d=\"M416 208H32c-17.67 0-32 14.33-32 32v32c0 17.67 14.33 32 32 32h384c17.67 0 32-14.33 32-32v-32c0-17.67-14.33-32-32-32z\"><\/path><\/svg><\/span>\n\t\t\t\t\t\t\t\t\t\t\t\t\t\t<\/span>\n\t\t\t\t\t\t\t\t\t\t\t\t<a class=\"elementor-accordion-title\" tabindex=\"0\">\u00bfEl alquiler del Mercedes-Benz Clase G viene con kilometraje limitado?<\/a>\n\t\t\t\t\t<\/h3>\n\t\t\t\t\t<div id=\"elementor-tab-content-2622\" class=\"elementor-tab-content elementor-clearfix\" data-tab=\"2\" role=\"region\" aria-labelledby=\"elementor-tab-title-2622\"><p>No, King Way permite a sus clientes alquilar un coche de lujo en Dub\u00e1i sin ninguna restricci\u00f3n en la distancia recorrida (kilometraje ilimitado).<\/p><\/div>\n\t\t\t\t<\/div>\n\t\t\t\t\t\t\t<div class=\"elementor-accordion-item\">\n\t\t\t\t\t<h3 id=\"elementor-tab-title-2623\" class=\"elementor-tab-title\" data-tab=\"3\" role=\"button\" aria-controls=\"elementor-tab-content-2623\" aria-expanded=\"false\">\n\t\t\t\t\t\t\t\t\t\t\t\t\t<span class=\"elementor-accordion-icon elementor-accordion-icon-right\" aria-hidden=\"true\">\n\t\t\t\t\t\t\t\t\t\t\t\t\t\t\t<span class=\"elementor-accordion-icon-closed\"><svg class=\"e-font-icon-svg e-fas-plus\" viewBox=\"0 0 448 512\" xmlns=\"http:\/\/www.w3.org\/2000\/svg\"><path d=\"M416 208H272V64c0-17.67-14.33-32-32-32h-32c-17.67 0-32 14.33-32 32v144H32c-17.67 0-32 14.33-32 32v32c0 17.67 14.33 32 32 32h144v144c0 17.67 14.33 32 32 32h32c17.67 0 32-14.33 32-32V304h144c17.67 0 32-14.33 32-32v-32c0-17.67-14.33-32-32-32z\"><\/path><\/svg><\/span>\n\t\t\t\t\t\t\t\t<span class=\"elementor-accordion-icon-opened\"><svg class=\"e-font-icon-svg e-fas-minus\" viewBox=\"0 0 448 512\" xmlns=\"http:\/\/www.w3.org\/2000\/svg\"><path d=\"M416 208H32c-17.67 0-32 14.33-32 32v32c0 17.67 14.33 32 32 32h384c17.67 0 32-14.33 32-32v-32c0-17.67-14.33-32-32-32z\"><\/path><\/svg><\/span>\n\t\t\t\t\t\t\t\t\t\t\t\t\t\t<\/span>\n\t\t\t\t\t\t\t\t\t\t\t\t<a class=\"elementor-accordion-title\" tabindex=\"0\">\u00bfEs posible alquilar un Mercedes Clase G con conductor?<\/a>\n\t\t\t\t\t<\/h3>\n\t\t\t\t\t<div id=\"elementor-tab-content-2623\" class=\"elementor-tab-content elementor-clearfix\" data-tab=\"3\" role=\"region\" aria-labelledby=\"elementor-tab-title-2623\"><p><span data-path-to-node=\"22,3,1,0\">S\u00ed, proporcionamos conductores altamente capacitados, profesionales y seguros. Podr\u00e1 alquilar un Mercedes Clase G en Dub\u00e1i con conductor al <b>precio m\u00e1s bajo.<\/b><\/span><\/p><\/div>\n\t\t\t\t<\/div>\n\t\t\t\t\t\t\t<div class=\"elementor-accordion-item\">\n\t\t\t\t\t<h3 id=\"elementor-tab-title-2624\" class=\"elementor-tab-title\" data-tab=\"4\" role=\"button\" aria-controls=\"elementor-tab-content-2624\" aria-expanded=\"false\">\n\t\t\t\t\t\t\t\t\t\t\t\t\t<span class=\"elementor-accordion-icon elementor-accordion-icon-right\" aria-hidden=\"true\">\n\t\t\t\t\t\t\t\t\t\t\t\t\t\t\t<span class=\"elementor-accordion-icon-closed\"><svg class=\"e-font-icon-svg e-fas-plus\" viewBox=\"0 0 448 512\" xmlns=\"http:\/\/www.w3.org\/2000\/svg\"><path d=\"M416 208H272V64c0-17.67-14.33-32-32-32h-32c-17.67 0-32 14.33-32 32v144H32c-17.67 0-32 14.33-32 32v32c0 17.67 14.33 32 32 32h144v144c0 17.67 14.33 32 32 32h32c17.67 0 32-14.33 32-32V304h144c17.67 0 32-14.33 32-32v-32c0-17.67-14.33-32-32-32z\"><\/path><\/svg><\/span>\n\t\t\t\t\t\t\t\t<span class=\"elementor-accordion-icon-opened\"><svg class=\"e-font-icon-svg e-fas-minus\" viewBox=\"0 0 448 512\" xmlns=\"http:\/\/www.w3.org\/2000\/svg\"><path d=\"M416 208H32c-17.67 0-32 14.33-32 32v32c0 17.67 14.33 32 32 32h384c17.67 0 32-14.33 32-32v-32c0-17.67-14.33-32-32-32z\"><\/path><\/svg><\/span>\n\t\t\t\t\t\t\t\t\t\t\t\t\t\t<\/span>\n\t\t\t\t\t\t\t\t\t\t\t\t<a class=\"elementor-accordion-title\" tabindex=\"0\">\u00bfQu\u00e9 se requiere para alquilar un SUV en los EAU?<\/a>\n\t\t\t\t\t<\/h3>\n\t\t\t\t\t<div id=\"elementor-tab-content-2624\" class=\"elementor-tab-content elementor-clearfix\" data-tab=\"4\" role=\"region\" aria-labelledby=\"elementor-tab-title-2624\"><p><span data-path-to-node=\"20,4,1,0\">Alquilar un coche en los Emiratos \u00c1rabes Unidos requiere algunos documentos sencillos, que son los siguientes: <\/span><\/p><p><span data-path-to-node=\"20,4,1,0\"><b>Para Residentes:<\/b><\/span><\/p><ul><li><span data-path-to-node=\"20,4,1,0\">Copia del Emirates ID o del visado de residencia.<\/span><\/li><li><span data-path-to-node=\"20,4,1,0\">copia del permiso de conducir de los EAU v\u00e1lido.<\/span><\/li><li><span data-path-to-node=\"20,4,1,0\">edad m\u00ednima 19 a\u00f1os o m\u00e1s.<\/span><\/li><\/ul><p><span data-path-to-node=\"20,4,1,0\"><b>Para Turistas:<\/b><\/span><\/p><ol><li><span data-path-to-node=\"20,4,1,0\">Copia del pasaporte v\u00e1lido.<\/span><\/li><li><span data-path-to-node=\"20,4,1,0\">ccopia del permiso de conducir del pa\u00eds de origen.<\/span><\/li><li><span data-path-to-node=\"20,4,1,0\">copia del Permiso de Conducir Internacional (PCI).<\/span><\/li><li>edad m\u00ednima 19 a\u00f1os.<\/li><\/ol><\/div>\n\t\t\t\t<\/div>\n\t\t\t\t\t\t\t<div class=\"elementor-accordion-item\">\n\t\t\t\t\t<h3 id=\"elementor-tab-title-2625\" class=\"elementor-tab-title\" data-tab=\"5\" role=\"button\" aria-controls=\"elementor-tab-content-2625\" aria-expanded=\"false\">\n\t\t\t\t\t\t\t\t\t\t\t\t\t<span class=\"elementor-accordion-icon elementor-accordion-icon-right\" aria-hidden=\"true\">\n\t\t\t\t\t\t\t\t\t\t\t\t\t\t\t<span class=\"elementor-accordion-icon-closed\"><svg class=\"e-font-icon-svg e-fas-plus\" viewBox=\"0 0 448 512\" xmlns=\"http:\/\/www.w3.org\/2000\/svg\"><path d=\"M416 208H272V64c0-17.67-14.33-32-32-32h-32c-17.67 0-32 14.33-32 32v144H32c-17.67 0-32 14.33-32 32v32c0 17.67 14.33 32 32 32h144v144c0 17.67 14.33 32 32 32h32c17.67 0 32-14.33 32-32V304h144c17.67 0 32-14.33 32-32v-32c0-17.67-14.33-32-32-32z\"><\/path><\/svg><\/span>\n\t\t\t\t\t\t\t\t<span class=\"elementor-accordion-icon-opened\"><svg class=\"e-font-icon-svg e-fas-minus\" viewBox=\"0 0 448 512\" xmlns=\"http:\/\/www.w3.org\/2000\/svg\"><path d=\"M416 208H32c-17.67 0-32 14.33-32 32v32c0 17.67 14.33 32 32 32h384c17.67 0 32-14.33 32-32v-32c0-17.67-14.33-32-32-32z\"><\/path><\/svg><\/span>\n\t\t\t\t\t\t\t\t\t\t\t\t\t\t<\/span>\n\t\t\t\t\t\t\t\t\t\t\t\t<a class=\"elementor-accordion-title\" tabindex=\"0\">\u00bfEl alquiler de un Mercedes-Benz Clase G en Dub\u00e1i requiere seguro?<\/a>\n\t\t\t\t\t<\/h3>\n\t\t\t\t\t<div id=\"elementor-tab-content-2625\" class=\"elementor-tab-content elementor-clearfix\" data-tab=\"5\" role=\"region\" aria-labelledby=\"elementor-tab-title-2625\"><p>Con King Way, no necesitar\u00e1 pagar seguro para alquilar una Clase G en Dub\u00e1i o cualquier otro coche de lujo.<\/p><\/div>\n\t\t\t\t<\/div>\n\t\t\t\t\t\t\t<div class=\"elementor-accordion-item\">\n\t\t\t\t\t<h3 id=\"elementor-tab-title-2626\" class=\"elementor-tab-title\" data-tab=\"6\" role=\"button\" aria-controls=\"elementor-tab-content-2626\" aria-expanded=\"false\">\n\t\t\t\t\t\t\t\t\t\t\t\t\t<span class=\"elementor-accordion-icon elementor-accordion-icon-right\" aria-hidden=\"true\">\n\t\t\t\t\t\t\t\t\t\t\t\t\t\t\t<span class=\"elementor-accordion-icon-closed\"><svg class=\"e-font-icon-svg e-fas-plus\" viewBox=\"0 0 448 512\" xmlns=\"http:\/\/www.w3.org\/2000\/svg\"><path d=\"M416 208H272V64c0-17.67-14.33-32-32-32h-32c-17.67 0-32 14.33-32 32v144H32c-17.67 0-32 14.33-32 32v32c0 17.67 14.33 32 32 32h144v144c0 17.67 14.33 32 32 32h32c17.67 0 32-14.33 32-32V304h144c17.67 0 32-14.33 32-32v-32c0-17.67-14.33-32-32-32z\"><\/path><\/svg><\/span>\n\t\t\t\t\t\t\t\t<span class=\"elementor-accordion-icon-opened\"><svg class=\"e-font-icon-svg e-fas-minus\" viewBox=\"0 0 448 512\" xmlns=\"http:\/\/www.w3.org\/2000\/svg\"><path d=\"M416 208H32c-17.67 0-32 14.33-32 32v32c0 17.67 14.33 32 32 32h384c17.67 0 32-14.33 32-32v-32c0-17.67-14.33-32-32-32z\"><\/path><\/svg><\/span>\n\t\t\t\t\t\t\t\t\t\t\t\t\t\t<\/span>\n\t\t\t\t\t\t\t\t\t\t\t\t<a class=\"elementor-accordion-title\" tabindex=\"0\">\u00bfCu\u00e1l es el costo mensual de alquilar un Mercedes Clase G en Dub\u00e1i?<\/a>\n\t\t\t\t\t<\/h3>\n\t\t\t\t\t<div id=\"elementor-tab-content-2626\" class=\"elementor-tab-content elementor-clearfix\" data-tab=\"6\" role=\"region\" aria-labelledby=\"elementor-tab-title-2626\"><p>El costo del alquiler mensual de un Mercedes Clase G en Dub\u00e1i comienza a partir de 19,949 AED. Ofrecemos este precio a todos nuestros clientes internacionales y locales, y es un precio absolutamente imbatible.<\/p><\/div>\n\t\t\t\t<\/div>\n\t\t\t\t\t\t\t<div class=\"elementor-accordion-item\">\n\t\t\t\t\t<h3 id=\"elementor-tab-title-2627\" class=\"elementor-tab-title\" data-tab=\"7\" role=\"button\" aria-controls=\"elementor-tab-content-2627\" aria-expanded=\"false\">\n\t\t\t\t\t\t\t\t\t\t\t\t\t<span class=\"elementor-accordion-icon elementor-accordion-icon-right\" aria-hidden=\"true\">\n\t\t\t\t\t\t\t\t\t\t\t\t\t\t\t<span class=\"elementor-accordion-icon-closed\"><svg class=\"e-font-icon-svg e-fas-plus\" viewBox=\"0 0 448 512\" xmlns=\"http:\/\/www.w3.org\/2000\/svg\"><path d=\"M416 208H272V64c0-17.67-14.33-32-32-32h-32c-17.67 0-32 14.33-32 32v144H32c-17.67 0-32 14.33-32 32v32c0 17.67 14.33 32 32 32h144v144c0 17.67 14.33 32 32 32h32c17.67 0 32-14.33 32-32V304h144c17.67 0 32-14.33 32-32v-32c0-17.67-14.33-32-32-32z\"><\/path><\/svg><\/span>\n\t\t\t\t\t\t\t\t<span class=\"elementor-accordion-icon-opened\"><svg class=\"e-font-icon-svg e-fas-minus\" viewBox=\"0 0 448 512\" xmlns=\"http:\/\/www.w3.org\/2000\/svg\"><path d=\"M416 208H32c-17.67 0-32 14.33-32 32v32c0 17.67 14.33 32 32 32h384c17.67 0 32-14.33 32-32v-32c0-17.67-14.33-32-32-32z\"><\/path><\/svg><\/span>\n\t\t\t\t\t\t\t\t\t\t\t\t\t\t<\/span>\n\t\t\t\t\t\t\t\t\t\t\t\t<a class=\"elementor-accordion-title\" tabindex=\"0\">\u00bfPuedo alquilar un Mercedes Clase G en el Aeropuerto de Dub\u00e1i?<\/a>\n\t\t\t\t\t<\/h3>\n\t\t\t\t\t<div id=\"elementor-tab-content-2627\" class=\"elementor-tab-content elementor-clearfix\" data-tab=\"7\" role=\"region\" aria-labelledby=\"elementor-tab-title-2627\"><p><span data-path-to-node=\"22,7,1,0\">S\u00ed, por supuesto. Tenemos un servicio de alquiler de coches en el Aeropuerto Internacional de Dub\u00e1i (DXB). Simplemente cont\u00e1ctenos a su llegada al aeropuerto o reserve su hora de llegada, y le entregaremos el coche de inmediato.<\/span><\/p><\/div>\n\t\t\t\t<\/div>\n\t\t\t\t\t\t\t\t\t\t<script type=\"application\/ld+json\">{\"@context\":\"https:\\\/\\\/schema.org\",\"@type\":\"FAQPage\",\"mainEntity\":[{\"@type\":\"Question\",\"name\":\"\\u00bfPuedo alquilar un Mercedes Clase G en Dub\\u00e1i sin dep\\u00f3sito\\\/fianza?\",\"acceptedAnswer\":{\"@type\":\"Answer\",\"text\":\"<p><span data-path-to-node=\\\"22,1,1,0\\\">S\\u00ed, puede hacerlo. Ofrecemos la flota de coches de alquiler m\\u00e1s grande de Dub\\u00e1i sin necesidad de pagar un dep\\u00f3sito.<\\\/span><\\\/p>\"}},{\"@type\":\"Question\",\"name\":\"\\u00bfEl alquiler del Mercedes-Benz Clase G viene con kilometraje limitado?\",\"acceptedAnswer\":{\"@type\":\"Answer\",\"text\":\"<p>No, King Way permite a sus clientes alquilar un coche de lujo en Dub\\u00e1i sin ninguna restricci\\u00f3n en la distancia recorrida (kilometraje ilimitado).<\\\/p>\"}},{\"@type\":\"Question\",\"name\":\"\\u00bfEs posible alquilar un Mercedes Clase G con conductor?\",\"acceptedAnswer\":{\"@type\":\"Answer\",\"text\":\"<p><span data-path-to-node=\\\"22,3,1,0\\\">S\\u00ed, proporcionamos conductores altamente capacitados, profesionales y seguros. Podr\\u00e1 alquilar un Mercedes Clase G en Dub\\u00e1i con conductor al <b>precio m\\u00e1s bajo.<\\\/b><\\\/span><\\\/p>\"}},{\"@type\":\"Question\",\"name\":\"\\u00bfQu\\u00e9 se requiere para alquilar un SUV en los EAU?\",\"acceptedAnswer\":{\"@type\":\"Answer\",\"text\":\"<p><span data-path-to-node=\\\"20,4,1,0\\\">Alquilar un coche en los Emiratos \\u00c1rabes Unidos requiere algunos documentos sencillos, que son los siguientes: <\\\/span><\\\/p><p><span data-path-to-node=\\\"20,4,1,0\\\"><b>Para Residentes:<\\\/b><\\\/span><\\\/p><ul><li><span data-path-to-node=\\\"20,4,1,0\\\">Copia del Emirates ID o del visado de residencia.<\\\/span><\\\/li><li><span data-path-to-node=\\\"20,4,1,0\\\">copia del permiso de conducir de los EAU v\\u00e1lido.<\\\/span><\\\/li><li><span data-path-to-node=\\\"20,4,1,0\\\">edad m\\u00ednima 19 a\\u00f1os o m\\u00e1s.<\\\/span><\\\/li><\\\/ul><p><span data-path-to-node=\\\"20,4,1,0\\\"><b>Para Turistas:<\\\/b><\\\/span><\\\/p><ol><li><span data-path-to-node=\\\"20,4,1,0\\\">Copia del pasaporte v\\u00e1lido.<\\\/span><\\\/li><li><span data-path-to-node=\\\"20,4,1,0\\\">ccopia del permiso de conducir del pa\\u00eds de origen.<\\\/span><\\\/li><li><span data-path-to-node=\\\"20,4,1,0\\\">copia del Permiso de Conducir Internacional (PCI).<\\\/span><\\\/li><li>edad m\\u00ednima 19 a\\u00f1os.<\\\/li><\\\/ol>\"}},{\"@type\":\"Question\",\"name\":\"\\u00bfEl alquiler de un Mercedes-Benz Clase G en Dub\\u00e1i requiere seguro?\",\"acceptedAnswer\":{\"@type\":\"Answer\",\"text\":\"<p>Con King Way, no necesitar\\u00e1 pagar seguro para alquilar una Clase G en Dub\\u00e1i o cualquier otro coche de lujo.<\\\/p>\"}},{\"@type\":\"Question\",\"name\":\"\\u00bfCu\\u00e1l es el costo mensual de alquilar un Mercedes Clase G en Dub\\u00e1i?\",\"acceptedAnswer\":{\"@type\":\"Answer\",\"text\":\"<p>El costo del alquiler mensual de un Mercedes Clase G en Dub\\u00e1i comienza a partir de 19,949 AED. Ofrecemos este precio a todos nuestros clientes internacionales y locales, y es un precio absolutamente imbatible.<\\\/p>\"}},{\"@type\":\"Question\",\"name\":\"\\u00bfPuedo alquilar un Mercedes Clase G en el Aeropuerto de Dub\\u00e1i?\",\"acceptedAnswer\":{\"@type\":\"Answer\",\"text\":\"<p><span data-path-to-node=\\\"22,7,1,0\\\">S\\u00ed, por supuesto. Tenemos un servicio de alquiler de coches en el Aeropuerto Internacional de Dub\\u00e1i (DXB). Simplemente cont\\u00e1ctenos a su llegada al aeropuerto o reserve su hora de llegada, y le entregaremos el coche de inmediato.<\\\/span><\\\/p>\"}}]}<\/script>\n\t\t\t\t\t<\/div>\n\t\t\t\t\t\t<\/div>\n\t\t\t\t<\/div>\n\t\t\t\t\t<\/div>\n\t\t\t\t<\/div>\n\t\t<div class=\"elementor-element elementor-element-a4ab3c3 e-flex e-con-boxed e-con e-parent\" data-id=\"a4ab3c3\" data-element_type=\"container\" data-e-type=\"container\" data-settings=\"{&quot;background_background&quot;:&quot;classic&quot;}\">\n\t\t\t\t\t<div class=\"e-con-inner\">\n\t\t<div class=\"elementor-element elementor-element-b06fd87 e-flex e-con-boxed e-con e-child\" data-id=\"b06fd87\" data-element_type=\"container\" data-e-type=\"container\">\n\t\t\t\t\t<div class=\"e-con-inner\">\n\t\t\t\t<div class=\"elementor-element elementor-element-50ce0e8 elementor-widget__width-inherit elementor-widget elementor-widget-remons_elementor_heading\" data-id=\"50ce0e8\" data-element_type=\"widget\" data-e-type=\"widget\" data-widget_type=\"remons_elementor_heading.default\">\n\t\t\t\t<div class=\"elementor-widget-container\">\n\t\t\t\t\t\n\t\t<div class=\"ova-heading\">\n            <div class=\"top-heading\">\n            \t\t\t\t\t\t<div class=\"sub-title-wrapper top\">\n\t\t\t\t\t\t\t\t\t\t\t\t\t<img decoding=\"async\" class=\"sub_pre\" src=\"https:\/\/kingwaycarrental.com\/wp-content\/uploads\/2025\/06\/icon-heading.png\" alt=\"icon heading\" title=\"\">\n\t\t\t\t\t\t\t\t\t\t\t\t\t<p class=\"sub-title\">Nuestros Testimonios<\/p>\n\t\t\t\t\t\t\t\t\t\t\t<\/div>\n\t\t\t\t\t\t\t\t\t<div class=\"title-wrapper\" style=\"position: relative;\">\n\t\t\t\t\t\t\t\t\t\t\t\t\t<h3 class=\"title\">Opiniones de Nuestros Clientes<\/h3>\n\t\t\t\t\t\t\t\t\t\t\t<\/div>\n\t\t\t\t            <\/div>\n\n\t\t\t\t\t<\/div>\n\t\t\t\t\t\t<\/div>\n\t\t\t\t<\/div>\n\t\t\t\t\t<\/div>\n\t\t\t\t<\/div>\n\t\t<div class=\"elementor-element elementor-element-65394b0 e-flex e-con-boxed e-con e-child\" data-id=\"65394b0\" data-element_type=\"container\" data-e-type=\"container\">\n\t\t\t\t\t<div class=\"e-con-inner\">\n\t\t<div class=\"elementor-element elementor-element-9381234 e-con-full e-flex e-con e-child\" data-id=\"9381234\" data-element_type=\"container\" data-e-type=\"container\">\n\t\t\t\t<div class=\"elementor-element elementor-element-7655290 elementor-widget__width-initial elementor-widget-tablet__width-initial elementor-widget-mobile__width-initial elementor-widget elementor-widget-image\" data-id=\"7655290\" data-element_type=\"widget\" data-e-type=\"widget\" data-widget_type=\"image.default\">\n\t\t\t\t<div class=\"elementor-widget-container\">\n\t\t\t\t\t\t\t\t\t\t\t\t<figure class=\"wp-caption\">\n\t\t\t\t\t\t\t\t\t\t\t<a href=\"https:\/\/maps.app.goo.gl\/sss33XAqoc9H5dZs9\" target=\"_blank\" rel=\"nofollow noopener\">\n\t\t\t\t\t\t\t<img decoding=\"async\" width=\"300\" height=\"156\" src=\"https:\/\/kingwaycarrental.com\/wp-content\/uploads\/2025\/03\/King-Way-Car-Rental-Google-Reviews-1-300x156.png\" class=\"attachment-medium size-medium wp-image-20679\" alt=\"Rese\u00f1as de Google sobre alquiler de coches en King Way\" srcset=\"https:\/\/kingwaycarrental.com\/wp-content\/uploads\/2025\/03\/King-Way-Car-Rental-Google-Reviews-1-300x156.png 300w, https:\/\/kingwaycarrental.com\/wp-content\/uploads\/2025\/03\/King-Way-Car-Rental-Google-Reviews-1.png 460w\" sizes=\"(max-width: 300px) 100vw, 300px\" title=\"\">\t\t\t\t\t\t\t\t<\/a>\n\t\t\t\t\t\t\t\t\t\t\t<figcaption class=\"widget-image-caption wp-caption-text\">Calificaci\u00f3n promedio 5 estrellas basada en m\u00e1s de 720 rese\u00f1as<\/figcaption>\n\t\t\t\t\t\t\t\t\t\t<\/figure>\n\t\t\t\t\t\t\t\t\t<\/div>\n\t\t\t\t<\/div>\n\t\t\t\t<div class=\"elementor-element elementor-element-7296b52 elementor-widget__width-initial elementor-widget-tablet__width-initial elementor-widget-mobile__width-initial elementor-widget elementor-widget-image\" data-id=\"7296b52\" data-element_type=\"widget\" data-e-type=\"widget\" data-widget_type=\"image.default\">\n\t\t\t\t<div class=\"elementor-widget-container\">\n\t\t\t\t\t\t\t\t\t\t\t\t<figure class=\"wp-caption\">\n\t\t\t\t\t\t\t\t\t\t\t<a href=\"https:\/\/www.tripadvisor.com\/Attraction_Review-g295424-d33006291-Reviews-King_Way_Car_Rental-Dubai_Emirate_of_Dubai.html\" target=\"_blank\" rel=\"nofollow noopener\">\n\t\t\t\t\t\t\t<img decoding=\"async\" width=\"300\" height=\"156\" src=\"https:\/\/kingwaycarrental.com\/wp-content\/uploads\/2025\/03\/King-Way-Car-Rental-Tripadvisor-Reviews-300x156.png\" class=\"attachment-medium size-medium wp-image-20678\" alt=\"Opiniones de Tripadvisor sobre alquiler de coches en King Way\" srcset=\"https:\/\/kingwaycarrental.com\/wp-content\/uploads\/2025\/03\/King-Way-Car-Rental-Tripadvisor-Reviews-300x156.png 300w, https:\/\/kingwaycarrental.com\/wp-content\/uploads\/2025\/03\/King-Way-Car-Rental-Tripadvisor-Reviews.png 460w\" sizes=\"(max-width: 300px) 100vw, 300px\" title=\"\">\t\t\t\t\t\t\t\t<\/a>\n\t\t\t\t\t\t\t\t\t\t\t<figcaption class=\"widget-image-caption wp-caption-text\">Calificaci\u00f3n promedio 5 estrellas basada en m\u00e1s de 48 rese\u00f1as<\/figcaption>\n\t\t\t\t\t\t\t\t\t\t<\/figure>\n\t\t\t\t\t\t\t\t\t<\/div>\n\t\t\t\t<\/div>\n\t\t\t\t<\/div>\n\t\t\t\t\t<\/div>\n\t\t\t\t<\/div>\n\t\t\t\t\t<\/div>\n\t\t\t\t<\/div>\n\t\t\t\t<\/div>\n\t\t","protected":false},"excerpt":{"rendered":"<p>Si est\u00e1 buscando un Mercedes-Benz Clase G para alquilar en Dub\u00e1i y planea visitar los Emiratos \u00c1rabes Unidos pronto o ya es residente, King Way Car Rental le ofrece la flota m\u00e1s grande de Mercedes Clase G para alquilar en Dub\u00e1i al mejor precio absoluto e inigualable.<\/p>\n","protected":false},"author":2,"featured_media":24929,"parent":0,"menu_order":0,"comment_status":"closed","ping_status":"closed","template":"elementor_header_footer","meta":{"footnotes":""},"class_list":["post-26413","page","type-page","status-publish","has-post-thumbnail","hentry"],"_links":{"self":[{"href":"https:\/\/kingwaycarrental.com\/es\/wp-json\/wp\/v2\/pages\/26413","targetHints":{"allow":["GET"]}}],"collection":[{"href":"https:\/\/kingwaycarrental.com\/es\/wp-json\/wp\/v2\/pages"}],"about":[{"href":"https:\/\/kingwaycarrental.com\/es\/wp-json\/wp\/v2\/types\/page"}],"author":[{"embeddable":true,"href":"https:\/\/kingwaycarrental.com\/es\/wp-json\/wp\/v2\/users\/2"}],"replies":[{"embeddable":true,"href":"https:\/\/kingwaycarrental.com\/es\/wp-json\/wp\/v2\/comments?post=26413"}],"version-history":[{"count":0,"href":"https:\/\/kingwaycarrental.com\/es\/wp-json\/wp\/v2\/pages\/26413\/revisions"}],"wp:featuredmedia":[{"embeddable":true,"href":"https:\/\/kingwaycarrental.com\/es\/wp-json\/wp\/v2\/media\/24929"}],"wp:attachment":[{"href":"https:\/\/kingwaycarrental.com\/es\/wp-json\/wp\/v2\/media?parent=26413"}],"curies":[{"name":"wp","href":"https:\/\/api.w.org\/{rel}","templated":true}]}}